    {"id":24313,"date":"2024-07-31T17:08:08","date_gmt":"2024-07-31T15:08:08","guid":{"rendered":"https:\/\/eraportal.sk\/horizont-europa\/?post_type=podujatie&#038;p=24313"},"modified":"2024-09-26T13:05:24","modified_gmt":"2024-09-26T11:05:24","slug":"save-the-date-horizont-europa-blizsie-k-vam-prakticky-worskshop","status":"publish","type":"podujatie","link":"https:\/\/eraportal.sk\/horizont-europa\/podujatie\/save-the-date-horizont-europa-blizsie-k-vam-prakticky-worskshop\/","featured_media":0,"template":"","oblast-horizont":[678],"class_list":["post-24313","podujatie","type-podujatie","status-publish","hentry","oblast-horizont-horizont-europa"],"yoast_head":"<!-- This site is optimized with the Yoast SEO plugin v24.4 - https:\/\/yoast.com\/wordpress\/plugins\/seo\/ -->\n<title>SAVE THE DATE: Horizont Eur\u00f3pa \u2013 bli\u017e\u0161ie k v\u00e1m! - praktick\u00fd worskshop - Horizont Eur\u00f3pa<\/title>\n<meta name=\"description\" content=\"20. 9. 2024 -Horizont Eur\u00f3pa \u2013 bli\u017e\u0161ie k v\u00e1m! - praktick\u00fd workshop k pr\u00edprave projektovej \u017eiadosti do programu Horizont Eur\u00f3pa \u2013 Ko\u0161ice\" \/>\n<meta name=\"robots\" content=\"index, follow, max-snippet:-1, max-image-preview:large, max-video-preview:-1\" \/>\n<link rel=\"canonical\" href=\"https:\/\/eraportal.sk\/horizont-europa\/podujatie\/save-the-date-horizont-europa-blizsie-k-vam-prakticky-worskshop\/\" \/>\n<meta property=\"og:locale\" content=\"sk_SK\" \/>\n<meta property=\"og:type\" content=\"article\" \/>\n<meta property=\"og:title\" content=\"SAVE THE DATE: Horizont Eur\u00f3pa \u2013 bli\u017e\u0161ie k v\u00e1m! - praktick\u00fd worskshop - Horizont Eur\u00f3pa\" \/>\n<meta property=\"og:description\" content=\"20. 9. 2024 -Horizont Eur\u00f3pa \u2013 bli\u017e\u0161ie k v\u00e1m! - praktick\u00fd workshop k pr\u00edprave projektovej \u017eiadosti do programu Horizont Eur\u00f3pa \u2013 Ko\u0161ice\" \/>\n<meta property=\"og:url\" content=\"https:\/\/eraportal.sk\/horizont-europa\/podujatie\/save-the-date-horizont-europa-blizsie-k-vam-prakticky-worskshop\/\" \/>\n<meta property=\"og:site_name\" content=\"Horizont Eur\u00f3pa\" \/>\n<meta property=\"article:modified_time\" content=\"2024-09-26T11:05:24+00:00\" \/>\n<meta property=\"og:image\" content=\"https:\/\/eraportal.sk\/horizont-europa\/wp-content\/uploads\/sites\/4\/2024\/07\/den-2.jpg\" \/>\n<meta name=\"twitter:card\" content=\"summary_large_image\" \/>\n<script type=\"application\/ld+json\" class=\"yoast-schema-graph\">{\"@context\":\"https:\/\/schema.org\",\"@graph\":[{\"@type\":\"WebPage\",\"@id\":\"https:\/\/eraportal.sk\/horizont-europa\/podujatie\/save-the-date-horizont-europa-blizsie-k-vam-prakticky-worskshop\/\",\"url\":\"https:\/\/eraportal.sk\/horizont-europa\/podujatie\/save-the-date-horizont-europa-blizsie-k-vam-prakticky-worskshop\/\",\"name\":\"SAVE THE DATE: Horizont Eur\u00f3pa \u2013 bli\u017e\u0161ie k v\u00e1m! - praktick\u00fd worskshop - Horizont Eur\u00f3pa\",\"isPartOf\":{\"@id\":\"https:\/\/eraportal.sk\/horizont-europa\/#website\"},\"primaryImageOfPage\":{\"@id\":\"https:\/\/eraportal.sk\/horizont-europa\/podujatie\/save-the-date-horizont-europa-blizsie-k-vam-prakticky-worskshop\/#primaryimage\"},\"image\":{\"@id\":\"https:\/\/eraportal.sk\/horizont-europa\/podujatie\/save-the-date-horizont-europa-blizsie-k-vam-prakticky-worskshop\/#primaryimage\"},\"thumbnailUrl\":\"https:\/\/eraportal.sk\/horizont-europa\/wp-content\/uploads\/sites\/4\/2024\/07\/den-2.jpg\",\"datePublished\":\"2024-07-31T15:08:08+00:00\",\"dateModified\":\"2024-09-26T11:05:24+00:00\",\"description\":\"20. 9. 2024 -Horizont Eur\u00f3pa \u2013 bli\u017e\u0161ie k v\u00e1m! - praktick\u00fd workshop k pr\u00edprave projektovej \u017eiadosti do programu Horizont Eur\u00f3pa \u2013 Ko\u0161ice\",\"breadcrumb\":{\"@id\":\"https:\/\/eraportal.sk\/horizont-europa\/podujatie\/save-the-date-horizont-europa-blizsie-k-vam-prakticky-worskshop\/#breadcrumb\"},\"inLanguage\":\"sk-SK\",\"potentialAction\":[{\"@type\":\"ReadAction\",\"target\":[\"https:\/\/eraportal.sk\/horizont-europa\/podujatie\/save-the-date-horizont-europa-blizsie-k-vam-prakticky-worskshop\/\"]}]},{\"@type\":\"ImageObject\",\"inLanguage\":\"sk-SK\",\"@id\":\"https:\/\/eraportal.sk\/horizont-europa\/podujatie\/save-the-date-horizont-europa-blizsie-k-vam-prakticky-worskshop\/#primaryimage\",\"url\":\"https:\/\/eraportal.sk\/horizont-europa\/wp-content\/uploads\/sites\/4\/2024\/07\/den-2.jpg\",\"contentUrl\":\"https:\/\/eraportal.sk\/horizont-europa\/wp-content\/uploads\/sites\/4\/2024\/07\/den-2.jpg\",\"width\":1080,\"height\":1080},{\"@type\":\"BreadcrumbList\",\"@id\":\"https:\/\/eraportal.sk\/horizont-europa\/podujatie\/save-the-date-horizont-europa-blizsie-k-vam-prakticky-worskshop\/#breadcrumb\",\"itemListElement\":[{\"@type\":\"ListItem\",\"position\":1,\"name\":\"Domovsk\u00e1 str\u00e1nka\",\"item\":\"https:\/\/eraportal.sk\/horizont-europa\/\"},{\"@type\":\"ListItem\",\"position\":2,\"name\":\"Podujatia\",\"item\":\"https:\/\/eraportal.sk\/horizont-europa\/podujatie\/\"},{\"@type\":\"ListItem\",\"position\":3,\"name\":\"SAVE THE DATE: Horizont Eur\u00f3pa \u2013 bli\u017e\u0161ie k v\u00e1m! &#8211; praktick\u00fd worskshop\"}]},{\"@type\":\"WebSite\",\"@id\":\"https:\/\/eraportal.sk\/horizont-europa\/#website\",\"url\":\"https:\/\/eraportal.sk\/horizont-europa\/\",\"name\":\"Horizont Eur\u00f3pa\",\"description\":\"\",\"publisher\":{\"@id\":\"https:\/\/eraportal.sk\/horizont-europa\/#organization\"},\"potentialAction\":[{\"@type\":\"SearchAction\",\"target\":{\"@type\":\"EntryPoint\",\"urlTemplate\":\"https:\/\/eraportal.sk\/horizont-europa\/?s={search_term_string}\"},\"query-input\":{\"@type\":\"PropertyValueSpecification\",\"valueRequired\":true,\"valueName\":\"search_term_string\"}}],\"inLanguage\":\"sk-SK\"},{\"@type\":\"Organization\",\"@id\":\"https:\/\/eraportal.sk\/horizont-europa\/#organization\",\"name\":\"Horizont Eur\u00f3pa\",\"url\":\"https:\/\/eraportal.sk\/horizont-europa\/\",\"logo\":{\"@type\":\"ImageObject\",\"inLanguage\":\"sk-SK\",\"@id\":\"https:\/\/eraportal.sk\/horizont-europa\/#\/schema\/logo\/image\/\",\"url\":\"https:\/\/eraportal.sk\/horizont-europa\/wp-content\/uploads\/sites\/4\/2024\/02\/Favicon_HEU.png\",\"contentUrl\":\"https:\/\/eraportal.sk\/horizont-europa\/wp-content\/uploads\/sites\/4\/2024\/02\/Favicon_HEU.png\",\"width\":512,\"height\":512,\"caption\":\"Horizont Eur\u00f3pa\"},\"image\":{\"@id\":\"https:\/\/eraportal.sk\/horizont-europa\/#\/schema\/logo\/image\/\"}}]}<\/script>\n<!-- \/ Yoast SEO plugin. -->","yoast_head_json":{"title":"SAVE THE DATE: Horizont Eur\u00f3pa \u2013 bli\u017e\u0161ie k v\u00e1m! - praktick\u00fd worskshop - Horizont Eur\u00f3pa","description":"20. 9. 2024 -Horizont Eur\u00f3pa \u2013 bli\u017e\u0161ie k v\u00e1m! - praktick\u00fd workshop k pr\u00edprave projektovej \u017eiadosti do programu Horizont Eur\u00f3pa \u2013 Ko\u0161ice","robots":{"index":"index","follow":"follow","max-snippet":"max-snippet:-1","max-image-preview":"max-image-preview:large","max-video-preview":"max-video-preview:-1"},"canonical":"https:\/\/eraportal.sk\/horizont-europa\/podujatie\/save-the-date-horizont-europa-blizsie-k-vam-prakticky-worskshop\/","og_locale":"sk_SK","og_type":"article","og_title":"SAVE THE DATE: Horizont Eur\u00f3pa \u2013 bli\u017e\u0161ie k v\u00e1m! - praktick\u00fd worskshop - Horizont Eur\u00f3pa","og_description":"20. 9. 2024 -Horizont Eur\u00f3pa \u2013 bli\u017e\u0161ie k v\u00e1m! - praktick\u00fd workshop k pr\u00edprave projektovej \u017eiadosti do programu Horizont Eur\u00f3pa \u2013 Ko\u0161ice","og_url":"https:\/\/eraportal.sk\/horizont-europa\/podujatie\/save-the-date-horizont-europa-blizsie-k-vam-prakticky-worskshop\/","og_site_name":"Horizont Eur\u00f3pa","article_modified_time":"2024-09-26T11:05:24+00:00","og_image":[{"url":"https:\/\/eraportal.sk\/horizont-europa\/wp-content\/uploads\/sites\/4\/2024\/07\/den-2.jpg","type":"","width":"","height":""}],"twitter_card":"summary_large_image","schema":{"@context":"https:\/\/schema.org","@graph":[{"@type":"WebPage","@id":"https:\/\/eraportal.sk\/horizont-europa\/podujatie\/save-the-date-horizont-europa-blizsie-k-vam-prakticky-worskshop\/","url":"https:\/\/eraportal.sk\/horizont-europa\/podujatie\/save-the-date-horizont-europa-blizsie-k-vam-prakticky-worskshop\/","name":"SAVE THE DATE: Horizont Eur\u00f3pa \u2013 bli\u017e\u0161ie k v\u00e1m! - praktick\u00fd worskshop - Horizont Eur\u00f3pa","isPartOf":{"@id":"https:\/\/eraportal.sk\/horizont-europa\/#website"},"primaryImageOfPage":{"@id":"https:\/\/eraportal.sk\/horizont-europa\/podujatie\/save-the-date-horizont-europa-blizsie-k-vam-prakticky-worskshop\/#primaryimage"},"image":{"@id":"https:\/\/eraportal.sk\/horizont-europa\/podujatie\/save-the-date-horizont-europa-blizsie-k-vam-prakticky-worskshop\/#primaryimage"},"thumbnailUrl":"https:\/\/eraportal.sk\/horizont-europa\/wp-content\/uploads\/sites\/4\/2024\/07\/den-2.jpg","datePublished":"2024-07-31T15:08:08+00:00","dateModified":"2024-09-26T11:05:24+00:00","description":"20. 9. 2024 -Horizont Eur\u00f3pa \u2013 bli\u017e\u0161ie k v\u00e1m! - praktick\u00fd workshop k pr\u00edprave projektovej \u017eiadosti do programu Horizont Eur\u00f3pa \u2013 Ko\u0161ice","breadcrumb":{"@id":"https:\/\/eraportal.sk\/horizont-europa\/podujatie\/save-the-date-horizont-europa-blizsie-k-vam-prakticky-worskshop\/#breadcrumb"},"inLanguage":"sk-SK","potentialAction":[{"@type":"ReadAction","target":["https:\/\/eraportal.sk\/horizont-europa\/podujatie\/save-the-date-horizont-europa-blizsie-k-vam-prakticky-worskshop\/"]}]},{"@type":"ImageObject","inLanguage":"sk-SK","@id":"https:\/\/eraportal.sk\/horizont-europa\/podujatie\/save-the-date-horizont-europa-blizsie-k-vam-prakticky-worskshop\/#primaryimage","url":"https:\/\/eraportal.sk\/horizont-europa\/wp-content\/uploads\/sites\/4\/2024\/07\/den-2.jpg","contentUrl":"https:\/\/eraportal.sk\/horizont-europa\/wp-content\/uploads\/sites\/4\/2024\/07\/den-2.jpg","width":1080,"height":1080},{"@type":"BreadcrumbList","@id":"https:\/\/eraportal.sk\/horizont-europa\/podujatie\/save-the-date-horizont-europa-blizsie-k-vam-prakticky-worskshop\/#breadcrumb","itemListElement":[{"@type":"ListItem","position":1,"name":"Domovsk\u00e1 str\u00e1nka","item":"https:\/\/eraportal.sk\/horizont-europa\/"},{"@type":"ListItem","position":2,"name":"Podujatia","item":"https:\/\/eraportal.sk\/horizont-europa\/podujatie\/"},{"@type":"ListItem","position":3,"name":"SAVE THE DATE: Horizont Eur\u00f3pa \u2013 bli\u017e\u0161ie k v\u00e1m! &#8211; praktick\u00fd worskshop"}]},{"@type":"WebSite","@id":"https:\/\/eraportal.sk\/horizont-europa\/#website","url":"https:\/\/eraportal.sk\/horizont-europa\/","name":"Horizont Eur\u00f3pa","description":"","publisher":{"@id":"https:\/\/eraportal.sk\/horizont-europa\/#organization"},"potentialAction":[{"@type":"SearchAction","target":{"@type":"EntryPoint","urlTemplate":"https:\/\/eraportal.sk\/horizont-europa\/?s={search_term_string}"},"query-input":{"@type":"PropertyValueSpecification","valueRequired":true,"valueName":"search_term_string"}}],"inLanguage":"sk-SK"},{"@type":"Organization","@id":"https:\/\/eraportal.sk\/horizont-europa\/#organization","name":"Horizont Eur\u00f3pa","url":"https:\/\/eraportal.sk\/horizont-europa\/","logo":{"@type":"ImageObject","inLanguage":"sk-SK","@id":"https:\/\/eraportal.sk\/horizont-europa\/#\/schema\/logo\/image\/","url":"https:\/\/eraportal.sk\/horizont-europa\/wp-content\/uploads\/sites\/4\/2024\/02\/Favicon_HEU.png","contentUrl":"https:\/\/eraportal.sk\/horizont-europa\/wp-content\/uploads\/sites\/4\/2024\/02\/Favicon_HEU.png","width":512,"height":512,"caption":"Horizont Eur\u00f3pa"},"image":{"@id":"https:\/\/eraportal.sk\/horizont-europa\/#\/schema\/logo\/image\/"}}]}},"acf":{"nadpis":"SAVE THE DATE: Horizont Eur\u00f3pa \u2013 bli\u017e\u0161ie k v\u00e1m! - praktick\u00fd worskshop","opis":"Centrum vedecko-technick\u00fdch inform\u00e1ci\u00ed SR v\u00a0spolupr\u00e1ci s\u00a0Univerzitou Pavla Jozefa \u0160af\u00e1rika v\u00a0Ko\u0161iciach v\u00e1s poz\u00fdva v d\u0148och <strong>19. \u2013 20. septembra 2024<\/strong> na podujatie s n\u00e1zvom <strong>Horizont Eur\u00f3pa \u2013 bli\u017e\u0161ie k\u00a0v\u00e1m!<\/strong> do<strong> Ko\u0161\u00edc.<\/strong> Cie\u013eom podujatia bude po\u010das dvoch dn\u00ed komplexne predstavi\u0165 program <a href=\"https:\/\/eraportal.sk\/horizont-europa\/\" target=\"_blank\" rel=\"noopener\">Horizont Eur\u00f3pa<\/a>. Podujatia sa z\u00fa\u010dastnia aj z\u00e1stupcovia Sty\u010dnej kancel\u00e1rie SR pre v\u00fdskum a v\u00fdvoj v\u00a0Bruseli,\u00a0ako aj z\u00e1stupcovia in\u00fdch priamo riaden\u00fdch programov.\r\n\r\nPrv\u00fd de\u0148 (19. 9. 2024) podujatia bud\u00fa predstaven\u00e9 vybran\u00e9 oblasti a klastre programu Horizont Eur\u00f3pa, ako aj otvoren\u00e9 a pripravovan\u00e9 v\u00fdzvy na pod\u00e1vanie projektov. Taktie\u017e bude priestor venovan\u00fd aj \u0161tatistik\u00e1m \u00fa\u010dasti SR v programe a prierezov\u00fdm t\u00e9mam (etika, rodov\u00e1 rovnos\u0165, zdie\u013eanie d\u00e1t, a pod.).\r\n\r\n<strong>Druh\u00fd de\u0148 (20. 9. 2024)<\/strong> podujatia bude zameran\u00fd na praktick\u00e9 inform\u00e1cie ako pripravi\u0165 projektov\u00fa \u017eiados\u0165, na \u010do nezabudn\u00fa\u0165, ako pripravi\u0165 rozpo\u010det, pr\u00edp. ako n\u00e1js\u0165 projektov\u00fdch partnerov.\r\n\r\n<img class=\"alignnone size-full wp-image-24569\" src=\"https:\/\/eraportal.sk\/horizont-europa\/wp-content\/uploads\/sites\/4\/2024\/07\/den-2.jpg\" alt=\"\" width=\"1080\" height=\"1080\" \/>\r\n\r\nS\u00a0jednotliv\u00fdmi n\u00e1rodn\u00fdmi kontaktn\u00fdmi bodmi je mo\u017en\u00e9 si rezervova\u0165 osobn\u00e9 bilater\u00e1lne stretnutie.\r\n\r\nPodujatie je ur\u010den\u00e9 v\u00fdskumn\u00edkom, vedeck\u00fdm pracovn\u00edkom z univerz\u00edt a v\u00fdskumn\u00fdch organiz\u00e1ci\u00ed, pracovn\u00edkom projektov\u00fdch oddelen\u00ed, ale aj \u0161ir\u0161ej vedecko-v\u00fdskumnej komunite, podnikate\u013eom a rovnako aj verejnosti, ktor\u00e1 sa zauj\u00edma o inov\u00e1cie a v\u00fdskum.\r\n\r\nPodujatie sa uskuto\u010dn\u00ed iba v prezen\u010dnej forme.\r\n\r\n<strong>Registr\u00e1ciu sme z kapacitn\u00fdch d\u00f4vodov ukon\u010dili.<\/strong>\r\n\r\n<em>Predbe\u017en\u00fd program<\/em> podujatia n\u00e1jdete ni\u017e\u0161ie.\r\n\r\n<a href=\"https:\/\/eraportal.sk\/horizont-europa\/wp-content\/uploads\/sites\/4\/2024\/09\/Program_17_9_2024-2.pdf\">Program - praktick\u00fd workshop.<\/a>\r\n\r\n&nbsp;\r\n\r\n&nbsp;","kratky_opis":"20. 9. 2024  - praktick\u00fd workshop k pr\u00edprave projektovej \u017eiadosti - Ko\u0161ice","zaciatok_datum":"2024-09-20 09:00:00","koniec_datum":"2024-09-20 13:00:00","typ_podujatia":"Workshop","organizator":"N\u00e1rodn\u00e1 kancel\u00e1ria Horizontu v spolupr\u00e1ci s Univerzitou Pavla Jozefa \u0160af\u00e1rika v\u00a0Ko\u0161iciach","miesto_konania":"Rektor\u00e1t UPJ\u0160, \u0160rob\u00e1rova 2, 041 80 Ko\u0161ice \u2013 Ve\u013ek\u00e1 zasadacia miestnos\u0165, 1. poschodie","stat":"Slovensko","odkaz_na_webovu_stranku":"","oblast":["678"],"register":false,"zobrazit_velke_v_newsletteri":false,"reminder":false,"url_adresa_meetingu":"","newsletter_thumbnail":null},"_links":{"self":[{"href":"https:\/\/eraportal.sk\/horizont-europa\/wp-json\/wp\/v2\/podujatia\/24313","targetHints":{"allow":["GET"]}}],"collection":[{"href":"https:\/\/eraportal.sk\/horizont-europa\/wp-json\/wp\/v2\/podujatia"}],"about":[{"href":"https:\/\/eraportal.sk\/horizont-europa\/wp-json\/wp\/v2\/types\/podujatie"}],"acf:term":[{"embeddable":true,"taxonomy":"oblast-horizont","href":"https:\/\/eraportal.sk\/horizont-europa\/wp-json\/wp\/v2\/oblast-horizont\/678"}],"wp:attachment":[{"href":"https:\/\/eraportal.sk\/horizont-europa\/wp-json\/wp\/v2\/media?parent=24313"}],"wp:term":[{"taxonomy":"oblast-horizont","embeddable":true,"href":"https:\/\/eraportal.sk\/horizont-europa\/wp-json\/wp\/v2\/oblast-horizont?post=24313"}],"curies":[{"name":"wp","href":"https:\/\/api.w.org\/{rel}","templated":true}]}}