    {"id":31174,"date":"2026-04-30T08:48:25","date_gmt":"2026-04-30T06:48:25","guid":{"rendered":"https:\/\/eraportal.sk\/horizont-europa\/?post_type=aktualita&#038;p=31174"},"modified":"2026-04-30T10:12:30","modified_gmt":"2026-04-30T08:12:30","slug":"spolocny-podnik-pre-cisty-vodik-otvoril-druhu-vyzvu-pda-pre-integrovane-projekty-vodikovych-udoli-v-europe","status":"publish","type":"aktualita","link":"https:\/\/eraportal.sk\/horizont-europa\/aktualita\/spolocny-podnik-pre-cisty-vodik-otvoril-druhu-vyzvu-pda-pre-integrovane-projekty-vodikovych-udoli-v-europe\/","featured_media":31176,"template":"","tags":[382],"oblast-horizont":[185,209],"class_list":["post-31174","aktualita","type-aktualita","status-publish","has-post-thumbnail","hentry","tag-vyzva","oblast-horizont-klaster-5-klima-energetika-a-mobilita","oblast-horizont-partnerstva-oblast-klima-energetika-a-mobilita"],"yoast_head":"<!-- This site is optimized with the Yoast SEO plugin v24.4 - https:\/\/yoast.com\/wordpress\/plugins\/seo\/ -->\n<title>Spolo\u010dn\u00fd podnik pre \u010dist\u00fd vod\u00edk otvoril druh\u00fa v\u00fdzvu PDA pre integrovan\u00e9 projekty vod\u00edkov\u00fdch \u00fadol\u00ed v Eur\u00f3pe. - Horizont Eur\u00f3pa<\/title>\n<meta name=\"robots\" content=\"index, follow, max-snippet:-1, max-image-preview:large, max-video-preview:-1\" \/>\n<link rel=\"canonical\" href=\"https:\/\/eraportal.sk\/horizont-europa\/aktualita\/spolocny-podnik-pre-cisty-vodik-otvoril-druhu-vyzvu-pda-pre-integrovane-projekty-vodikovych-udoli-v-europe\/\" \/>\n<meta property=\"og:locale\" content=\"sk_SK\" \/>\n<meta property=\"og:type\" content=\"article\" \/>\n<meta property=\"og:title\" content=\"Spolo\u010dn\u00fd podnik pre \u010dist\u00fd vod\u00edk otvoril druh\u00fa v\u00fdzvu PDA pre integrovan\u00e9 projekty vod\u00edkov\u00fdch \u00fadol\u00ed v Eur\u00f3pe. - Horizont Eur\u00f3pa\" \/>\n<meta property=\"og:description\" content=\"v\u00fdzva je otvoren\u00e1 do 26. j\u00fana 2026 do polnoci\" \/>\n<meta property=\"og:url\" content=\"https:\/\/eraportal.sk\/horizont-europa\/aktualita\/spolocny-podnik-pre-cisty-vodik-otvoril-druhu-vyzvu-pda-pre-integrovane-projekty-vodikovych-udoli-v-europe\/\" \/>\n<meta property=\"og:site_name\" content=\"Horizont Eur\u00f3pa\" \/>\n<meta property=\"article:modified_time\" content=\"2026-04-30T08:12:30+00:00\" \/>\n<meta property=\"og:image\" content=\"https:\/\/eraportal.sk\/horizont-europa\/wp-content\/uploads\/sites\/4\/2026\/04\/PDA-2026.jpg\" \/>\n\t<meta property=\"og:image:width\" content=\"600\" \/>\n\t<meta property=\"og:image:height\" content=\"581\" \/>\n\t<meta property=\"og:image:type\" content=\"image\/jpeg\" \/>\n<meta name=\"twitter:card\" content=\"summary_large_image\" \/>\n<meta name=\"twitter:label1\" content=\"Predpokladan\u00fd \u010das \u010d\u00edtania\" \/>\n\t<meta name=\"twitter:data1\" content=\"1 min\u00fata\" \/>\n<script type=\"application\/ld+json\" class=\"yoast-schema-graph\">{\"@context\":\"https:\/\/schema.org\",\"@graph\":[{\"@type\":\"WebPage\",\"@id\":\"https:\/\/eraportal.sk\/horizont-europa\/aktualita\/spolocny-podnik-pre-cisty-vodik-otvoril-druhu-vyzvu-pda-pre-integrovane-projekty-vodikovych-udoli-v-europe\/\",\"url\":\"https:\/\/eraportal.sk\/horizont-europa\/aktualita\/spolocny-podnik-pre-cisty-vodik-otvoril-druhu-vyzvu-pda-pre-integrovane-projekty-vodikovych-udoli-v-europe\/\",\"name\":\"Spolo\u010dn\u00fd podnik pre \u010dist\u00fd vod\u00edk otvoril druh\u00fa v\u00fdzvu PDA pre integrovan\u00e9 projekty vod\u00edkov\u00fdch \u00fadol\u00ed v Eur\u00f3pe. - Horizont Eur\u00f3pa\",\"isPartOf\":{\"@id\":\"https:\/\/eraportal.sk\/horizont-europa\/#website\"},\"primaryImageOfPage\":{\"@id\":\"https:\/\/eraportal.sk\/horizont-europa\/aktualita\/spolocny-podnik-pre-cisty-vodik-otvoril-druhu-vyzvu-pda-pre-integrovane-projekty-vodikovych-udoli-v-europe\/#primaryimage\"},\"image\":{\"@id\":\"https:\/\/eraportal.sk\/horizont-europa\/aktualita\/spolocny-podnik-pre-cisty-vodik-otvoril-druhu-vyzvu-pda-pre-integrovane-projekty-vodikovych-udoli-v-europe\/#primaryimage\"},\"thumbnailUrl\":\"https:\/\/eraportal.sk\/horizont-europa\/wp-content\/uploads\/sites\/4\/2026\/04\/PDA-2026.jpg\",\"datePublished\":\"2026-04-30T06:48:25+00:00\",\"dateModified\":\"2026-04-30T08:12:30+00:00\",\"breadcrumb\":{\"@id\":\"https:\/\/eraportal.sk\/horizont-europa\/aktualita\/spolocny-podnik-pre-cisty-vodik-otvoril-druhu-vyzvu-pda-pre-integrovane-projekty-vodikovych-udoli-v-europe\/#breadcrumb\"},\"inLanguage\":\"sk-SK\",\"potentialAction\":[{\"@type\":\"ReadAction\",\"target\":[\"https:\/\/eraportal.sk\/horizont-europa\/aktualita\/spolocny-podnik-pre-cisty-vodik-otvoril-druhu-vyzvu-pda-pre-integrovane-projekty-vodikovych-udoli-v-europe\/\"]}]},{\"@type\":\"ImageObject\",\"inLanguage\":\"sk-SK\",\"@id\":\"https:\/\/eraportal.sk\/horizont-europa\/aktualita\/spolocny-podnik-pre-cisty-vodik-otvoril-druhu-vyzvu-pda-pre-integrovane-projekty-vodikovych-udoli-v-europe\/#primaryimage\",\"url\":\"https:\/\/eraportal.sk\/horizont-europa\/wp-content\/uploads\/sites\/4\/2026\/04\/PDA-2026.jpg\",\"contentUrl\":\"https:\/\/eraportal.sk\/horizont-europa\/wp-content\/uploads\/sites\/4\/2026\/04\/PDA-2026.jpg\",\"width\":600,\"height\":581},{\"@type\":\"BreadcrumbList\",\"@id\":\"https:\/\/eraportal.sk\/horizont-europa\/aktualita\/spolocny-podnik-pre-cisty-vodik-otvoril-druhu-vyzvu-pda-pre-integrovane-projekty-vodikovych-udoli-v-europe\/#breadcrumb\",\"itemListElement\":[{\"@type\":\"ListItem\",\"position\":1,\"name\":\"Domovsk\u00e1 str\u00e1nka\",\"item\":\"https:\/\/eraportal.sk\/horizont-europa\/\"},{\"@type\":\"ListItem\",\"position\":2,\"name\":\"Aktuality\",\"item\":\"https:\/\/eraportal.sk\/horizont-europa\/aktuality-archiv\/\"},{\"@type\":\"ListItem\",\"position\":3,\"name\":\"Spolo\u010dn\u00fd podnik pre \u010dist\u00fd vod\u00edk otvoril druh\u00fa v\u00fdzvu PDA pre integrovan\u00e9 projekty vod\u00edkov\u00fdch \u00fadol\u00ed v Eur\u00f3pe.\"}]},{\"@type\":\"WebSite\",\"@id\":\"https:\/\/eraportal.sk\/horizont-europa\/#website\",\"url\":\"https:\/\/eraportal.sk\/horizont-europa\/\",\"name\":\"Horizont Eur\u00f3pa\",\"description\":\"\",\"publisher\":{\"@id\":\"https:\/\/eraportal.sk\/horizont-europa\/#organization\"},\"potentialAction\":[{\"@type\":\"SearchAction\",\"target\":{\"@type\":\"EntryPoint\",\"urlTemplate\":\"https:\/\/eraportal.sk\/horizont-europa\/?s={search_term_string}\"},\"query-input\":{\"@type\":\"PropertyValueSpecification\",\"valueRequired\":true,\"valueName\":\"search_term_string\"}}],\"inLanguage\":\"sk-SK\"},{\"@type\":\"Organization\",\"@id\":\"https:\/\/eraportal.sk\/horizont-europa\/#organization\",\"name\":\"Horizont Eur\u00f3pa\",\"url\":\"https:\/\/eraportal.sk\/horizont-europa\/\",\"logo\":{\"@type\":\"ImageObject\",\"inLanguage\":\"sk-SK\",\"@id\":\"https:\/\/eraportal.sk\/horizont-europa\/#\/schema\/logo\/image\/\",\"url\":\"https:\/\/eraportal.sk\/horizont-europa\/wp-content\/uploads\/sites\/4\/2024\/02\/Favicon_HEU.png\",\"contentUrl\":\"https:\/\/eraportal.sk\/horizont-europa\/wp-content\/uploads\/sites\/4\/2024\/02\/Favicon_HEU.png\",\"width\":512,\"height\":512,\"caption\":\"Horizont Eur\u00f3pa\"},\"image\":{\"@id\":\"https:\/\/eraportal.sk\/horizont-europa\/#\/schema\/logo\/image\/\"}}]}<\/script>\n<!-- \/ Yoast SEO plugin. -->","yoast_head_json":{"title":"Spolo\u010dn\u00fd podnik pre \u010dist\u00fd vod\u00edk otvoril druh\u00fa v\u00fdzvu PDA pre integrovan\u00e9 projekty vod\u00edkov\u00fdch \u00fadol\u00ed v Eur\u00f3pe. - Horizont Eur\u00f3pa","robots":{"index":"index","follow":"follow","max-snippet":"max-snippet:-1","max-image-preview":"max-image-preview:large","max-video-preview":"max-video-preview:-1"},"canonical":"https:\/\/eraportal.sk\/horizont-europa\/aktualita\/spolocny-podnik-pre-cisty-vodik-otvoril-druhu-vyzvu-pda-pre-integrovane-projekty-vodikovych-udoli-v-europe\/","og_locale":"sk_SK","og_type":"article","og_title":"Spolo\u010dn\u00fd podnik pre \u010dist\u00fd vod\u00edk otvoril druh\u00fa v\u00fdzvu PDA pre integrovan\u00e9 projekty vod\u00edkov\u00fdch \u00fadol\u00ed v Eur\u00f3pe. - Horizont Eur\u00f3pa","og_description":"v\u00fdzva je otvoren\u00e1 do 26. j\u00fana 2026 do polnoci","og_url":"https:\/\/eraportal.sk\/horizont-europa\/aktualita\/spolocny-podnik-pre-cisty-vodik-otvoril-druhu-vyzvu-pda-pre-integrovane-projekty-vodikovych-udoli-v-europe\/","og_site_name":"Horizont Eur\u00f3pa","article_modified_time":"2026-04-30T08:12:30+00:00","og_image":[{"width":600,"height":581,"url":"https:\/\/eraportal.sk\/horizont-europa\/wp-content\/uploads\/sites\/4\/2026\/04\/PDA-2026.jpg","type":"image\/jpeg"}],"twitter_card":"summary_large_image","twitter_misc":{"Predpokladan\u00fd \u010das \u010d\u00edtania":"1 min\u00fata"},"schema":{"@context":"https:\/\/schema.org","@graph":[{"@type":"WebPage","@id":"https:\/\/eraportal.sk\/horizont-europa\/aktualita\/spolocny-podnik-pre-cisty-vodik-otvoril-druhu-vyzvu-pda-pre-integrovane-projekty-vodikovych-udoli-v-europe\/","url":"https:\/\/eraportal.sk\/horizont-europa\/aktualita\/spolocny-podnik-pre-cisty-vodik-otvoril-druhu-vyzvu-pda-pre-integrovane-projekty-vodikovych-udoli-v-europe\/","name":"Spolo\u010dn\u00fd podnik pre \u010dist\u00fd vod\u00edk otvoril druh\u00fa v\u00fdzvu PDA pre integrovan\u00e9 projekty vod\u00edkov\u00fdch \u00fadol\u00ed v Eur\u00f3pe. - Horizont Eur\u00f3pa","isPartOf":{"@id":"https:\/\/eraportal.sk\/horizont-europa\/#website"},"primaryImageOfPage":{"@id":"https:\/\/eraportal.sk\/horizont-europa\/aktualita\/spolocny-podnik-pre-cisty-vodik-otvoril-druhu-vyzvu-pda-pre-integrovane-projekty-vodikovych-udoli-v-europe\/#primaryimage"},"image":{"@id":"https:\/\/eraportal.sk\/horizont-europa\/aktualita\/spolocny-podnik-pre-cisty-vodik-otvoril-druhu-vyzvu-pda-pre-integrovane-projekty-vodikovych-udoli-v-europe\/#primaryimage"},"thumbnailUrl":"https:\/\/eraportal.sk\/horizont-europa\/wp-content\/uploads\/sites\/4\/2026\/04\/PDA-2026.jpg","datePublished":"2026-04-30T06:48:25+00:00","dateModified":"2026-04-30T08:12:30+00:00","breadcrumb":{"@id":"https:\/\/eraportal.sk\/horizont-europa\/aktualita\/spolocny-podnik-pre-cisty-vodik-otvoril-druhu-vyzvu-pda-pre-integrovane-projekty-vodikovych-udoli-v-europe\/#breadcrumb"},"inLanguage":"sk-SK","potentialAction":[{"@type":"ReadAction","target":["https:\/\/eraportal.sk\/horizont-europa\/aktualita\/spolocny-podnik-pre-cisty-vodik-otvoril-druhu-vyzvu-pda-pre-integrovane-projekty-vodikovych-udoli-v-europe\/"]}]},{"@type":"ImageObject","inLanguage":"sk-SK","@id":"https:\/\/eraportal.sk\/horizont-europa\/aktualita\/spolocny-podnik-pre-cisty-vodik-otvoril-druhu-vyzvu-pda-pre-integrovane-projekty-vodikovych-udoli-v-europe\/#primaryimage","url":"https:\/\/eraportal.sk\/horizont-europa\/wp-content\/uploads\/sites\/4\/2026\/04\/PDA-2026.jpg","contentUrl":"https:\/\/eraportal.sk\/horizont-europa\/wp-content\/uploads\/sites\/4\/2026\/04\/PDA-2026.jpg","width":600,"height":581},{"@type":"BreadcrumbList","@id":"https:\/\/eraportal.sk\/horizont-europa\/aktualita\/spolocny-podnik-pre-cisty-vodik-otvoril-druhu-vyzvu-pda-pre-integrovane-projekty-vodikovych-udoli-v-europe\/#breadcrumb","itemListElement":[{"@type":"ListItem","position":1,"name":"Domovsk\u00e1 str\u00e1nka","item":"https:\/\/eraportal.sk\/horizont-europa\/"},{"@type":"ListItem","position":2,"name":"Aktuality","item":"https:\/\/eraportal.sk\/horizont-europa\/aktuality-archiv\/"},{"@type":"ListItem","position":3,"name":"Spolo\u010dn\u00fd podnik pre \u010dist\u00fd vod\u00edk otvoril druh\u00fa v\u00fdzvu PDA pre integrovan\u00e9 projekty vod\u00edkov\u00fdch \u00fadol\u00ed v Eur\u00f3pe."}]},{"@type":"WebSite","@id":"https:\/\/eraportal.sk\/horizont-europa\/#website","url":"https:\/\/eraportal.sk\/horizont-europa\/","name":"Horizont Eur\u00f3pa","description":"","publisher":{"@id":"https:\/\/eraportal.sk\/horizont-europa\/#organization"},"potentialAction":[{"@type":"SearchAction","target":{"@type":"EntryPoint","urlTemplate":"https:\/\/eraportal.sk\/horizont-europa\/?s={search_term_string}"},"query-input":{"@type":"PropertyValueSpecification","valueRequired":true,"valueName":"search_term_string"}}],"inLanguage":"sk-SK"},{"@type":"Organization","@id":"https:\/\/eraportal.sk\/horizont-europa\/#organization","name":"Horizont Eur\u00f3pa","url":"https:\/\/eraportal.sk\/horizont-europa\/","logo":{"@type":"ImageObject","inLanguage":"sk-SK","@id":"https:\/\/eraportal.sk\/horizont-europa\/#\/schema\/logo\/image\/","url":"https:\/\/eraportal.sk\/horizont-europa\/wp-content\/uploads\/sites\/4\/2024\/02\/Favicon_HEU.png","contentUrl":"https:\/\/eraportal.sk\/horizont-europa\/wp-content\/uploads\/sites\/4\/2024\/02\/Favicon_HEU.png","width":512,"height":512,"caption":"Horizont Eur\u00f3pa"},"image":{"@id":"https:\/\/eraportal.sk\/horizont-europa\/#\/schema\/logo\/image\/"}}]}},"acf":{"nadpis":"Spolo\u010dn\u00fd podnik pre \u010dist\u00fd vod\u00edk otvoril druh\u00fa v\u00fdzvu PDA pre integrovan\u00e9 projekty vod\u00edkov\u00fdch \u00fadol\u00ed v Eur\u00f3pe.","opis":"<p data-start=\"174\" data-end=\"370\">Spolo\u010dn\u00fd podnik pre \u010dist\u00fd vod\u00edk otvoril <a href=\"https:\/\/pda.h2v.eu\/en\" target=\"_blank\" rel=\"noopener\">druh\u00fa v\u00fdzvu<\/a> na pod\u00e1vanie \u017eiadost\u00ed o <strong data-start=\"246\" data-end=\"286\">Project Development Assistance (PDA)<\/strong> pre integrovan\u00e9 projekty vod\u00edkov\u00fdch \u00fadol\u00ed v Eur\u00f3pe.<\/p>\r\n<p data-start=\"372\" data-end=\"645\">Cie\u013eom v\u00fdzvy je podpori\u0165 rozvoj vod\u00edkov\u00fdch projektov smerom k fin\u00e1lnemu investi\u010dn\u00e9mu rozhodnutiu (FID), a to prostredn\u00edctvom bezplatnej odbornej asistencie v oblastiach ako technol\u00f3gie, biznis modely, regul\u00e1cia \u010di riadenie projektov.<\/p>\r\n<p data-start=\"372\" data-end=\"645\">Podpora p\u00f4jde pre maxim\u00e1lne 13 projektov z \u010dlensk\u00fdch \u0161t\u00e1tov E\u00da alebo kraj\u00edn asociovan\u00fdch k programu Horizont Eur\u00f3pa. Bezplatn\u00e9 expertn\u00e9 slu\u017eby poskytovan\u00e9 konzulta\u010dn\u00fdmi spolo\u010dnos\u0165ami Roland Berger a Worley bud\u00fa zameran\u00e9 na komer\u010dn\u00e9 a finan\u010dn\u00e9 aspekty, technick\u00e9 rie\u0161enia ,regula\u010dn\u00e9 ot\u00e1zky, riadenie a spolupr\u00e1cu v r\u00e1mci vod\u00edkov\u00fdch \u00fadol\u00ed.<\/p>\r\n<p data-start=\"372\" data-end=\"645\"><img class=\"alignnone size-medium wp-image-31175 aligncenter\" src=\"https:\/\/eraportal.sk\/horizont-europa\/wp-content\/uploads\/sites\/4\/2026\/04\/PDA2-2026-300x293.jpg\" alt=\"\" width=\"300\" height=\"293\" \/><\/p>\r\n<p data-start=\"1184\" data-end=\"1215\">V\u00fdzva pon\u00faka dve hlavn\u00e9 sch\u00e9my:<\/p>\r\n<p data-start=\"1184\" data-end=\"1215\"><strong data-start=\"1219\" data-end=\"1244\">PDA Light (6 t\u00fd\u017ed\u0148ov) \u2013 pre projekty v po\u010diato\u010dnej f\u00e1ze (pr\u00edprava pre-feasibility konceptu)<\/strong><\/p>\r\n<p data-start=\"1184\" data-end=\"1215\"><strong data-start=\"1319\" data-end=\"1344\">PDA Plus (12 t\u00fd\u017ed\u0148ov) \u2013 pre pokro\u010dilej\u0161ie projekty (detailn\u00e1 pr\u00edprava na investi\u010dn\u00e9 rozhodnutie)<\/strong><\/p>\r\n<p data-start=\"1494\" data-end=\"1518\">O podporu m\u00f4\u017eu po\u017eiada\u0165 verejn\u00e9 org\u00e1ny, region\u00e1lne\/miestne autority, organiz\u00e1cie koordinuj\u00face projekty, developeri projektov vod\u00edkov\u00fdch \u00fadol\u00ed.<\/p>\r\nOtvorenie v\u00fdzvy bolo 20. apr\u00edla 2026.\u00a0 <strong data-start=\"1752\" data-end=\"1785\">Uz\u00e1vierka pod\u00e1vania \u017eiadost\u00ed je 26. j\u00fana 2026 do polnoci.<\/strong>\r\n<p data-start=\"1992\" data-end=\"2187\">Proces pod\u00e1vania \u017eiadosti je navrhnut\u00fd ako administrat\u00edvne nen\u00e1ro\u010dn\u00fd a pozost\u00e1va najm\u00e4 z vyplnenia<a href=\"https:\/\/pda.h2v.eu\/en\/pda-application\" target=\"_blank\" rel=\"noopener\"> kr\u00e1tkeho formul\u00e1ra<\/a> a predlo\u017eenia existuj\u00facich podkladov.<\/p>\r\n<p data-start=\"2189\" data-end=\"2346\">V\u00fdzva nadv\u00e4zuje na \u00faspe\u0161n\u00e9 prv\u00e9 kolo, v r\u00e1mci ktor\u00e9ho bolo podporen\u00fdch 15 projektov vod\u00edkov\u00fdch \u00fadol\u00ed naprie\u010d Eur\u00f3pou.<\/p>\r\n<p data-start=\"2189\" data-end=\"2346\">INFORMA\u010cN\u00c9 DNI:<\/p>\r\n<p data-start=\"2189\" data-end=\"2346\"><img class=\"size-medium wp-image-31178 aligncenter\" src=\"https:\/\/eraportal.sk\/horizont-europa\/wp-content\/uploads\/sites\/4\/2026\/04\/info-day-300x300.png\" alt=\"\" width=\"300\" height=\"300\" \/>V pr\u00edpade z\u00e1ujmu odpor\u00fa\u010dame sledova\u0165 pripravovan\u00e9 informa\u010dn\u00e9 dni k v\u00fdzve, ktor\u00e9 bud\u00fa organizovan\u00e9 v priebehu m\u00e1ja 2026.<\/p>\r\n<p data-start=\"2189\" data-end=\"2346\">Term\u00edny online infodn\u00ed:<\/p>\r\n<p data-start=\"2189\" data-end=\"2346\"><strong>12. m\u00e1j 2026<\/strong> 9:30 - 11:00 hod <a href=\"https:\/\/teams.microsoft.com\/meet\/333905774625115?p=XF9kulcpLEL0Flnp57\">LINK na pripojenie<\/a><\/p>\r\n<p data-start=\"2189\" data-end=\"2346\"><strong>19. m\u00e1j 2026<\/strong> 9:30 - 11:00 hod<a href=\"https:\/\/teams.microsoft.com\/meet\/340323251907734?p=tBsIxtqnqT9d2r2Y4p\"> LINK na pripojenie<\/a><\/p>\r\n<p data-start=\"2353\" data-end=\"2483\">mit, 29.4.2026<\/p>","kratky_opis":"v\u00fdzva je otvoren\u00e1 do 26. j\u00fana 2026 do polnoci","oblast":["185","209"],"zobrazit_velke_v_newsletteri":false,"reminder":false,"newsletter_thumbnail":""},"_links":{"self":[{"href":"https:\/\/eraportal.sk\/horizont-europa\/wp-json\/wp\/v2\/aktuality\/31174","targetHints":{"allow":["GET"]}}],"collection":[{"href":"https:\/\/eraportal.sk\/horizont-europa\/wp-json\/wp\/v2\/aktuality"}],"about":[{"href":"https:\/\/eraportal.sk\/horizont-europa\/wp-json\/wp\/v2\/types\/aktualita"}],"acf:term":[{"embeddable":true,"taxonomy":"oblast-horizont","href":"https:\/\/eraportal.sk\/horizont-europa\/wp-json\/wp\/v2\/oblast-horizont\/209"},{"embeddable":true,"taxonomy":"oblast-horizont","href":"https:\/\/eraportal.sk\/horizont-europa\/wp-json\/wp\/v2\/oblast-horizont\/185"}],"wp:featuredmedia":[{"embeddable":true,"href":"https:\/\/eraportal.sk\/horizont-europa\/wp-json\/wp\/v2\/media\/31176"}],"wp:attachment":[{"href":"https:\/\/eraportal.sk\/horizont-europa\/wp-json\/wp\/v2\/media?parent=31174"}],"wp:term":[{"taxonomy":"post_tag","embeddable":true,"href":"https:\/\/eraportal.sk\/horizont-europa\/wp-json\/wp\/v2\/tags?post=31174"},{"taxonomy":"oblast-horizont","embeddable":true,"href":"https:\/\/eraportal.sk\/horizont-europa\/wp-json\/wp\/v2\/oblast-horizont?post=31174"}],"curies":[{"name":"wp","href":"https:\/\/api.w.org\/{rel}","templated":true}]}}