    {"id":31135,"date":"2026-04-29T08:43:14","date_gmt":"2026-04-29T06:43:14","guid":{"rendered":"https:\/\/eraportal.sk\/horizont-europa\/?post_type=aktualita&#038;p=31135"},"modified":"2026-04-29T08:44:12","modified_gmt":"2026-04-29T06:44:12","slug":"smi2g-2026-klucova-partnerska-burza-pre-klaster-3-sa-uspesne-skoncila","status":"publish","type":"aktualita","link":"https:\/\/eraportal.sk\/horizont-europa\/aktualita\/smi2g-2026-klucova-partnerska-burza-pre-klaster-3-sa-uspesne-skoncila\/","featured_media":0,"template":"","tags":[],"oblast-horizont":[678,183,193],"class_list":["post-31135","aktualita","type-aktualita","status-publish","hentry","oblast-horizont-horizont-europa","oblast-horizont-klaster-3-civilna-bezpecnost-pre-spolocnost","oblast-horizont-partnerstva-oblast-digitalizacia-priemysel-a-vesmir"],"yoast_head":"<!-- This site is optimized with the Yoast SEO plugin v24.4 - https:\/\/yoast.com\/wordpress\/plugins\/seo\/ -->\n<title>SMI2G 2026 \u2013 k\u013e\u00fa\u010dov\u00e1 partnersk\u00e1 burza pre Klaster 3 sa \u00faspe\u0161ne skon\u010dila - Horizont Eur\u00f3pa<\/title>\n<meta name=\"robots\" content=\"index, follow, max-snippet:-1, max-image-preview:large, max-video-preview:-1\" \/>\n<link rel=\"canonical\" href=\"https:\/\/eraportal.sk\/horizont-europa\/aktualita\/smi2g-2026-klucova-partnerska-burza-pre-klaster-3-sa-uspesne-skoncila\/\" \/>\n<meta property=\"og:locale\" content=\"sk_SK\" \/>\n<meta property=\"og:type\" content=\"article\" \/>\n<meta property=\"og:title\" content=\"SMI2G 2026 \u2013 k\u013e\u00fa\u010dov\u00e1 partnersk\u00e1 burza pre Klaster 3 sa \u00faspe\u0161ne skon\u010dila - Horizont Eur\u00f3pa\" \/>\n<meta property=\"og:description\" content=\"SMI2G 2026 \u2013 k\u013e\u00fa\u010dov\u00e1 partnersk\u00e1 burza pre Klaster 3 zaznamenala vysok\u00fd z\u00e1ujem\" \/>\n<meta property=\"og:url\" content=\"https:\/\/eraportal.sk\/horizont-europa\/aktualita\/smi2g-2026-klucova-partnerska-burza-pre-klaster-3-sa-uspesne-skoncila\/\" \/>\n<meta property=\"og:site_name\" content=\"Horizont Eur\u00f3pa\" \/>\n<meta property=\"article:modified_time\" content=\"2026-04-29T06:44:12+00:00\" \/>\n<meta property=\"og:image\" content=\"https:\/\/eraportal.sk\/horizont-europa\/wp-content\/uploads\/sites\/4\/2026\/04\/image_smi2g.webp\" \/>\n\t<meta property=\"og:image:width\" content=\"2286\" \/>\n\t<meta property=\"og:image:height\" content=\"1180\" \/>\n\t<meta property=\"og:image:type\" content=\"image\/webp\" \/>\n<meta name=\"twitter:card\" content=\"summary_large_image\" \/>\n<script type=\"application\/ld+json\" class=\"yoast-schema-graph\">{\"@context\":\"https:\/\/schema.org\",\"@graph\":[{\"@type\":\"WebPage\",\"@id\":\"https:\/\/eraportal.sk\/horizont-europa\/aktualita\/smi2g-2026-klucova-partnerska-burza-pre-klaster-3-sa-uspesne-skoncila\/\",\"url\":\"https:\/\/eraportal.sk\/horizont-europa\/aktualita\/smi2g-2026-klucova-partnerska-burza-pre-klaster-3-sa-uspesne-skoncila\/\",\"name\":\"SMI2G 2026 \u2013 k\u013e\u00fa\u010dov\u00e1 partnersk\u00e1 burza pre Klaster 3 sa \u00faspe\u0161ne skon\u010dila - Horizont Eur\u00f3pa\",\"isPartOf\":{\"@id\":\"https:\/\/eraportal.sk\/horizont-europa\/#website\"},\"primaryImageOfPage\":{\"@id\":\"https:\/\/eraportal.sk\/horizont-europa\/aktualita\/smi2g-2026-klucova-partnerska-burza-pre-klaster-3-sa-uspesne-skoncila\/#primaryimage\"},\"image\":{\"@id\":\"https:\/\/eraportal.sk\/horizont-europa\/aktualita\/smi2g-2026-klucova-partnerska-burza-pre-klaster-3-sa-uspesne-skoncila\/#primaryimage\"},\"thumbnailUrl\":\"https:\/\/eraportal.sk\/horizont-europa\/wp-content\/uploads\/sites\/4\/2026\/04\/image_smi2g-300x155.webp\",\"datePublished\":\"2026-04-29T06:43:14+00:00\",\"dateModified\":\"2026-04-29T06:44:12+00:00\",\"breadcrumb\":{\"@id\":\"https:\/\/eraportal.sk\/horizont-europa\/aktualita\/smi2g-2026-klucova-partnerska-burza-pre-klaster-3-sa-uspesne-skoncila\/#breadcrumb\"},\"inLanguage\":\"sk-SK\",\"potentialAction\":[{\"@type\":\"ReadAction\",\"target\":[\"https:\/\/eraportal.sk\/horizont-europa\/aktualita\/smi2g-2026-klucova-partnerska-burza-pre-klaster-3-sa-uspesne-skoncila\/\"]}]},{\"@type\":\"ImageObject\",\"inLanguage\":\"sk-SK\",\"@id\":\"https:\/\/eraportal.sk\/horizont-europa\/aktualita\/smi2g-2026-klucova-partnerska-burza-pre-klaster-3-sa-uspesne-skoncila\/#primaryimage\",\"url\":\"https:\/\/eraportal.sk\/horizont-europa\/wp-content\/uploads\/sites\/4\/2026\/04\/image_smi2g.webp\",\"contentUrl\":\"https:\/\/eraportal.sk\/horizont-europa\/wp-content\/uploads\/sites\/4\/2026\/04\/image_smi2g.webp\",\"width\":2286,\"height\":1180},{\"@type\":\"BreadcrumbList\",\"@id\":\"https:\/\/eraportal.sk\/horizont-europa\/aktualita\/smi2g-2026-klucova-partnerska-burza-pre-klaster-3-sa-uspesne-skoncila\/#breadcrumb\",\"itemListElement\":[{\"@type\":\"ListItem\",\"position\":1,\"name\":\"Domovsk\u00e1 str\u00e1nka\",\"item\":\"https:\/\/eraportal.sk\/horizont-europa\/\"},{\"@type\":\"ListItem\",\"position\":2,\"name\":\"Aktuality\",\"item\":\"https:\/\/eraportal.sk\/horizont-europa\/aktuality-archiv\/\"},{\"@type\":\"ListItem\",\"position\":3,\"name\":\"SMI2G 2026 \u2013 k\u013e\u00fa\u010dov\u00e1 partnersk\u00e1 burza pre Klaster 3 sa \u00faspe\u0161ne skon\u010dila\"}]},{\"@type\":\"WebSite\",\"@id\":\"https:\/\/eraportal.sk\/horizont-europa\/#website\",\"url\":\"https:\/\/eraportal.sk\/horizont-europa\/\",\"name\":\"Horizont Eur\u00f3pa\",\"description\":\"\",\"publisher\":{\"@id\":\"https:\/\/eraportal.sk\/horizont-europa\/#organization\"},\"potentialAction\":[{\"@type\":\"SearchAction\",\"target\":{\"@type\":\"EntryPoint\",\"urlTemplate\":\"https:\/\/eraportal.sk\/horizont-europa\/?s={search_term_string}\"},\"query-input\":{\"@type\":\"PropertyValueSpecification\",\"valueRequired\":true,\"valueName\":\"search_term_string\"}}],\"inLanguage\":\"sk-SK\"},{\"@type\":\"Organization\",\"@id\":\"https:\/\/eraportal.sk\/horizont-europa\/#organization\",\"name\":\"Horizont Eur\u00f3pa\",\"url\":\"https:\/\/eraportal.sk\/horizont-europa\/\",\"logo\":{\"@type\":\"ImageObject\",\"inLanguage\":\"sk-SK\",\"@id\":\"https:\/\/eraportal.sk\/horizont-europa\/#\/schema\/logo\/image\/\",\"url\":\"https:\/\/eraportal.sk\/horizont-europa\/wp-content\/uploads\/sites\/4\/2024\/02\/Favicon_HEU.png\",\"contentUrl\":\"https:\/\/eraportal.sk\/horizont-europa\/wp-content\/uploads\/sites\/4\/2024\/02\/Favicon_HEU.png\",\"width\":512,\"height\":512,\"caption\":\"Horizont Eur\u00f3pa\"},\"image\":{\"@id\":\"https:\/\/eraportal.sk\/horizont-europa\/#\/schema\/logo\/image\/\"}}]}<\/script>\n<!-- \/ Yoast SEO plugin. -->","yoast_head_json":{"title":"SMI2G 2026 \u2013 k\u013e\u00fa\u010dov\u00e1 partnersk\u00e1 burza pre Klaster 3 sa \u00faspe\u0161ne skon\u010dila - Horizont Eur\u00f3pa","robots":{"index":"index","follow":"follow","max-snippet":"max-snippet:-1","max-image-preview":"max-image-preview:large","max-video-preview":"max-video-preview:-1"},"canonical":"https:\/\/eraportal.sk\/horizont-europa\/aktualita\/smi2g-2026-klucova-partnerska-burza-pre-klaster-3-sa-uspesne-skoncila\/","og_locale":"sk_SK","og_type":"article","og_title":"SMI2G 2026 \u2013 k\u013e\u00fa\u010dov\u00e1 partnersk\u00e1 burza pre Klaster 3 sa \u00faspe\u0161ne skon\u010dila - Horizont Eur\u00f3pa","og_description":"SMI2G 2026 \u2013 k\u013e\u00fa\u010dov\u00e1 partnersk\u00e1 burza pre Klaster 3 zaznamenala vysok\u00fd z\u00e1ujem","og_url":"https:\/\/eraportal.sk\/horizont-europa\/aktualita\/smi2g-2026-klucova-partnerska-burza-pre-klaster-3-sa-uspesne-skoncila\/","og_site_name":"Horizont Eur\u00f3pa","article_modified_time":"2026-04-29T06:44:12+00:00","og_image":[{"width":2286,"height":1180,"url":"https:\/\/eraportal.sk\/horizont-europa\/wp-content\/uploads\/sites\/4\/2026\/04\/image_smi2g.webp","type":"image\/webp"}],"twitter_card":"summary_large_image","schema":{"@context":"https:\/\/schema.org","@graph":[{"@type":"WebPage","@id":"https:\/\/eraportal.sk\/horizont-europa\/aktualita\/smi2g-2026-klucova-partnerska-burza-pre-klaster-3-sa-uspesne-skoncila\/","url":"https:\/\/eraportal.sk\/horizont-europa\/aktualita\/smi2g-2026-klucova-partnerska-burza-pre-klaster-3-sa-uspesne-skoncila\/","name":"SMI2G 2026 \u2013 k\u013e\u00fa\u010dov\u00e1 partnersk\u00e1 burza pre Klaster 3 sa \u00faspe\u0161ne skon\u010dila - Horizont Eur\u00f3pa","isPartOf":{"@id":"https:\/\/eraportal.sk\/horizont-europa\/#website"},"primaryImageOfPage":{"@id":"https:\/\/eraportal.sk\/horizont-europa\/aktualita\/smi2g-2026-klucova-partnerska-burza-pre-klaster-3-sa-uspesne-skoncila\/#primaryimage"},"image":{"@id":"https:\/\/eraportal.sk\/horizont-europa\/aktualita\/smi2g-2026-klucova-partnerska-burza-pre-klaster-3-sa-uspesne-skoncila\/#primaryimage"},"thumbnailUrl":"https:\/\/eraportal.sk\/horizont-europa\/wp-content\/uploads\/sites\/4\/2026\/04\/image_smi2g-300x155.webp","datePublished":"2026-04-29T06:43:14+00:00","dateModified":"2026-04-29T06:44:12+00:00","breadcrumb":{"@id":"https:\/\/eraportal.sk\/horizont-europa\/aktualita\/smi2g-2026-klucova-partnerska-burza-pre-klaster-3-sa-uspesne-skoncila\/#breadcrumb"},"inLanguage":"sk-SK","potentialAction":[{"@type":"ReadAction","target":["https:\/\/eraportal.sk\/horizont-europa\/aktualita\/smi2g-2026-klucova-partnerska-burza-pre-klaster-3-sa-uspesne-skoncila\/"]}]},{"@type":"ImageObject","inLanguage":"sk-SK","@id":"https:\/\/eraportal.sk\/horizont-europa\/aktualita\/smi2g-2026-klucova-partnerska-burza-pre-klaster-3-sa-uspesne-skoncila\/#primaryimage","url":"https:\/\/eraportal.sk\/horizont-europa\/wp-content\/uploads\/sites\/4\/2026\/04\/image_smi2g.webp","contentUrl":"https:\/\/eraportal.sk\/horizont-europa\/wp-content\/uploads\/sites\/4\/2026\/04\/image_smi2g.webp","width":2286,"height":1180},{"@type":"BreadcrumbList","@id":"https:\/\/eraportal.sk\/horizont-europa\/aktualita\/smi2g-2026-klucova-partnerska-burza-pre-klaster-3-sa-uspesne-skoncila\/#breadcrumb","itemListElement":[{"@type":"ListItem","position":1,"name":"Domovsk\u00e1 str\u00e1nka","item":"https:\/\/eraportal.sk\/horizont-europa\/"},{"@type":"ListItem","position":2,"name":"Aktuality","item":"https:\/\/eraportal.sk\/horizont-europa\/aktuality-archiv\/"},{"@type":"ListItem","position":3,"name":"SMI2G 2026 \u2013 k\u013e\u00fa\u010dov\u00e1 partnersk\u00e1 burza pre Klaster 3 sa \u00faspe\u0161ne skon\u010dila"}]},{"@type":"WebSite","@id":"https:\/\/eraportal.sk\/horizont-europa\/#website","url":"https:\/\/eraportal.sk\/horizont-europa\/","name":"Horizont Eur\u00f3pa","description":"","publisher":{"@id":"https:\/\/eraportal.sk\/horizont-europa\/#organization"},"potentialAction":[{"@type":"SearchAction","target":{"@type":"EntryPoint","urlTemplate":"https:\/\/eraportal.sk\/horizont-europa\/?s={search_term_string}"},"query-input":{"@type":"PropertyValueSpecification","valueRequired":true,"valueName":"search_term_string"}}],"inLanguage":"sk-SK"},{"@type":"Organization","@id":"https:\/\/eraportal.sk\/horizont-europa\/#organization","name":"Horizont Eur\u00f3pa","url":"https:\/\/eraportal.sk\/horizont-europa\/","logo":{"@type":"ImageObject","inLanguage":"sk-SK","@id":"https:\/\/eraportal.sk\/horizont-europa\/#\/schema\/logo\/image\/","url":"https:\/\/eraportal.sk\/horizont-europa\/wp-content\/uploads\/sites\/4\/2024\/02\/Favicon_HEU.png","contentUrl":"https:\/\/eraportal.sk\/horizont-europa\/wp-content\/uploads\/sites\/4\/2024\/02\/Favicon_HEU.png","width":512,"height":512,"caption":"Horizont Eur\u00f3pa"},"image":{"@id":"https:\/\/eraportal.sk\/horizont-europa\/#\/schema\/logo\/image\/"}}]}},"acf":{"nadpis":"SMI2G 2026 \u2013 k\u013e\u00fa\u010dov\u00e1 partnersk\u00e1 burza pre Klaster 3 sa \u00faspe\u0161ne skon\u010dila","opis":"<img class=\"alignnone wp-image-31136\" src=\"https:\/\/eraportal.sk\/horizont-europa\/wp-content\/uploads\/sites\/4\/2026\/04\/image_smi2g-300x155.webp\" alt=\"\" width=\"252\" height=\"130\" \/>\r\n\r\n\u010eal\u0161\u00ed ro\u010dn\u00edk partnerskej burzy <a href=\"https:\/\/eraportal.sk\/horizont-europa\/heu-globalne-vyzvy\/heu-globalne-vyzvy-civilna-bezpecnost-pre-spolocnost\/\">pre Klaster 3<\/a> sa konal v d\u0148och 23.-24. apr\u00edla 2026 v Par\u00ed\u017ei. Tradi\u010dne ju organizuje EARTO, skupina pre v\u00fdskum v oblasti bezpe\u010dnosti a obrany, EOS, IMG-S, ECSO, CMINE, projekt SEREN network, Ministerstvo vysok\u00e9ho \u0161kolstva a v\u00fdskumu Franc\u00fazska, Region\u00e1lna rada \u00cele-de-France a ENLETS.\r\n\r\nPodujatie sa tento rok zameralo na sprostredkovanie spolupr\u00e1ce <strong>SMI2G<\/strong> a konalo sa pod z\u00e1\u0161titou predsedn\u00ed\u010dky regi\u00f3nu \u00cele-de-France, Val\u00e9rie P\u00e9cresse.\r\n\r\nProgram rozdelen\u00fd do dvoch dn\u00ed poskytol pr\u00edle\u017eitos\u0165 podeli\u0165 sa o sk\u00fasenosti a spolupr\u00e1cu pr\u00edtomn\u00fdch inov\u00e1torov a inov\u00e1toriek, v\u00fdskumn\u00ed\u010dok a v\u00fdskumn\u00edkov, odborn\u00edkov a odborn\u00ed\u010diek z praxe, ako aj k\u013e\u00fa\u010dov\u00fdch akt\u00e9rov eur\u00f3pskeho bezpe\u010dnostn\u00e9ho ekosyst\u00e9mu.\r\nV r\u00e1mci ve\u013ek\u00e9ho po\u010dtu registrovan\u00fdch \u00fa\u010dastn\u00edkov a \u00fa\u010dastn\u00ed\u010diek (viac ako 350) a 150 prezent\u00e1ci\u00ed si na\u0161li miesto aj slovensk\u00e9 in\u0161tit\u00facie. Spolu <strong>15 subjektov zo Slovenska odprezentovalo 8 prezent\u00e1ci\u00ed <\/strong>(Citadelo, Matsuko, MINV, POSR, FS SR...) z r\u00f4znych oblast\u00ed. I\u0161lo napr\u00edklad o posilnenie inov\u00e1ci\u00ed bezpe\u010dnostn\u00e9ho v\u00fdskumu (SSRI), riadenie hran\u00edc (BM), odolnos\u0165 kritick\u00fdch infra\u0161trukt\u00far (INFRA), odolnos\u0165 vo\u010di katastrof\u00e1m (DRS), kybernetick\u00e1 bezpe\u010dnos\u0165 (CS).\r\n\r\nS\u00fa\u010das\u0165ou medzin\u00e1rodn\u00e9ho organiza\u010dn\u00e9ho v\u00fdboru SMI2G 2026 bola aj Marta Koll\u00e1rov\u00e1, N\u00e1rodn\u00fd kontaktn\u00fd bod pre Klaster 3, ktor\u00e1 z\u00e1rove\u0148 moderovala prv\u00fa sekciu SSRI. Slovensk\u00ed \u00fa\u010dastn\u00edci a \u00fa\u010dastn\u00ed\u010dky preuk\u00e1zali vysok\u00fa profesionalitu, s ktorou prezentovali svoje n\u00e1pady pred n\u00e1ro\u010dn\u00fdm publikom odborn\u00edkov z oblasti bezpe\u010dnostn\u00e9ho v\u00fdskumu.\r\n\r\nPodujatie bolo in\u0161pir\u00e1ciou a motiv\u00e1ciou pre zapojenie sa do v\u00fdziev Horizontu Eur\u00f3pa <a href=\"https:\/\/eraportal.sk\/horizont-europa\/heu-globalne-vyzvy\/heu-globalne-vyzvy-civilna-bezpecnost-pre-spolocnost\/\">v r\u00e1mci klastra 3<\/a> a pre vytv\u00e1ranie kvalitn\u00fdch konzorci\u00ed.\u00a0Po\u010fakovanie patr\u00ed nielen organiz\u00e1torom SMI2G, ale aj slovensk\u00fdm in\u0161tit\u00faci\u00e1m, ktor\u00e9 suver\u00e9nne vyst\u00fapili na\u00a0 tomto prest\u00ed\u017enom podujat\u00ed.\r\n\r\nSMI2G ka\u017edoro\u010dne pon\u00faka jedine\u010dn\u00fa platformu na nadv\u00e4zovanie kontaktov, v\u00fdmenu n\u00e1padov a budovanie bud\u00facej spolupr\u00e1ce. Je zameran\u00fd na vz\u00e1jomn\u00fa kooper\u00e1ciu zainteresovan\u00fdch str\u00e1n, h\u013eadanie synergi\u00ed a prispievanie k tvorbe projektov\u00fdch n\u00e1vrhov s v\u00fdznamn\u00fdm dosahom v r\u00e1mci v\u00fdziev klastra 3.\r\n\r\n<strong>Nieko\u013eko momentov zo SMI2G 2026:\u00a0<\/strong>\r\n\r\n<img class=\"alignnone wp-image-31137\" src=\"https:\/\/eraportal.sk\/horizont-europa\/wp-content\/uploads\/sites\/4\/2026\/04\/a-300x169.jpg\" alt=\"\" width=\"300\" height=\"169\" \/> \u00a0<img class=\"alignnone size-medium wp-image-31141\" src=\"https:\/\/eraportal.sk\/horizont-europa\/wp-content\/uploads\/sites\/4\/2026\/04\/e-300x169.jpg\" alt=\"\" width=\"300\" height=\"169\" \/>\u00a0 <img class=\"alignnone size-medium wp-image-31162\" src=\"https:\/\/eraportal.sk\/horizont-europa\/wp-content\/uploads\/sites\/4\/2026\/04\/klmb-300x169.jpg\" alt=\"\" width=\"300\" height=\"169\" \/>\u00a0 <img class=\"alignnone size-medium wp-image-31150\" src=\"https:\/\/eraportal.sk\/horizont-europa\/wp-content\/uploads\/sites\/4\/2026\/04\/kl3-300x169.jpg\" alt=\"\" width=\"300\" height=\"169\" \/> <img class=\"alignnone size-medium wp-image-31159\" src=\"https:\/\/eraportal.sk\/horizont-europa\/wp-content\/uploads\/sites\/4\/2026\/04\/20260423_154739-300x169.jpg\" alt=\"\" width=\"300\" height=\"169\" \/> \u00a0 <img class=\"alignnone size-medium wp-image-31140\" src=\"https:\/\/eraportal.sk\/horizont-europa\/wp-content\/uploads\/sites\/4\/2026\/04\/d-300x169.jpg\" alt=\"\" width=\"300\" height=\"169\" \/>\u00a0 \u00a0<img class=\"alignnone wp-image-31143\" src=\"https:\/\/eraportal.sk\/horizont-europa\/wp-content\/uploads\/sites\/4\/2026\/04\/g-169x300.jpg\" alt=\"\" width=\"157\" height=\"279\" \/> \u00a0<img class=\"alignnone wp-image-31151\" src=\"https:\/\/eraportal.sk\/horizont-europa\/wp-content\/uploads\/sites\/4\/2026\/04\/kl5-300x225.jpg\" alt=\"\" width=\"267\" height=\"200\" \/> \u00a0<img class=\"alignnone size-medium wp-image-31153\" src=\"https:\/\/eraportal.sk\/horizont-europa\/wp-content\/uploads\/sites\/4\/2026\/04\/20260424_110408-169x300.jpg\" alt=\"\" width=\"169\" height=\"300\" \/> \u00a0<img class=\"alignnone size-medium wp-image-31160\" src=\"https:\/\/eraportal.sk\/horizont-europa\/wp-content\/uploads\/sites\/4\/2026\/04\/klo-300x169.jpg\" alt=\"\" width=\"300\" height=\"169\" \/>\u00a0 \u00a0 \u00a0<img class=\"alignnone size-medium wp-image-31158\" src=\"https:\/\/eraportal.sk\/horizont-europa\/wp-content\/uploads\/sites\/4\/2026\/04\/IMG_2321-300x225.jpg\" alt=\"\" width=\"300\" height=\"225\" \/>\r\n\r\n\u010eakujeme v\u0161etk\u00fdm organiz\u00e1torom a \u00fa\u010dastn\u00edkom a \u00fa\u010dastn\u00ed\u010dkam podujatia!\r\n\r\n<a href=\"https:\/\/www.cmine.eu\/networks\/events\/199747\">Zdroj<\/a>: 25.4.2026, mak","kratky_opis":"SMI2G 2026 \u2013 k\u013e\u00fa\u010dov\u00e1 partnersk\u00e1 burza pre Klaster 3 zaznamenala vysok\u00fd z\u00e1ujem","oblast":["678","183","193"],"zobrazit_velke_v_newsletteri":false,"reminder":false,"newsletter_thumbnail":""},"_links":{"self":[{"href":"https:\/\/eraportal.sk\/horizont-europa\/wp-json\/wp\/v2\/aktuality\/31135","targetHints":{"allow":["GET"]}}],"collection":[{"href":"https:\/\/eraportal.sk\/horizont-europa\/wp-json\/wp\/v2\/aktuality"}],"about":[{"href":"https:\/\/eraportal.sk\/horizont-europa\/wp-json\/wp\/v2\/types\/aktualita"}],"acf:term":[{"embeddable":true,"taxonomy":"oblast-horizont","href":"https:\/\/eraportal.sk\/horizont-europa\/wp-json\/wp\/v2\/oblast-horizont\/193"},{"embeddable":true,"taxonomy":"oblast-horizont","href":"https:\/\/eraportal.sk\/horizont-europa\/wp-json\/wp\/v2\/oblast-horizont\/183"},{"embeddable":true,"taxonomy":"oblast-horizont","href":"https:\/\/eraportal.sk\/horizont-europa\/wp-json\/wp\/v2\/oblast-horizont\/678"}],"wp:attachment":[{"href":"https:\/\/eraportal.sk\/horizont-europa\/wp-json\/wp\/v2\/media?parent=31135"}],"wp:term":[{"taxonomy":"post_tag","embeddable":true,"href":"https:\/\/eraportal.sk\/horizont-europa\/wp-json\/wp\/v2\/tags?post=31135"},{"taxonomy":"oblast-horizont","embeddable":true,"href":"https:\/\/eraportal.sk\/horizont-europa\/wp-json\/wp\/v2\/oblast-horizont?post=31135"}],"curies":[{"name":"wp","href":"https:\/\/api.w.org\/{rel}","templated":true}]}}