    {"id":29860,"date":"2026-02-12T10:44:50","date_gmt":"2026-02-12T09:44:50","guid":{"rendered":"https:\/\/eraportal.sk\/horizont-europa\/?post_type=aktualita&#038;p=29860"},"modified":"2026-02-12T11:24:04","modified_gmt":"2026-02-12T10:24:04","slug":"otvorila-sa-nova-spolocna-vyzva-misii-eu","status":"publish","type":"aktualita","link":"https:\/\/eraportal.sk\/horizont-europa\/aktualita\/otvorila-sa-nova-spolocna-vyzva-misii-eu\/","featured_media":0,"template":"","tags":[382],"oblast-horizont":[254],"class_list":["post-29860","aktualita","type-aktualita","status-publish","hentry","tag-vyzva","oblast-horizont-misia-eu-adaptacia-na-zmenu-klimy"],"yoast_head":"<!-- This site is optimized with the Yoast SEO plugin v24.4 - https:\/\/yoast.com\/wordpress\/plugins\/seo\/ -->\n<title>Otvorila sa nov\u00e1 spolo\u010dn\u00e1 v\u00fdzva misi\u00ed E\u00da - Horizont Eur\u00f3pa<\/title>\n<meta name=\"robots\" content=\"index, follow, max-snippet:-1, max-image-preview:large, max-video-preview:-1\" \/>\n<link rel=\"canonical\" href=\"https:\/\/eraportal.sk\/horizont-europa\/aktualita\/otvorila-sa-nova-spolocna-vyzva-misii-eu\/\" \/>\n<meta property=\"og:locale\" content=\"sk_SK\" \/>\n<meta property=\"og:type\" content=\"article\" \/>\n<meta property=\"og:title\" content=\"Otvorila sa nov\u00e1 spolo\u010dn\u00e1 v\u00fdzva misi\u00ed E\u00da - Horizont Eur\u00f3pa\" \/>\n<meta property=\"og:description\" content=\"uz\u00e1vierka v\u00fdzvy je 23.9.2026\" \/>\n<meta property=\"og:url\" content=\"https:\/\/eraportal.sk\/horizont-europa\/aktualita\/otvorila-sa-nova-spolocna-vyzva-misii-eu\/\" \/>\n<meta property=\"og:site_name\" content=\"Horizont Eur\u00f3pa\" \/>\n<meta property=\"article:modified_time\" content=\"2026-02-12T10:24:04+00:00\" \/>\n<meta property=\"og:image\" content=\"https:\/\/eraportal.sk\/horizont-europa\/wp-content\/uploads\/sites\/4\/2026\/02\/HE-Missions-2026calls_DDL23SeptWeb.png\" \/>\n\t<meta property=\"og:image:width\" content=\"1984\" \/>\n\t<meta property=\"og:image:height\" content=\"1117\" \/>\n\t<meta property=\"og:image:type\" content=\"image\/png\" \/>\n<meta name=\"twitter:card\" content=\"summary_large_image\" \/>\n<script type=\"application\/ld+json\" class=\"yoast-schema-graph\">{\"@context\":\"https:\/\/schema.org\",\"@graph\":[{\"@type\":\"WebPage\",\"@id\":\"https:\/\/eraportal.sk\/horizont-europa\/aktualita\/otvorila-sa-nova-spolocna-vyzva-misii-eu\/\",\"url\":\"https:\/\/eraportal.sk\/horizont-europa\/aktualita\/otvorila-sa-nova-spolocna-vyzva-misii-eu\/\",\"name\":\"Otvorila sa nov\u00e1 spolo\u010dn\u00e1 v\u00fdzva misi\u00ed E\u00da - Horizont Eur\u00f3pa\",\"isPartOf\":{\"@id\":\"https:\/\/eraportal.sk\/horizont-europa\/#website\"},\"primaryImageOfPage\":{\"@id\":\"https:\/\/eraportal.sk\/horizont-europa\/aktualita\/otvorila-sa-nova-spolocna-vyzva-misii-eu\/#primaryimage\"},\"image\":{\"@id\":\"https:\/\/eraportal.sk\/horizont-europa\/aktualita\/otvorila-sa-nova-spolocna-vyzva-misii-eu\/#primaryimage\"},\"thumbnailUrl\":\"https:\/\/eraportal.sk\/horizont-europa\/wp-content\/uploads\/sites\/4\/2026\/02\/HE-Missions-2026calls_DDL23SeptWeb-300x169.png\",\"datePublished\":\"2026-02-12T09:44:50+00:00\",\"dateModified\":\"2026-02-12T10:24:04+00:00\",\"breadcrumb\":{\"@id\":\"https:\/\/eraportal.sk\/horizont-europa\/aktualita\/otvorila-sa-nova-spolocna-vyzva-misii-eu\/#breadcrumb\"},\"inLanguage\":\"sk-SK\",\"potentialAction\":[{\"@type\":\"ReadAction\",\"target\":[\"https:\/\/eraportal.sk\/horizont-europa\/aktualita\/otvorila-sa-nova-spolocna-vyzva-misii-eu\/\"]}]},{\"@type\":\"ImageObject\",\"inLanguage\":\"sk-SK\",\"@id\":\"https:\/\/eraportal.sk\/horizont-europa\/aktualita\/otvorila-sa-nova-spolocna-vyzva-misii-eu\/#primaryimage\",\"url\":\"https:\/\/eraportal.sk\/horizont-europa\/wp-content\/uploads\/sites\/4\/2026\/02\/HE-Missions-2026calls_DDL23SeptWeb.png\",\"contentUrl\":\"https:\/\/eraportal.sk\/horizont-europa\/wp-content\/uploads\/sites\/4\/2026\/02\/HE-Missions-2026calls_DDL23SeptWeb.png\",\"width\":1984,\"height\":1117},{\"@type\":\"BreadcrumbList\",\"@id\":\"https:\/\/eraportal.sk\/horizont-europa\/aktualita\/otvorila-sa-nova-spolocna-vyzva-misii-eu\/#breadcrumb\",\"itemListElement\":[{\"@type\":\"ListItem\",\"position\":1,\"name\":\"Domovsk\u00e1 str\u00e1nka\",\"item\":\"https:\/\/eraportal.sk\/horizont-europa\/\"},{\"@type\":\"ListItem\",\"position\":2,\"name\":\"Aktuality\",\"item\":\"https:\/\/eraportal.sk\/horizont-europa\/aktuality-archiv\/\"},{\"@type\":\"ListItem\",\"position\":3,\"name\":\"Otvorila sa nov\u00e1 spolo\u010dn\u00e1 v\u00fdzva misi\u00ed E\u00da\"}]},{\"@type\":\"WebSite\",\"@id\":\"https:\/\/eraportal.sk\/horizont-europa\/#website\",\"url\":\"https:\/\/eraportal.sk\/horizont-europa\/\",\"name\":\"Horizont Eur\u00f3pa\",\"description\":\"\",\"publisher\":{\"@id\":\"https:\/\/eraportal.sk\/horizont-europa\/#organization\"},\"potentialAction\":[{\"@type\":\"SearchAction\",\"target\":{\"@type\":\"EntryPoint\",\"urlTemplate\":\"https:\/\/eraportal.sk\/horizont-europa\/?s={search_term_string}\"},\"query-input\":{\"@type\":\"PropertyValueSpecification\",\"valueRequired\":true,\"valueName\":\"search_term_string\"}}],\"inLanguage\":\"sk-SK\"},{\"@type\":\"Organization\",\"@id\":\"https:\/\/eraportal.sk\/horizont-europa\/#organization\",\"name\":\"Horizont Eur\u00f3pa\",\"url\":\"https:\/\/eraportal.sk\/horizont-europa\/\",\"logo\":{\"@type\":\"ImageObject\",\"inLanguage\":\"sk-SK\",\"@id\":\"https:\/\/eraportal.sk\/horizont-europa\/#\/schema\/logo\/image\/\",\"url\":\"https:\/\/eraportal.sk\/horizont-europa\/wp-content\/uploads\/sites\/4\/2024\/02\/Favicon_HEU.png\",\"contentUrl\":\"https:\/\/eraportal.sk\/horizont-europa\/wp-content\/uploads\/sites\/4\/2024\/02\/Favicon_HEU.png\",\"width\":512,\"height\":512,\"caption\":\"Horizont Eur\u00f3pa\"},\"image\":{\"@id\":\"https:\/\/eraportal.sk\/horizont-europa\/#\/schema\/logo\/image\/\"}}]}<\/script>\n<!-- \/ Yoast SEO plugin. -->","yoast_head_json":{"title":"Otvorila sa nov\u00e1 spolo\u010dn\u00e1 v\u00fdzva misi\u00ed E\u00da - Horizont Eur\u00f3pa","robots":{"index":"index","follow":"follow","max-snippet":"max-snippet:-1","max-image-preview":"max-image-preview:large","max-video-preview":"max-video-preview:-1"},"canonical":"https:\/\/eraportal.sk\/horizont-europa\/aktualita\/otvorila-sa-nova-spolocna-vyzva-misii-eu\/","og_locale":"sk_SK","og_type":"article","og_title":"Otvorila sa nov\u00e1 spolo\u010dn\u00e1 v\u00fdzva misi\u00ed E\u00da - Horizont Eur\u00f3pa","og_description":"uz\u00e1vierka v\u00fdzvy je 23.9.2026","og_url":"https:\/\/eraportal.sk\/horizont-europa\/aktualita\/otvorila-sa-nova-spolocna-vyzva-misii-eu\/","og_site_name":"Horizont Eur\u00f3pa","article_modified_time":"2026-02-12T10:24:04+00:00","og_image":[{"width":1984,"height":1117,"url":"https:\/\/eraportal.sk\/horizont-europa\/wp-content\/uploads\/sites\/4\/2026\/02\/HE-Missions-2026calls_DDL23SeptWeb.png","type":"image\/png"}],"twitter_card":"summary_large_image","schema":{"@context":"https:\/\/schema.org","@graph":[{"@type":"WebPage","@id":"https:\/\/eraportal.sk\/horizont-europa\/aktualita\/otvorila-sa-nova-spolocna-vyzva-misii-eu\/","url":"https:\/\/eraportal.sk\/horizont-europa\/aktualita\/otvorila-sa-nova-spolocna-vyzva-misii-eu\/","name":"Otvorila sa nov\u00e1 spolo\u010dn\u00e1 v\u00fdzva misi\u00ed E\u00da - Horizont Eur\u00f3pa","isPartOf":{"@id":"https:\/\/eraportal.sk\/horizont-europa\/#website"},"primaryImageOfPage":{"@id":"https:\/\/eraportal.sk\/horizont-europa\/aktualita\/otvorila-sa-nova-spolocna-vyzva-misii-eu\/#primaryimage"},"image":{"@id":"https:\/\/eraportal.sk\/horizont-europa\/aktualita\/otvorila-sa-nova-spolocna-vyzva-misii-eu\/#primaryimage"},"thumbnailUrl":"https:\/\/eraportal.sk\/horizont-europa\/wp-content\/uploads\/sites\/4\/2026\/02\/HE-Missions-2026calls_DDL23SeptWeb-300x169.png","datePublished":"2026-02-12T09:44:50+00:00","dateModified":"2026-02-12T10:24:04+00:00","breadcrumb":{"@id":"https:\/\/eraportal.sk\/horizont-europa\/aktualita\/otvorila-sa-nova-spolocna-vyzva-misii-eu\/#breadcrumb"},"inLanguage":"sk-SK","potentialAction":[{"@type":"ReadAction","target":["https:\/\/eraportal.sk\/horizont-europa\/aktualita\/otvorila-sa-nova-spolocna-vyzva-misii-eu\/"]}]},{"@type":"ImageObject","inLanguage":"sk-SK","@id":"https:\/\/eraportal.sk\/horizont-europa\/aktualita\/otvorila-sa-nova-spolocna-vyzva-misii-eu\/#primaryimage","url":"https:\/\/eraportal.sk\/horizont-europa\/wp-content\/uploads\/sites\/4\/2026\/02\/HE-Missions-2026calls_DDL23SeptWeb.png","contentUrl":"https:\/\/eraportal.sk\/horizont-europa\/wp-content\/uploads\/sites\/4\/2026\/02\/HE-Missions-2026calls_DDL23SeptWeb.png","width":1984,"height":1117},{"@type":"BreadcrumbList","@id":"https:\/\/eraportal.sk\/horizont-europa\/aktualita\/otvorila-sa-nova-spolocna-vyzva-misii-eu\/#breadcrumb","itemListElement":[{"@type":"ListItem","position":1,"name":"Domovsk\u00e1 str\u00e1nka","item":"https:\/\/eraportal.sk\/horizont-europa\/"},{"@type":"ListItem","position":2,"name":"Aktuality","item":"https:\/\/eraportal.sk\/horizont-europa\/aktuality-archiv\/"},{"@type":"ListItem","position":3,"name":"Otvorila sa nov\u00e1 spolo\u010dn\u00e1 v\u00fdzva misi\u00ed E\u00da"}]},{"@type":"WebSite","@id":"https:\/\/eraportal.sk\/horizont-europa\/#website","url":"https:\/\/eraportal.sk\/horizont-europa\/","name":"Horizont Eur\u00f3pa","description":"","publisher":{"@id":"https:\/\/eraportal.sk\/horizont-europa\/#organization"},"potentialAction":[{"@type":"SearchAction","target":{"@type":"EntryPoint","urlTemplate":"https:\/\/eraportal.sk\/horizont-europa\/?s={search_term_string}"},"query-input":{"@type":"PropertyValueSpecification","valueRequired":true,"valueName":"search_term_string"}}],"inLanguage":"sk-SK"},{"@type":"Organization","@id":"https:\/\/eraportal.sk\/horizont-europa\/#organization","name":"Horizont Eur\u00f3pa","url":"https:\/\/eraportal.sk\/horizont-europa\/","logo":{"@type":"ImageObject","inLanguage":"sk-SK","@id":"https:\/\/eraportal.sk\/horizont-europa\/#\/schema\/logo\/image\/","url":"https:\/\/eraportal.sk\/horizont-europa\/wp-content\/uploads\/sites\/4\/2024\/02\/Favicon_HEU.png","contentUrl":"https:\/\/eraportal.sk\/horizont-europa\/wp-content\/uploads\/sites\/4\/2024\/02\/Favicon_HEU.png","width":512,"height":512,"caption":"Horizont Eur\u00f3pa"},"image":{"@id":"https:\/\/eraportal.sk\/horizont-europa\/#\/schema\/logo\/image\/"}}]}},"acf":{"nadpis":"Otvorila sa nov\u00e1 spolo\u010dn\u00e1 v\u00fdzva misi\u00ed E\u00da ","opis":"<p data-start=\"257\" data-end=\"533\">Eur\u00f3pska komisia 4. febru\u00e1ra 2026 vyhl\u00e1sila nov\u00fa v\u00fdzvu misi\u00ed E\u00da. Celkovo je k dispoz\u00edcii <strong data-start=\"477\" data-end=\"494\">10 mili\u00f3nov \u20ac<\/strong>.<\/p>\r\n\r\n<h3 data-start=\"535\" data-end=\"566\">Z\u00e1kladn\u00e9 inform\u00e1cie o v\u00fdzve:<\/h3>\r\n<ul data-start=\"567\" data-end=\"1032\">\r\n \t<li data-start=\"567\" data-end=\"654\">\r\n<p data-start=\"569\" data-end=\"654\"><strong data-start=\"569\" data-end=\"582\">ID v\u00fdzvy:<\/strong> HORIZON-MISS-2026-06-CLIMA-SOIL: <a href=\"https:\/\/ec.europa.eu\/info\/funding-tenders\/opportunities\/portal\/screen\/opportunities\/topic-details\/HORIZON-MISS-2026-06-CLIMA-SOIL?order=DESC&amp;pageNumber=1&amp;pageSize=50&amp;sortBy=startDate&amp;isExactMatch=true&amp;status=31094501,31094502,31094503&amp;programmePart=43121563&amp;programmePeriod=2021%20-%202027&amp;frameworkProgramme=43108390&amp;callIdentifier=HORIZON-MISS-2026-06\" target=\"_blank\" rel=\"noopener\">Joint demonstration of solutions to build soil resilience to extreme weather events and support food security<\/a><\/p>\r\n<\/li>\r\n \t<li data-start=\"873\" data-end=\"944\">Pracovn\u00fd program: \u00a0<a href=\"https:\/\/ec.europa.eu\/info\/funding-tenders\/opportunities\/docs\/2021-2027\/horizon\/wp-call\/2026-2027\/wp-12-missions_horizon-2026-2027_en.pdf\" target=\"_blank\" rel=\"noopener\">Horizon Europe's 2026-2027 Work Programme for the EU Mission<\/a><\/li>\r\n<\/ul>\r\nSpolo\u010dn\u00e1 v\u00fdzva dvoch misi\u00ed\u00a0 sa zameriava na spolo\u010dn\u00e9 testovanie rie\u0161en\u00ed, ktor\u00e9 zvy\u0161uj\u00fa odolnos\u0165 p\u00f4dy vo\u010di extr\u00e9mnemu po\u010dasiu (sucho, pr\u00edvalov\u00e9 da\u017ede) a t\u00fdm podporuj\u00fa potravinov\u00fa bezpe\u010dnos\u0165. Cie\u013eom je uk\u00e1za\u0165 \u00fa\u010dinn\u00e9 postupy hospod\u00e1renia s p\u00f4dou, ktor\u00e9 sa daj\u00fa uplatni\u0165 vo v\u00e4\u010d\u0161om meradle. \u00a0Zameriava sa na rie\u0161enia, ktor\u00e9 s\u00fa pripraven\u00e9 na overenie v re\u00e1lnych podmienkach a m\u00f4\u017eu sa r\u00fdchlo roz\u0161\u00edri\u0165 do praxe.\r\n\r\nHlavn\u00fdm cie\u013eom je v\u00fdvoj a demon\u0161tr\u00e1cia pr\u00edrode bl\u00edzkych a agroekologick\u00fdch rie\u0161en\u00ed, ktor\u00e9:\r\n<ul>\r\n \t<li data-start=\"468\" data-end=\"553\">zvy\u0161uj\u00fa <strong data-start=\"476\" data-end=\"493\">odolnos\u0165 p\u00f4dy<\/strong> vo\u010di extr\u00e9mnym prejavom po\u010dasia (napr. sucho, povodne),<\/li>\r\n \t<li data-start=\"468\" data-end=\"553\">podporuj\u00fa <strong data-start=\"566\" data-end=\"592\">potravinov\u00fa bezpe\u010dnos\u0165<\/strong>,<\/li>\r\n \t<li data-start=\"468\" data-end=\"553\">posil\u0148uj\u00fa stabilitu p\u00f4dnych ekosyst\u00e9mov\u00fdch slu\u017eieb v meniacich sa klimatick\u00fdch podmienkach.<\/li>\r\n<\/ul>\r\n<p data-start=\"689\" data-end=\"703\"><strong>Typ akcie:<\/strong> Inova\u010dn\u00e1 akcia (Innovation Actions \u2013 IA), s d\u00f4razom na \u0161k\u00e1lovanie a implement\u00e1ciu overen\u00fdch rie\u0161en\u00ed v praxi.<\/p>\r\n<p data-start=\"842\" data-end=\"855\"><strong>Rozpo\u010det:<\/strong> 20 mili\u00f3nov EUR, pri\u010dom sa po\u010d\u00edta s podporou 2 projektov.<\/p>\r\n<p data-start=\"1109\" data-end=\"1148\">Podporen\u00e9 projekty maj\u00fa prinies\u0165 najm\u00e4:<\/p>\r\n\r\n<ul>\r\n \t<li data-start=\"1151\" data-end=\"1302\">Transdisciplin\u00e1rny r\u00e1mec na replik\u00e1ciu a \u0161k\u00e1lovanie rie\u0161en\u00ed, vr\u00e1tane akt\u00edvneho zapojenia zainteresovan\u00fdch akt\u00e9rov, samospr\u00e1v a pr\u00edslu\u0161n\u00fdch org\u00e1nov.<\/li>\r\n \t<li data-start=\"1305\" data-end=\"1438\">Met\u00f3dy a n\u00e1stroje pre miestne autority a spr\u00e1vcov p\u00f4dy na hodnotenie dopadov extr\u00e9mneho po\u010dasia na p\u00f4dne ekosyst\u00e9mov\u00e9 slu\u017eby.<\/li>\r\n \t<li data-start=\"1441\" data-end=\"1544\">Udr\u017eate\u013en\u00e9 podnikate\u013esk\u00e9 modely, ktor\u00e9 umo\u017enia dlhodob\u00fa realiz\u00e1ciu rie\u0161en\u00ed aj po skon\u010den\u00ed projektu.<\/li>\r\n<\/ul>\r\n<p data-start=\"1546\" data-end=\"1709\" data-is-last-node=\"\" data-is-only-node=\"\">V\u00fdzva tak cieli na praktick\u00e9, overite\u013en\u00e9 rie\u0161enia s jasn\u00fdm potenci\u00e1lom zavedenia do \u00fazem\u00ed a do hospod\u00e1rskej praxe, vr\u00e1tane podpory rozhodovania na lok\u00e1lnej \u00farovni.<\/p>\r\n&nbsp;\r\n\r\n<img class=\"wp-image-29861 aligncenter\" src=\"https:\/\/eraportal.sk\/horizont-europa\/wp-content\/uploads\/sites\/4\/2026\/02\/HE-Missions-2026calls_DDL23SeptWeb-300x169.png\" alt=\"\" width=\"1079\" height=\"608\" \/>\r\n\r\n&nbsp;\r\n\r\nmit 12.2.2026\r\n\r\n&nbsp;","kratky_opis":"uz\u00e1vierka v\u00fdzvy je 23.9.2026","oblast":["254"],"zobrazit_velke_v_newsletteri":false,"reminder":false,"newsletter_thumbnail":""},"_links":{"self":[{"href":"https:\/\/eraportal.sk\/horizont-europa\/wp-json\/wp\/v2\/aktuality\/29860","targetHints":{"allow":["GET"]}}],"collection":[{"href":"https:\/\/eraportal.sk\/horizont-europa\/wp-json\/wp\/v2\/aktuality"}],"about":[{"href":"https:\/\/eraportal.sk\/horizont-europa\/wp-json\/wp\/v2\/types\/aktualita"}],"acf:term":[{"embeddable":true,"taxonomy":"oblast-horizont","href":"https:\/\/eraportal.sk\/horizont-europa\/wp-json\/wp\/v2\/oblast-horizont\/254"}],"wp:attachment":[{"href":"https:\/\/eraportal.sk\/horizont-europa\/wp-json\/wp\/v2\/media?parent=29860"}],"wp:term":[{"taxonomy":"post_tag","embeddable":true,"href":"https:\/\/eraportal.sk\/horizont-europa\/wp-json\/wp\/v2\/tags?post=29860"},{"taxonomy":"oblast-horizont","embeddable":true,"href":"https:\/\/eraportal.sk\/horizont-europa\/wp-json\/wp\/v2\/oblast-horizont?post=29860"}],"curies":[{"name":"wp","href":"https:\/\/api.w.org\/{rel}","templated":true}]}}