    {"id":29473,"date":"2026-02-09T13:35:10","date_gmt":"2026-02-09T12:35:10","guid":{"rendered":"https:\/\/eraportal.sk\/horizont-europa\/?post_type=aktualita&#038;p=29473"},"modified":"2026-02-09T16:08:45","modified_gmt":"2026-02-09T15:08:45","slug":"prihlaste-sa-do-ceny-pre-inovativne-energeticke-komunity-eu-prize","status":"publish","type":"aktualita","link":"https:\/\/eraportal.sk\/horizont-europa\/aktualita\/prihlaste-sa-do-ceny-pre-inovativne-energeticke-komunity-eu-prize\/","featured_media":0,"template":"","tags":[382],"oblast-horizont":[185],"class_list":["post-29473","aktualita","type-aktualita","status-publish","hentry","tag-vyzva","oblast-horizont-klaster-5-klima-energetika-a-mobilita"],"yoast_head":"<!-- This site is optimized with the Yoast SEO plugin v24.4 - https:\/\/yoast.com\/wordpress\/plugins\/seo\/ -->\n<title>Prihl\u00e1ste sa do ceny pre inovat\u00edvne energetick\u00e9 komunity EU PRIZE - Horizont Eur\u00f3pa<\/title>\n<meta name=\"robots\" content=\"index, follow, max-snippet:-1, max-image-preview:large, max-video-preview:-1\" \/>\n<link rel=\"canonical\" href=\"https:\/\/eraportal.sk\/horizont-europa\/aktualita\/prihlaste-sa-do-ceny-pre-inovativne-energeticke-komunity-eu-prize\/\" \/>\n<meta property=\"og:locale\" content=\"sk_SK\" \/>\n<meta property=\"og:type\" content=\"article\" \/>\n<meta property=\"og:title\" content=\"Prihl\u00e1ste sa do ceny pre inovat\u00edvne energetick\u00e9 komunity EU PRIZE - Horizont Eur\u00f3pa\" \/>\n<meta property=\"og:description\" content=\"uz\u00e1vierka s\u00fa\u0165a\u017ee je 25. j\u00fana 2026\" \/>\n<meta property=\"og:url\" content=\"https:\/\/eraportal.sk\/horizont-europa\/aktualita\/prihlaste-sa-do-ceny-pre-inovativne-energeticke-komunity-eu-prize\/\" \/>\n<meta property=\"og:site_name\" content=\"Horizont Eur\u00f3pa\" \/>\n<meta property=\"article:modified_time\" content=\"2026-02-09T15:08:45+00:00\" \/>\n<meta property=\"og:image\" content=\"https:\/\/i.ytimg.com\/vi\/YQqDq1k3zLU\/maxresdefault.jpg\" \/>\n<meta name=\"twitter:card\" content=\"summary_large_image\" \/>\n<script type=\"application\/ld+json\" class=\"yoast-schema-graph\">{\"@context\":\"https:\/\/schema.org\",\"@graph\":[{\"@type\":\"WebPage\",\"@id\":\"https:\/\/eraportal.sk\/horizont-europa\/aktualita\/prihlaste-sa-do-ceny-pre-inovativne-energeticke-komunity-eu-prize\/\",\"url\":\"https:\/\/eraportal.sk\/horizont-europa\/aktualita\/prihlaste-sa-do-ceny-pre-inovativne-energeticke-komunity-eu-prize\/\",\"name\":\"Prihl\u00e1ste sa do ceny pre inovat\u00edvne energetick\u00e9 komunity EU PRIZE - Horizont Eur\u00f3pa\",\"isPartOf\":{\"@id\":\"https:\/\/eraportal.sk\/horizont-europa\/#website\"},\"primaryImageOfPage\":{\"@id\":\"https:\/\/eraportal.sk\/horizont-europa\/aktualita\/prihlaste-sa-do-ceny-pre-inovativne-energeticke-komunity-eu-prize\/#primaryimage\"},\"image\":{\"@id\":\"https:\/\/eraportal.sk\/horizont-europa\/aktualita\/prihlaste-sa-do-ceny-pre-inovativne-energeticke-komunity-eu-prize\/#primaryimage\"},\"thumbnailUrl\":\"https:\/\/i.ytimg.com\/vi\/YQqDq1k3zLU\/maxresdefault.jpg\",\"datePublished\":\"2026-02-09T12:35:10+00:00\",\"dateModified\":\"2026-02-09T15:08:45+00:00\",\"breadcrumb\":{\"@id\":\"https:\/\/eraportal.sk\/horizont-europa\/aktualita\/prihlaste-sa-do-ceny-pre-inovativne-energeticke-komunity-eu-prize\/#breadcrumb\"},\"inLanguage\":\"sk-SK\",\"potentialAction\":[{\"@type\":\"ReadAction\",\"target\":[\"https:\/\/eraportal.sk\/horizont-europa\/aktualita\/prihlaste-sa-do-ceny-pre-inovativne-energeticke-komunity-eu-prize\/\"]}]},{\"@type\":\"ImageObject\",\"inLanguage\":\"sk-SK\",\"@id\":\"https:\/\/eraportal.sk\/horizont-europa\/aktualita\/prihlaste-sa-do-ceny-pre-inovativne-energeticke-komunity-eu-prize\/#primaryimage\",\"url\":\"https:\/\/i.ytimg.com\/vi\/YQqDq1k3zLU\/maxresdefault.jpg\",\"contentUrl\":\"https:\/\/i.ytimg.com\/vi\/YQqDq1k3zLU\/maxresdefault.jpg\"},{\"@type\":\"BreadcrumbList\",\"@id\":\"https:\/\/eraportal.sk\/horizont-europa\/aktualita\/prihlaste-sa-do-ceny-pre-inovativne-energeticke-komunity-eu-prize\/#breadcrumb\",\"itemListElement\":[{\"@type\":\"ListItem\",\"position\":1,\"name\":\"Domovsk\u00e1 str\u00e1nka\",\"item\":\"https:\/\/eraportal.sk\/horizont-europa\/\"},{\"@type\":\"ListItem\",\"position\":2,\"name\":\"Aktuality\",\"item\":\"https:\/\/eraportal.sk\/horizont-europa\/aktuality-archiv\/\"},{\"@type\":\"ListItem\",\"position\":3,\"name\":\"Prihl\u00e1ste sa do ceny pre inovat\u00edvne energetick\u00e9 komunity EU PRIZE\"}]},{\"@type\":\"WebSite\",\"@id\":\"https:\/\/eraportal.sk\/horizont-europa\/#website\",\"url\":\"https:\/\/eraportal.sk\/horizont-europa\/\",\"name\":\"Horizont Eur\u00f3pa\",\"description\":\"\",\"publisher\":{\"@id\":\"https:\/\/eraportal.sk\/horizont-europa\/#organization\"},\"potentialAction\":[{\"@type\":\"SearchAction\",\"target\":{\"@type\":\"EntryPoint\",\"urlTemplate\":\"https:\/\/eraportal.sk\/horizont-europa\/?s={search_term_string}\"},\"query-input\":{\"@type\":\"PropertyValueSpecification\",\"valueRequired\":true,\"valueName\":\"search_term_string\"}}],\"inLanguage\":\"sk-SK\"},{\"@type\":\"Organization\",\"@id\":\"https:\/\/eraportal.sk\/horizont-europa\/#organization\",\"name\":\"Horizont Eur\u00f3pa\",\"url\":\"https:\/\/eraportal.sk\/horizont-europa\/\",\"logo\":{\"@type\":\"ImageObject\",\"inLanguage\":\"sk-SK\",\"@id\":\"https:\/\/eraportal.sk\/horizont-europa\/#\/schema\/logo\/image\/\",\"url\":\"https:\/\/eraportal.sk\/horizont-europa\/wp-content\/uploads\/sites\/4\/2024\/02\/Favicon_HEU.png\",\"contentUrl\":\"https:\/\/eraportal.sk\/horizont-europa\/wp-content\/uploads\/sites\/4\/2024\/02\/Favicon_HEU.png\",\"width\":512,\"height\":512,\"caption\":\"Horizont Eur\u00f3pa\"},\"image\":{\"@id\":\"https:\/\/eraportal.sk\/horizont-europa\/#\/schema\/logo\/image\/\"}}]}<\/script>\n<!-- \/ Yoast SEO plugin. -->","yoast_head_json":{"title":"Prihl\u00e1ste sa do ceny pre inovat\u00edvne energetick\u00e9 komunity EU PRIZE - Horizont Eur\u00f3pa","robots":{"index":"index","follow":"follow","max-snippet":"max-snippet:-1","max-image-preview":"max-image-preview:large","max-video-preview":"max-video-preview:-1"},"canonical":"https:\/\/eraportal.sk\/horizont-europa\/aktualita\/prihlaste-sa-do-ceny-pre-inovativne-energeticke-komunity-eu-prize\/","og_locale":"sk_SK","og_type":"article","og_title":"Prihl\u00e1ste sa do ceny pre inovat\u00edvne energetick\u00e9 komunity EU PRIZE - Horizont Eur\u00f3pa","og_description":"uz\u00e1vierka s\u00fa\u0165a\u017ee je 25. j\u00fana 2026","og_url":"https:\/\/eraportal.sk\/horizont-europa\/aktualita\/prihlaste-sa-do-ceny-pre-inovativne-energeticke-komunity-eu-prize\/","og_site_name":"Horizont Eur\u00f3pa","article_modified_time":"2026-02-09T15:08:45+00:00","og_image":[{"url":"https:\/\/i.ytimg.com\/vi\/YQqDq1k3zLU\/maxresdefault.jpg","type":"","width":"","height":""}],"twitter_card":"summary_large_image","schema":{"@context":"https:\/\/schema.org","@graph":[{"@type":"WebPage","@id":"https:\/\/eraportal.sk\/horizont-europa\/aktualita\/prihlaste-sa-do-ceny-pre-inovativne-energeticke-komunity-eu-prize\/","url":"https:\/\/eraportal.sk\/horizont-europa\/aktualita\/prihlaste-sa-do-ceny-pre-inovativne-energeticke-komunity-eu-prize\/","name":"Prihl\u00e1ste sa do ceny pre inovat\u00edvne energetick\u00e9 komunity EU PRIZE - Horizont Eur\u00f3pa","isPartOf":{"@id":"https:\/\/eraportal.sk\/horizont-europa\/#website"},"primaryImageOfPage":{"@id":"https:\/\/eraportal.sk\/horizont-europa\/aktualita\/prihlaste-sa-do-ceny-pre-inovativne-energeticke-komunity-eu-prize\/#primaryimage"},"image":{"@id":"https:\/\/eraportal.sk\/horizont-europa\/aktualita\/prihlaste-sa-do-ceny-pre-inovativne-energeticke-komunity-eu-prize\/#primaryimage"},"thumbnailUrl":"https:\/\/i.ytimg.com\/vi\/YQqDq1k3zLU\/maxresdefault.jpg","datePublished":"2026-02-09T12:35:10+00:00","dateModified":"2026-02-09T15:08:45+00:00","breadcrumb":{"@id":"https:\/\/eraportal.sk\/horizont-europa\/aktualita\/prihlaste-sa-do-ceny-pre-inovativne-energeticke-komunity-eu-prize\/#breadcrumb"},"inLanguage":"sk-SK","potentialAction":[{"@type":"ReadAction","target":["https:\/\/eraportal.sk\/horizont-europa\/aktualita\/prihlaste-sa-do-ceny-pre-inovativne-energeticke-komunity-eu-prize\/"]}]},{"@type":"ImageObject","inLanguage":"sk-SK","@id":"https:\/\/eraportal.sk\/horizont-europa\/aktualita\/prihlaste-sa-do-ceny-pre-inovativne-energeticke-komunity-eu-prize\/#primaryimage","url":"https:\/\/i.ytimg.com\/vi\/YQqDq1k3zLU\/maxresdefault.jpg","contentUrl":"https:\/\/i.ytimg.com\/vi\/YQqDq1k3zLU\/maxresdefault.jpg"},{"@type":"BreadcrumbList","@id":"https:\/\/eraportal.sk\/horizont-europa\/aktualita\/prihlaste-sa-do-ceny-pre-inovativne-energeticke-komunity-eu-prize\/#breadcrumb","itemListElement":[{"@type":"ListItem","position":1,"name":"Domovsk\u00e1 str\u00e1nka","item":"https:\/\/eraportal.sk\/horizont-europa\/"},{"@type":"ListItem","position":2,"name":"Aktuality","item":"https:\/\/eraportal.sk\/horizont-europa\/aktuality-archiv\/"},{"@type":"ListItem","position":3,"name":"Prihl\u00e1ste sa do ceny pre inovat\u00edvne energetick\u00e9 komunity EU PRIZE"}]},{"@type":"WebSite","@id":"https:\/\/eraportal.sk\/horizont-europa\/#website","url":"https:\/\/eraportal.sk\/horizont-europa\/","name":"Horizont Eur\u00f3pa","description":"","publisher":{"@id":"https:\/\/eraportal.sk\/horizont-europa\/#organization"},"potentialAction":[{"@type":"SearchAction","target":{"@type":"EntryPoint","urlTemplate":"https:\/\/eraportal.sk\/horizont-europa\/?s={search_term_string}"},"query-input":{"@type":"PropertyValueSpecification","valueRequired":true,"valueName":"search_term_string"}}],"inLanguage":"sk-SK"},{"@type":"Organization","@id":"https:\/\/eraportal.sk\/horizont-europa\/#organization","name":"Horizont Eur\u00f3pa","url":"https:\/\/eraportal.sk\/horizont-europa\/","logo":{"@type":"ImageObject","inLanguage":"sk-SK","@id":"https:\/\/eraportal.sk\/horizont-europa\/#\/schema\/logo\/image\/","url":"https:\/\/eraportal.sk\/horizont-europa\/wp-content\/uploads\/sites\/4\/2024\/02\/Favicon_HEU.png","contentUrl":"https:\/\/eraportal.sk\/horizont-europa\/wp-content\/uploads\/sites\/4\/2024\/02\/Favicon_HEU.png","width":512,"height":512,"caption":"Horizont Eur\u00f3pa"},"image":{"@id":"https:\/\/eraportal.sk\/horizont-europa\/#\/schema\/logo\/image\/"}}]}},"acf":{"nadpis":"Prihl\u00e1ste sa do ceny pre inovat\u00edvne energetick\u00e9 komunity EU PRIZE","opis":"<h3>Cena E\u00da: Inovat\u00edvne riadenie v energetick\u00fdch komunit\u00e1ch (HORIZON-CL5-2026-2-PRIZE - <a class=\"eui-u-text-link eui-u-font-l eui-u-font-regular\" href=\"https:\/\/ec.europa.eu\/info\/funding-tenders\/opportunities\/portal\/screen\/opportunities\/topic-details\/HORIZON-CL5-2026-2-PRIZE?order=DESC&amp;pageNumber=1&amp;pageSize=50&amp;sortBy=relevance&amp;keywords=(HORIZON-CL5-2026-2-PRIZE&amp;isExactMatch=true&amp;status=31094501,31094502,31094503\">Renewable energy technology (RET) solutions in energy communities<\/a>)<\/h3>\r\n<img class=\"sFlh5c FyHeAf iPVvYb aligncenter\" src=\"https:\/\/i.ytimg.com\/vi\/YQqDq1k3zLU\/maxresdefault.jpg\" alt=\"How to Create Renewable Energy Communities: A Step-by-Step ...\" width=\"560\" height=\"315\" \/>\r\n\r\nEur\u00f3pska komisia spustila 20. janu\u00e1ra 2026 s\u00fa\u0165a\u017e <strong>(EU\u00a0Prize)<\/strong>, ktor\u00e1 ocen\u00ed <strong>10 energetick\u00fdch komun\u00edt<\/strong> s najlep\u0161\u00edmi a najinovat\u00edvnej\u0161\u00edmi pr\u00edstupmi k spr\u00e1ve a k mana\u017ementu obnovite\u013en\u00fdch energetick\u00fdch akt\u00edv. Cie\u013eom je \u0161\u00edri\u0165 overen\u00e9 \u201ebest practices\u201c tak, aby si ich vedeli replikova\u0165 aj \u010fal\u0161ie komunity a r\u00fdchlej\u0161ie sa nap\u013a\u0148ali klimatick\u00e9 ciele.\r\n\r\n<a href=\"https:\/\/ec.europa.eu\/info\/funding-tenders\/opportunities\/portal\/screen\/opportunities\/topic-details\/HORIZON-CL5-2026-2-PRIZE?order=DESC&amp;pageNumber=1&amp;pageSize=50&amp;sortBy=relevance&amp;keywords=(HORIZON-CL5-2026-2-PRIZE&amp;isExactMatch=true&amp;status=31094501,31094502,31094503\" target=\"_blank\" rel=\"noopener\">V\u00ddZVA<\/a>\r\n\r\n<a href=\"https:\/\/research-and-innovation.ec.europa.eu\/document\/download\/e09e0344-f539-4779-b9c4-cce235c8041e_en?filename=ec_rtd_roc-renewable-energy-prize.pdf\" target=\"_blank\" rel=\"noopener\">PRAVIDL\u00c1 S\u00da\u0164A\u017dE<\/a>\r\n\r\n<strong>Pre\u010do sa cena ude\u013euje?<\/strong>\r\n\r\nEnergetick\u00e9 komunity \u010dasto nar\u00e1\u017eaj\u00fa na bari\u00e9ry, napr\u00edklad:\r\n<ul>\r\n \t<li>ako nastavi\u0165 inkluz\u00edvnu a funk\u010dn\u00fa spr\u00e1vu (zapojenie ob\u010danov, samospr\u00e1v, podnikov),<\/li>\r\n \t<li>ako ma\u0165 \u017eivotaschopn\u00fd biznis model a poskytova\u0165 viac typov slu\u017eieb,<\/li>\r\n \t<li>ako prepoji\u0165 aktivity s region\u00e1lnymi a lok\u00e1lnymi pl\u00e1nmi a strat\u00e9giami (napr. klimatick\u00e9 kontrakty miest).<\/li>\r\n<\/ul>\r\nOcenen\u00e9 komunity maj\u00fa sl\u00fa\u017ei\u0165 ako <strong>praktick\u00e9 vzory<\/strong> a uk\u00e1za\u0165, ako tieto bari\u00e9ry prekona\u0165.\r\n\r\n<strong>Kto sa m\u00f4\u017ee prihl\u00e1si\u0165?<\/strong>\r\n\r\n<strong>Energetick\u00e1 komunita<\/strong> m\u00f4\u017ee ma\u0165 r\u00f4znu pr\u00e1vnu formu (napr. dru\u017estvo, zdru\u017eenie, neziskovka, s.r.o. a pod.), ale mus\u00ed spada\u0165 pod defin\u00edcie E\u00da:\r\n<ul>\r\n \t<li><strong>renewable energy community<\/strong> alebo <strong>citizens energy community<\/strong>.<\/li>\r\n<\/ul>\r\n\u010eal\u0161ie k\u013e\u00fa\u010dov\u00e9 podmienky:\r\n<ul>\r\n \t<li><strong>limit ve\u013ekosti:<\/strong> do <strong>10 000 \u010dlenov<\/strong> (pod\u013ea pravidiel s\u00fa\u0165a\u017ee sa posudzuje po\u010det \u010dlenov pred stanoven\u00fdm d\u00e1tumom; pri cezhrani\u010dn\u00fdch komunit\u00e1ch sa limit po\u010d\u00edta ako s\u00fa\u010det).<\/li>\r\n \t<li><strong>cezhrani\u010dn\u00e9 komunity s\u00fa v\u00edtan\u00e9<\/strong> (m\u00f4\u017eu poda\u0165 aj spolo\u010dn\u00fa prihl\u00e1\u0161ku s ved\u00facim \u017eiadate\u013eom\/koordin\u00e1torom).<\/li>\r\n \t<li>\u017eiadosti sa pod\u00e1vaj\u00fa cez <strong>Funding &amp; Tenders Portal<\/strong> elektronicky.<\/li>\r\n<\/ul>\r\nTerm\u00edny (najd\u00f4le\u017eitej\u0161ie d\u00e1tumy):\r\n<ul>\r\n \t<li><strong>Otvorenie v\u00fdzvy:<\/strong> 20. janu\u00e1r 2026<\/li>\r\n \t<li><strong>Deadline:<\/strong> 25. j\u00fan 2026 \u2013 17:00 hod<\/li>\r\n \t<li><strong>Hodnotenie:<\/strong> j\u00fal \u2013 november 2026<\/li>\r\n \t<li><strong>Inform\u00e1cia o v\u00fdsledkoch\/udelenie:<\/strong> november \u2013 december 2026<\/li>\r\n<\/ul>\r\nV\u00fd\u0161ka cien (spolu 1 000 000 \u20ac)\r\n<ul>\r\n \t<li>1. miesto: <strong>350 000 <\/strong><\/li>\r\n \t<li>2. miesto: <strong>200 000 \u20ac<\/strong><\/li>\r\n \t<li>3. miesto: <strong>100 000 \u20ac<\/strong><\/li>\r\n \t<li>4. - 10. miesto: <strong>50 000 \u20ac<\/strong><\/li>\r\n<\/ul>\r\n\u017diadosti sa hodnotia pod\u013ea 4 oblast\u00ed (s bodmi a prahmi). Aby bola \u017eiados\u0165 \u00faspe\u0161n\u00e1, mus\u00ed prejs\u0165 treshold-om pre ka\u017ed\u00e9 krit\u00e9rium aj celkovo:\r\n<ol>\r\n \t<li>Inkluz\u00edvnos\u0165 v riadiacej \u0161trukt\u00fare\r\n\u2013 rodov\u00e1 vyv\u00e1\u017eenos\u0165, diverzita \u010dlenstva, rie\u0161enie nerovnost\u00ed (min. 18\/30)<\/li>\r\n \t<li>Intern\u00e9 procesy riadenia\r\n\u2013 inovat\u00edvne financovanie, reprezentat\u00edvne mechanizmy, particip\u00e1cia \u010dlenov, spolupr\u00e1ca so samospr\u00e1vou (min. 18\/30)<\/li>\r\n \t<li>Prepojenie na lok\u00e1lnu\/region\u00e1lnu transform\u00e1ciu\r\n\u2013 v\u00e4zba na \u00fazemn\u00e9 pl\u00e1ny a politiky (min. 18\/30)<\/li>\r\n \t<li>\u010eal\u0161ie inovat\u00edvne pr\u00edstupy\r\n\u2013 integr\u00e1cia do \u0161ir\u0161ieho energetick\u00e9ho syst\u00e9mu, digitaliz\u00e1cia, \u00fasporn\u00e9\/efekt\u00edvnostn\u00e9 iniciat\u00edvy (min. 6\/10)<\/li>\r\n<\/ol>\r\n<strong>Celkov\u00fd treshold:<\/strong> <strong>70\/100<\/strong>; cena ide top 10 najlep\u0161\u00edm.\r\n\r\nPodanie prijhl\u00e1\u0161ky je elektronick\u00e9 a typicky zah\u0155\u0148a:\r\n<ul>\r\n \t<li><strong>Part A<\/strong> (administrat\u00edva v port\u00e1li),<\/li>\r\n \t<li><strong>Part B<\/strong> (odborn\u00fd opis; limit <strong>max. 20 str\u00e1n<\/strong>),<\/li>\r\n \t<li>povinn\u00e9 pr\u00edlohy: <strong>self-assessment<\/strong> a <strong>Declaration of Honour<\/strong> (podp\u00edsan\u00e1 min. jedn\u00fdm \u010dlenom boardu).<\/li>\r\n<\/ul>\r\nPrepojenie na EU Mission \u201eClimate-Neutral and Smart Cities\u201c - cena m\u00e1 pom\u00f4c\u0165 aj cie\u013eom misie klimaticky neutr\u00e1lnych miest t\u00fdm, \u017ee uk\u00e1\u017ee, ako energetick\u00e9 komunity vedia by\u0165 \u201emotorom\u201c miestnej klimatickej neutrality \u2013 napr\u00edklad cez zapojenie do <strong>Climate City Contracts<\/strong> (dohody\/kontrakty miest pre cestu ku klimatickej neutralite).\r\n\r\nmit. 9.2.2026","kratky_opis":"uz\u00e1vierka s\u00fa\u0165a\u017ee je 25. j\u00fana 2026","oblast":["185"],"zobrazit_velke_v_newsletteri":false,"reminder":false,"newsletter_thumbnail":""},"_links":{"self":[{"href":"https:\/\/eraportal.sk\/horizont-europa\/wp-json\/wp\/v2\/aktuality\/29473","targetHints":{"allow":["GET"]}}],"collection":[{"href":"https:\/\/eraportal.sk\/horizont-europa\/wp-json\/wp\/v2\/aktuality"}],"about":[{"href":"https:\/\/eraportal.sk\/horizont-europa\/wp-json\/wp\/v2\/types\/aktualita"}],"acf:term":[{"embeddable":true,"taxonomy":"oblast-horizont","href":"https:\/\/eraportal.sk\/horizont-europa\/wp-json\/wp\/v2\/oblast-horizont\/185"}],"wp:attachment":[{"href":"https:\/\/eraportal.sk\/horizont-europa\/wp-json\/wp\/v2\/media?parent=29473"}],"wp:term":[{"taxonomy":"post_tag","embeddable":true,"href":"https:\/\/eraportal.sk\/horizont-europa\/wp-json\/wp\/v2\/tags?post=29473"},{"taxonomy":"oblast-horizont","embeddable":true,"href":"https:\/\/eraportal.sk\/horizont-europa\/wp-json\/wp\/v2\/oblast-horizont?post=29473"}],"curies":[{"name":"wp","href":"https:\/\/api.w.org\/{rel}","templated":true}]}}