    {"id":28815,"date":"2025-12-11T15:16:54","date_gmt":"2025-12-11T14:16:54","guid":{"rendered":"https:\/\/eraportal.sk\/horizont-europa\/?post_type=aktualita&#038;p=28815"},"modified":"2025-12-11T15:22:57","modified_gmt":"2025-12-11T14:22:57","slug":"pracovny-program-na-roky-2026-2027-je-zverejneny","status":"publish","type":"aktualita","link":"https:\/\/eraportal.sk\/horizont-europa\/aktualita\/pracovny-program-na-roky-2026-2027-je-zverejneny\/","featured_media":0,"template":"","tags":[],"oblast-horizont":[678,679],"class_list":["post-28815","aktualita","type-aktualita","status-publish","hentry","oblast-horizont-horizont-europa","oblast-horizont-nas-tip"],"yoast_head":"<!-- This site is optimized with the Yoast SEO plugin v24.4 - https:\/\/yoast.com\/wordpress\/plugins\/seo\/ -->\n<title>Pracovn\u00fd program na roky 2026-2027 je zverejnen\u00fd - Horizont Eur\u00f3pa<\/title>\n<meta name=\"robots\" content=\"index, follow, max-snippet:-1, max-image-preview:large, max-video-preview:-1\" \/>\n<link rel=\"canonical\" href=\"https:\/\/eraportal.sk\/horizont-europa\/aktualita\/pracovny-program-na-roky-2026-2027-je-zverejneny\/\" \/>\n<meta property=\"og:locale\" content=\"sk_SK\" \/>\n<meta property=\"og:type\" content=\"article\" \/>\n<meta property=\"og:title\" content=\"Pracovn\u00fd program na roky 2026-2027 je zverejnen\u00fd - Horizont Eur\u00f3pa\" \/>\n<meta property=\"og:description\" content=\"EK zverejnila pracovn\u00fd program Horizontu Eur\u00f3pa na roky 2026-2027\" \/>\n<meta property=\"og:url\" content=\"https:\/\/eraportal.sk\/horizont-europa\/aktualita\/pracovny-program-na-roky-2026-2027-je-zverejneny\/\" \/>\n<meta property=\"og:site_name\" content=\"Horizont Eur\u00f3pa\" \/>\n<meta property=\"article:modified_time\" content=\"2025-12-11T14:22:57+00:00\" \/>\n<meta property=\"og:image\" content=\"https:\/\/eraportal.sk\/horizont-europa\/wp-content\/uploads\/sites\/4\/2025\/10\/Work-Programmes-2026-2027.png.webp\" \/>\n\t<meta property=\"og:image:width\" content=\"991\" \/>\n\t<meta property=\"og:image:height\" content=\"566\" \/>\n\t<meta property=\"og:image:type\" content=\"image\/webp\" \/>\n<meta name=\"twitter:card\" content=\"summary_large_image\" \/>\n<script type=\"application\/ld+json\" class=\"yoast-schema-graph\">{\"@context\":\"https:\/\/schema.org\",\"@graph\":[{\"@type\":\"WebPage\",\"@id\":\"https:\/\/eraportal.sk\/horizont-europa\/aktualita\/pracovny-program-na-roky-2026-2027-je-zverejneny\/\",\"url\":\"https:\/\/eraportal.sk\/horizont-europa\/aktualita\/pracovny-program-na-roky-2026-2027-je-zverejneny\/\",\"name\":\"Pracovn\u00fd program na roky 2026-2027 je zverejnen\u00fd - Horizont Eur\u00f3pa\",\"isPartOf\":{\"@id\":\"https:\/\/eraportal.sk\/horizont-europa\/#website\"},\"primaryImageOfPage\":{\"@id\":\"https:\/\/eraportal.sk\/horizont-europa\/aktualita\/pracovny-program-na-roky-2026-2027-je-zverejneny\/#primaryimage\"},\"image\":{\"@id\":\"https:\/\/eraportal.sk\/horizont-europa\/aktualita\/pracovny-program-na-roky-2026-2027-je-zverejneny\/#primaryimage\"},\"thumbnailUrl\":\"https:\/\/eraportal.sk\/horizont-europa\/wp-content\/uploads\/sites\/4\/2025\/10\/Work-Programmes-2026-2027.png-300x171.webp\",\"datePublished\":\"2025-12-11T14:16:54+00:00\",\"dateModified\":\"2025-12-11T14:22:57+00:00\",\"breadcrumb\":{\"@id\":\"https:\/\/eraportal.sk\/horizont-europa\/aktualita\/pracovny-program-na-roky-2026-2027-je-zverejneny\/#breadcrumb\"},\"inLanguage\":\"sk-SK\",\"potentialAction\":[{\"@type\":\"ReadAction\",\"target\":[\"https:\/\/eraportal.sk\/horizont-europa\/aktualita\/pracovny-program-na-roky-2026-2027-je-zverejneny\/\"]}]},{\"@type\":\"ImageObject\",\"inLanguage\":\"sk-SK\",\"@id\":\"https:\/\/eraportal.sk\/horizont-europa\/aktualita\/pracovny-program-na-roky-2026-2027-je-zverejneny\/#primaryimage\",\"url\":\"https:\/\/eraportal.sk\/horizont-europa\/wp-content\/uploads\/sites\/4\/2025\/10\/Work-Programmes-2026-2027.png.webp\",\"contentUrl\":\"https:\/\/eraportal.sk\/horizont-europa\/wp-content\/uploads\/sites\/4\/2025\/10\/Work-Programmes-2026-2027.png.webp\",\"width\":991,\"height\":566},{\"@type\":\"BreadcrumbList\",\"@id\":\"https:\/\/eraportal.sk\/horizont-europa\/aktualita\/pracovny-program-na-roky-2026-2027-je-zverejneny\/#breadcrumb\",\"itemListElement\":[{\"@type\":\"ListItem\",\"position\":1,\"name\":\"Domovsk\u00e1 str\u00e1nka\",\"item\":\"https:\/\/eraportal.sk\/horizont-europa\/\"},{\"@type\":\"ListItem\",\"position\":2,\"name\":\"Aktuality\",\"item\":\"https:\/\/eraportal.sk\/horizont-europa\/aktuality-archiv\/\"},{\"@type\":\"ListItem\",\"position\":3,\"name\":\"Pracovn\u00fd program na roky 2026-2027 je zverejnen\u00fd\"}]},{\"@type\":\"WebSite\",\"@id\":\"https:\/\/eraportal.sk\/horizont-europa\/#website\",\"url\":\"https:\/\/eraportal.sk\/horizont-europa\/\",\"name\":\"Horizont Eur\u00f3pa\",\"description\":\"\",\"publisher\":{\"@id\":\"https:\/\/eraportal.sk\/horizont-europa\/#organization\"},\"potentialAction\":[{\"@type\":\"SearchAction\",\"target\":{\"@type\":\"EntryPoint\",\"urlTemplate\":\"https:\/\/eraportal.sk\/horizont-europa\/?s={search_term_string}\"},\"query-input\":{\"@type\":\"PropertyValueSpecification\",\"valueRequired\":true,\"valueName\":\"search_term_string\"}}],\"inLanguage\":\"sk-SK\"},{\"@type\":\"Organization\",\"@id\":\"https:\/\/eraportal.sk\/horizont-europa\/#organization\",\"name\":\"Horizont Eur\u00f3pa\",\"url\":\"https:\/\/eraportal.sk\/horizont-europa\/\",\"logo\":{\"@type\":\"ImageObject\",\"inLanguage\":\"sk-SK\",\"@id\":\"https:\/\/eraportal.sk\/horizont-europa\/#\/schema\/logo\/image\/\",\"url\":\"https:\/\/eraportal.sk\/horizont-europa\/wp-content\/uploads\/sites\/4\/2024\/02\/Favicon_HEU.png\",\"contentUrl\":\"https:\/\/eraportal.sk\/horizont-europa\/wp-content\/uploads\/sites\/4\/2024\/02\/Favicon_HEU.png\",\"width\":512,\"height\":512,\"caption\":\"Horizont Eur\u00f3pa\"},\"image\":{\"@id\":\"https:\/\/eraportal.sk\/horizont-europa\/#\/schema\/logo\/image\/\"}}]}<\/script>\n<!-- \/ Yoast SEO plugin. -->","yoast_head_json":{"title":"Pracovn\u00fd program na roky 2026-2027 je zverejnen\u00fd - Horizont Eur\u00f3pa","robots":{"index":"index","follow":"follow","max-snippet":"max-snippet:-1","max-image-preview":"max-image-preview:large","max-video-preview":"max-video-preview:-1"},"canonical":"https:\/\/eraportal.sk\/horizont-europa\/aktualita\/pracovny-program-na-roky-2026-2027-je-zverejneny\/","og_locale":"sk_SK","og_type":"article","og_title":"Pracovn\u00fd program na roky 2026-2027 je zverejnen\u00fd - Horizont Eur\u00f3pa","og_description":"EK zverejnila pracovn\u00fd program Horizontu Eur\u00f3pa na roky 2026-2027","og_url":"https:\/\/eraportal.sk\/horizont-europa\/aktualita\/pracovny-program-na-roky-2026-2027-je-zverejneny\/","og_site_name":"Horizont Eur\u00f3pa","article_modified_time":"2025-12-11T14:22:57+00:00","og_image":[{"width":991,"height":566,"url":"https:\/\/eraportal.sk\/horizont-europa\/wp-content\/uploads\/sites\/4\/2025\/10\/Work-Programmes-2026-2027.png.webp","type":"image\/webp"}],"twitter_card":"summary_large_image","schema":{"@context":"https:\/\/schema.org","@graph":[{"@type":"WebPage","@id":"https:\/\/eraportal.sk\/horizont-europa\/aktualita\/pracovny-program-na-roky-2026-2027-je-zverejneny\/","url":"https:\/\/eraportal.sk\/horizont-europa\/aktualita\/pracovny-program-na-roky-2026-2027-je-zverejneny\/","name":"Pracovn\u00fd program na roky 2026-2027 je zverejnen\u00fd - Horizont Eur\u00f3pa","isPartOf":{"@id":"https:\/\/eraportal.sk\/horizont-europa\/#website"},"primaryImageOfPage":{"@id":"https:\/\/eraportal.sk\/horizont-europa\/aktualita\/pracovny-program-na-roky-2026-2027-je-zverejneny\/#primaryimage"},"image":{"@id":"https:\/\/eraportal.sk\/horizont-europa\/aktualita\/pracovny-program-na-roky-2026-2027-je-zverejneny\/#primaryimage"},"thumbnailUrl":"https:\/\/eraportal.sk\/horizont-europa\/wp-content\/uploads\/sites\/4\/2025\/10\/Work-Programmes-2026-2027.png-300x171.webp","datePublished":"2025-12-11T14:16:54+00:00","dateModified":"2025-12-11T14:22:57+00:00","breadcrumb":{"@id":"https:\/\/eraportal.sk\/horizont-europa\/aktualita\/pracovny-program-na-roky-2026-2027-je-zverejneny\/#breadcrumb"},"inLanguage":"sk-SK","potentialAction":[{"@type":"ReadAction","target":["https:\/\/eraportal.sk\/horizont-europa\/aktualita\/pracovny-program-na-roky-2026-2027-je-zverejneny\/"]}]},{"@type":"ImageObject","inLanguage":"sk-SK","@id":"https:\/\/eraportal.sk\/horizont-europa\/aktualita\/pracovny-program-na-roky-2026-2027-je-zverejneny\/#primaryimage","url":"https:\/\/eraportal.sk\/horizont-europa\/wp-content\/uploads\/sites\/4\/2025\/10\/Work-Programmes-2026-2027.png.webp","contentUrl":"https:\/\/eraportal.sk\/horizont-europa\/wp-content\/uploads\/sites\/4\/2025\/10\/Work-Programmes-2026-2027.png.webp","width":991,"height":566},{"@type":"BreadcrumbList","@id":"https:\/\/eraportal.sk\/horizont-europa\/aktualita\/pracovny-program-na-roky-2026-2027-je-zverejneny\/#breadcrumb","itemListElement":[{"@type":"ListItem","position":1,"name":"Domovsk\u00e1 str\u00e1nka","item":"https:\/\/eraportal.sk\/horizont-europa\/"},{"@type":"ListItem","position":2,"name":"Aktuality","item":"https:\/\/eraportal.sk\/horizont-europa\/aktuality-archiv\/"},{"@type":"ListItem","position":3,"name":"Pracovn\u00fd program na roky 2026-2027 je zverejnen\u00fd"}]},{"@type":"WebSite","@id":"https:\/\/eraportal.sk\/horizont-europa\/#website","url":"https:\/\/eraportal.sk\/horizont-europa\/","name":"Horizont Eur\u00f3pa","description":"","publisher":{"@id":"https:\/\/eraportal.sk\/horizont-europa\/#organization"},"potentialAction":[{"@type":"SearchAction","target":{"@type":"EntryPoint","urlTemplate":"https:\/\/eraportal.sk\/horizont-europa\/?s={search_term_string}"},"query-input":{"@type":"PropertyValueSpecification","valueRequired":true,"valueName":"search_term_string"}}],"inLanguage":"sk-SK"},{"@type":"Organization","@id":"https:\/\/eraportal.sk\/horizont-europa\/#organization","name":"Horizont Eur\u00f3pa","url":"https:\/\/eraportal.sk\/horizont-europa\/","logo":{"@type":"ImageObject","inLanguage":"sk-SK","@id":"https:\/\/eraportal.sk\/horizont-europa\/#\/schema\/logo\/image\/","url":"https:\/\/eraportal.sk\/horizont-europa\/wp-content\/uploads\/sites\/4\/2024\/02\/Favicon_HEU.png","contentUrl":"https:\/\/eraportal.sk\/horizont-europa\/wp-content\/uploads\/sites\/4\/2024\/02\/Favicon_HEU.png","width":512,"height":512,"caption":"Horizont Eur\u00f3pa"},"image":{"@id":"https:\/\/eraportal.sk\/horizont-europa\/#\/schema\/logo\/image\/"}}]}},"acf":{"nadpis":"Pracovn\u00fd program na roky 2026-2027 je zverejnen\u00fd","opis":"<img class=\"alignnone size-medium wp-image-28405\" src=\"https:\/\/eraportal.sk\/horizont-europa\/wp-content\/uploads\/sites\/4\/2025\/10\/Work-Programmes-2026-2027.png-300x171.webp\" alt=\"\" width=\"300\" height=\"171\" \/>\r\n\r\n&nbsp;\r\n\r\nEur\u00f3pska komisia dnes prijala <strong>pracovn\u00fd program Horizontu Eur\u00f3pa<\/strong> na roky <strong>2026 \u2013 2027<\/strong>. Do v\u00fdskumu a inov\u00e1ci\u00ed v strategick\u00fdch oblastiach chce investova\u0165 <strong>14 mili\u00e1rd eur. <\/strong>Medzi strategick\u00e9 ciele patr\u00ed dosiahnutie <strong>klimatickej neutrality<\/strong>, posilnenie <strong>vyu\u017e\u00edvania umelej inteligencie (AI)<\/strong> vo v\u00fdskume a inov\u00e1ci\u00e1ch a <strong>zabezpe\u010denie odolnosti<\/strong> v r\u00fdchlo sa meniacom svete.\r\n\r\nProgram zah\u0155\u0148a napr\u00edklad roz\u0161\u00edrenie dekarboniz\u00e1cie a vyu\u017e\u00edvania AI vo v\u00fdskume. Jedna z v\u00fdziev vy\u010dle\u0148uje 540 mili\u00f3nov eur na ur\u00fdchlenie zavedenia \u010dist\u00fdch technol\u00f3gi\u00ed a dekarbonizovan\u00fdch priemyseln\u00fdch rie\u0161en\u00ed na trh. V\u00fdzva na predkladanie n\u00e1vrhov v oblasti umelej inteligencie vo vede s rozpo\u010dtom 90 mili\u00f3nov eur zasa podporuje aplik\u00e1ciu AI v odvetviach, ako s\u00fa pokrokov\u00e9 materi\u00e1ly, po\u013enohospod\u00e1rstvo a zdravotn\u00e1 starostlivos\u0165. <strong>Nov\u00fd eur\u00f3psky Bauhaus<\/strong> vy\u010dlen\u00ed v rokoch 2026 \u2013 2027 viac ako 210 mili\u00f3nov EUR na revitaliz\u00e1ciu \u0161tvrt\u00ed prostredn\u00edctvom dizajnu zameran\u00e9ho na udr\u017eate\u013enos\u0165 a inkl\u00faziu.\r\n\r\n<strong>Vyberte si Eur\u00f3pu<\/strong>\r\n\r\nK\u013e\u00fa\u010dovou \u010das\u0165ou pracovn\u00e9ho programu je <strong>iniciat\u00edva Vyberte si Eur\u00f3pu (Choose Europe),<\/strong> ktorej cie\u013eom je pril\u00e1ka\u0165 talenty. V r\u00e1mci nej sa vy\u010dle\u0148uje <strong>50 mili\u00f3nov eur <\/strong>na <strong>akcie Marie Sk\u0142odowska-Curie<\/strong> na dlhodob\u00e9 \u0161tipendi\u00e1, stabilitn\u00e9 podmienky pre postdoktorandov a postdoktorandky a stimuly na pres\u0165ahovanie. V\u00fdskumn\u00edci a v\u00fdskumn\u00ed\u010dky tak m\u00f4\u017eu v Eur\u00f3pe pokra\u010dova\u0165 vo v\u00fdznamnej kari\u00e9re. Program investuje <strong>50 mili\u00f3nov eur<\/strong> do <strong>v\u00fdskumn\u00fdch infra\u0161trukt\u00far<\/strong> s cie\u013eom zlep\u0161i\u0165 nadn\u00e1rodn\u00fd pr\u00edstup a odborn\u00fa pr\u00edpravu, zatia\u013e \u010do zlo\u017eka <strong>ERA Chairs<\/strong> poskytuje <strong>240 mili\u00f3nov eur<\/strong> na pril\u00e1kanie \u0161pi\u010dkov\u00fdch vedcov do regi\u00f3nov s nedostato\u010dnou v\u00fdkonnos\u0165ou. Eur\u00f3pske inova\u010dn\u00e9 ekosyst\u00e9my podporuj\u00fa za\u010d\u00ednaj\u00face a rozv\u00edjaj\u00face sa podniky.\r\n\r\n<strong>Jednoduch\u0161\u00ed pracovn\u00fd program<\/strong>\r\n\r\nAko reakcia na po\u017eiadavky v\u00fdskumnej a inova\u010dnej komunity sa zn\u00ed\u017ei administrat\u00edvna z\u00e1\u0165a\u017e pre \u017eiadate\u013eov a u\u013eah\u010d\u00ed sa ich \u00fa\u010das\u0165. Pracovn\u00fd program je o 33% krat\u0161\u00ed ako program na roky 2023 \u2013 2024.\u00a0K\u013e\u00fa\u010dov\u00e9 opatrenia zah\u0155\u0148aj\u00fa <strong>pau\u0161\u00e1lne financovanie<\/strong> polovice v\u00fdziev, \u010d\u00edm sa zn\u00ed\u017ei administrat\u00edvna z\u00e1\u0165a\u017e. Program obsahuje <strong>t\u00e9my vhodn\u00e9 pre nov\u00e1\u010dikov<\/strong> a zameran\u00e9 na mal\u00e9 a stredn\u00e9 podniky. Okrem toho sa pri 41 t\u00e9mach v\u00fdziev pou\u017eije dvojstup\u0148ov\u00fd proces hodnotenia. Uch\u00e1dza\u010dom umo\u017en\u00ed najsk\u00f4r predlo\u017ei\u0165 kr\u00e1tky n\u00e1vrh, pri\u010dom kompletn\u00e9 n\u00e1vrhy sa bud\u00fa vy\u017eadova\u0165 len u \u00faspe\u0161n\u00fdch \u017eiadate\u013eov.\r\n\r\nKompletn\u00fd pracovn\u00fd program n\u00e1jdete\u00a0<a href=\"https:\/\/research-and-innovation.ec.europa.eu\/funding\/funding-opportunities\/funding-programmes-and-open-calls\/horizon-europe\/horizon-europe-work-programmes_en\">pod t\u00fdmto odkazom<\/a>.\r\n\r\nZverejnen\u00e9 11.12.2025, lyk\r\n\r\nZdroj: tla\u010dov\u00e1 spr\u00e1va Eur\u00f3pskej komisie","kratky_opis":"EK zverejnila pracovn\u00fd program Horizontu Eur\u00f3pa na roky 2026-2027","oblast":["678","679"],"zobrazit_velke_v_newsletteri":true,"reminder":true,"newsletter_thumbnail":""},"_links":{"self":[{"href":"https:\/\/eraportal.sk\/horizont-europa\/wp-json\/wp\/v2\/aktuality\/28815","targetHints":{"allow":["GET"]}}],"collection":[{"href":"https:\/\/eraportal.sk\/horizont-europa\/wp-json\/wp\/v2\/aktuality"}],"about":[{"href":"https:\/\/eraportal.sk\/horizont-europa\/wp-json\/wp\/v2\/types\/aktualita"}],"acf:term":[{"embeddable":true,"taxonomy":"oblast-horizont","href":"https:\/\/eraportal.sk\/horizont-europa\/wp-json\/wp\/v2\/oblast-horizont\/679"},{"embeddable":true,"taxonomy":"oblast-horizont","href":"https:\/\/eraportal.sk\/horizont-europa\/wp-json\/wp\/v2\/oblast-horizont\/678"}],"wp:attachment":[{"href":"https:\/\/eraportal.sk\/horizont-europa\/wp-json\/wp\/v2\/media?parent=28815"}],"wp:term":[{"taxonomy":"post_tag","embeddable":true,"href":"https:\/\/eraportal.sk\/horizont-europa\/wp-json\/wp\/v2\/tags?post=28815"},{"taxonomy":"oblast-horizont","embeddable":true,"href":"https:\/\/eraportal.sk\/horizont-europa\/wp-json\/wp\/v2\/oblast-horizont?post=28815"}],"curies":[{"name":"wp","href":"https:\/\/api.w.org\/{rel}","templated":true}]}}