    {"id":28749,"date":"2025-12-04T09:16:10","date_gmt":"2025-12-04T08:16:10","guid":{"rendered":"https:\/\/eraportal.sk\/horizont-europa\/?post_type=aktualita&#038;p=28749"},"modified":"2026-01-08T14:14:49","modified_gmt":"2026-01-08T13:14:49","slug":"otvorili-sa-prve-vyzvy-klastra-5-klima-energetika-a-mobilita-na-rok-2026","status":"publish","type":"aktualita","link":"https:\/\/eraportal.sk\/horizont-europa\/aktualita\/otvorili-sa-prve-vyzvy-klastra-5-klima-energetika-a-mobilita-na-rok-2026\/","featured_media":28763,"template":"","tags":[212],"oblast-horizont":[185],"class_list":["post-28749","aktualita","type-aktualita","status-publish","has-post-thumbnail","hentry","tag-dokument","oblast-horizont-klaster-5-klima-energetika-a-mobilita"],"yoast_head":"<!-- This site is optimized with the Yoast SEO plugin v24.4 - https:\/\/yoast.com\/wordpress\/plugins\/seo\/ -->\n<title>Otvorili sa prv\u00e9 v\u00fdzvy Klastra 5: Kl\u00edma, energetika a mobilita na rok 2026 - Horizont Eur\u00f3pa<\/title>\n<meta name=\"robots\" content=\"index, follow, max-snippet:-1, max-image-preview:large, max-video-preview:-1\" \/>\n<link rel=\"canonical\" href=\"https:\/\/eraportal.sk\/horizont-europa\/aktualita\/otvorili-sa-prve-vyzvy-klastra-5-klima-energetika-a-mobilita-na-rok-2026\/\" \/>\n<meta property=\"og:locale\" content=\"sk_SK\" \/>\n<meta property=\"og:type\" content=\"article\" \/>\n<meta property=\"og:title\" content=\"Otvorili sa prv\u00e9 v\u00fdzvy Klastra 5: Kl\u00edma, energetika a mobilita na rok 2026 - Horizont Eur\u00f3pa\" \/>\n<meta property=\"og:description\" content=\"Prv\u00e9 v\u00fdzvy sa otv\u00e1raj\u00fa 18. decembra 2025!\" \/>\n<meta property=\"og:url\" content=\"https:\/\/eraportal.sk\/horizont-europa\/aktualita\/otvorili-sa-prve-vyzvy-klastra-5-klima-energetika-a-mobilita-na-rok-2026\/\" \/>\n<meta property=\"og:site_name\" content=\"Horizont Eur\u00f3pa\" \/>\n<meta property=\"article:modified_time\" content=\"2026-01-08T13:14:49+00:00\" \/>\n<meta property=\"og:image\" content=\"https:\/\/eraportal.sk\/horizont-europa\/wp-content\/uploads\/sites\/4\/2025\/12\/ec_rtd_cluster-5-info-day-2026.jpg\" \/>\n\t<meta property=\"og:image:width\" content=\"1000\" \/>\n\t<meta property=\"og:image:height\" content=\"648\" \/>\n\t<meta property=\"og:image:type\" content=\"image\/jpeg\" \/>\n<meta name=\"twitter:card\" content=\"summary_large_image\" \/>\n<meta name=\"twitter:label1\" content=\"Predpokladan\u00fd \u010das \u010d\u00edtania\" \/>\n\t<meta name=\"twitter:data1\" content=\"1 min\u00fata\" \/>\n<script type=\"application\/ld+json\" class=\"yoast-schema-graph\">{\"@context\":\"https:\/\/schema.org\",\"@graph\":[{\"@type\":\"WebPage\",\"@id\":\"https:\/\/eraportal.sk\/horizont-europa\/aktualita\/otvorili-sa-prve-vyzvy-klastra-5-klima-energetika-a-mobilita-na-rok-2026\/\",\"url\":\"https:\/\/eraportal.sk\/horizont-europa\/aktualita\/otvorili-sa-prve-vyzvy-klastra-5-klima-energetika-a-mobilita-na-rok-2026\/\",\"name\":\"Otvorili sa prv\u00e9 v\u00fdzvy Klastra 5: Kl\u00edma, energetika a mobilita na rok 2026 - Horizont Eur\u00f3pa\",\"isPartOf\":{\"@id\":\"https:\/\/eraportal.sk\/horizont-europa\/#website\"},\"primaryImageOfPage\":{\"@id\":\"https:\/\/eraportal.sk\/horizont-europa\/aktualita\/otvorili-sa-prve-vyzvy-klastra-5-klima-energetika-a-mobilita-na-rok-2026\/#primaryimage\"},\"image\":{\"@id\":\"https:\/\/eraportal.sk\/horizont-europa\/aktualita\/otvorili-sa-prve-vyzvy-klastra-5-klima-energetika-a-mobilita-na-rok-2026\/#primaryimage\"},\"thumbnailUrl\":\"https:\/\/eraportal.sk\/horizont-europa\/wp-content\/uploads\/sites\/4\/2025\/12\/ec_rtd_cluster-5-info-day-2026.jpg\",\"datePublished\":\"2025-12-04T08:16:10+00:00\",\"dateModified\":\"2026-01-08T13:14:49+00:00\",\"breadcrumb\":{\"@id\":\"https:\/\/eraportal.sk\/horizont-europa\/aktualita\/otvorili-sa-prve-vyzvy-klastra-5-klima-energetika-a-mobilita-na-rok-2026\/#breadcrumb\"},\"inLanguage\":\"sk-SK\",\"potentialAction\":[{\"@type\":\"ReadAction\",\"target\":[\"https:\/\/eraportal.sk\/horizont-europa\/aktualita\/otvorili-sa-prve-vyzvy-klastra-5-klima-energetika-a-mobilita-na-rok-2026\/\"]}]},{\"@type\":\"ImageObject\",\"inLanguage\":\"sk-SK\",\"@id\":\"https:\/\/eraportal.sk\/horizont-europa\/aktualita\/otvorili-sa-prve-vyzvy-klastra-5-klima-energetika-a-mobilita-na-rok-2026\/#primaryimage\",\"url\":\"https:\/\/eraportal.sk\/horizont-europa\/wp-content\/uploads\/sites\/4\/2025\/12\/ec_rtd_cluster-5-info-day-2026.jpg\",\"contentUrl\":\"https:\/\/eraportal.sk\/horizont-europa\/wp-content\/uploads\/sites\/4\/2025\/12\/ec_rtd_cluster-5-info-day-2026.jpg\",\"width\":1000,\"height\":648},{\"@type\":\"BreadcrumbList\",\"@id\":\"https:\/\/eraportal.sk\/horizont-europa\/aktualita\/otvorili-sa-prve-vyzvy-klastra-5-klima-energetika-a-mobilita-na-rok-2026\/#breadcrumb\",\"itemListElement\":[{\"@type\":\"ListItem\",\"position\":1,\"name\":\"Domovsk\u00e1 str\u00e1nka\",\"item\":\"https:\/\/eraportal.sk\/horizont-europa\/\"},{\"@type\":\"ListItem\",\"position\":2,\"name\":\"Aktuality\",\"item\":\"https:\/\/eraportal.sk\/horizont-europa\/aktuality-archiv\/\"},{\"@type\":\"ListItem\",\"position\":3,\"name\":\"Otvorili sa prv\u00e9 v\u00fdzvy Klastra 5: Kl\u00edma, energetika a mobilita na rok 2026\"}]},{\"@type\":\"WebSite\",\"@id\":\"https:\/\/eraportal.sk\/horizont-europa\/#website\",\"url\":\"https:\/\/eraportal.sk\/horizont-europa\/\",\"name\":\"Horizont Eur\u00f3pa\",\"description\":\"\",\"publisher\":{\"@id\":\"https:\/\/eraportal.sk\/horizont-europa\/#organization\"},\"potentialAction\":[{\"@type\":\"SearchAction\",\"target\":{\"@type\":\"EntryPoint\",\"urlTemplate\":\"https:\/\/eraportal.sk\/horizont-europa\/?s={search_term_string}\"},\"query-input\":{\"@type\":\"PropertyValueSpecification\",\"valueRequired\":true,\"valueName\":\"search_term_string\"}}],\"inLanguage\":\"sk-SK\"},{\"@type\":\"Organization\",\"@id\":\"https:\/\/eraportal.sk\/horizont-europa\/#organization\",\"name\":\"Horizont Eur\u00f3pa\",\"url\":\"https:\/\/eraportal.sk\/horizont-europa\/\",\"logo\":{\"@type\":\"ImageObject\",\"inLanguage\":\"sk-SK\",\"@id\":\"https:\/\/eraportal.sk\/horizont-europa\/#\/schema\/logo\/image\/\",\"url\":\"https:\/\/eraportal.sk\/horizont-europa\/wp-content\/uploads\/sites\/4\/2024\/02\/Favicon_HEU.png\",\"contentUrl\":\"https:\/\/eraportal.sk\/horizont-europa\/wp-content\/uploads\/sites\/4\/2024\/02\/Favicon_HEU.png\",\"width\":512,\"height\":512,\"caption\":\"Horizont Eur\u00f3pa\"},\"image\":{\"@id\":\"https:\/\/eraportal.sk\/horizont-europa\/#\/schema\/logo\/image\/\"}}]}<\/script>\n<!-- \/ Yoast SEO plugin. -->","yoast_head_json":{"title":"Otvorili sa prv\u00e9 v\u00fdzvy Klastra 5: Kl\u00edma, energetika a mobilita na rok 2026 - Horizont Eur\u00f3pa","robots":{"index":"index","follow":"follow","max-snippet":"max-snippet:-1","max-image-preview":"max-image-preview:large","max-video-preview":"max-video-preview:-1"},"canonical":"https:\/\/eraportal.sk\/horizont-europa\/aktualita\/otvorili-sa-prve-vyzvy-klastra-5-klima-energetika-a-mobilita-na-rok-2026\/","og_locale":"sk_SK","og_type":"article","og_title":"Otvorili sa prv\u00e9 v\u00fdzvy Klastra 5: Kl\u00edma, energetika a mobilita na rok 2026 - Horizont Eur\u00f3pa","og_description":"Prv\u00e9 v\u00fdzvy sa otv\u00e1raj\u00fa 18. decembra 2025!","og_url":"https:\/\/eraportal.sk\/horizont-europa\/aktualita\/otvorili-sa-prve-vyzvy-klastra-5-klima-energetika-a-mobilita-na-rok-2026\/","og_site_name":"Horizont Eur\u00f3pa","article_modified_time":"2026-01-08T13:14:49+00:00","og_image":[{"width":1000,"height":648,"url":"https:\/\/eraportal.sk\/horizont-europa\/wp-content\/uploads\/sites\/4\/2025\/12\/ec_rtd_cluster-5-info-day-2026.jpg","type":"image\/jpeg"}],"twitter_card":"summary_large_image","twitter_misc":{"Predpokladan\u00fd \u010das \u010d\u00edtania":"1 min\u00fata"},"schema":{"@context":"https:\/\/schema.org","@graph":[{"@type":"WebPage","@id":"https:\/\/eraportal.sk\/horizont-europa\/aktualita\/otvorili-sa-prve-vyzvy-klastra-5-klima-energetika-a-mobilita-na-rok-2026\/","url":"https:\/\/eraportal.sk\/horizont-europa\/aktualita\/otvorili-sa-prve-vyzvy-klastra-5-klima-energetika-a-mobilita-na-rok-2026\/","name":"Otvorili sa prv\u00e9 v\u00fdzvy Klastra 5: Kl\u00edma, energetika a mobilita na rok 2026 - Horizont Eur\u00f3pa","isPartOf":{"@id":"https:\/\/eraportal.sk\/horizont-europa\/#website"},"primaryImageOfPage":{"@id":"https:\/\/eraportal.sk\/horizont-europa\/aktualita\/otvorili-sa-prve-vyzvy-klastra-5-klima-energetika-a-mobilita-na-rok-2026\/#primaryimage"},"image":{"@id":"https:\/\/eraportal.sk\/horizont-europa\/aktualita\/otvorili-sa-prve-vyzvy-klastra-5-klima-energetika-a-mobilita-na-rok-2026\/#primaryimage"},"thumbnailUrl":"https:\/\/eraportal.sk\/horizont-europa\/wp-content\/uploads\/sites\/4\/2025\/12\/ec_rtd_cluster-5-info-day-2026.jpg","datePublished":"2025-12-04T08:16:10+00:00","dateModified":"2026-01-08T13:14:49+00:00","breadcrumb":{"@id":"https:\/\/eraportal.sk\/horizont-europa\/aktualita\/otvorili-sa-prve-vyzvy-klastra-5-klima-energetika-a-mobilita-na-rok-2026\/#breadcrumb"},"inLanguage":"sk-SK","potentialAction":[{"@type":"ReadAction","target":["https:\/\/eraportal.sk\/horizont-europa\/aktualita\/otvorili-sa-prve-vyzvy-klastra-5-klima-energetika-a-mobilita-na-rok-2026\/"]}]},{"@type":"ImageObject","inLanguage":"sk-SK","@id":"https:\/\/eraportal.sk\/horizont-europa\/aktualita\/otvorili-sa-prve-vyzvy-klastra-5-klima-energetika-a-mobilita-na-rok-2026\/#primaryimage","url":"https:\/\/eraportal.sk\/horizont-europa\/wp-content\/uploads\/sites\/4\/2025\/12\/ec_rtd_cluster-5-info-day-2026.jpg","contentUrl":"https:\/\/eraportal.sk\/horizont-europa\/wp-content\/uploads\/sites\/4\/2025\/12\/ec_rtd_cluster-5-info-day-2026.jpg","width":1000,"height":648},{"@type":"BreadcrumbList","@id":"https:\/\/eraportal.sk\/horizont-europa\/aktualita\/otvorili-sa-prve-vyzvy-klastra-5-klima-energetika-a-mobilita-na-rok-2026\/#breadcrumb","itemListElement":[{"@type":"ListItem","position":1,"name":"Domovsk\u00e1 str\u00e1nka","item":"https:\/\/eraportal.sk\/horizont-europa\/"},{"@type":"ListItem","position":2,"name":"Aktuality","item":"https:\/\/eraportal.sk\/horizont-europa\/aktuality-archiv\/"},{"@type":"ListItem","position":3,"name":"Otvorili sa prv\u00e9 v\u00fdzvy Klastra 5: Kl\u00edma, energetika a mobilita na rok 2026"}]},{"@type":"WebSite","@id":"https:\/\/eraportal.sk\/horizont-europa\/#website","url":"https:\/\/eraportal.sk\/horizont-europa\/","name":"Horizont Eur\u00f3pa","description":"","publisher":{"@id":"https:\/\/eraportal.sk\/horizont-europa\/#organization"},"potentialAction":[{"@type":"SearchAction","target":{"@type":"EntryPoint","urlTemplate":"https:\/\/eraportal.sk\/horizont-europa\/?s={search_term_string}"},"query-input":{"@type":"PropertyValueSpecification","valueRequired":true,"valueName":"search_term_string"}}],"inLanguage":"sk-SK"},{"@type":"Organization","@id":"https:\/\/eraportal.sk\/horizont-europa\/#organization","name":"Horizont Eur\u00f3pa","url":"https:\/\/eraportal.sk\/horizont-europa\/","logo":{"@type":"ImageObject","inLanguage":"sk-SK","@id":"https:\/\/eraportal.sk\/horizont-europa\/#\/schema\/logo\/image\/","url":"https:\/\/eraportal.sk\/horizont-europa\/wp-content\/uploads\/sites\/4\/2024\/02\/Favicon_HEU.png","contentUrl":"https:\/\/eraportal.sk\/horizont-europa\/wp-content\/uploads\/sites\/4\/2024\/02\/Favicon_HEU.png","width":512,"height":512,"caption":"Horizont Eur\u00f3pa"},"image":{"@id":"https:\/\/eraportal.sk\/horizont-europa\/#\/schema\/logo\/image\/"}}]}},"acf":{"nadpis":"Otvorili sa prv\u00e9 v\u00fdzvy Klastra 5: Kl\u00edma, energetika a mobilita na rok 2026","opis":"<h2 data-start=\"56\" data-end=\"162\"><strong data-start=\"59\" data-end=\"162\">Eur\u00f3pska komisia schv\u00e1lila 11. decembra 2025 Pracovn\u00fd program pre klaster 5 na roky 2026 \u2013 2027<\/strong><\/h2>\r\n<p data-start=\"486\" data-end=\"741\">Pracovn\u00fd program pre klaster 5 je dostupn\u00fd na tomto <a href=\"https:\/\/ec.europa.eu\/info\/funding-tenders\/opportunities\/docs\/2021-2027\/horizon\/wp-call\/2026-2027\/wp-8-climate-energy-and-mobility_horizon-2026-2027_en.pdf\" target=\"_blank\" rel=\"noopener\">odkaze.<\/a><\/p>\r\n\r\n<h2 data-start=\"56\" data-end=\"162\"><img class=\"size-medium wp-image-27732 aligncenter\" src=\"https:\/\/eraportal.sk\/horizont-europa\/wp-content\/uploads\/sites\/4\/2025\/07\/HE-WP-2025-2Zero-Topics-300x169.jpg\" alt=\"\" width=\"300\" height=\"169\" \/><\/h2>\r\n<h3><strong>\u010co obsahuje Pracovn\u00fd program?<\/strong><\/h3>\r\n<a href=\"https:\/\/ec.europa.eu\/transparency\/comitology-register\/screen\/documents\/107811\/5\">Pracovn\u00fd program klastra 5<\/a> definuje jednotliv\u00e9 jeho oblasti - destin\u00e1cie, \u010di\u017ee tematick\u00e9 oblasti, v r\u00e1mci ktor\u00fdch sa postupne vyhlasuj\u00fa v\u00fdzvy a t\u00e9my (topics).\r\n\r\n<img class=\"alignnone wp-image-28761 aligncenter\" src=\"https:\/\/eraportal.sk\/horizont-europa\/wp-content\/uploads\/sites\/4\/2025\/12\/kl5-na-2026-300x169.jpg\" alt=\"\" width=\"558\" height=\"314\" \/>\r\n\r\nDokument je k\u013e\u00fa\u010dov\u00fd pre v\u00fdskumn\u00e9 in\u0161tit\u00facie, univerzity, priemyseln\u00fdch akt\u00e9rov, samospr\u00e1vy aj startupy, ktor\u00e9 sa pl\u00e1nuj\u00fa zapoji\u0165 do bud\u00facich v\u00fdziev klastra 5 v rokoch 2026 a 2027. Pracovn\u00fd program 2026-27 disponuje rozpo\u010dtom pribli\u017ene <strong>1,2 mld. \u20ac<\/strong> a bol ofici\u00e1lne schv\u00e1len\u00fd\u00a0<strong>11. decembra 2025<\/strong>.\r\n\r\nPrv\u00fdch 6 v\u00fdziev na oblasti bat\u00e9ri\u00ed, energetiky a klimatick\u00fdch vied sa otvorili <strong>18. decembra 2025!<\/strong> Preto nev\u00e1hajte a kontaktujte N\u00e1rodn\u00fa kancel\u00e1riu Horizontu. Dohodnite si u n\u00e1s bezplatn\u00fa <a href=\"https:\/\/eraportal.sk\/horizont-europa\/heu-globalne-vyzvy\/heu-globalne-vyzvy-klima-energetika-a-mobilita\/\">konzult\u00e1ciu s NCP<\/a>.\r\n<h3><strong>Informa\u010dn\u00e9 podujatie k v\u00fdzvam klastra 5<\/strong><\/h3>\r\nEur\u00f3pska komisia pripravuje na <strong>15. janu\u00e1ra 2026<\/strong> online informa\u010dn\u00fd de\u0148 s n\u00e1zvom <a href=\"https:\/\/research-innovation-community.ec.europa.eu\/events\/Bfe77xRS2qXkjg2EPgcim\/overview\" target=\"_blank\" rel=\"noopener\"><strong>Horizon Europe Cluster 5 Info Day<\/strong><\/a>, na ktorom bud\u00fa predstaven\u00e9 v\u00fdzvy a jednotliv\u00e9 t\u00e9my na rok 2026, ktor\u00e9 s\u00fa zverejnen\u00e9 v pracovnom programe - <a href=\"https:\/\/ec.europa.eu\/info\/funding-tenders\/opportunities\/docs\/2021-2027\/horizon\/wp-call\/2026-2027\/wp-8-climate-energy-and-mobility_horizon-2026-2027_en.pdf\"><strong>Cluster 5 Work Programme 2026 \u2013 2027<\/strong><\/a>.\r\n\r\nInforma\u010dn\u00fd de\u0148 bude prebieha\u0165 <strong>online<\/strong> a bude streamovan\u00fd prostredn\u00edctvom webovej platformy Eur\u00f3pskej komisie. Po\u010das programu \u00fa\u010dastn\u00edci z\u00edskaj\u00fa:\r\n<ul>\r\n \t<li>preh\u013ead politick\u00e9ho a strategick\u00e9ho kontextu v\u00fdziev klastra 5,<\/li>\r\n \t<li>odpor\u00fa\u010dania, ako pripravi\u0165 kvalitn\u00fd projektov\u00fd n\u00e1vrh,<\/li>\r\n \t<li>tipy, ako lep\u0161ie zapoji\u0165 spolo\u010densk\u00e9 a humanitn\u00e9 vedy do relevantn\u00fdch t\u00e9m,<\/li>\r\n \t<li>priestor na ot\u00e1zky v tematick\u00fdch paraleln\u00fdch sekci\u00e1ch.<\/li>\r\n<\/ul>\r\n<h3><a href=\"https:\/\/www.b2match.com\/e\/greenet-brokerage-event-2026\" target=\"_blank\" rel=\"noopener\">Brokerage event GREENET<\/a> \u2013 h\u013eadanie partnerov do konzorci\u00ed<\/h3>\r\nV predve\u010der informa\u010dn\u00e9ho d\u0148a, <strong>14. janu\u00e1ra 2026<\/strong>, zorganizuje sie\u0165 n\u00e1rodn\u00fdch kontaktn\u00fdch bodov pre klaster 5 online <strong>networkingov\u00e9 a partnersk\u00e9 podujatie (brokerage event).<\/strong>\r\n\r\nBrokerage event je ur\u010den\u00fd pre organiz\u00e1cie, ktor\u00e9 pl\u00e1nuj\u00fa poda\u0165 projekt do nadch\u00e1dzaj\u00facich v\u00fdziev klastra 5 a h\u013eadaj\u00fa partnerov do konzorcia.\r\n\r\n\u00da\u010dastn\u00edci bud\u00fa ma\u0165 mo\u017enos\u0165:\r\n<ul>\r\n \t<li>predstavi\u0165 svoju organiz\u00e1ciu a projektov\u00e9 z\u00e1mery v r\u00e1mci sekcie kr\u00e1tkych prezent\u00e1ci\u00ed (tzv. pitching session).<\/li>\r\n \t<li>absolvova\u0165 bilater\u00e1lne stretnutia s potenci\u00e1lnymi partnermi pod\u013ea tematick\u00e9ho zamerania. Na v\u00fdber bud\u00fa v\u0161etky t\u00e9my z pracovn\u00e9ho programu 2026-27.<\/li>\r\n<\/ul>\r\n<h3><b>Praktick\u00fd webin\u00e1r - Competitive Proposals <\/b><b>and Success Stories in Cluster 5 \u2013 Widening Countries<\/b><\/h3>\r\n<img class=\"alignnone size-medium wp-image-28762 aligncenter\" src=\"https:\/\/eraportal.sk\/horizont-europa\/wp-content\/uploads\/sites\/4\/2025\/12\/workshop-CL5-300x158.jpg\" alt=\"\" width=\"300\" height=\"158\" \/>\r\n\r\n\u010eal\u0161\u00edm zauj\u00edmav\u00fdm podujat\u00edm pod taktoukou N\u00e1rodn\u00fdch kontaktn\u00fdch bodov pre klaster 5 je praktick\u00fd webin\u00e1r <strong>k pr\u00edprave projektov\u00e9ho n\u00e1vrhu do v\u00fdziev klastra 5<\/strong>. Uskuto\u010dn\u00ed sa <strong>13. janu\u00e1ra 2026<\/strong> od 10:00\u201313:00 hod. (SE\u010c) v aplik\u00e1cii Teams. <a href=\"https:\/\/forms.office.com\/pages\/responsepage.aspx?id=FgjCosZ-ekmt7riw9-RScUBx_wcNzJBAoEasmikwm1tUQVE4MVlKQjU4QTJLMTg0N1YzNUJFWE5BWS4u&amp;route=shorturl\" target=\"_blank\" rel=\"noopener\">Registr\u00e1cia<\/a> je mo\u017en\u00e1 na str\u00e1nke GREENET.\r\n\r\n<a href=\"https:\/\/storage.googleapis.com\/b2match-as-1\/2b7nDm94cH6CMBRNWkzjrXFH\" target=\"_blank\" rel=\"noopener\">Program podujatia<\/a> je u\u017e k dispoz\u00edcii.\r\n\r\n&nbsp;\r\n\r\nmit, 4.12.2025","kratky_opis":"Prv\u00e9 v\u00fdzvy sa otv\u00e1raj\u00fa 18. decembra 2025!","oblast":["185"],"zobrazit_velke_v_newsletteri":true,"reminder":true,"newsletter_thumbnail":27725},"_links":{"self":[{"href":"https:\/\/eraportal.sk\/horizont-europa\/wp-json\/wp\/v2\/aktuality\/28749","targetHints":{"allow":["GET"]}}],"collection":[{"href":"https:\/\/eraportal.sk\/horizont-europa\/wp-json\/wp\/v2\/aktuality"}],"about":[{"href":"https:\/\/eraportal.sk\/horizont-europa\/wp-json\/wp\/v2\/types\/aktualita"}],"acf:term":[{"embeddable":true,"taxonomy":"oblast-horizont","href":"https:\/\/eraportal.sk\/horizont-europa\/wp-json\/wp\/v2\/oblast-horizont\/185"}],"wp:featuredmedia":[{"embeddable":true,"href":"https:\/\/eraportal.sk\/horizont-europa\/wp-json\/wp\/v2\/media\/28763"}],"wp:attachment":[{"href":"https:\/\/eraportal.sk\/horizont-europa\/wp-json\/wp\/v2\/media?parent=28749"}],"wp:term":[{"taxonomy":"post_tag","embeddable":true,"href":"https:\/\/eraportal.sk\/horizont-europa\/wp-json\/wp\/v2\/tags?post=28749"},{"taxonomy":"oblast-horizont","embeddable":true,"href":"https:\/\/eraportal.sk\/horizont-europa\/wp-json\/wp\/v2\/oblast-horizont?post=28749"}],"curies":[{"name":"wp","href":"https:\/\/api.w.org\/{rel}","templated":true}]}}