    {"id":28692,"date":"2025-11-20T10:14:20","date_gmt":"2025-11-20T09:14:20","guid":{"rendered":"https:\/\/eraportal.sk\/horizont-europa\/?post_type=aktualita&#038;p=28692"},"modified":"2025-11-20T10:14:20","modified_gmt":"2025-11-20T09:14:20","slug":"thcs-predbezne-oznamenie-vyzvy","status":"publish","type":"aktualita","link":"https:\/\/eraportal.sk\/horizont-europa\/aktualita\/thcs-predbezne-oznamenie-vyzvy\/","featured_media":0,"template":"","tags":[],"oblast-horizont":[275],"class_list":["post-28692","aktualita","type-aktualita","status-publish","hentry","oblast-horizont-partnerstva-oblast-zdravie"],"yoast_head":"<!-- This site is optimized with the Yoast SEO plugin v24.4 - https:\/\/yoast.com\/wordpress\/plugins\/seo\/ -->\n<title>THCS \u2013 predbe\u017en\u00e9 ozn\u00e1menie v\u00fdzvy - Horizont Eur\u00f3pa<\/title>\n<meta name=\"robots\" content=\"index, follow, max-snippet:-1, max-image-preview:large, max-video-preview:-1\" \/>\n<link rel=\"canonical\" href=\"https:\/\/eraportal.sk\/horizont-europa\/aktualita\/thcs-predbezne-oznamenie-vyzvy\/\" \/>\n<meta property=\"og:locale\" content=\"sk_SK\" \/>\n<meta property=\"og:type\" content=\"article\" \/>\n<meta property=\"og:title\" content=\"THCS \u2013 predbe\u017en\u00e9 ozn\u00e1menie v\u00fdzvy - Horizont Eur\u00f3pa\" \/>\n<meta property=\"og:description\" content=\"CVTI SR d\u00e1va do pozornosti pl\u00e1novan\u00e9 vyhl\u00e1senie \u0161tvrtej spolo\u010dnej nadn\u00e1rodnej v\u00fdzvy Eur\u00f3pskeho partnerstva pre transform\u00e1ciu zdravotnej starostlivosti \u2013 European partnership on Transforming Health and Care Systems.\" \/>\n<meta property=\"og:url\" content=\"https:\/\/eraportal.sk\/horizont-europa\/aktualita\/thcs-predbezne-oznamenie-vyzvy\/\" \/>\n<meta property=\"og:site_name\" content=\"Horizont Eur\u00f3pa\" \/>\n<meta name=\"twitter:card\" content=\"summary_large_image\" \/>\n<script type=\"application\/ld+json\" class=\"yoast-schema-graph\">{\"@context\":\"https:\/\/schema.org\",\"@graph\":[{\"@type\":\"WebPage\",\"@id\":\"https:\/\/eraportal.sk\/horizont-europa\/aktualita\/thcs-predbezne-oznamenie-vyzvy\/\",\"url\":\"https:\/\/eraportal.sk\/horizont-europa\/aktualita\/thcs-predbezne-oznamenie-vyzvy\/\",\"name\":\"THCS \u2013 predbe\u017en\u00e9 ozn\u00e1menie v\u00fdzvy - Horizont Eur\u00f3pa\",\"isPartOf\":{\"@id\":\"https:\/\/eraportal.sk\/horizont-europa\/#website\"},\"primaryImageOfPage\":{\"@id\":\"https:\/\/eraportal.sk\/horizont-europa\/aktualita\/thcs-predbezne-oznamenie-vyzvy\/#primaryimage\"},\"image\":{\"@id\":\"https:\/\/eraportal.sk\/horizont-europa\/aktualita\/thcs-predbezne-oznamenie-vyzvy\/#primaryimage\"},\"thumbnailUrl\":\"https:\/\/eraportal.sk\/wp-content\/uploads\/2025\/11\/thcs-300x144.png\",\"datePublished\":\"2025-11-20T09:14:20+00:00\",\"breadcrumb\":{\"@id\":\"https:\/\/eraportal.sk\/horizont-europa\/aktualita\/thcs-predbezne-oznamenie-vyzvy\/#breadcrumb\"},\"inLanguage\":\"sk-SK\",\"potentialAction\":[{\"@type\":\"ReadAction\",\"target\":[\"https:\/\/eraportal.sk\/horizont-europa\/aktualita\/thcs-predbezne-oznamenie-vyzvy\/\"]}]},{\"@type\":\"ImageObject\",\"inLanguage\":\"sk-SK\",\"@id\":\"https:\/\/eraportal.sk\/horizont-europa\/aktualita\/thcs-predbezne-oznamenie-vyzvy\/#primaryimage\",\"url\":\"https:\/\/eraportal.sk\/wp-content\/uploads\/2025\/11\/thcs-300x144.png\",\"contentUrl\":\"https:\/\/eraportal.sk\/wp-content\/uploads\/2025\/11\/thcs-300x144.png\"},{\"@type\":\"BreadcrumbList\",\"@id\":\"https:\/\/eraportal.sk\/horizont-europa\/aktualita\/thcs-predbezne-oznamenie-vyzvy\/#breadcrumb\",\"itemListElement\":[{\"@type\":\"ListItem\",\"position\":1,\"name\":\"Domovsk\u00e1 str\u00e1nka\",\"item\":\"https:\/\/eraportal.sk\/horizont-europa\/\"},{\"@type\":\"ListItem\",\"position\":2,\"name\":\"Aktuality\",\"item\":\"https:\/\/eraportal.sk\/horizont-europa\/aktuality-archiv\/\"},{\"@type\":\"ListItem\",\"position\":3,\"name\":\"THCS \u2013 predbe\u017en\u00e9 ozn\u00e1menie v\u00fdzvy\"}]},{\"@type\":\"WebSite\",\"@id\":\"https:\/\/eraportal.sk\/horizont-europa\/#website\",\"url\":\"https:\/\/eraportal.sk\/horizont-europa\/\",\"name\":\"Horizont Eur\u00f3pa\",\"description\":\"\",\"publisher\":{\"@id\":\"https:\/\/eraportal.sk\/horizont-europa\/#organization\"},\"potentialAction\":[{\"@type\":\"SearchAction\",\"target\":{\"@type\":\"EntryPoint\",\"urlTemplate\":\"https:\/\/eraportal.sk\/horizont-europa\/?s={search_term_string}\"},\"query-input\":{\"@type\":\"PropertyValueSpecification\",\"valueRequired\":true,\"valueName\":\"search_term_string\"}}],\"inLanguage\":\"sk-SK\"},{\"@type\":\"Organization\",\"@id\":\"https:\/\/eraportal.sk\/horizont-europa\/#organization\",\"name\":\"Horizont Eur\u00f3pa\",\"url\":\"https:\/\/eraportal.sk\/horizont-europa\/\",\"logo\":{\"@type\":\"ImageObject\",\"inLanguage\":\"sk-SK\",\"@id\":\"https:\/\/eraportal.sk\/horizont-europa\/#\/schema\/logo\/image\/\",\"url\":\"https:\/\/eraportal.sk\/horizont-europa\/wp-content\/uploads\/sites\/4\/2024\/02\/Favicon_HEU.png\",\"contentUrl\":\"https:\/\/eraportal.sk\/horizont-europa\/wp-content\/uploads\/sites\/4\/2024\/02\/Favicon_HEU.png\",\"width\":512,\"height\":512,\"caption\":\"Horizont Eur\u00f3pa\"},\"image\":{\"@id\":\"https:\/\/eraportal.sk\/horizont-europa\/#\/schema\/logo\/image\/\"}}]}<\/script>\n<!-- \/ Yoast SEO plugin. -->","yoast_head_json":{"title":"THCS \u2013 predbe\u017en\u00e9 ozn\u00e1menie v\u00fdzvy - Horizont Eur\u00f3pa","robots":{"index":"index","follow":"follow","max-snippet":"max-snippet:-1","max-image-preview":"max-image-preview:large","max-video-preview":"max-video-preview:-1"},"canonical":"https:\/\/eraportal.sk\/horizont-europa\/aktualita\/thcs-predbezne-oznamenie-vyzvy\/","og_locale":"sk_SK","og_type":"article","og_title":"THCS \u2013 predbe\u017en\u00e9 ozn\u00e1menie v\u00fdzvy - Horizont Eur\u00f3pa","og_description":"CVTI SR d\u00e1va do pozornosti pl\u00e1novan\u00e9 vyhl\u00e1senie \u0161tvrtej spolo\u010dnej nadn\u00e1rodnej v\u00fdzvy Eur\u00f3pskeho partnerstva pre transform\u00e1ciu zdravotnej starostlivosti \u2013 European partnership on Transforming Health and Care Systems.","og_url":"https:\/\/eraportal.sk\/horizont-europa\/aktualita\/thcs-predbezne-oznamenie-vyzvy\/","og_site_name":"Horizont Eur\u00f3pa","twitter_card":"summary_large_image","schema":{"@context":"https:\/\/schema.org","@graph":[{"@type":"WebPage","@id":"https:\/\/eraportal.sk\/horizont-europa\/aktualita\/thcs-predbezne-oznamenie-vyzvy\/","url":"https:\/\/eraportal.sk\/horizont-europa\/aktualita\/thcs-predbezne-oznamenie-vyzvy\/","name":"THCS \u2013 predbe\u017en\u00e9 ozn\u00e1menie v\u00fdzvy - Horizont Eur\u00f3pa","isPartOf":{"@id":"https:\/\/eraportal.sk\/horizont-europa\/#website"},"primaryImageOfPage":{"@id":"https:\/\/eraportal.sk\/horizont-europa\/aktualita\/thcs-predbezne-oznamenie-vyzvy\/#primaryimage"},"image":{"@id":"https:\/\/eraportal.sk\/horizont-europa\/aktualita\/thcs-predbezne-oznamenie-vyzvy\/#primaryimage"},"thumbnailUrl":"https:\/\/eraportal.sk\/wp-content\/uploads\/2025\/11\/thcs-300x144.png","datePublished":"2025-11-20T09:14:20+00:00","breadcrumb":{"@id":"https:\/\/eraportal.sk\/horizont-europa\/aktualita\/thcs-predbezne-oznamenie-vyzvy\/#breadcrumb"},"inLanguage":"sk-SK","potentialAction":[{"@type":"ReadAction","target":["https:\/\/eraportal.sk\/horizont-europa\/aktualita\/thcs-predbezne-oznamenie-vyzvy\/"]}]},{"@type":"ImageObject","inLanguage":"sk-SK","@id":"https:\/\/eraportal.sk\/horizont-europa\/aktualita\/thcs-predbezne-oznamenie-vyzvy\/#primaryimage","url":"https:\/\/eraportal.sk\/wp-content\/uploads\/2025\/11\/thcs-300x144.png","contentUrl":"https:\/\/eraportal.sk\/wp-content\/uploads\/2025\/11\/thcs-300x144.png"},{"@type":"BreadcrumbList","@id":"https:\/\/eraportal.sk\/horizont-europa\/aktualita\/thcs-predbezne-oznamenie-vyzvy\/#breadcrumb","itemListElement":[{"@type":"ListItem","position":1,"name":"Domovsk\u00e1 str\u00e1nka","item":"https:\/\/eraportal.sk\/horizont-europa\/"},{"@type":"ListItem","position":2,"name":"Aktuality","item":"https:\/\/eraportal.sk\/horizont-europa\/aktuality-archiv\/"},{"@type":"ListItem","position":3,"name":"THCS \u2013 predbe\u017en\u00e9 ozn\u00e1menie v\u00fdzvy"}]},{"@type":"WebSite","@id":"https:\/\/eraportal.sk\/horizont-europa\/#website","url":"https:\/\/eraportal.sk\/horizont-europa\/","name":"Horizont Eur\u00f3pa","description":"","publisher":{"@id":"https:\/\/eraportal.sk\/horizont-europa\/#organization"},"potentialAction":[{"@type":"SearchAction","target":{"@type":"EntryPoint","urlTemplate":"https:\/\/eraportal.sk\/horizont-europa\/?s={search_term_string}"},"query-input":{"@type":"PropertyValueSpecification","valueRequired":true,"valueName":"search_term_string"}}],"inLanguage":"sk-SK"},{"@type":"Organization","@id":"https:\/\/eraportal.sk\/horizont-europa\/#organization","name":"Horizont Eur\u00f3pa","url":"https:\/\/eraportal.sk\/horizont-europa\/","logo":{"@type":"ImageObject","inLanguage":"sk-SK","@id":"https:\/\/eraportal.sk\/horizont-europa\/#\/schema\/logo\/image\/","url":"https:\/\/eraportal.sk\/horizont-europa\/wp-content\/uploads\/sites\/4\/2024\/02\/Favicon_HEU.png","contentUrl":"https:\/\/eraportal.sk\/horizont-europa\/wp-content\/uploads\/sites\/4\/2024\/02\/Favicon_HEU.png","width":512,"height":512,"caption":"Horizont Eur\u00f3pa"},"image":{"@id":"https:\/\/eraportal.sk\/horizont-europa\/#\/schema\/logo\/image\/"}}]}},"acf":{"nadpis":"THCS \u2013 predbe\u017en\u00e9 ozn\u00e1menie v\u00fdzvy","opis":"<img class=\"alignnone size-medium wp-image-174651\" src=\"https:\/\/eraportal.sk\/wp-content\/uploads\/2025\/11\/thcs-300x144.png\" alt=\"\" width=\"300\" height=\"144\" \/>\r\n\r\nCVTI SR d\u00e1va do pozornosti pl\u00e1novan\u00e9 vyhl\u00e1senie \u0161tvrtej spolo\u010dnej nadn\u00e1rodnej v\u00fdzvy <em>Eur\u00f3pskeho partnerstva pre transform\u00e1ciu zdravotnej starostlivosti \u2013 European partnership on Transforming Health and Care Systems <\/em>pod n\u00e1zvom:\r\n\r\n<strong>\u201eJTC 2026 - Access to Care\u201c<\/strong>\r\n\r\n<strong>Cie\u013e v\u00fdzvy<\/strong>\r\n\r\nCie\u013eom v\u00fdzvy je prinies\u0165 inovat\u00edvne rie\u0161enia, ktor\u00e9 k\u013e\u00fa\u010dov\u00fdm zainteresovan\u00fdm stran\u00e1m umo\u017enia zn\u00ed\u017ei\u0165 nerovnosti v pr\u00edstupe k zdravotnej a opatrovate\u013eskej starostlivosti a jej vyu\u017e\u00edvan\u00ed. Projekty by sa mali zamera\u0165 na zlep\u0161enie pr\u00edstupu k zdravotnej a opatrovate\u013eskej starostlivosti na v\u0161etk\u00fdch \u00farovniach. Rie\u0161enia by mali by\u0165 navrhovan\u00e9 prostredn\u00edctvom inovat\u00edvnych finan\u010dn\u00fdch modelov, nov\u00fdch modelov poskytovania slu\u017eieb a vytvorenie medziodborov\u00fdch integrovan\u00fdch programov starostlivosti, kter\u00e9 prop\u00e1jaj\u00fa r\u00f4znych odborn\u00edkiv, in\u0161tit\u00facie a \u00farovne syst\u00e9mu.\r\n\r\nFinancovan\u00e9 bud\u00fa len nadn\u00e1rodn\u00e9 projekty. V\u00fdzva bude dvojkolov\u00e1.\r\n\r\n<strong>Predbe\u017en\u00fd zoznam participuj\u00facich kraj\u00edn<\/strong>\r\n\r\nRak\u00fasko, Belgicko, \u010cesk\u00e1 republika, D\u00e1nsko, Est\u00f3nsko, Franc\u00fazsko, Island, \u00cdrsko, Izrael, Taliansko, Loty\u0161sko, Litva, Malta, Holandsko, N\u00f3rsko, Po\u013esko, Portugalsko, Rumunsko, Slovensko, \u0160panielsko, \u0160v\u00e9dsko, \u0160vaj\u010diarsko, Spojen\u00e9 kr\u00e1\u013eovstvo Ve\u013ekej Brit\u00e1nie a Severn\u00e9ho \u00cdrska\r\n\r\n<strong>\u010casov\u00fd harmonogram v\u00fdzvy<\/strong>\r\n<table>\r\n<tbody>\r\n<tr>\r\n<td width=\"217\">21. november 2025<\/td>\r\n<td width=\"380\">Zverejnenie v\u00fdzvy<\/td>\r\n<\/tr>\r\n<tr>\r\n<td width=\"217\">10. december 2025, 14:00<\/td>\r\n<td width=\"380\">Informa\u010dn\u00fd de\u0148 prostredn\u00edctvom webin\u00e1ra<\/td>\r\n<\/tr>\r\n<tr>\r\n<td width=\"217\">2. febru\u00e1r 2026, 14:00<\/td>\r\n<td width=\"380\">Term\u00edn na predlo\u017eenie predbe\u017en\u00fdch n\u00e1vrhov<\/td>\r\n<\/tr>\r\n<tr>\r\n<td width=\"217\">10. j\u00fan 2026, 12:00<\/td>\r\n<td width=\"380\">Term\u00edn na predlo\u017eenie \u00fapln\u00e9ho n\u00e1vrhu<\/td>\r\n<\/tr>\r\n<tr>\r\n<td width=\"217\">September 2026<\/td>\r\n<td width=\"380\">Rebuttal phase<\/td>\r\n<\/tr>\r\n<tr>\r\n<td width=\"217\">Okt\u00f3ber 2026<\/td>\r\n<td width=\"380\">Ozn\u00e1menie o\u00a0odpor\u00fa\u010dan\u00ed na financovanie \u017eiadate\u013eom<\/td>\r\n<\/tr>\r\n<tr>\r\n<td width=\"217\">Za\u010diatok 2027<\/td>\r\n<td width=\"380\">Predpokladan\u00fd za\u010diatok projektov (pod\u013ea n\u00e1rodn\u00fdch pravidiel)<\/td>\r\n<\/tr>\r\n<\/tbody>\r\n<\/table>\r\n\u010eal\u0161ie inform\u00e1cie k\u00a0v\u00fdzve n\u00e1jdete v\u00a0ofici\u00e1lnom texte <a href=\"https:\/\/www.thcspartnership.eu\/funding\/jtc-2026-access-to-care.kl\">predbe\u017en\u00e9ho ozn\u00e1menia<\/a> na webovom s\u00eddle partnerstva <a href=\"https:\/\/www.thcspartnership.eu\/\">EP THCS<\/a>.\r\n\r\nUpozor\u0148ujeme, \u017ee uveden\u00e9 inform\u00e1cie s\u00fa predbe\u017en\u00e9 a podrobnosti m\u00f4\u017eu by\u0165 pred zverejnen\u00edm v\u00fdzvy zmenen\u00e9. Fin\u00e1lne znenie v\u00fdzvy vr\u00e1tane krit\u00e9ri\u00ed opr\u00e1vnenosti a hodnotenia bud\u00fa zverejnen\u00e9 pri ofici\u00e1lnom vyhl\u00e1sen\u00ed v\u00fdzvy.\r\n\r\nZverejnen\u00e9: 19.11.2025, jf","kratky_opis":"CVTI SR d\u00e1va do pozornosti pl\u00e1novan\u00e9 vyhl\u00e1senie \u0161tvrtej spolo\u010dnej nadn\u00e1rodnej v\u00fdzvy Eur\u00f3pskeho partnerstva pre transform\u00e1ciu zdravotnej starostlivosti \u2013 European partnership on Transforming Health and Care Systems.","oblast":["275"],"zobrazit_velke_v_newsletteri":false,"reminder":false,"newsletter_thumbnail":""},"_links":{"self":[{"href":"https:\/\/eraportal.sk\/horizont-europa\/wp-json\/wp\/v2\/aktuality\/28692","targetHints":{"allow":["GET"]}}],"collection":[{"href":"https:\/\/eraportal.sk\/horizont-europa\/wp-json\/wp\/v2\/aktuality"}],"about":[{"href":"https:\/\/eraportal.sk\/horizont-europa\/wp-json\/wp\/v2\/types\/aktualita"}],"acf:term":[{"embeddable":true,"taxonomy":"oblast-horizont","href":"https:\/\/eraportal.sk\/horizont-europa\/wp-json\/wp\/v2\/oblast-horizont\/275"}],"wp:attachment":[{"href":"https:\/\/eraportal.sk\/horizont-europa\/wp-json\/wp\/v2\/media?parent=28692"}],"wp:term":[{"taxonomy":"post_tag","embeddable":true,"href":"https:\/\/eraportal.sk\/horizont-europa\/wp-json\/wp\/v2\/tags?post=28692"},{"taxonomy":"oblast-horizont","embeddable":true,"href":"https:\/\/eraportal.sk\/horizont-europa\/wp-json\/wp\/v2\/oblast-horizont?post=28692"}],"curies":[{"name":"wp","href":"https:\/\/api.w.org\/{rel}","templated":true}]}}