    {"id":28676,"date":"2025-11-14T14:37:37","date_gmt":"2025-11-14T13:37:37","guid":{"rendered":"https:\/\/eraportal.sk\/horizont-europa\/?post_type=aktualita&#038;p=28676"},"modified":"2025-11-21T12:03:10","modified_gmt":"2025-11-21T11:03:10","slug":"svajciarsko-sa-opat-pripaja-k-programom-eu-nove-prilezitosti-pre-slovenske-institucie","status":"publish","type":"aktualita","link":"https:\/\/eraportal.sk\/horizont-europa\/aktualita\/svajciarsko-sa-opat-pripaja-k-programom-eu-nove-prilezitosti-pre-slovenske-institucie\/","featured_media":0,"template":"","tags":[427],"oblast-horizont":[678],"class_list":["post-28676","aktualita","type-aktualita","status-publish","hentry","tag-horizont-europa","oblast-horizont-horizont-europa"],"yoast_head":"<!-- This site is optimized with the Yoast SEO plugin v24.4 - https:\/\/yoast.com\/wordpress\/plugins\/seo\/ -->\n<title>\u0160vaj\u010diarsko sa op\u00e4\u0165 prip\u00e1ja k programom E\u00da \u2013 nov\u00e9 pr\u00edle\u017eitosti pre slovensk\u00e9 in\u0161tit\u00facie - Horizont Eur\u00f3pa<\/title>\n<meta name=\"description\" content=\"\u0160vaj\u010diarsko sa vr\u00e1tilo do programov Horizon Europe, Euratom a Digital Europe. Nov\u00e9 pr\u00edle\u017eitosti pre slovensk\u00e9 in\u0161tit\u00facie zapoji\u0165 \u0161vaj\u010diarskych partnerov do konzorci\u00ed.\" \/>\n<meta name=\"robots\" content=\"index, follow, max-snippet:-1, max-image-preview:large, max-video-preview:-1\" \/>\n<link rel=\"canonical\" href=\"https:\/\/eraportal.sk\/horizont-europa\/aktualita\/svajciarsko-sa-opat-pripaja-k-programom-eu-nove-prilezitosti-pre-slovenske-institucie\/\" \/>\n<meta property=\"og:locale\" content=\"sk_SK\" \/>\n<meta property=\"og:type\" content=\"article\" \/>\n<meta property=\"og:title\" content=\"\u0160vaj\u010diarsko sa op\u00e4\u0165 prip\u00e1ja k programom E\u00da \u2013 nov\u00e9 pr\u00edle\u017eitosti pre slovensk\u00e9 in\u0161tit\u00facie - Horizont Eur\u00f3pa\" \/>\n<meta property=\"og:description\" content=\"\u0160vaj\u010diarsko sa vr\u00e1tilo do programov Horizon Europe, Euratom a Digital Europe. Nov\u00e9 pr\u00edle\u017eitosti pre slovensk\u00e9 in\u0161tit\u00facie zapoji\u0165 \u0161vaj\u010diarskych partnerov do konzorci\u00ed.\" \/>\n<meta property=\"og:url\" content=\"https:\/\/eraportal.sk\/horizont-europa\/aktualita\/svajciarsko-sa-opat-pripaja-k-programom-eu-nove-prilezitosti-pre-slovenske-institucie\/\" \/>\n<meta property=\"og:site_name\" content=\"Horizont Eur\u00f3pa\" \/>\n<meta property=\"article:modified_time\" content=\"2025-11-21T11:03:10+00:00\" \/>\n<meta name=\"twitter:card\" content=\"summary_large_image\" \/>\n<script type=\"application\/ld+json\" class=\"yoast-schema-graph\">{\"@context\":\"https:\/\/schema.org\",\"@graph\":[{\"@type\":\"WebPage\",\"@id\":\"https:\/\/eraportal.sk\/horizont-europa\/aktualita\/svajciarsko-sa-opat-pripaja-k-programom-eu-nove-prilezitosti-pre-slovenske-institucie\/\",\"url\":\"https:\/\/eraportal.sk\/horizont-europa\/aktualita\/svajciarsko-sa-opat-pripaja-k-programom-eu-nove-prilezitosti-pre-slovenske-institucie\/\",\"name\":\"\u0160vaj\u010diarsko sa op\u00e4\u0165 prip\u00e1ja k programom E\u00da \u2013 nov\u00e9 pr\u00edle\u017eitosti pre slovensk\u00e9 in\u0161tit\u00facie - Horizont Eur\u00f3pa\",\"isPartOf\":{\"@id\":\"https:\/\/eraportal.sk\/horizont-europa\/#website\"},\"primaryImageOfPage\":{\"@id\":\"https:\/\/eraportal.sk\/horizont-europa\/aktualita\/svajciarsko-sa-opat-pripaja-k-programom-eu-nove-prilezitosti-pre-slovenske-institucie\/#primaryimage\"},\"image\":{\"@id\":\"https:\/\/eraportal.sk\/horizont-europa\/aktualita\/svajciarsko-sa-opat-pripaja-k-programom-eu-nove-prilezitosti-pre-slovenske-institucie\/#primaryimage\"},\"thumbnailUrl\":\"https:\/\/eraportal.sk\/wp-content\/uploads\/2025\/11\/HE-CH-1024x576.jpg\",\"datePublished\":\"2025-11-14T13:37:37+00:00\",\"dateModified\":\"2025-11-21T11:03:10+00:00\",\"description\":\"\u0160vaj\u010diarsko sa vr\u00e1tilo do programov Horizon Europe, Euratom a Digital Europe. Nov\u00e9 pr\u00edle\u017eitosti pre slovensk\u00e9 in\u0161tit\u00facie zapoji\u0165 \u0161vaj\u010diarskych partnerov do konzorci\u00ed.\",\"breadcrumb\":{\"@id\":\"https:\/\/eraportal.sk\/horizont-europa\/aktualita\/svajciarsko-sa-opat-pripaja-k-programom-eu-nove-prilezitosti-pre-slovenske-institucie\/#breadcrumb\"},\"inLanguage\":\"sk-SK\",\"potentialAction\":[{\"@type\":\"ReadAction\",\"target\":[\"https:\/\/eraportal.sk\/horizont-europa\/aktualita\/svajciarsko-sa-opat-pripaja-k-programom-eu-nove-prilezitosti-pre-slovenske-institucie\/\"]}]},{\"@type\":\"ImageObject\",\"inLanguage\":\"sk-SK\",\"@id\":\"https:\/\/eraportal.sk\/horizont-europa\/aktualita\/svajciarsko-sa-opat-pripaja-k-programom-eu-nove-prilezitosti-pre-slovenske-institucie\/#primaryimage\",\"url\":\"https:\/\/eraportal.sk\/wp-content\/uploads\/2025\/11\/HE-CH-1024x576.jpg\",\"contentUrl\":\"https:\/\/eraportal.sk\/wp-content\/uploads\/2025\/11\/HE-CH-1024x576.jpg\"},{\"@type\":\"BreadcrumbList\",\"@id\":\"https:\/\/eraportal.sk\/horizont-europa\/aktualita\/svajciarsko-sa-opat-pripaja-k-programom-eu-nove-prilezitosti-pre-slovenske-institucie\/#breadcrumb\",\"itemListElement\":[{\"@type\":\"ListItem\",\"position\":1,\"name\":\"Domovsk\u00e1 str\u00e1nka\",\"item\":\"https:\/\/eraportal.sk\/horizont-europa\/\"},{\"@type\":\"ListItem\",\"position\":2,\"name\":\"Aktuality\",\"item\":\"https:\/\/eraportal.sk\/horizont-europa\/aktuality-archiv\/\"},{\"@type\":\"ListItem\",\"position\":3,\"name\":\"\u0160vaj\u010diarsko sa op\u00e4\u0165 prip\u00e1ja k programom E\u00da \u2013 nov\u00e9 pr\u00edle\u017eitosti pre slovensk\u00e9 in\u0161tit\u00facie\"}]},{\"@type\":\"WebSite\",\"@id\":\"https:\/\/eraportal.sk\/horizont-europa\/#website\",\"url\":\"https:\/\/eraportal.sk\/horizont-europa\/\",\"name\":\"Horizont Eur\u00f3pa\",\"description\":\"\",\"publisher\":{\"@id\":\"https:\/\/eraportal.sk\/horizont-europa\/#organization\"},\"potentialAction\":[{\"@type\":\"SearchAction\",\"target\":{\"@type\":\"EntryPoint\",\"urlTemplate\":\"https:\/\/eraportal.sk\/horizont-europa\/?s={search_term_string}\"},\"query-input\":{\"@type\":\"PropertyValueSpecification\",\"valueRequired\":true,\"valueName\":\"search_term_string\"}}],\"inLanguage\":\"sk-SK\"},{\"@type\":\"Organization\",\"@id\":\"https:\/\/eraportal.sk\/horizont-europa\/#organization\",\"name\":\"Horizont Eur\u00f3pa\",\"url\":\"https:\/\/eraportal.sk\/horizont-europa\/\",\"logo\":{\"@type\":\"ImageObject\",\"inLanguage\":\"sk-SK\",\"@id\":\"https:\/\/eraportal.sk\/horizont-europa\/#\/schema\/logo\/image\/\",\"url\":\"https:\/\/eraportal.sk\/horizont-europa\/wp-content\/uploads\/sites\/4\/2024\/02\/Favicon_HEU.png\",\"contentUrl\":\"https:\/\/eraportal.sk\/horizont-europa\/wp-content\/uploads\/sites\/4\/2024\/02\/Favicon_HEU.png\",\"width\":512,\"height\":512,\"caption\":\"Horizont Eur\u00f3pa\"},\"image\":{\"@id\":\"https:\/\/eraportal.sk\/horizont-europa\/#\/schema\/logo\/image\/\"}}]}<\/script>\n<!-- \/ Yoast SEO plugin. -->","yoast_head_json":{"title":"\u0160vaj\u010diarsko sa op\u00e4\u0165 prip\u00e1ja k programom E\u00da \u2013 nov\u00e9 pr\u00edle\u017eitosti pre slovensk\u00e9 in\u0161tit\u00facie - Horizont Eur\u00f3pa","description":"\u0160vaj\u010diarsko sa vr\u00e1tilo do programov Horizon Europe, Euratom a Digital Europe. Nov\u00e9 pr\u00edle\u017eitosti pre slovensk\u00e9 in\u0161tit\u00facie zapoji\u0165 \u0161vaj\u010diarskych partnerov do konzorci\u00ed.","robots":{"index":"index","follow":"follow","max-snippet":"max-snippet:-1","max-image-preview":"max-image-preview:large","max-video-preview":"max-video-preview:-1"},"canonical":"https:\/\/eraportal.sk\/horizont-europa\/aktualita\/svajciarsko-sa-opat-pripaja-k-programom-eu-nove-prilezitosti-pre-slovenske-institucie\/","og_locale":"sk_SK","og_type":"article","og_title":"\u0160vaj\u010diarsko sa op\u00e4\u0165 prip\u00e1ja k programom E\u00da \u2013 nov\u00e9 pr\u00edle\u017eitosti pre slovensk\u00e9 in\u0161tit\u00facie - Horizont Eur\u00f3pa","og_description":"\u0160vaj\u010diarsko sa vr\u00e1tilo do programov Horizon Europe, Euratom a Digital Europe. Nov\u00e9 pr\u00edle\u017eitosti pre slovensk\u00e9 in\u0161tit\u00facie zapoji\u0165 \u0161vaj\u010diarskych partnerov do konzorci\u00ed.","og_url":"https:\/\/eraportal.sk\/horizont-europa\/aktualita\/svajciarsko-sa-opat-pripaja-k-programom-eu-nove-prilezitosti-pre-slovenske-institucie\/","og_site_name":"Horizont Eur\u00f3pa","article_modified_time":"2025-11-21T11:03:10+00:00","twitter_card":"summary_large_image","schema":{"@context":"https:\/\/schema.org","@graph":[{"@type":"WebPage","@id":"https:\/\/eraportal.sk\/horizont-europa\/aktualita\/svajciarsko-sa-opat-pripaja-k-programom-eu-nove-prilezitosti-pre-slovenske-institucie\/","url":"https:\/\/eraportal.sk\/horizont-europa\/aktualita\/svajciarsko-sa-opat-pripaja-k-programom-eu-nove-prilezitosti-pre-slovenske-institucie\/","name":"\u0160vaj\u010diarsko sa op\u00e4\u0165 prip\u00e1ja k programom E\u00da \u2013 nov\u00e9 pr\u00edle\u017eitosti pre slovensk\u00e9 in\u0161tit\u00facie - Horizont Eur\u00f3pa","isPartOf":{"@id":"https:\/\/eraportal.sk\/horizont-europa\/#website"},"primaryImageOfPage":{"@id":"https:\/\/eraportal.sk\/horizont-europa\/aktualita\/svajciarsko-sa-opat-pripaja-k-programom-eu-nove-prilezitosti-pre-slovenske-institucie\/#primaryimage"},"image":{"@id":"https:\/\/eraportal.sk\/horizont-europa\/aktualita\/svajciarsko-sa-opat-pripaja-k-programom-eu-nove-prilezitosti-pre-slovenske-institucie\/#primaryimage"},"thumbnailUrl":"https:\/\/eraportal.sk\/wp-content\/uploads\/2025\/11\/HE-CH-1024x576.jpg","datePublished":"2025-11-14T13:37:37+00:00","dateModified":"2025-11-21T11:03:10+00:00","description":"\u0160vaj\u010diarsko sa vr\u00e1tilo do programov Horizon Europe, Euratom a Digital Europe. Nov\u00e9 pr\u00edle\u017eitosti pre slovensk\u00e9 in\u0161tit\u00facie zapoji\u0165 \u0161vaj\u010diarskych partnerov do konzorci\u00ed.","breadcrumb":{"@id":"https:\/\/eraportal.sk\/horizont-europa\/aktualita\/svajciarsko-sa-opat-pripaja-k-programom-eu-nove-prilezitosti-pre-slovenske-institucie\/#breadcrumb"},"inLanguage":"sk-SK","potentialAction":[{"@type":"ReadAction","target":["https:\/\/eraportal.sk\/horizont-europa\/aktualita\/svajciarsko-sa-opat-pripaja-k-programom-eu-nove-prilezitosti-pre-slovenske-institucie\/"]}]},{"@type":"ImageObject","inLanguage":"sk-SK","@id":"https:\/\/eraportal.sk\/horizont-europa\/aktualita\/svajciarsko-sa-opat-pripaja-k-programom-eu-nove-prilezitosti-pre-slovenske-institucie\/#primaryimage","url":"https:\/\/eraportal.sk\/wp-content\/uploads\/2025\/11\/HE-CH-1024x576.jpg","contentUrl":"https:\/\/eraportal.sk\/wp-content\/uploads\/2025\/11\/HE-CH-1024x576.jpg"},{"@type":"BreadcrumbList","@id":"https:\/\/eraportal.sk\/horizont-europa\/aktualita\/svajciarsko-sa-opat-pripaja-k-programom-eu-nove-prilezitosti-pre-slovenske-institucie\/#breadcrumb","itemListElement":[{"@type":"ListItem","position":1,"name":"Domovsk\u00e1 str\u00e1nka","item":"https:\/\/eraportal.sk\/horizont-europa\/"},{"@type":"ListItem","position":2,"name":"Aktuality","item":"https:\/\/eraportal.sk\/horizont-europa\/aktuality-archiv\/"},{"@type":"ListItem","position":3,"name":"\u0160vaj\u010diarsko sa op\u00e4\u0165 prip\u00e1ja k programom E\u00da \u2013 nov\u00e9 pr\u00edle\u017eitosti pre slovensk\u00e9 in\u0161tit\u00facie"}]},{"@type":"WebSite","@id":"https:\/\/eraportal.sk\/horizont-europa\/#website","url":"https:\/\/eraportal.sk\/horizont-europa\/","name":"Horizont Eur\u00f3pa","description":"","publisher":{"@id":"https:\/\/eraportal.sk\/horizont-europa\/#organization"},"potentialAction":[{"@type":"SearchAction","target":{"@type":"EntryPoint","urlTemplate":"https:\/\/eraportal.sk\/horizont-europa\/?s={search_term_string}"},"query-input":{"@type":"PropertyValueSpecification","valueRequired":true,"valueName":"search_term_string"}}],"inLanguage":"sk-SK"},{"@type":"Organization","@id":"https:\/\/eraportal.sk\/horizont-europa\/#organization","name":"Horizont Eur\u00f3pa","url":"https:\/\/eraportal.sk\/horizont-europa\/","logo":{"@type":"ImageObject","inLanguage":"sk-SK","@id":"https:\/\/eraportal.sk\/horizont-europa\/#\/schema\/logo\/image\/","url":"https:\/\/eraportal.sk\/horizont-europa\/wp-content\/uploads\/sites\/4\/2024\/02\/Favicon_HEU.png","contentUrl":"https:\/\/eraportal.sk\/horizont-europa\/wp-content\/uploads\/sites\/4\/2024\/02\/Favicon_HEU.png","width":512,"height":512,"caption":"Horizont Eur\u00f3pa"},"image":{"@id":"https:\/\/eraportal.sk\/horizont-europa\/#\/schema\/logo\/image\/"}}]}},"acf":{"nadpis":"\u0160vaj\u010diarsko sa op\u00e4\u0165 prip\u00e1ja k programom E\u00da \u2013 nov\u00e9 pr\u00edle\u017eitosti pre slovensk\u00e9 in\u0161tit\u00facie","opis":"<a href=\"https:\/\/ec.europa.eu\/commission\/presscorner\/detail\/en\/ip_25_2651\"><img class=\"wp-image-174568 aligncenter\" src=\"https:\/\/eraportal.sk\/wp-content\/uploads\/2025\/11\/HE-CH-1024x576.jpg\" alt=\"\" width=\"700\" height=\"394\" \/><\/a>\r\n\r\nBern, 10. 11. 2025 \u2013 \u0160vaj\u010diarsko a Eur\u00f3pska \u00fania podp\u00edsali dohodu o \u00fa\u010dasti \u0160vaj\u010diarska v programoch E\u00da, \u010do predstavuje v\u00fdznamn\u00fa spr\u00e1vu pre slovensk\u00e9 v\u00fdskumn\u00e9 in\u0161tit\u00facie, univerzity a inov\u00e1torov. Po nieko\u013ek\u00fdch rokoch obmedzenej \u00fa\u010dasti sa \u0160vaj\u010diarsko op\u00e4\u0165 st\u00e1va plnohodnotn\u00fdm partnerom v hlavn\u00fdch programoch E\u00da pre v\u00fdskum a inov\u00e1cie \u2013 a t\u00fdm aj atrakt\u00edvnym \u010dlenom bud\u00facich konzorci\u00ed.\r\n\r\nDohoda, podp\u00edsan\u00e1 feder\u00e1lnym radcom Guyom Parmelinom a eurokomis\u00e1rkou Ekaterinou Zaharieva, umo\u017e\u0148uje \u0160vaj\u010diarsku pln\u00fa \u00fa\u010das\u0165 v programoch Horizon Europe, Euratom a Digital Europe so sp\u00e4tnou platnos\u0165ou od 1. janu\u00e1ra 2025. Pridru\u017eenie k \u010fal\u0161\u00edm programom je na ceste: ITER od roku 2026, Erasmus+ od roku 2027 a EU4Health po nadobudnut\u00ed \u00fa\u010dinnosti zdravotn\u00edckej dohody.\r\n<h4 data-start=\"1068\" data-end=\"1108\">\u010co to znamen\u00e1 pre slovensk\u00e9 subjekty?<\/h4>\r\n<p data-start=\"1110\" data-end=\"1168\">V\u00fdskumn\u00edci, inov\u00e1tori a in\u0161tit\u00facie na Slovensku m\u00f4\u017eu op\u00e4\u0165:<\/p>\r\n\r\n<ul data-start=\"1170\" data-end=\"1503\">\r\n \t<li data-start=\"1170\" data-end=\"1238\">\r\n<p data-start=\"1172\" data-end=\"1238\">zapoji\u0165 \u0161vaj\u010diarskych partnerov do konzorci\u00ed Horizon Europe,<\/p>\r\n<\/li>\r\n \t<li data-start=\"1239\" data-end=\"1318\">\r\n<p data-start=\"1241\" data-end=\"1318\">po\u010d\u00edtat s ich plnou opr\u00e1vnenos\u0165ou na vedenie a koordinovanie projektov,<\/p>\r\n<\/li>\r\n \t<li data-start=\"1319\" data-end=\"1411\">\r\n<p data-start=\"1321\" data-end=\"1411\">spolupracova\u0165 bez obmedzen\u00ed v r\u00e1mci v\u00fdziev Horizon Europe, Euratom a Digital Europe,<\/p>\r\n<\/li>\r\n \t<li data-start=\"1412\" data-end=\"1503\">\r\n<p data-start=\"1414\" data-end=\"1503\">vyu\u017e\u00edva\u0165 vysok\u00fa \u00farove\u0148 expert\u00edzy, infra\u0161trukt\u00fary a excelentnosti \u0161vaj\u010diarskych pracov\u00edsk.<\/p>\r\n<\/li>\r\n<\/ul>\r\nN\u00e1klady na projekty \u0161vaj\u010diarskych \u00fa\u010dastn\u00edkov bude financova\u0165 Eur\u00f3pska komisia, pri\u010dom \u0160vaj\u010diarsko bude prispieva\u0165 povinnou platbou do rozpo\u010dtu E\u00da.\r\n<h4 data-start=\"1657\" data-end=\"1698\">\u0160ir\u0161\u00ed v\u00fdznam pre ERA a bud\u00face projekty<\/h4>\r\n<p data-start=\"1700\" data-end=\"2035\">Pridru\u017eenie z\u00e1rove\u0148 umo\u017e\u0148uje \u0160vaj\u010diarsku akt\u00edvne sa zap\u00e1ja\u0165 do formovania Eur\u00f3pskeho v\u00fdskumn\u00e9ho priestoru (ERA) a pracova\u0165 v programov\u00fdch v\u00fdboroch. Dohoda vytv\u00e1ra z\u00e1klad aj pre bud\u00facu \u00fa\u010das\u0165 v \u010fal\u0161\u00edch programoch E\u00da, pri\u010dom \u0160vaj\u010diarsko bude pri ka\u017edej novej gener\u00e1cii programov samostatne rozhodova\u0165 o tom, ktor\u00fdch sa chce z\u00fa\u010dastni\u0165. Slovensk\u00e9 in\u0161tit\u00facie tak z\u00edskavaj\u00fa siln\u00e9ho a op\u00e4\u0165 dostupn\u00e9ho partnera pre budovanie kvalitn\u00fdch medzin\u00e1rodn\u00fdch konzorci\u00ed. Ak pl\u00e1nujete pod\u00e1va\u0165 projekt v r\u00e1mci Horizon Europe, je vhodn\u00fd \u010das nadviaza\u0165 kontakty so \u0161vaj\u010diarskymi organiz\u00e1ciami a vyu\u017ei\u0165 nov\u00e9 mo\u017enosti spolupr\u00e1ce.<\/p>\r\n<p data-start=\"1700\" data-end=\"2035\"><a href=\"https:\/\/ec.europa.eu\/commission\/presscorner\/detail\/en\/ip_25_2651\">Zdroj,<\/a>14. 11. 2025, ary<\/p>","kratky_opis":"\u0160vaj\u010diarsko sa vr\u00e1tilo do programov Horizon Europe, Euratom a Digital Europe. Nov\u00e9 pr\u00edle\u017eitosti pre slovensk\u00e9 in\u0161tit\u00facie zapoji\u0165 \u0161vaj\u010diarskych partnerov do konzorci\u00ed.","oblast":["678"],"zobrazit_velke_v_newsletteri":false,"reminder":false,"newsletter_thumbnail":""},"_links":{"self":[{"href":"https:\/\/eraportal.sk\/horizont-europa\/wp-json\/wp\/v2\/aktuality\/28676","targetHints":{"allow":["GET"]}}],"collection":[{"href":"https:\/\/eraportal.sk\/horizont-europa\/wp-json\/wp\/v2\/aktuality"}],"about":[{"href":"https:\/\/eraportal.sk\/horizont-europa\/wp-json\/wp\/v2\/types\/aktualita"}],"acf:term":[{"embeddable":true,"taxonomy":"oblast-horizont","href":"https:\/\/eraportal.sk\/horizont-europa\/wp-json\/wp\/v2\/oblast-horizont\/678"}],"wp:attachment":[{"href":"https:\/\/eraportal.sk\/horizont-europa\/wp-json\/wp\/v2\/media?parent=28676"}],"wp:term":[{"taxonomy":"post_tag","embeddable":true,"href":"https:\/\/eraportal.sk\/horizont-europa\/wp-json\/wp\/v2\/tags?post=28676"},{"taxonomy":"oblast-horizont","embeddable":true,"href":"https:\/\/eraportal.sk\/horizont-europa\/wp-json\/wp\/v2\/oblast-horizont?post=28676"}],"curies":[{"name":"wp","href":"https:\/\/api.w.org\/{rel}","templated":true}]}}