    {"id":28517,"date":"2025-10-20T15:50:08","date_gmt":"2025-10-20T13:50:08","guid":{"rendered":"https:\/\/eraportal.sk\/horizont-europa\/?post_type=aktualita&#038;p=28517"},"modified":"2025-10-20T15:52:28","modified_gmt":"2025-10-20T13:52:28","slug":"velky-zaujem-o-eic-accelerator-pri-poslednej-uzavierke-2025","status":"publish","type":"aktualita","link":"https:\/\/eraportal.sk\/horizont-europa\/aktualita\/velky-zaujem-o-eic-accelerator-pri-poslednej-uzavierke-2025\/","featured_media":28518,"template":"","tags":[382],"oblast-horizont":[176],"class_list":["post-28517","aktualita","type-aktualita","status-publish","has-post-thumbnail","hentry","tag-vyzva","oblast-horizont-europska-rada-pre-inovacie-eic"],"yoast_head":"<!-- This site is optimized with the Yoast SEO plugin v24.4 - https:\/\/yoast.com\/wordpress\/plugins\/seo\/ -->\n<title>Ve\u013ek\u00fd z\u00e1ujem o EIC Accelerator pri poslednej uz\u00e1vierke 2025 - Horizont Eur\u00f3pa<\/title>\n<meta name=\"robots\" content=\"index, follow, max-snippet:-1, max-image-preview:large, max-video-preview:-1\" \/>\n<link rel=\"canonical\" href=\"https:\/\/eraportal.sk\/horizont-europa\/aktualita\/velky-zaujem-o-eic-accelerator-pri-poslednej-uzavierke-2025\/\" \/>\n<meta property=\"og:locale\" content=\"sk_SK\" \/>\n<meta property=\"og:type\" content=\"article\" \/>\n<meta property=\"og:title\" content=\"Ve\u013ek\u00fd z\u00e1ujem o EIC Accelerator pri poslednej uz\u00e1vierke 2025 - Horizont Eur\u00f3pa\" \/>\n<meta property=\"og:description\" content=\"923 startupov \u017eiada financovanie a\u017e vo v\u00fd\u0161ke 7 mld. EUR.\" \/>\n<meta property=\"og:url\" content=\"https:\/\/eraportal.sk\/horizont-europa\/aktualita\/velky-zaujem-o-eic-accelerator-pri-poslednej-uzavierke-2025\/\" \/>\n<meta property=\"og:site_name\" content=\"Horizont Eur\u00f3pa\" \/>\n<meta property=\"article:modified_time\" content=\"2025-10-20T13:52:28+00:00\" \/>\n<meta property=\"og:image\" content=\"https:\/\/eraportal.sk\/horizont-europa\/wp-content\/uploads\/sites\/4\/2025\/10\/EIC-Accelerator-Proposals-Oct-2025.png\" \/>\n\t<meta property=\"og:image:width\" content=\"3200\" \/>\n\t<meta property=\"og:image:height\" content=\"1800\" \/>\n\t<meta property=\"og:image:type\" content=\"image\/png\" \/>\n<meta name=\"twitter:card\" content=\"summary_large_image\" \/>\n<meta name=\"twitter:label1\" content=\"Predpokladan\u00fd \u010das \u010d\u00edtania\" \/>\n\t<meta name=\"twitter:data1\" content=\"1 min\u00fata\" \/>\n<script type=\"application\/ld+json\" class=\"yoast-schema-graph\">{\"@context\":\"https:\/\/schema.org\",\"@graph\":[{\"@type\":\"WebPage\",\"@id\":\"https:\/\/eraportal.sk\/horizont-europa\/aktualita\/velky-zaujem-o-eic-accelerator-pri-poslednej-uzavierke-2025\/\",\"url\":\"https:\/\/eraportal.sk\/horizont-europa\/aktualita\/velky-zaujem-o-eic-accelerator-pri-poslednej-uzavierke-2025\/\",\"name\":\"Ve\u013ek\u00fd z\u00e1ujem o EIC Accelerator pri poslednej uz\u00e1vierke 2025 - Horizont Eur\u00f3pa\",\"isPartOf\":{\"@id\":\"https:\/\/eraportal.sk\/horizont-europa\/#website\"},\"primaryImageOfPage\":{\"@id\":\"https:\/\/eraportal.sk\/horizont-europa\/aktualita\/velky-zaujem-o-eic-accelerator-pri-poslednej-uzavierke-2025\/#primaryimage\"},\"image\":{\"@id\":\"https:\/\/eraportal.sk\/horizont-europa\/aktualita\/velky-zaujem-o-eic-accelerator-pri-poslednej-uzavierke-2025\/#primaryimage\"},\"thumbnailUrl\":\"https:\/\/eraportal.sk\/horizont-europa\/wp-content\/uploads\/sites\/4\/2025\/10\/EIC-Accelerator-Proposals-Oct-2025.png\",\"datePublished\":\"2025-10-20T13:50:08+00:00\",\"dateModified\":\"2025-10-20T13:52:28+00:00\",\"breadcrumb\":{\"@id\":\"https:\/\/eraportal.sk\/horizont-europa\/aktualita\/velky-zaujem-o-eic-accelerator-pri-poslednej-uzavierke-2025\/#breadcrumb\"},\"inLanguage\":\"sk-SK\",\"potentialAction\":[{\"@type\":\"ReadAction\",\"target\":[\"https:\/\/eraportal.sk\/horizont-europa\/aktualita\/velky-zaujem-o-eic-accelerator-pri-poslednej-uzavierke-2025\/\"]}]},{\"@type\":\"ImageObject\",\"inLanguage\":\"sk-SK\",\"@id\":\"https:\/\/eraportal.sk\/horizont-europa\/aktualita\/velky-zaujem-o-eic-accelerator-pri-poslednej-uzavierke-2025\/#primaryimage\",\"url\":\"https:\/\/eraportal.sk\/horizont-europa\/wp-content\/uploads\/sites\/4\/2025\/10\/EIC-Accelerator-Proposals-Oct-2025.png\",\"contentUrl\":\"https:\/\/eraportal.sk\/horizont-europa\/wp-content\/uploads\/sites\/4\/2025\/10\/EIC-Accelerator-Proposals-Oct-2025.png\",\"width\":3200,\"height\":1800},{\"@type\":\"BreadcrumbList\",\"@id\":\"https:\/\/eraportal.sk\/horizont-europa\/aktualita\/velky-zaujem-o-eic-accelerator-pri-poslednej-uzavierke-2025\/#breadcrumb\",\"itemListElement\":[{\"@type\":\"ListItem\",\"position\":1,\"name\":\"Domovsk\u00e1 str\u00e1nka\",\"item\":\"https:\/\/eraportal.sk\/horizont-europa\/\"},{\"@type\":\"ListItem\",\"position\":2,\"name\":\"Aktuality\",\"item\":\"https:\/\/eraportal.sk\/horizont-europa\/aktuality-archiv\/\"},{\"@type\":\"ListItem\",\"position\":3,\"name\":\"Ve\u013ek\u00fd z\u00e1ujem o EIC Accelerator pri poslednej uz\u00e1vierke 2025\"}]},{\"@type\":\"WebSite\",\"@id\":\"https:\/\/eraportal.sk\/horizont-europa\/#website\",\"url\":\"https:\/\/eraportal.sk\/horizont-europa\/\",\"name\":\"Horizont Eur\u00f3pa\",\"description\":\"\",\"publisher\":{\"@id\":\"https:\/\/eraportal.sk\/horizont-europa\/#organization\"},\"potentialAction\":[{\"@type\":\"SearchAction\",\"target\":{\"@type\":\"EntryPoint\",\"urlTemplate\":\"https:\/\/eraportal.sk\/horizont-europa\/?s={search_term_string}\"},\"query-input\":{\"@type\":\"PropertyValueSpecification\",\"valueRequired\":true,\"valueName\":\"search_term_string\"}}],\"inLanguage\":\"sk-SK\"},{\"@type\":\"Organization\",\"@id\":\"https:\/\/eraportal.sk\/horizont-europa\/#organization\",\"name\":\"Horizont Eur\u00f3pa\",\"url\":\"https:\/\/eraportal.sk\/horizont-europa\/\",\"logo\":{\"@type\":\"ImageObject\",\"inLanguage\":\"sk-SK\",\"@id\":\"https:\/\/eraportal.sk\/horizont-europa\/#\/schema\/logo\/image\/\",\"url\":\"https:\/\/eraportal.sk\/horizont-europa\/wp-content\/uploads\/sites\/4\/2024\/02\/Favicon_HEU.png\",\"contentUrl\":\"https:\/\/eraportal.sk\/horizont-europa\/wp-content\/uploads\/sites\/4\/2024\/02\/Favicon_HEU.png\",\"width\":512,\"height\":512,\"caption\":\"Horizont Eur\u00f3pa\"},\"image\":{\"@id\":\"https:\/\/eraportal.sk\/horizont-europa\/#\/schema\/logo\/image\/\"}}]}<\/script>\n<!-- \/ Yoast SEO plugin. -->","yoast_head_json":{"title":"Ve\u013ek\u00fd z\u00e1ujem o EIC Accelerator pri poslednej uz\u00e1vierke 2025 - Horizont Eur\u00f3pa","robots":{"index":"index","follow":"follow","max-snippet":"max-snippet:-1","max-image-preview":"max-image-preview:large","max-video-preview":"max-video-preview:-1"},"canonical":"https:\/\/eraportal.sk\/horizont-europa\/aktualita\/velky-zaujem-o-eic-accelerator-pri-poslednej-uzavierke-2025\/","og_locale":"sk_SK","og_type":"article","og_title":"Ve\u013ek\u00fd z\u00e1ujem o EIC Accelerator pri poslednej uz\u00e1vierke 2025 - Horizont Eur\u00f3pa","og_description":"923 startupov \u017eiada financovanie a\u017e vo v\u00fd\u0161ke 7 mld. EUR.","og_url":"https:\/\/eraportal.sk\/horizont-europa\/aktualita\/velky-zaujem-o-eic-accelerator-pri-poslednej-uzavierke-2025\/","og_site_name":"Horizont Eur\u00f3pa","article_modified_time":"2025-10-20T13:52:28+00:00","og_image":[{"width":3200,"height":1800,"url":"https:\/\/eraportal.sk\/horizont-europa\/wp-content\/uploads\/sites\/4\/2025\/10\/EIC-Accelerator-Proposals-Oct-2025.png","type":"image\/png"}],"twitter_card":"summary_large_image","twitter_misc":{"Predpokladan\u00fd \u010das \u010d\u00edtania":"1 min\u00fata"},"schema":{"@context":"https:\/\/schema.org","@graph":[{"@type":"WebPage","@id":"https:\/\/eraportal.sk\/horizont-europa\/aktualita\/velky-zaujem-o-eic-accelerator-pri-poslednej-uzavierke-2025\/","url":"https:\/\/eraportal.sk\/horizont-europa\/aktualita\/velky-zaujem-o-eic-accelerator-pri-poslednej-uzavierke-2025\/","name":"Ve\u013ek\u00fd z\u00e1ujem o EIC Accelerator pri poslednej uz\u00e1vierke 2025 - Horizont Eur\u00f3pa","isPartOf":{"@id":"https:\/\/eraportal.sk\/horizont-europa\/#website"},"primaryImageOfPage":{"@id":"https:\/\/eraportal.sk\/horizont-europa\/aktualita\/velky-zaujem-o-eic-accelerator-pri-poslednej-uzavierke-2025\/#primaryimage"},"image":{"@id":"https:\/\/eraportal.sk\/horizont-europa\/aktualita\/velky-zaujem-o-eic-accelerator-pri-poslednej-uzavierke-2025\/#primaryimage"},"thumbnailUrl":"https:\/\/eraportal.sk\/horizont-europa\/wp-content\/uploads\/sites\/4\/2025\/10\/EIC-Accelerator-Proposals-Oct-2025.png","datePublished":"2025-10-20T13:50:08+00:00","dateModified":"2025-10-20T13:52:28+00:00","breadcrumb":{"@id":"https:\/\/eraportal.sk\/horizont-europa\/aktualita\/velky-zaujem-o-eic-accelerator-pri-poslednej-uzavierke-2025\/#breadcrumb"},"inLanguage":"sk-SK","potentialAction":[{"@type":"ReadAction","target":["https:\/\/eraportal.sk\/horizont-europa\/aktualita\/velky-zaujem-o-eic-accelerator-pri-poslednej-uzavierke-2025\/"]}]},{"@type":"ImageObject","inLanguage":"sk-SK","@id":"https:\/\/eraportal.sk\/horizont-europa\/aktualita\/velky-zaujem-o-eic-accelerator-pri-poslednej-uzavierke-2025\/#primaryimage","url":"https:\/\/eraportal.sk\/horizont-europa\/wp-content\/uploads\/sites\/4\/2025\/10\/EIC-Accelerator-Proposals-Oct-2025.png","contentUrl":"https:\/\/eraportal.sk\/horizont-europa\/wp-content\/uploads\/sites\/4\/2025\/10\/EIC-Accelerator-Proposals-Oct-2025.png","width":3200,"height":1800},{"@type":"BreadcrumbList","@id":"https:\/\/eraportal.sk\/horizont-europa\/aktualita\/velky-zaujem-o-eic-accelerator-pri-poslednej-uzavierke-2025\/#breadcrumb","itemListElement":[{"@type":"ListItem","position":1,"name":"Domovsk\u00e1 str\u00e1nka","item":"https:\/\/eraportal.sk\/horizont-europa\/"},{"@type":"ListItem","position":2,"name":"Aktuality","item":"https:\/\/eraportal.sk\/horizont-europa\/aktuality-archiv\/"},{"@type":"ListItem","position":3,"name":"Ve\u013ek\u00fd z\u00e1ujem o EIC Accelerator pri poslednej uz\u00e1vierke 2025"}]},{"@type":"WebSite","@id":"https:\/\/eraportal.sk\/horizont-europa\/#website","url":"https:\/\/eraportal.sk\/horizont-europa\/","name":"Horizont Eur\u00f3pa","description":"","publisher":{"@id":"https:\/\/eraportal.sk\/horizont-europa\/#organization"},"potentialAction":[{"@type":"SearchAction","target":{"@type":"EntryPoint","urlTemplate":"https:\/\/eraportal.sk\/horizont-europa\/?s={search_term_string}"},"query-input":{"@type":"PropertyValueSpecification","valueRequired":true,"valueName":"search_term_string"}}],"inLanguage":"sk-SK"},{"@type":"Organization","@id":"https:\/\/eraportal.sk\/horizont-europa\/#organization","name":"Horizont Eur\u00f3pa","url":"https:\/\/eraportal.sk\/horizont-europa\/","logo":{"@type":"ImageObject","inLanguage":"sk-SK","@id":"https:\/\/eraportal.sk\/horizont-europa\/#\/schema\/logo\/image\/","url":"https:\/\/eraportal.sk\/horizont-europa\/wp-content\/uploads\/sites\/4\/2024\/02\/Favicon_HEU.png","contentUrl":"https:\/\/eraportal.sk\/horizont-europa\/wp-content\/uploads\/sites\/4\/2024\/02\/Favicon_HEU.png","width":512,"height":512,"caption":"Horizont Eur\u00f3pa"},"image":{"@id":"https:\/\/eraportal.sk\/horizont-europa\/#\/schema\/logo\/image\/"}}]}},"acf":{"nadpis":"Ve\u013ek\u00fd z\u00e1ujem o EIC Accelerator pri poslednej uz\u00e1vierke 2025","opis":"<img class=\"alignnone wp-image-28518\" src=\"https:\/\/eraportal.sk\/horizont-europa\/wp-content\/uploads\/sites\/4\/2025\/10\/EIC-Accelerator-Proposals-Oct-2025-300x169.png\" alt=\"\" width=\"524\" height=\"295\" \/>\r\n\r\n&nbsp;\r\n\r\n<a href=\"https:\/\/eraportal.sk\/horizont-europa\/inovativna-europa\/europska-rada-pre-inovacie\/\">Eur\u00f3pska rada pre inov\u00e1cie (EIC)<\/a> zverejnila \u0161tatistiky poslednej - okt\u00f3brovej uz\u00e1vierky sch\u00e9my EIC Accelerator:\r\n<ul>\r\n \t<li>O podporu po\u017eiadalo <strong>923 startupov\/MSP, <\/strong>ktor\u00e9 spolu \u017eiadaj\u00fa finacie vo v\u00fd\u0161ke takmer <strong>7 mld. EUR.<\/strong><\/li>\r\n \t<li>Tzv. zmie\u0161an\u00e9 financovanie (blended finance - grant + invest\u00edcia) je naj\u017eiadanej\u0161ie: <strong>683 firiem (74 %)<\/strong> \u017eiada t\u00fato kombinovan\u00fa podporu.<\/li>\r\n \t<li>33 % podan\u00fdch projektov ved\u00fa \u017eeny (CEO\/CTO\/CSO).<\/li>\r\n \t<li>Prihl\u00e1\u0161ky pri\u0161li z <strong>32 kraj\u00edn<\/strong> (vr\u00e1tane 12 tzv. \u201cwidening\u201d kraj\u00edn); najviac z Nemecka, \u0160panielska a Franc\u00fazska.<\/li>\r\n<\/ul>\r\n&nbsp;\r\n\r\n\u017diadosti bud\u00fa hodnoti\u0165 experti EIC a tie najlep\u0161ie postupuj\u00fa na pitch (prezent\u00e1ciu) pred porotou, ktor\u00e1 sa uskuto\u010dn\u00ed 19. \u2013 23. janu\u00e1ra 2026. Fin\u00e1lne rozhodnutia o\u010dak\u00e1vame do konca febru\u00e1ra 2026.\r\n\r\nV EIC Accelerator i\u0161lo o posledn\u00fa uz\u00e1vierku roku 2025. Term\u00edny uz\u00e1vierok pre \u00fapln\u00fd n\u00e1vrh (full proposal) pre rok 2026 bud\u00fa ozn\u00e1men\u00e9 v Pracovnom programe EIC 2026 v novembri 2025. Kr\u00e1tke prihl\u00e1\u0161ky (short applications\/proposals) je mo\u017en\u00e9 pod\u00e1va\u0165 priebe\u017ene.\r\n\r\n&nbsp;\r\n\r\nZdroj: EIC; 17. okt\u00f3ber 2025; pes\r\n\r\n&nbsp;","kratky_opis":"923 startupov \u017eiada financovanie a\u017e vo v\u00fd\u0161ke 7 mld. EUR.","oblast":["176"],"zobrazit_velke_v_newsletteri":false,"reminder":false,"newsletter_thumbnail":""},"_links":{"self":[{"href":"https:\/\/eraportal.sk\/horizont-europa\/wp-json\/wp\/v2\/aktuality\/28517","targetHints":{"allow":["GET"]}}],"collection":[{"href":"https:\/\/eraportal.sk\/horizont-europa\/wp-json\/wp\/v2\/aktuality"}],"about":[{"href":"https:\/\/eraportal.sk\/horizont-europa\/wp-json\/wp\/v2\/types\/aktualita"}],"acf:term":[{"embeddable":true,"taxonomy":"oblast-horizont","href":"https:\/\/eraportal.sk\/horizont-europa\/wp-json\/wp\/v2\/oblast-horizont\/176"}],"wp:featuredmedia":[{"embeddable":true,"href":"https:\/\/eraportal.sk\/horizont-europa\/wp-json\/wp\/v2\/media\/28518"}],"wp:attachment":[{"href":"https:\/\/eraportal.sk\/horizont-europa\/wp-json\/wp\/v2\/media?parent=28517"}],"wp:term":[{"taxonomy":"post_tag","embeddable":true,"href":"https:\/\/eraportal.sk\/horizont-europa\/wp-json\/wp\/v2\/tags?post=28517"},{"taxonomy":"oblast-horizont","embeddable":true,"href":"https:\/\/eraportal.sk\/horizont-europa\/wp-json\/wp\/v2\/oblast-horizont?post=28517"}],"curies":[{"name":"wp","href":"https:\/\/api.w.org\/{rel}","templated":true}]}}