    {"id":28233,"date":"2025-09-17T14:07:18","date_gmt":"2025-09-17T12:07:18","guid":{"rendered":"https:\/\/eraportal.sk\/horizont-europa\/?post_type=aktualita&#038;p=28233"},"modified":"2025-11-03T14:18:02","modified_gmt":"2025-11-03T13:18:02","slug":"verejne-konzultacie-europskej-komisie-pre-tematicke-oblasti-klastra-5-klima-energetika-a-mobilita","status":"publish","type":"aktualita","link":"https:\/\/eraportal.sk\/horizont-europa\/aktualita\/verejne-konzultacie-europskej-komisie-pre-tematicke-oblasti-klastra-5-klima-energetika-a-mobilita\/","featured_media":0,"template":"","tags":[676],"oblast-horizont":[185],"class_list":["post-28233","aktualita","type-aktualita","status-publish","hentry","tag-verejna-konzultacia","oblast-horizont-klaster-5-klima-energetika-a-mobilita"],"yoast_head":"<!-- This site is optimized with the Yoast SEO plugin v24.4 - https:\/\/yoast.com\/wordpress\/plugins\/seo\/ -->\n<title>Verejn\u00e9 konzult\u00e1cie Eur\u00f3pskej komisie pre tematick\u00e9 oblasti Klastra 5 - Kl\u00edma, energetika a mobilita - Horizont Eur\u00f3pa<\/title>\n<meta name=\"robots\" content=\"index, follow, max-snippet:-1, max-image-preview:large, max-video-preview:-1\" \/>\n<link rel=\"canonical\" href=\"https:\/\/eraportal.sk\/horizont-europa\/aktualita\/verejne-konzultacie-europskej-komisie-pre-tematicke-oblasti-klastra-5-klima-energetika-a-mobilita\/\" \/>\n<meta property=\"og:locale\" content=\"sk_SK\" \/>\n<meta property=\"og:type\" content=\"article\" \/>\n<meta property=\"og:title\" content=\"Verejn\u00e9 konzult\u00e1cie Eur\u00f3pskej komisie pre tematick\u00e9 oblasti Klastra 5 - Kl\u00edma, energetika a mobilita - Horizont Eur\u00f3pa\" \/>\n<meta property=\"og:description\" content=\"Vyjadrite svoj n\u00e1zor a dajte podnet Eur\u00f3pskej komisii vo verejn\u00fdch konzult\u00e1ci\u00e1ch relevantn\u00fdch pre oblas\u0165 energetiky.\" \/>\n<meta property=\"og:url\" content=\"https:\/\/eraportal.sk\/horizont-europa\/aktualita\/verejne-konzultacie-europskej-komisie-pre-tematicke-oblasti-klastra-5-klima-energetika-a-mobilita\/\" \/>\n<meta property=\"og:site_name\" content=\"Horizont Eur\u00f3pa\" \/>\n<meta property=\"article:modified_time\" content=\"2025-11-03T13:18:02+00:00\" \/>\n<meta name=\"twitter:card\" content=\"summary_large_image\" \/>\n<script type=\"application\/ld+json\" class=\"yoast-schema-graph\">{\"@context\":\"https:\/\/schema.org\",\"@graph\":[{\"@type\":\"WebPage\",\"@id\":\"https:\/\/eraportal.sk\/horizont-europa\/aktualita\/verejne-konzultacie-europskej-komisie-pre-tematicke-oblasti-klastra-5-klima-energetika-a-mobilita\/\",\"url\":\"https:\/\/eraportal.sk\/horizont-europa\/aktualita\/verejne-konzultacie-europskej-komisie-pre-tematicke-oblasti-klastra-5-klima-energetika-a-mobilita\/\",\"name\":\"Verejn\u00e9 konzult\u00e1cie Eur\u00f3pskej komisie pre tematick\u00e9 oblasti Klastra 5 - Kl\u00edma, energetika a mobilita - Horizont Eur\u00f3pa\",\"isPartOf\":{\"@id\":\"https:\/\/eraportal.sk\/horizont-europa\/#website\"},\"datePublished\":\"2025-09-17T12:07:18+00:00\",\"dateModified\":\"2025-11-03T13:18:02+00:00\",\"breadcrumb\":{\"@id\":\"https:\/\/eraportal.sk\/horizont-europa\/aktualita\/verejne-konzultacie-europskej-komisie-pre-tematicke-oblasti-klastra-5-klima-energetika-a-mobilita\/#breadcrumb\"},\"inLanguage\":\"sk-SK\",\"potentialAction\":[{\"@type\":\"ReadAction\",\"target\":[\"https:\/\/eraportal.sk\/horizont-europa\/aktualita\/verejne-konzultacie-europskej-komisie-pre-tematicke-oblasti-klastra-5-klima-energetika-a-mobilita\/\"]}]},{\"@type\":\"BreadcrumbList\",\"@id\":\"https:\/\/eraportal.sk\/horizont-europa\/aktualita\/verejne-konzultacie-europskej-komisie-pre-tematicke-oblasti-klastra-5-klima-energetika-a-mobilita\/#breadcrumb\",\"itemListElement\":[{\"@type\":\"ListItem\",\"position\":1,\"name\":\"Domovsk\u00e1 str\u00e1nka\",\"item\":\"https:\/\/eraportal.sk\/horizont-europa\/\"},{\"@type\":\"ListItem\",\"position\":2,\"name\":\"Aktuality\",\"item\":\"https:\/\/eraportal.sk\/horizont-europa\/aktuality-archiv\/\"},{\"@type\":\"ListItem\",\"position\":3,\"name\":\"Verejn\u00e9 konzult\u00e1cie Eur\u00f3pskej komisie pre tematick\u00e9 oblasti Klastra 5 &#8211; Kl\u00edma, energetika a mobilita\"}]},{\"@type\":\"WebSite\",\"@id\":\"https:\/\/eraportal.sk\/horizont-europa\/#website\",\"url\":\"https:\/\/eraportal.sk\/horizont-europa\/\",\"name\":\"Horizont Eur\u00f3pa\",\"description\":\"\",\"publisher\":{\"@id\":\"https:\/\/eraportal.sk\/horizont-europa\/#organization\"},\"potentialAction\":[{\"@type\":\"SearchAction\",\"target\":{\"@type\":\"EntryPoint\",\"urlTemplate\":\"https:\/\/eraportal.sk\/horizont-europa\/?s={search_term_string}\"},\"query-input\":{\"@type\":\"PropertyValueSpecification\",\"valueRequired\":true,\"valueName\":\"search_term_string\"}}],\"inLanguage\":\"sk-SK\"},{\"@type\":\"Organization\",\"@id\":\"https:\/\/eraportal.sk\/horizont-europa\/#organization\",\"name\":\"Horizont Eur\u00f3pa\",\"url\":\"https:\/\/eraportal.sk\/horizont-europa\/\",\"logo\":{\"@type\":\"ImageObject\",\"inLanguage\":\"sk-SK\",\"@id\":\"https:\/\/eraportal.sk\/horizont-europa\/#\/schema\/logo\/image\/\",\"url\":\"https:\/\/eraportal.sk\/horizont-europa\/wp-content\/uploads\/sites\/4\/2024\/02\/Favicon_HEU.png\",\"contentUrl\":\"https:\/\/eraportal.sk\/horizont-europa\/wp-content\/uploads\/sites\/4\/2024\/02\/Favicon_HEU.png\",\"width\":512,\"height\":512,\"caption\":\"Horizont Eur\u00f3pa\"},\"image\":{\"@id\":\"https:\/\/eraportal.sk\/horizont-europa\/#\/schema\/logo\/image\/\"}}]}<\/script>\n<!-- \/ Yoast SEO plugin. -->","yoast_head_json":{"title":"Verejn\u00e9 konzult\u00e1cie Eur\u00f3pskej komisie pre tematick\u00e9 oblasti Klastra 5 - Kl\u00edma, energetika a mobilita - Horizont Eur\u00f3pa","robots":{"index":"index","follow":"follow","max-snippet":"max-snippet:-1","max-image-preview":"max-image-preview:large","max-video-preview":"max-video-preview:-1"},"canonical":"https:\/\/eraportal.sk\/horizont-europa\/aktualita\/verejne-konzultacie-europskej-komisie-pre-tematicke-oblasti-klastra-5-klima-energetika-a-mobilita\/","og_locale":"sk_SK","og_type":"article","og_title":"Verejn\u00e9 konzult\u00e1cie Eur\u00f3pskej komisie pre tematick\u00e9 oblasti Klastra 5 - Kl\u00edma, energetika a mobilita - Horizont Eur\u00f3pa","og_description":"Vyjadrite svoj n\u00e1zor a dajte podnet Eur\u00f3pskej komisii vo verejn\u00fdch konzult\u00e1ci\u00e1ch relevantn\u00fdch pre oblas\u0165 energetiky.","og_url":"https:\/\/eraportal.sk\/horizont-europa\/aktualita\/verejne-konzultacie-europskej-komisie-pre-tematicke-oblasti-klastra-5-klima-energetika-a-mobilita\/","og_site_name":"Horizont Eur\u00f3pa","article_modified_time":"2025-11-03T13:18:02+00:00","twitter_card":"summary_large_image","schema":{"@context":"https:\/\/schema.org","@graph":[{"@type":"WebPage","@id":"https:\/\/eraportal.sk\/horizont-europa\/aktualita\/verejne-konzultacie-europskej-komisie-pre-tematicke-oblasti-klastra-5-klima-energetika-a-mobilita\/","url":"https:\/\/eraportal.sk\/horizont-europa\/aktualita\/verejne-konzultacie-europskej-komisie-pre-tematicke-oblasti-klastra-5-klima-energetika-a-mobilita\/","name":"Verejn\u00e9 konzult\u00e1cie Eur\u00f3pskej komisie pre tematick\u00e9 oblasti Klastra 5 - Kl\u00edma, energetika a mobilita - Horizont Eur\u00f3pa","isPartOf":{"@id":"https:\/\/eraportal.sk\/horizont-europa\/#website"},"datePublished":"2025-09-17T12:07:18+00:00","dateModified":"2025-11-03T13:18:02+00:00","breadcrumb":{"@id":"https:\/\/eraportal.sk\/horizont-europa\/aktualita\/verejne-konzultacie-europskej-komisie-pre-tematicke-oblasti-klastra-5-klima-energetika-a-mobilita\/#breadcrumb"},"inLanguage":"sk-SK","potentialAction":[{"@type":"ReadAction","target":["https:\/\/eraportal.sk\/horizont-europa\/aktualita\/verejne-konzultacie-europskej-komisie-pre-tematicke-oblasti-klastra-5-klima-energetika-a-mobilita\/"]}]},{"@type":"BreadcrumbList","@id":"https:\/\/eraportal.sk\/horizont-europa\/aktualita\/verejne-konzultacie-europskej-komisie-pre-tematicke-oblasti-klastra-5-klima-energetika-a-mobilita\/#breadcrumb","itemListElement":[{"@type":"ListItem","position":1,"name":"Domovsk\u00e1 str\u00e1nka","item":"https:\/\/eraportal.sk\/horizont-europa\/"},{"@type":"ListItem","position":2,"name":"Aktuality","item":"https:\/\/eraportal.sk\/horizont-europa\/aktuality-archiv\/"},{"@type":"ListItem","position":3,"name":"Verejn\u00e9 konzult\u00e1cie Eur\u00f3pskej komisie pre tematick\u00e9 oblasti Klastra 5 &#8211; Kl\u00edma, energetika a mobilita"}]},{"@type":"WebSite","@id":"https:\/\/eraportal.sk\/horizont-europa\/#website","url":"https:\/\/eraportal.sk\/horizont-europa\/","name":"Horizont Eur\u00f3pa","description":"","publisher":{"@id":"https:\/\/eraportal.sk\/horizont-europa\/#organization"},"potentialAction":[{"@type":"SearchAction","target":{"@type":"EntryPoint","urlTemplate":"https:\/\/eraportal.sk\/horizont-europa\/?s={search_term_string}"},"query-input":{"@type":"PropertyValueSpecification","valueRequired":true,"valueName":"search_term_string"}}],"inLanguage":"sk-SK"},{"@type":"Organization","@id":"https:\/\/eraportal.sk\/horizont-europa\/#organization","name":"Horizont Eur\u00f3pa","url":"https:\/\/eraportal.sk\/horizont-europa\/","logo":{"@type":"ImageObject","inLanguage":"sk-SK","@id":"https:\/\/eraportal.sk\/horizont-europa\/#\/schema\/logo\/image\/","url":"https:\/\/eraportal.sk\/horizont-europa\/wp-content\/uploads\/sites\/4\/2024\/02\/Favicon_HEU.png","contentUrl":"https:\/\/eraportal.sk\/horizont-europa\/wp-content\/uploads\/sites\/4\/2024\/02\/Favicon_HEU.png","width":512,"height":512,"caption":"Horizont Eur\u00f3pa"},"image":{"@id":"https:\/\/eraportal.sk\/horizont-europa\/#\/schema\/logo\/image\/"}}]}},"acf":{"nadpis":"Verejn\u00e9 konzult\u00e1cie Eur\u00f3pskej komisie pre tematick\u00e9 oblasti Klastra 5 - Kl\u00edma, energetika a mobilita","opis":"Eur\u00f3pska komisia zbiera podnety v nasleduj\u00facich verejn\u00fdch konzultaciach, relevantn\u00fdch pre Klaster 5:\r\n<h3><a href=\"https:\/\/ec.europa.eu\/info\/law\/better-regulation\/have-your-say\/initiatives\/14396-Energy-efficient-buildings-portfolio-framework-to-increase-lending-for-renovations-delegated-act-_en\"><strong>Energy efficient buildings<\/strong> \u2013 portfolio framework to increase lending for renovations (delegated act)<\/a> - uz\u00e1vierka 18. novembra 2025<\/h3>\r\n<pre>Energeticky hospod\u00e1rne budovy \u2013 r\u00e1mec portf\u00f3lia na zv\u00fd\u0161enie objemu \u00faverov na obnovu budov). Touto iniciat\u00edvou sa stanovuje komplexn\u00fd r\u00e1mec portf\u00f3lia, ktor\u00fd by finan\u010dn\u00e9 in\u0161tit\u00facie mohli dobrovo\u013ene vyu\u017e\u00edva\u0165. Cie\u013eom tejto iniciat\u00edvy je:<\/pre>\r\n<div class=\"initiative-details-summary\">\r\n<ul>\r\n \t<li>zv\u00fd\u0161i\u0165 objem \u00faverov na energetick\u00fa obnovu v s\u00falade s cie\u013emi E\u00da v\u00a0oblasti energetiky a dekarboniz\u00e1cie,<\/li>\r\n \t<li>chr\u00e1ni\u0165 zranite\u013en\u00e9 dom\u00e1cnosti,<\/li>\r\n \t<li>vymedzi\u0165 najlep\u0161ie postupy s cie\u013eom povzbudi\u0165 verite\u013eov, aby uprednost\u0148ovali budovy s najhor\u0161ou energetickou hospod\u00e1rnos\u0165ou. Tieto ciele boli ozn\u00e1men\u00e9 v\u00a0nov\u00fdch pravidl\u00e1ch E\u00da o\u00a0energetickej hospod\u00e1rnosti budov [prepracovan\u00e9 znenie smernice (E\u00da) 2024\/1275, \u010dl\u00e1nok 17].<\/li>\r\n<\/ul>\r\n<h3><strong><a href=\"https:\/\/ec.europa.eu\/info\/law\/better-regulation\/have-your-say\/initiatives\/14818-Energy-Heating-and-Cooling-Strategy_en\">Energy \u2013 Heating and Cooling Strategy<\/a><\/strong> - uz\u00e1vierka 20. novembra 2025<\/h3>\r\n<\/div>\r\n<div class=\"initiative-details-summary\">\r\n\r\nCie\u013eom Strat\u00e9gie t\u00fdkaj\u00facej sa vykurovania a chladenia bude ur\u00fdchli\u0165 dekarboniz\u00e1ciu vykurovania a chladenia. Jej z\u00e1merom je:\r\n<ul>\r\n \t<li>pom\u00f4c\u0165 pri zav\u00e1dzan\u00ed technol\u00f3gi\u00ed v oblasti energie z obnovite\u013en\u00fdch zdrojov a rie\u0161en\u00ed energetickej efekt\u00edvnosti do priemyslu, dom\u00e1cnost\u00ed a podnikov;<\/li>\r\n \t<li>rie\u0161i\u0165 probl\u00e9m neefekt\u00edvnosti medzi ponukou a dopytom a na \u00farovni pl\u00e1novania;<\/li>\r\n \t<li>pokro\u010di\u0165 v integr\u00e1cii energetick\u00e9ho syst\u00e9mu vykurovania a chladenia;<\/li>\r\n \t<li>pripravi\u0165 a zavies\u0165 ak\u010dn\u00fd pl\u00e1n pre geoterm\u00e1lnu energiu;<\/li>\r\n \t<li>presk\u00fama\u0165 \u010fal\u0161ie opatrenia t\u00fdkaj\u00face sa priameho zachyt\u00e1vania tepla, napr. prostredn\u00edctvom slne\u010dnej tepelnej energie<\/li>\r\n<\/ul>\r\n<h3><strong><a href=\"https:\/\/ec.europa.eu\/info\/law\/better-regulation\/have-your-say\/initiatives\/14529-Electrification-Action-Plan_en\">Electrification Action Plan<\/a><\/strong>- uz\u00e1vierka 20. novembra 2025<\/h3>\r\n<div class=\"initiative-details-summary\">\r\n\r\nDekarboniz\u00e1cia elektriza\u010dnej s\u00fastavy E\u00da neust\u00e1le napreduje, ale elektrina predstavuje menej ako 25\u00a0% kone\u010dnej energetickej spotreby.\r\n\r\nV\u00e4\u010d\u0161\u00ed dopyt po energii sa mus\u00ed presun\u00fa\u0165 z fos\u00edlnych pal\u00edv na elektrinu. V\u010faka tomuto presunu:\r\n<ul>\r\n \t<li>sa podar\u00ed dosiahnu\u0165 ciele E\u00da v oblasti dekarboniz\u00e1cie,<\/li>\r\n \t<li>sa zlep\u0161\u00ed efekt\u00edvnos\u0165 syst\u00e9mu,<\/li>\r\n \t<li>bud\u00fa ma\u0165 mali spotrebitelia prospech z obnovite\u013en\u00fdch zdrojov energie.<\/li>\r\n<\/ul>\r\nAk\u010dn\u00fd pl\u00e1n podpor\u00ed tento presun t\u00fdm, \u017ee odstr\u00e1ni hlavn\u00e9 prek\u00e1\u017eky a nadvia\u017ee na existuj\u00face pr\u00e1vne predpisy E\u00da a ak\u010dn\u00fd pl\u00e1n pre prijate\u013en\u00e9 ceny energie.\r\n\r\nmit, 17.9.2025\r\n\r\n<\/div>\r\n<\/div>\r\n&nbsp;","kratky_opis":"Vyjadrite svoj n\u00e1zor a dajte podnet Eur\u00f3pskej komisii vo verejn\u00fdch konzult\u00e1ci\u00e1ch relevantn\u00fdch pre oblas\u0165 energetiky.","oblast":["185"],"zobrazit_velke_v_newsletteri":true,"reminder":true,"newsletter_thumbnail":""},"_links":{"self":[{"href":"https:\/\/eraportal.sk\/horizont-europa\/wp-json\/wp\/v2\/aktuality\/28233","targetHints":{"allow":["GET"]}}],"collection":[{"href":"https:\/\/eraportal.sk\/horizont-europa\/wp-json\/wp\/v2\/aktuality"}],"about":[{"href":"https:\/\/eraportal.sk\/horizont-europa\/wp-json\/wp\/v2\/types\/aktualita"}],"acf:term":[{"embeddable":true,"taxonomy":"oblast-horizont","href":"https:\/\/eraportal.sk\/horizont-europa\/wp-json\/wp\/v2\/oblast-horizont\/185"}],"wp:attachment":[{"href":"https:\/\/eraportal.sk\/horizont-europa\/wp-json\/wp\/v2\/media?parent=28233"}],"wp:term":[{"taxonomy":"post_tag","embeddable":true,"href":"https:\/\/eraportal.sk\/horizont-europa\/wp-json\/wp\/v2\/tags?post=28233"},{"taxonomy":"oblast-horizont","embeddable":true,"href":"https:\/\/eraportal.sk\/horizont-europa\/wp-json\/wp\/v2\/oblast-horizont?post=28233"}],"curies":[{"name":"wp","href":"https:\/\/api.w.org\/{rel}","templated":true}]}}