    {"id":28224,"date":"2025-09-16T10:44:14","date_gmt":"2025-09-16T08:44:14","guid":{"rendered":"https:\/\/eraportal.sk\/horizont-europa\/?post_type=aktualita&#038;p=28224"},"modified":"2025-09-16T10:44:14","modified_gmt":"2025-09-16T08:44:14","slug":"prezidentka-erc-vysvetluje-zmeny-v-hodnotiacich-procesoch-erc","status":"publish","type":"aktualita","link":"https:\/\/eraportal.sk\/horizont-europa\/aktualita\/prezidentka-erc-vysvetluje-zmeny-v-hodnotiacich-procesoch-erc\/","featured_media":0,"template":"","tags":[212,379],"oblast-horizont":[177],"class_list":["post-28224","aktualita","type-aktualita","status-publish","hentry","tag-dokument","tag-nas-tip","oblast-horizont-europska-rada-pre-vyskum-erc"],"yoast_head":"<!-- This site is optimized with the Yoast SEO plugin v24.4 - https:\/\/yoast.com\/wordpress\/plugins\/seo\/ -->\n<title>Prezidentka ERC vysvet\u013euje zmeny v hodnotiacich procesoch ERC - Horizont Eur\u00f3pa<\/title>\n<meta name=\"robots\" content=\"index, follow, max-snippet:-1, max-image-preview:large, max-video-preview:-1\" \/>\n<link rel=\"canonical\" href=\"https:\/\/eraportal.sk\/horizont-europa\/aktualita\/prezidentka-erc-vysvetluje-zmeny-v-hodnotiacich-procesoch-erc\/\" \/>\n<meta property=\"og:locale\" content=\"sk_SK\" \/>\n<meta property=\"og:type\" content=\"article\" \/>\n<meta property=\"og:title\" content=\"Prezidentka ERC vysvet\u013euje zmeny v hodnotiacich procesoch ERC - Horizont Eur\u00f3pa\" \/>\n<meta property=\"og:description\" content=\"Prezidentka ERC Maria Leptinov\u00e1 vysvet\u013euje zmeny vo v\u00fdzvach na predkladanie n\u00e1vrhov na roky 2026 a 2027.\" \/>\n<meta property=\"og:url\" content=\"https:\/\/eraportal.sk\/horizont-europa\/aktualita\/prezidentka-erc-vysvetluje-zmeny-v-hodnotiacich-procesoch-erc\/\" \/>\n<meta property=\"og:site_name\" content=\"Horizont Eur\u00f3pa\" \/>\n<meta name=\"twitter:card\" content=\"summary_large_image\" \/>\n<script type=\"application\/ld+json\" class=\"yoast-schema-graph\">{\"@context\":\"https:\/\/schema.org\",\"@graph\":[{\"@type\":\"WebPage\",\"@id\":\"https:\/\/eraportal.sk\/horizont-europa\/aktualita\/prezidentka-erc-vysvetluje-zmeny-v-hodnotiacich-procesoch-erc\/\",\"url\":\"https:\/\/eraportal.sk\/horizont-europa\/aktualita\/prezidentka-erc-vysvetluje-zmeny-v-hodnotiacich-procesoch-erc\/\",\"name\":\"Prezidentka ERC vysvet\u013euje zmeny v hodnotiacich procesoch ERC - Horizont Eur\u00f3pa\",\"isPartOf\":{\"@id\":\"https:\/\/eraportal.sk\/horizont-europa\/#website\"},\"datePublished\":\"2025-09-16T08:44:14+00:00\",\"breadcrumb\":{\"@id\":\"https:\/\/eraportal.sk\/horizont-europa\/aktualita\/prezidentka-erc-vysvetluje-zmeny-v-hodnotiacich-procesoch-erc\/#breadcrumb\"},\"inLanguage\":\"sk-SK\",\"potentialAction\":[{\"@type\":\"ReadAction\",\"target\":[\"https:\/\/eraportal.sk\/horizont-europa\/aktualita\/prezidentka-erc-vysvetluje-zmeny-v-hodnotiacich-procesoch-erc\/\"]}]},{\"@type\":\"BreadcrumbList\",\"@id\":\"https:\/\/eraportal.sk\/horizont-europa\/aktualita\/prezidentka-erc-vysvetluje-zmeny-v-hodnotiacich-procesoch-erc\/#breadcrumb\",\"itemListElement\":[{\"@type\":\"ListItem\",\"position\":1,\"name\":\"Domovsk\u00e1 str\u00e1nka\",\"item\":\"https:\/\/eraportal.sk\/horizont-europa\/\"},{\"@type\":\"ListItem\",\"position\":2,\"name\":\"Aktuality\",\"item\":\"https:\/\/eraportal.sk\/horizont-europa\/aktuality-archiv\/\"},{\"@type\":\"ListItem\",\"position\":3,\"name\":\"Prezidentka ERC vysvet\u013euje zmeny v hodnotiacich procesoch ERC\"}]},{\"@type\":\"WebSite\",\"@id\":\"https:\/\/eraportal.sk\/horizont-europa\/#website\",\"url\":\"https:\/\/eraportal.sk\/horizont-europa\/\",\"name\":\"Horizont Eur\u00f3pa\",\"description\":\"\",\"publisher\":{\"@id\":\"https:\/\/eraportal.sk\/horizont-europa\/#organization\"},\"potentialAction\":[{\"@type\":\"SearchAction\",\"target\":{\"@type\":\"EntryPoint\",\"urlTemplate\":\"https:\/\/eraportal.sk\/horizont-europa\/?s={search_term_string}\"},\"query-input\":{\"@type\":\"PropertyValueSpecification\",\"valueRequired\":true,\"valueName\":\"search_term_string\"}}],\"inLanguage\":\"sk-SK\"},{\"@type\":\"Organization\",\"@id\":\"https:\/\/eraportal.sk\/horizont-europa\/#organization\",\"name\":\"Horizont Eur\u00f3pa\",\"url\":\"https:\/\/eraportal.sk\/horizont-europa\/\",\"logo\":{\"@type\":\"ImageObject\",\"inLanguage\":\"sk-SK\",\"@id\":\"https:\/\/eraportal.sk\/horizont-europa\/#\/schema\/logo\/image\/\",\"url\":\"https:\/\/eraportal.sk\/horizont-europa\/wp-content\/uploads\/sites\/4\/2024\/02\/Favicon_HEU.png\",\"contentUrl\":\"https:\/\/eraportal.sk\/horizont-europa\/wp-content\/uploads\/sites\/4\/2024\/02\/Favicon_HEU.png\",\"width\":512,\"height\":512,\"caption\":\"Horizont Eur\u00f3pa\"},\"image\":{\"@id\":\"https:\/\/eraportal.sk\/horizont-europa\/#\/schema\/logo\/image\/\"}}]}<\/script>\n<!-- \/ Yoast SEO plugin. -->","yoast_head_json":{"title":"Prezidentka ERC vysvet\u013euje zmeny v hodnotiacich procesoch ERC - Horizont Eur\u00f3pa","robots":{"index":"index","follow":"follow","max-snippet":"max-snippet:-1","max-image-preview":"max-image-preview:large","max-video-preview":"max-video-preview:-1"},"canonical":"https:\/\/eraportal.sk\/horizont-europa\/aktualita\/prezidentka-erc-vysvetluje-zmeny-v-hodnotiacich-procesoch-erc\/","og_locale":"sk_SK","og_type":"article","og_title":"Prezidentka ERC vysvet\u013euje zmeny v hodnotiacich procesoch ERC - Horizont Eur\u00f3pa","og_description":"Prezidentka ERC Maria Leptinov\u00e1 vysvet\u013euje zmeny vo v\u00fdzvach na predkladanie n\u00e1vrhov na roky 2026 a 2027.","og_url":"https:\/\/eraportal.sk\/horizont-europa\/aktualita\/prezidentka-erc-vysvetluje-zmeny-v-hodnotiacich-procesoch-erc\/","og_site_name":"Horizont Eur\u00f3pa","twitter_card":"summary_large_image","schema":{"@context":"https:\/\/schema.org","@graph":[{"@type":"WebPage","@id":"https:\/\/eraportal.sk\/horizont-europa\/aktualita\/prezidentka-erc-vysvetluje-zmeny-v-hodnotiacich-procesoch-erc\/","url":"https:\/\/eraportal.sk\/horizont-europa\/aktualita\/prezidentka-erc-vysvetluje-zmeny-v-hodnotiacich-procesoch-erc\/","name":"Prezidentka ERC vysvet\u013euje zmeny v hodnotiacich procesoch ERC - Horizont Eur\u00f3pa","isPartOf":{"@id":"https:\/\/eraportal.sk\/horizont-europa\/#website"},"datePublished":"2025-09-16T08:44:14+00:00","breadcrumb":{"@id":"https:\/\/eraportal.sk\/horizont-europa\/aktualita\/prezidentka-erc-vysvetluje-zmeny-v-hodnotiacich-procesoch-erc\/#breadcrumb"},"inLanguage":"sk-SK","potentialAction":[{"@type":"ReadAction","target":["https:\/\/eraportal.sk\/horizont-europa\/aktualita\/prezidentka-erc-vysvetluje-zmeny-v-hodnotiacich-procesoch-erc\/"]}]},{"@type":"BreadcrumbList","@id":"https:\/\/eraportal.sk\/horizont-europa\/aktualita\/prezidentka-erc-vysvetluje-zmeny-v-hodnotiacich-procesoch-erc\/#breadcrumb","itemListElement":[{"@type":"ListItem","position":1,"name":"Domovsk\u00e1 str\u00e1nka","item":"https:\/\/eraportal.sk\/horizont-europa\/"},{"@type":"ListItem","position":2,"name":"Aktuality","item":"https:\/\/eraportal.sk\/horizont-europa\/aktuality-archiv\/"},{"@type":"ListItem","position":3,"name":"Prezidentka ERC vysvet\u013euje zmeny v hodnotiacich procesoch ERC"}]},{"@type":"WebSite","@id":"https:\/\/eraportal.sk\/horizont-europa\/#website","url":"https:\/\/eraportal.sk\/horizont-europa\/","name":"Horizont Eur\u00f3pa","description":"","publisher":{"@id":"https:\/\/eraportal.sk\/horizont-europa\/#organization"},"potentialAction":[{"@type":"SearchAction","target":{"@type":"EntryPoint","urlTemplate":"https:\/\/eraportal.sk\/horizont-europa\/?s={search_term_string}"},"query-input":{"@type":"PropertyValueSpecification","valueRequired":true,"valueName":"search_term_string"}}],"inLanguage":"sk-SK"},{"@type":"Organization","@id":"https:\/\/eraportal.sk\/horizont-europa\/#organization","name":"Horizont Eur\u00f3pa","url":"https:\/\/eraportal.sk\/horizont-europa\/","logo":{"@type":"ImageObject","inLanguage":"sk-SK","@id":"https:\/\/eraportal.sk\/horizont-europa\/#\/schema\/logo\/image\/","url":"https:\/\/eraportal.sk\/horizont-europa\/wp-content\/uploads\/sites\/4\/2024\/02\/Favicon_HEU.png","contentUrl":"https:\/\/eraportal.sk\/horizont-europa\/wp-content\/uploads\/sites\/4\/2024\/02\/Favicon_HEU.png","width":512,"height":512,"caption":"Horizont Eur\u00f3pa"},"image":{"@id":"https:\/\/eraportal.sk\/horizont-europa\/#\/schema\/logo\/image\/"}}]}},"acf":{"nadpis":"Prezidentka ERC vysvet\u013euje zmeny v hodnotiacich procesoch ERC","opis":"<p class=\"tw-data-text tw-text-large tw-ta\" dir=\"ltr\" role=\"text\" data-placeholder=\"Preklad\" data-ved=\"2ahUKEwio4t7j3tyPAxVn1AIHHflzMjEQ3ewLegQIDBAU\" aria-label=\"Prelo\u017een\u00fd text: Vedeck\u00e1 rada ERC neust\u00e1le monitoruje kvalitu procesov predkladania a hodnotenia a zabezpe\u010duje ich optimaliz\u00e1ciu pre potreby eur\u00f3pskej v\u00fdskumnej komunity. Na z\u00e1klade sp\u00e4tnej v\u00e4zby od \u017eiadate\u013eov, \u010dlenov panelu a \u0161ir\u0161ej v\u00fdskumnej komunity sa Vedeck\u00e1 rada ERC rozhodla zavies\u0165 s\u00fabor vylep\u0161en\u00ed vo v\u00fdzvach na predkladanie n\u00e1vrhov na roky 2026 a 2027.\"><span class=\"Y2IQFc\" lang=\"sk\"><strong>Vedeck\u00e1 rada ERC neust\u00e1le monitoruje kvalitu procesov predkladania a hodnotenia<\/strong> a zabezpe\u010duje ich optimaliz\u00e1ciu pre potreby eur\u00f3pskej v\u00fdskumnej komunity. Na z\u00e1klade sp\u00e4tnej v\u00e4zby od \u017eiadate\u013eov, \u010dlenov panelu a \u0161ir\u0161ej v\u00fdskumnej komunity sa Vedeck\u00e1 rada ERC rozhodla <strong>zavies\u0165 s\u00fabor vylep\u0161en\u00ed vo v\u00fdzvach na predkladanie n\u00e1vrhov na roky 2026 a 2027<\/strong>.\r\n\r\n<\/span><\/p>\r\nZmeny sa zameriavaj\u00fa na tri hlavn\u00e9 oblasti:\r\n<ul>\r\n \t<li>form\u00e1t vedeck\u00e9ho n\u00e1vrhu vr\u00e1tane pos\u00fadenia uskuto\u010dnite\u013enosti,<\/li>\r\n \t<li>opatrenia na zefekt\u00edvnenie pracovnej z\u00e1\u0165a\u017ee hodnotiacich panelov,<\/li>\r\n \t<li>\u00fapravy okien opr\u00e1vnenosti pre \u0161tartovacie a konsolida\u010dn\u00e9 granty.<\/li>\r\n<\/ul>\r\nV novom <a href=\"https:\/\/erc.europa.eu\/system\/files\/2025-09\/Changes_to_ERC_evaluation_procedures_background_rationale.pdf\">dokumente<\/a> <strong>prezidentka ERC Maria Leptinov\u00e1 vysvet\u013euje zmeny, ich d\u00f4vody<\/strong> a sp\u00f4sob, ak\u00fdm s\u00fa navrhnut\u00e9 na posilnenie procesu hodnotenia ERC.\r\n\r\n&nbsp;\r\n<p id=\"tw-target-text\" class=\"tw-data-text tw-text-large tw-ta\" dir=\"ltr\" role=\"text\" data-placeholder=\"Preklad\" data-ved=\"2ahUKEwio4t7j3tyPAxVn1AIHHflzMjEQ3ewLegQIDBAU\" aria-label=\"Prelo\u017een\u00fd text: Vedeck\u00e1 rada ERC neust\u00e1le monitoruje kvalitu procesov predkladania a hodnotenia a zabezpe\u010duje ich optimaliz\u00e1ciu pre potreby eur\u00f3pskej v\u00fdskumnej komunity. Na z\u00e1klade sp\u00e4tnej v\u00e4zby od \u017eiadate\u013eov, \u010dlenov panelu a \u0161ir\u0161ej v\u00fdskumnej komunity sa Vedeck\u00e1 rada ERC rozhodla zavies\u0165 s\u00fabor vylep\u0161en\u00ed vo v\u00fdzvach na predkladanie n\u00e1vrhov na roky 2026 a 2027.\"><span class=\"Y2IQFc\" lang=\"sk\">Bli\u017e\u0161ie inform\u00e1cie n\u00e1jdete <strong><a href=\"https:\/\/erc.europa.eu\/news-events\/news\/erc-president-explains-changes-erc-evaluation-procedures\">TU<\/a><\/strong><\/span><\/p>\r\n<p dir=\"ltr\" role=\"text\" data-placeholder=\"Preklad\" data-ved=\"2ahUKEwio4t7j3tyPAxVn1AIHHflzMjEQ3ewLegQIDBAU\" aria-label=\"Prelo\u017een\u00fd text: Vedeck\u00e1 rada ERC neust\u00e1le monitoruje kvalitu procesov predkladania a hodnotenia a zabezpe\u010duje ich optimaliz\u00e1ciu pre potreby eur\u00f3pskej v\u00fdskumnej komunity. Na z\u00e1klade sp\u00e4tnej v\u00e4zby od \u017eiadate\u013eov, \u010dlenov panelu a \u0161ir\u0161ej v\u00fdskumnej komunity sa Vedeck\u00e1 rada ERC rozhodla zavies\u0165 s\u00fabor vylep\u0161en\u00ed vo v\u00fdzvach na predkladanie n\u00e1vrhov na roky 2026 a 2027.\"><\/p>\r\n<p dir=\"ltr\" role=\"text\" data-placeholder=\"Preklad\" data-ved=\"2ahUKEwio4t7j3tyPAxVn1AIHHflzMjEQ3ewLegQIDBAU\" aria-label=\"Prelo\u017een\u00fd text: Vedeck\u00e1 rada ERC neust\u00e1le monitoruje kvalitu procesov predkladania a hodnotenia a zabezpe\u010duje ich optimaliz\u00e1ciu pre potreby eur\u00f3pskej v\u00fdskumnej komunity. Na z\u00e1klade sp\u00e4tnej v\u00e4zby od \u017eiadate\u013eov, \u010dlenov panelu a \u0161ir\u0161ej v\u00fdskumnej komunity sa Vedeck\u00e1 rada ERC rozhodla zavies\u0165 s\u00fabor vylep\u0161en\u00ed vo v\u00fdzvach na predkladanie n\u00e1vrhov na roky 2026 a 2027.\">Zdroj: ERC, dau, 16.9.2025<\/p>","kratky_opis":"Prezidentka ERC Maria Leptinov\u00e1 vysvet\u013euje zmeny vo v\u00fdzvach na predkladanie n\u00e1vrhov na roky 2026 a 2027.","oblast":["177"],"zobrazit_velke_v_newsletteri":true,"reminder":false,"newsletter_thumbnail":""},"_links":{"self":[{"href":"https:\/\/eraportal.sk\/horizont-europa\/wp-json\/wp\/v2\/aktuality\/28224","targetHints":{"allow":["GET"]}}],"collection":[{"href":"https:\/\/eraportal.sk\/horizont-europa\/wp-json\/wp\/v2\/aktuality"}],"about":[{"href":"https:\/\/eraportal.sk\/horizont-europa\/wp-json\/wp\/v2\/types\/aktualita"}],"acf:term":[{"embeddable":true,"taxonomy":"oblast-horizont","href":"https:\/\/eraportal.sk\/horizont-europa\/wp-json\/wp\/v2\/oblast-horizont\/177"}],"wp:attachment":[{"href":"https:\/\/eraportal.sk\/horizont-europa\/wp-json\/wp\/v2\/media?parent=28224"}],"wp:term":[{"taxonomy":"post_tag","embeddable":true,"href":"https:\/\/eraportal.sk\/horizont-europa\/wp-json\/wp\/v2\/tags?post=28224"},{"taxonomy":"oblast-horizont","embeddable":true,"href":"https:\/\/eraportal.sk\/horizont-europa\/wp-json\/wp\/v2\/oblast-horizont?post=28224"}],"curies":[{"name":"wp","href":"https:\/\/api.w.org\/{rel}","templated":true}]}}