    {"id":28176,"date":"2025-09-03T13:54:28","date_gmt":"2025-09-03T11:54:28","guid":{"rendered":"https:\/\/eraportal.sk\/horizont-europa\/?post_type=aktualita&#038;p=28176"},"modified":"2025-09-03T13:54:28","modified_gmt":"2025-09-03T11:54:28","slug":"co-mozete-ocakavat-vo-vyzvach-erc-na-rok-2026","status":"publish","type":"aktualita","link":"https:\/\/eraportal.sk\/horizont-europa\/aktualita\/co-mozete-ocakavat-vo-vyzvach-erc-na-rok-2026\/","featured_media":0,"template":"","tags":[510,379],"oblast-horizont":[177],"class_list":["post-28176","aktualita","type-aktualita","status-publish","hentry","tag-event","tag-nas-tip","oblast-horizont-europska-rada-pre-vyskum-erc"],"yoast_head":"<!-- This site is optimized with the Yoast SEO plugin v24.4 - https:\/\/yoast.com\/wordpress\/plugins\/seo\/ -->\n<title>\u010co m\u00f4\u017eete o\u010dak\u00e1va\u0165 vo v\u00fdzvach ERC na rok 2026? - Horizont Eur\u00f3pa<\/title>\n<meta name=\"robots\" content=\"index, follow, max-snippet:-1, max-image-preview:large, max-video-preview:-1\" \/>\n<link rel=\"canonical\" href=\"https:\/\/eraportal.sk\/horizont-europa\/aktualita\/co-mozete-ocakavat-vo-vyzvach-erc-na-rok-2026\/\" \/>\n<meta property=\"og:locale\" content=\"sk_SK\" \/>\n<meta property=\"og:type\" content=\"article\" \/>\n<meta property=\"og:title\" content=\"\u010co m\u00f4\u017eete o\u010dak\u00e1va\u0165 vo v\u00fdzvach ERC na rok 2026? - Horizont Eur\u00f3pa\" \/>\n<meta property=\"og:description\" content=\"ERC pokra\u010duje v predstavovan\u00ed zmien v pracovnom programe na rok 2026\" \/>\n<meta property=\"og:url\" content=\"https:\/\/eraportal.sk\/horizont-europa\/aktualita\/co-mozete-ocakavat-vo-vyzvach-erc-na-rok-2026\/\" \/>\n<meta property=\"og:site_name\" content=\"Horizont Eur\u00f3pa\" \/>\n<meta property=\"og:image\" content=\"https:\/\/eraportal.sk\/horizont-europa\/wp-content\/uploads\/sites\/4\/2025\/06\/erc-logo-new-website_1_0.png\" \/>\n\t<meta property=\"og:image:width\" content=\"1350\" \/>\n\t<meta property=\"og:image:height\" content=\"810\" \/>\n\t<meta property=\"og:image:type\" content=\"image\/png\" \/>\n<meta name=\"twitter:card\" content=\"summary_large_image\" \/>\n<script type=\"application\/ld+json\" class=\"yoast-schema-graph\">{\"@context\":\"https:\/\/schema.org\",\"@graph\":[{\"@type\":\"WebPage\",\"@id\":\"https:\/\/eraportal.sk\/horizont-europa\/aktualita\/co-mozete-ocakavat-vo-vyzvach-erc-na-rok-2026\/\",\"url\":\"https:\/\/eraportal.sk\/horizont-europa\/aktualita\/co-mozete-ocakavat-vo-vyzvach-erc-na-rok-2026\/\",\"name\":\"\u010co m\u00f4\u017eete o\u010dak\u00e1va\u0165 vo v\u00fdzvach ERC na rok 2026? - Horizont Eur\u00f3pa\",\"isPartOf\":{\"@id\":\"https:\/\/eraportal.sk\/horizont-europa\/#website\"},\"primaryImageOfPage\":{\"@id\":\"https:\/\/eraportal.sk\/horizont-europa\/aktualita\/co-mozete-ocakavat-vo-vyzvach-erc-na-rok-2026\/#primaryimage\"},\"image\":{\"@id\":\"https:\/\/eraportal.sk\/horizont-europa\/aktualita\/co-mozete-ocakavat-vo-vyzvach-erc-na-rok-2026\/#primaryimage\"},\"thumbnailUrl\":\"https:\/\/eraportal.sk\/horizont-europa\/wp-content\/uploads\/sites\/4\/2025\/06\/erc-logo-new-website_1_0-300x180.png\",\"datePublished\":\"2025-09-03T11:54:28+00:00\",\"breadcrumb\":{\"@id\":\"https:\/\/eraportal.sk\/horizont-europa\/aktualita\/co-mozete-ocakavat-vo-vyzvach-erc-na-rok-2026\/#breadcrumb\"},\"inLanguage\":\"sk-SK\",\"potentialAction\":[{\"@type\":\"ReadAction\",\"target\":[\"https:\/\/eraportal.sk\/horizont-europa\/aktualita\/co-mozete-ocakavat-vo-vyzvach-erc-na-rok-2026\/\"]}]},{\"@type\":\"ImageObject\",\"inLanguage\":\"sk-SK\",\"@id\":\"https:\/\/eraportal.sk\/horizont-europa\/aktualita\/co-mozete-ocakavat-vo-vyzvach-erc-na-rok-2026\/#primaryimage\",\"url\":\"https:\/\/eraportal.sk\/horizont-europa\/wp-content\/uploads\/sites\/4\/2025\/06\/erc-logo-new-website_1_0.png\",\"contentUrl\":\"https:\/\/eraportal.sk\/horizont-europa\/wp-content\/uploads\/sites\/4\/2025\/06\/erc-logo-new-website_1_0.png\",\"width\":1350,\"height\":810},{\"@type\":\"BreadcrumbList\",\"@id\":\"https:\/\/eraportal.sk\/horizont-europa\/aktualita\/co-mozete-ocakavat-vo-vyzvach-erc-na-rok-2026\/#breadcrumb\",\"itemListElement\":[{\"@type\":\"ListItem\",\"position\":1,\"name\":\"Domovsk\u00e1 str\u00e1nka\",\"item\":\"https:\/\/eraportal.sk\/horizont-europa\/\"},{\"@type\":\"ListItem\",\"position\":2,\"name\":\"Aktuality\",\"item\":\"https:\/\/eraportal.sk\/horizont-europa\/aktuality-archiv\/\"},{\"@type\":\"ListItem\",\"position\":3,\"name\":\"\u010co m\u00f4\u017eete o\u010dak\u00e1va\u0165 vo v\u00fdzvach ERC na rok 2026?\"}]},{\"@type\":\"WebSite\",\"@id\":\"https:\/\/eraportal.sk\/horizont-europa\/#website\",\"url\":\"https:\/\/eraportal.sk\/horizont-europa\/\",\"name\":\"Horizont Eur\u00f3pa\",\"description\":\"\",\"publisher\":{\"@id\":\"https:\/\/eraportal.sk\/horizont-europa\/#organization\"},\"potentialAction\":[{\"@type\":\"SearchAction\",\"target\":{\"@type\":\"EntryPoint\",\"urlTemplate\":\"https:\/\/eraportal.sk\/horizont-europa\/?s={search_term_string}\"},\"query-input\":{\"@type\":\"PropertyValueSpecification\",\"valueRequired\":true,\"valueName\":\"search_term_string\"}}],\"inLanguage\":\"sk-SK\"},{\"@type\":\"Organization\",\"@id\":\"https:\/\/eraportal.sk\/horizont-europa\/#organization\",\"name\":\"Horizont Eur\u00f3pa\",\"url\":\"https:\/\/eraportal.sk\/horizont-europa\/\",\"logo\":{\"@type\":\"ImageObject\",\"inLanguage\":\"sk-SK\",\"@id\":\"https:\/\/eraportal.sk\/horizont-europa\/#\/schema\/logo\/image\/\",\"url\":\"https:\/\/eraportal.sk\/horizont-europa\/wp-content\/uploads\/sites\/4\/2024\/02\/Favicon_HEU.png\",\"contentUrl\":\"https:\/\/eraportal.sk\/horizont-europa\/wp-content\/uploads\/sites\/4\/2024\/02\/Favicon_HEU.png\",\"width\":512,\"height\":512,\"caption\":\"Horizont Eur\u00f3pa\"},\"image\":{\"@id\":\"https:\/\/eraportal.sk\/horizont-europa\/#\/schema\/logo\/image\/\"}}]}<\/script>\n<!-- \/ Yoast SEO plugin. -->","yoast_head_json":{"title":"\u010co m\u00f4\u017eete o\u010dak\u00e1va\u0165 vo v\u00fdzvach ERC na rok 2026? - Horizont Eur\u00f3pa","robots":{"index":"index","follow":"follow","max-snippet":"max-snippet:-1","max-image-preview":"max-image-preview:large","max-video-preview":"max-video-preview:-1"},"canonical":"https:\/\/eraportal.sk\/horizont-europa\/aktualita\/co-mozete-ocakavat-vo-vyzvach-erc-na-rok-2026\/","og_locale":"sk_SK","og_type":"article","og_title":"\u010co m\u00f4\u017eete o\u010dak\u00e1va\u0165 vo v\u00fdzvach ERC na rok 2026? - Horizont Eur\u00f3pa","og_description":"ERC pokra\u010duje v predstavovan\u00ed zmien v pracovnom programe na rok 2026","og_url":"https:\/\/eraportal.sk\/horizont-europa\/aktualita\/co-mozete-ocakavat-vo-vyzvach-erc-na-rok-2026\/","og_site_name":"Horizont Eur\u00f3pa","og_image":[{"width":1350,"height":810,"url":"https:\/\/eraportal.sk\/horizont-europa\/wp-content\/uploads\/sites\/4\/2025\/06\/erc-logo-new-website_1_0.png","type":"image\/png"}],"twitter_card":"summary_large_image","schema":{"@context":"https:\/\/schema.org","@graph":[{"@type":"WebPage","@id":"https:\/\/eraportal.sk\/horizont-europa\/aktualita\/co-mozete-ocakavat-vo-vyzvach-erc-na-rok-2026\/","url":"https:\/\/eraportal.sk\/horizont-europa\/aktualita\/co-mozete-ocakavat-vo-vyzvach-erc-na-rok-2026\/","name":"\u010co m\u00f4\u017eete o\u010dak\u00e1va\u0165 vo v\u00fdzvach ERC na rok 2026? - Horizont Eur\u00f3pa","isPartOf":{"@id":"https:\/\/eraportal.sk\/horizont-europa\/#website"},"primaryImageOfPage":{"@id":"https:\/\/eraportal.sk\/horizont-europa\/aktualita\/co-mozete-ocakavat-vo-vyzvach-erc-na-rok-2026\/#primaryimage"},"image":{"@id":"https:\/\/eraportal.sk\/horizont-europa\/aktualita\/co-mozete-ocakavat-vo-vyzvach-erc-na-rok-2026\/#primaryimage"},"thumbnailUrl":"https:\/\/eraportal.sk\/horizont-europa\/wp-content\/uploads\/sites\/4\/2025\/06\/erc-logo-new-website_1_0-300x180.png","datePublished":"2025-09-03T11:54:28+00:00","breadcrumb":{"@id":"https:\/\/eraportal.sk\/horizont-europa\/aktualita\/co-mozete-ocakavat-vo-vyzvach-erc-na-rok-2026\/#breadcrumb"},"inLanguage":"sk-SK","potentialAction":[{"@type":"ReadAction","target":["https:\/\/eraportal.sk\/horizont-europa\/aktualita\/co-mozete-ocakavat-vo-vyzvach-erc-na-rok-2026\/"]}]},{"@type":"ImageObject","inLanguage":"sk-SK","@id":"https:\/\/eraportal.sk\/horizont-europa\/aktualita\/co-mozete-ocakavat-vo-vyzvach-erc-na-rok-2026\/#primaryimage","url":"https:\/\/eraportal.sk\/horizont-europa\/wp-content\/uploads\/sites\/4\/2025\/06\/erc-logo-new-website_1_0.png","contentUrl":"https:\/\/eraportal.sk\/horizont-europa\/wp-content\/uploads\/sites\/4\/2025\/06\/erc-logo-new-website_1_0.png","width":1350,"height":810},{"@type":"BreadcrumbList","@id":"https:\/\/eraportal.sk\/horizont-europa\/aktualita\/co-mozete-ocakavat-vo-vyzvach-erc-na-rok-2026\/#breadcrumb","itemListElement":[{"@type":"ListItem","position":1,"name":"Domovsk\u00e1 str\u00e1nka","item":"https:\/\/eraportal.sk\/horizont-europa\/"},{"@type":"ListItem","position":2,"name":"Aktuality","item":"https:\/\/eraportal.sk\/horizont-europa\/aktuality-archiv\/"},{"@type":"ListItem","position":3,"name":"\u010co m\u00f4\u017eete o\u010dak\u00e1va\u0165 vo v\u00fdzvach ERC na rok 2026?"}]},{"@type":"WebSite","@id":"https:\/\/eraportal.sk\/horizont-europa\/#website","url":"https:\/\/eraportal.sk\/horizont-europa\/","name":"Horizont Eur\u00f3pa","description":"","publisher":{"@id":"https:\/\/eraportal.sk\/horizont-europa\/#organization"},"potentialAction":[{"@type":"SearchAction","target":{"@type":"EntryPoint","urlTemplate":"https:\/\/eraportal.sk\/horizont-europa\/?s={search_term_string}"},"query-input":{"@type":"PropertyValueSpecification","valueRequired":true,"valueName":"search_term_string"}}],"inLanguage":"sk-SK"},{"@type":"Organization","@id":"https:\/\/eraportal.sk\/horizont-europa\/#organization","name":"Horizont Eur\u00f3pa","url":"https:\/\/eraportal.sk\/horizont-europa\/","logo":{"@type":"ImageObject","inLanguage":"sk-SK","@id":"https:\/\/eraportal.sk\/horizont-europa\/#\/schema\/logo\/image\/","url":"https:\/\/eraportal.sk\/horizont-europa\/wp-content\/uploads\/sites\/4\/2024\/02\/Favicon_HEU.png","contentUrl":"https:\/\/eraportal.sk\/horizont-europa\/wp-content\/uploads\/sites\/4\/2024\/02\/Favicon_HEU.png","width":512,"height":512,"caption":"Horizont Eur\u00f3pa"},"image":{"@id":"https:\/\/eraportal.sk\/horizont-europa\/#\/schema\/logo\/image\/"}}]}},"acf":{"nadpis":"\u010co m\u00f4\u017eete o\u010dak\u00e1va\u0165 vo v\u00fdzvach ERC na rok 2026?","opis":"<img class=\" wp-image-27476 aligncenter\" src=\"https:\/\/eraportal.sk\/horizont-europa\/wp-content\/uploads\/sites\/4\/2025\/06\/erc-logo-new-website_1_0-300x180.png\" alt=\"\" width=\"318\" height=\"191\" \/>\r\n<p class=\"tw-data-text\"><span class=\"y2iqfc\">V lete 2025 Eur\u00f3pska rada pre v\u00fdskum (ERC) zverejnila <\/span><strong>Pracovn\u00fd program ERC na rok 202, <\/strong><span class=\"y2iqfc\">v r\u00e1mci ktor\u00e9ho sa uplat\u0148uj\u00fa <strong>viacer\u00e9 zmeny t\u00fdkaj\u00face sa samotnej \u0161trukt\u00fary formul\u00e1ru projektov\u00e9ho n\u00e1vrhu, hodnotiaceho procesu ale aj opr\u00e1vnenosti \u017eiadate\u013eov<\/strong> a pod.\u00a0<\/span><\/p>\r\n<p class=\"tw-data-text\"><span class=\"y2iqfc\">V nadv\u00e4znosti na zavedenie viacer\u00fdch zmien, <strong>ERC organizuje s\u00e9riu webin\u00e1rov a online podujat\u00ed<\/strong>, ktor\u00e9 sa zaoberaj\u00fa t\u00fdmito zmenami a ich cie\u013eom je bli\u017e\u0161ie vysvetli\u0165 jednotliv\u00e9 zmeny a ich pretavenie sa do praktick\u00fdch krokov a procesov. <\/span><\/p>\r\n<p class=\"tw-data-text\"><span class=\"y2iqfc\">D\u0148a 10.7.2025 sa konal <\/span><strong>webin\u00e1r <a href=\"https:\/\/erc.europa.eu\/news-events\/events\/webinar-erc-work-programme-2026-part-1\">Webinar on ERC Work Programme 2026 - PART1<\/a>,<\/strong> po\u010das ktor\u00e9ho boli predstaven\u00e9 <strong><a href=\"https:\/\/erc.europa.eu\/news-events\/news\/changes-2026-and-2027-work-programmes\">najnov\u0161ie zmeny<\/a><\/strong><span class=\"y2iqfc\"> v r\u00e1mci grantov\u00fdch sch\u00e9m ERC a Pracovn\u00e9ho programu ERC na rok 2026. Webin\u00e1r bol ur\u010den\u00fd <strong>prioritne pre vedcov, ktor\u00ed nemaj\u00fa doposia\u013e sk\u00fasenosti s ERC<\/strong> a grantov\u00fdmi mo\u017enos\u0165ami ERC Z\u00e1znam z webin\u00e1ra je zverejnen\u00fd na linku vy\u0161\u0161ie.\u00a0<\/span><\/p>\r\n<p class=\"tw-data-text\"><span class=\"y2iqfc\"><strong>D\u0148a 11.9.2025 ERC pokra\u010duje<\/strong> druhou \u010das\u0165ou tohto webin\u00e1ra <a href=\"https:\/\/erc.europa.eu\/news-events\/events\/webinar-erc-work-programme-2026-part-2\"><strong>Webinar on ERC Work Programme 2026 - Part 2<\/strong><\/a>, ktor\u00fd je ur\u010den\u00fd najm\u00e4 pre z\u00e1ujemcov, <strong>ktor\u00ed <\/strong><\/span><span class=\"y2iqfc\"><strong>u\u017e poznaj\u00fa financovanie ERC a ktor\u00ed sa chc\u00fa hlb\u0161ie\u00a0ponori\u0165 do \u0161pecifick\u00fdch zmien,<\/strong> pravidiel a mo\u017enost\u00ed v 2026.<\/span><\/p>\r\n<p class=\"tw-data-text\">\u010eal\u0161ie online podujatie pod n\u00e1zvom <strong><a href=\"https:\/\/erc.europa.eu\/news-events\/events\/erc-grants-what-expect-2026-calls\">ERC Grants: what to expect in 2026 calls<\/a>\u00a0<\/strong>sa uskuto\u010dn\u00ed d\u0148a <strong>24.9.2025. <\/strong>Podujatie sa zameria na to, <strong>ako sa zmeny v Pracovnom programe ERC na rok 2026 bud\u00fa vz\u0165ahova\u0165 na predkladanie \u017eiadost\u00ed a hodnotenie n\u00e1vrhov.\u00a0<\/strong><\/p>\r\nBli\u017e\u0161ie inform\u00e1cie k pl\u00e1novan\u00fdm webin\u00e1rom n\u00e1jdete tu:\r\n\r\n<a href=\"https:\/\/eraportal.sk\/horizont-europa\/podujatie\/webinar-on-erc-work-programme-2026-2-cast\/\"><strong>Webinar on ERC Work Programme 2026 \u2013 2. \u010das\u0165<\/strong><\/a>\r\n\r\n<a href=\"https:\/\/eraportal.sk\/horizont-europa\/podujatie\/erc-granty-co-ocakavat-vo-vyzvach-na-rok-2026\/\"><strong>ERC granty: \u010do o\u010dak\u00e1va\u0165 vo v\u00fdzvach na rok 2026<\/strong><\/a>\r\n\r\n&nbsp;\r\n\r\nZdroj: ERC, NKH, 3.9.2025, dau\r\n\r\n&nbsp;\r\n\r\n&nbsp;\r\n\r\n&nbsp;","kratky_opis":"ERC pokra\u010duje v predstavovan\u00ed zmien v pracovnom programe na rok 2026","oblast":["177"],"zobrazit_velke_v_newsletteri":true,"reminder":false,"newsletter_thumbnail":27476},"_links":{"self":[{"href":"https:\/\/eraportal.sk\/horizont-europa\/wp-json\/wp\/v2\/aktuality\/28176","targetHints":{"allow":["GET"]}}],"collection":[{"href":"https:\/\/eraportal.sk\/horizont-europa\/wp-json\/wp\/v2\/aktuality"}],"about":[{"href":"https:\/\/eraportal.sk\/horizont-europa\/wp-json\/wp\/v2\/types\/aktualita"}],"acf:term":[{"embeddable":true,"taxonomy":"oblast-horizont","href":"https:\/\/eraportal.sk\/horizont-europa\/wp-json\/wp\/v2\/oblast-horizont\/177"}],"wp:attachment":[{"href":"https:\/\/eraportal.sk\/horizont-europa\/wp-json\/wp\/v2\/media?parent=28176"}],"wp:term":[{"taxonomy":"post_tag","embeddable":true,"href":"https:\/\/eraportal.sk\/horizont-europa\/wp-json\/wp\/v2\/tags?post=28176"},{"taxonomy":"oblast-horizont","embeddable":true,"href":"https:\/\/eraportal.sk\/horizont-europa\/wp-json\/wp\/v2\/oblast-horizont?post=28176"}],"curies":[{"name":"wp","href":"https:\/\/api.w.org\/{rel}","templated":true}]}}