    {"id":28135,"date":"2025-09-01T15:36:08","date_gmt":"2025-09-01T13:36:08","guid":{"rendered":"https:\/\/eraportal.sk\/horizont-europa\/?post_type=aktualita&#038;p=28135"},"modified":"2025-09-01T15:36:09","modified_gmt":"2025-09-01T13:36:09","slug":"divadlo-bez-domova-je-inspiraciou-napriec-europou","status":"publish","type":"aktualita","link":"https:\/\/eraportal.sk\/horizont-europa\/aktualita\/divadlo-bez-domova-je-inspiraciou-napriec-europou\/","featured_media":0,"template":"","tags":[427,436],"oblast-horizont":[182],"class_list":["post-28135","aktualita","type-aktualita","status-publish","hentry","tag-horizont-europa","tag-projekt","oblast-horizont-klaster-2-kultura-tvorivost-a-inkluzivna-spolocnost"],"yoast_head":"<!-- This site is optimized with the Yoast SEO plugin v24.4 - https:\/\/yoast.com\/wordpress\/plugins\/seo\/ -->\n<title>Divadlo bez domova je in\u0161pir\u00e1ciou naprie\u010d Eur\u00f3pou - Horizont Eur\u00f3pa<\/title>\n<meta name=\"description\" content=\"Divadlo bez domova je in\u0161pir\u00e1ciou naprie\u010d Eur\u00f3pou\" \/>\n<meta name=\"robots\" content=\"index, follow, max-snippet:-1, max-image-preview:large, max-video-preview:-1\" \/>\n<link rel=\"canonical\" href=\"https:\/\/eraportal.sk\/horizont-europa\/aktualita\/divadlo-bez-domova-je-inspiraciou-napriec-europou\/\" \/>\n<meta property=\"og:locale\" content=\"sk_SK\" \/>\n<meta property=\"og:type\" content=\"article\" \/>\n<meta property=\"og:title\" content=\"Divadlo bez domova je in\u0161pir\u00e1ciou naprie\u010d Eur\u00f3pou - Horizont Eur\u00f3pa\" \/>\n<meta property=\"og:description\" content=\"Divadlo bez domova je in\u0161pir\u00e1ciou naprie\u010d Eur\u00f3pou\" \/>\n<meta property=\"og:url\" content=\"https:\/\/eraportal.sk\/horizont-europa\/aktualita\/divadlo-bez-domova-je-inspiraciou-napriec-europou\/\" \/>\n<meta property=\"og:site_name\" content=\"Horizont Eur\u00f3pa\" \/>\n<meta property=\"article:modified_time\" content=\"2025-09-01T13:36:09+00:00\" \/>\n<meta name=\"twitter:card\" content=\"summary_large_image\" \/>\n<script type=\"application\/ld+json\" class=\"yoast-schema-graph\">{\"@context\":\"https:\/\/schema.org\",\"@graph\":[{\"@type\":\"WebPage\",\"@id\":\"https:\/\/eraportal.sk\/horizont-europa\/aktualita\/divadlo-bez-domova-je-inspiraciou-napriec-europou\/\",\"url\":\"https:\/\/eraportal.sk\/horizont-europa\/aktualita\/divadlo-bez-domova-je-inspiraciou-napriec-europou\/\",\"name\":\"Divadlo bez domova je in\u0161pir\u00e1ciou naprie\u010d Eur\u00f3pou - Horizont Eur\u00f3pa\",\"isPartOf\":{\"@id\":\"https:\/\/eraportal.sk\/horizont-europa\/#website\"},\"datePublished\":\"2025-09-01T13:36:08+00:00\",\"dateModified\":\"2025-09-01T13:36:09+00:00\",\"description\":\"Divadlo bez domova je in\u0161pir\u00e1ciou naprie\u010d Eur\u00f3pou\",\"breadcrumb\":{\"@id\":\"https:\/\/eraportal.sk\/horizont-europa\/aktualita\/divadlo-bez-domova-je-inspiraciou-napriec-europou\/#breadcrumb\"},\"inLanguage\":\"sk-SK\",\"potentialAction\":[{\"@type\":\"ReadAction\",\"target\":[\"https:\/\/eraportal.sk\/horizont-europa\/aktualita\/divadlo-bez-domova-je-inspiraciou-napriec-europou\/\"]}]},{\"@type\":\"BreadcrumbList\",\"@id\":\"https:\/\/eraportal.sk\/horizont-europa\/aktualita\/divadlo-bez-domova-je-inspiraciou-napriec-europou\/#breadcrumb\",\"itemListElement\":[{\"@type\":\"ListItem\",\"position\":1,\"name\":\"Domovsk\u00e1 str\u00e1nka\",\"item\":\"https:\/\/eraportal.sk\/horizont-europa\/\"},{\"@type\":\"ListItem\",\"position\":2,\"name\":\"Aktuality\",\"item\":\"https:\/\/eraportal.sk\/horizont-europa\/aktuality-archiv\/\"},{\"@type\":\"ListItem\",\"position\":3,\"name\":\"Divadlo bez domova je in\u0161pir\u00e1ciou naprie\u010d Eur\u00f3pou\"}]},{\"@type\":\"WebSite\",\"@id\":\"https:\/\/eraportal.sk\/horizont-europa\/#website\",\"url\":\"https:\/\/eraportal.sk\/horizont-europa\/\",\"name\":\"Horizont Eur\u00f3pa\",\"description\":\"\",\"publisher\":{\"@id\":\"https:\/\/eraportal.sk\/horizont-europa\/#organization\"},\"potentialAction\":[{\"@type\":\"SearchAction\",\"target\":{\"@type\":\"EntryPoint\",\"urlTemplate\":\"https:\/\/eraportal.sk\/horizont-europa\/?s={search_term_string}\"},\"query-input\":{\"@type\":\"PropertyValueSpecification\",\"valueRequired\":true,\"valueName\":\"search_term_string\"}}],\"inLanguage\":\"sk-SK\"},{\"@type\":\"Organization\",\"@id\":\"https:\/\/eraportal.sk\/horizont-europa\/#organization\",\"name\":\"Horizont Eur\u00f3pa\",\"url\":\"https:\/\/eraportal.sk\/horizont-europa\/\",\"logo\":{\"@type\":\"ImageObject\",\"inLanguage\":\"sk-SK\",\"@id\":\"https:\/\/eraportal.sk\/horizont-europa\/#\/schema\/logo\/image\/\",\"url\":\"https:\/\/eraportal.sk\/horizont-europa\/wp-content\/uploads\/sites\/4\/2024\/02\/Favicon_HEU.png\",\"contentUrl\":\"https:\/\/eraportal.sk\/horizont-europa\/wp-content\/uploads\/sites\/4\/2024\/02\/Favicon_HEU.png\",\"width\":512,\"height\":512,\"caption\":\"Horizont Eur\u00f3pa\"},\"image\":{\"@id\":\"https:\/\/eraportal.sk\/horizont-europa\/#\/schema\/logo\/image\/\"}}]}<\/script>\n<!-- \/ Yoast SEO plugin. -->","yoast_head_json":{"title":"Divadlo bez domova je in\u0161pir\u00e1ciou naprie\u010d Eur\u00f3pou - Horizont Eur\u00f3pa","description":"Divadlo bez domova je in\u0161pir\u00e1ciou naprie\u010d Eur\u00f3pou","robots":{"index":"index","follow":"follow","max-snippet":"max-snippet:-1","max-image-preview":"max-image-preview:large","max-video-preview":"max-video-preview:-1"},"canonical":"https:\/\/eraportal.sk\/horizont-europa\/aktualita\/divadlo-bez-domova-je-inspiraciou-napriec-europou\/","og_locale":"sk_SK","og_type":"article","og_title":"Divadlo bez domova je in\u0161pir\u00e1ciou naprie\u010d Eur\u00f3pou - Horizont Eur\u00f3pa","og_description":"Divadlo bez domova je in\u0161pir\u00e1ciou naprie\u010d Eur\u00f3pou","og_url":"https:\/\/eraportal.sk\/horizont-europa\/aktualita\/divadlo-bez-domova-je-inspiraciou-napriec-europou\/","og_site_name":"Horizont Eur\u00f3pa","article_modified_time":"2025-09-01T13:36:09+00:00","twitter_card":"summary_large_image","schema":{"@context":"https:\/\/schema.org","@graph":[{"@type":"WebPage","@id":"https:\/\/eraportal.sk\/horizont-europa\/aktualita\/divadlo-bez-domova-je-inspiraciou-napriec-europou\/","url":"https:\/\/eraportal.sk\/horizont-europa\/aktualita\/divadlo-bez-domova-je-inspiraciou-napriec-europou\/","name":"Divadlo bez domova je in\u0161pir\u00e1ciou naprie\u010d Eur\u00f3pou - Horizont Eur\u00f3pa","isPartOf":{"@id":"https:\/\/eraportal.sk\/horizont-europa\/#website"},"datePublished":"2025-09-01T13:36:08+00:00","dateModified":"2025-09-01T13:36:09+00:00","description":"Divadlo bez domova je in\u0161pir\u00e1ciou naprie\u010d Eur\u00f3pou","breadcrumb":{"@id":"https:\/\/eraportal.sk\/horizont-europa\/aktualita\/divadlo-bez-domova-je-inspiraciou-napriec-europou\/#breadcrumb"},"inLanguage":"sk-SK","potentialAction":[{"@type":"ReadAction","target":["https:\/\/eraportal.sk\/horizont-europa\/aktualita\/divadlo-bez-domova-je-inspiraciou-napriec-europou\/"]}]},{"@type":"BreadcrumbList","@id":"https:\/\/eraportal.sk\/horizont-europa\/aktualita\/divadlo-bez-domova-je-inspiraciou-napriec-europou\/#breadcrumb","itemListElement":[{"@type":"ListItem","position":1,"name":"Domovsk\u00e1 str\u00e1nka","item":"https:\/\/eraportal.sk\/horizont-europa\/"},{"@type":"ListItem","position":2,"name":"Aktuality","item":"https:\/\/eraportal.sk\/horizont-europa\/aktuality-archiv\/"},{"@type":"ListItem","position":3,"name":"Divadlo bez domova je in\u0161pir\u00e1ciou naprie\u010d Eur\u00f3pou"}]},{"@type":"WebSite","@id":"https:\/\/eraportal.sk\/horizont-europa\/#website","url":"https:\/\/eraportal.sk\/horizont-europa\/","name":"Horizont Eur\u00f3pa","description":"","publisher":{"@id":"https:\/\/eraportal.sk\/horizont-europa\/#organization"},"potentialAction":[{"@type":"SearchAction","target":{"@type":"EntryPoint","urlTemplate":"https:\/\/eraportal.sk\/horizont-europa\/?s={search_term_string}"},"query-input":{"@type":"PropertyValueSpecification","valueRequired":true,"valueName":"search_term_string"}}],"inLanguage":"sk-SK"},{"@type":"Organization","@id":"https:\/\/eraportal.sk\/horizont-europa\/#organization","name":"Horizont Eur\u00f3pa","url":"https:\/\/eraportal.sk\/horizont-europa\/","logo":{"@type":"ImageObject","inLanguage":"sk-SK","@id":"https:\/\/eraportal.sk\/horizont-europa\/#\/schema\/logo\/image\/","url":"https:\/\/eraportal.sk\/horizont-europa\/wp-content\/uploads\/sites\/4\/2024\/02\/Favicon_HEU.png","contentUrl":"https:\/\/eraportal.sk\/horizont-europa\/wp-content\/uploads\/sites\/4\/2024\/02\/Favicon_HEU.png","width":512,"height":512,"caption":"Horizont Eur\u00f3pa"},"image":{"@id":"https:\/\/eraportal.sk\/horizont-europa\/#\/schema\/logo\/image\/"}}]}},"acf":{"nadpis":"Divadlo bez domova je in\u0161pir\u00e1ciou naprie\u010d Eur\u00f3pou","opis":"<div class=\"elementor-element elementor-element-4311cb8 elementor-widget elementor-widget-text-editor\" data-id=\"4311cb8\" data-element_type=\"widget\" data-widget_type=\"text-editor.default\">\r\n<div class=\"elementor-widget-container\">\r\n\r\n<em>\u201ePred dvomi rokmi n\u00e1s oslovil Nicolas, ve\u013emi \u0161ikovn\u00fd mu\u017e z Nov\u00e9ho Z\u00e9landu, ktor\u00fd pracuje na tamoj\u0161ej univerzite. Vraj dostal na n\u00e1s kontakt a tip od istej srbskej organiz\u00e1cie, s ktorou sme nieko\u013eko rokov spolupracovali. Nicolas h\u013eadal potenci\u00e1lneho partnera do projektu,\u201c<\/em> opisuje divadeln\u00fd re\u017eis\u00e9r a\u00a0princip\u00e1l <strong><a href=\"http:\/\/bbpt.divadlobezdomova.sk\/divadlobezdomova\/WELCOME.html\">Divadla bez domova<\/a>,<\/strong> Patrik Krebs, cestu k programu <strong>Horizont Eur\u00f3pa<\/strong>. Predch\u00e1dzalo jej ve\u013ea ne\u010dakan\u00fdch okamihov, ale najm\u00e4 mno\u017estvo tvorivej pr\u00e1ce.\r\n\r\nZnie to ne\u010dakane, ale pr\u00edle\u017eitos\u0165ou pre umenie s\u00fa aj s\u00fa\u010dasn\u00e9 migra\u010dn\u00e9 vlny a s nimi spojen\u00e9 v\u00fdzvy na soci\u00e1lne za\u010dle\u0148ovanie, zachovanie rozmanitosti a z\u00e1rove\u0148 s\u00fadr\u017enosti. Pr\u00e1ve v Divadle bez domova maj\u00fa s inkl\u00faziou a prekon\u00e1van\u00edm z\u00e1\u0165a\u017eov\u00fdch situ\u00e1ci\u00ed dlhoro\u010dn\u00e9 sk\u00fasenosti. <em>\u201ePon\u00fakame postupy, ktor\u00e9 m\u00f4\u017eu in\u0161pirova\u0165 aj \u013eud\u00ed pracuj\u00facich v inej oblasti, napr\u00edklad s de\u0165mi z\u00a0vyl\u00fa\u010den\u00fdch komun\u00edt alebo nekompletn\u00fdch rod\u00edn. Na\u0161ou pr\u00e1cou ich chceme motivova\u0165 a vzdel\u00e1va\u0165,\u201c<\/em> hovor\u00ed Patrik Krebs. Pr\u00e1ve <strong>sk\u00faman\u00edm r\u00f4znych umeleck\u00fdch met\u00f3d<\/strong> sa daj\u00fa <strong>zlep\u0161i\u0165 medzikult\u00farne kompetencie<\/strong> a\u00a0<strong>posilni\u0165 inkl\u00fazia det\u00ed a\u00a0mlad\u00fdch \u013eud\u00ed<\/strong> v\u00a0Eur\u00f3pe aj mimo nej.\r\n\r\nV Divadle spo\u010diatku v\u00e1hali, \u010di maj\u00fa ponuku do <strong><a href=\"https:\/\/cordis.europa.eu\/project\/id\/101177351\">projektu INTRACOMP<\/a><\/strong> prija\u0165 \u2013 a to aj napriek tomu, \u017ee ide o etablovan\u00fa zna\u010dku bratislavsk\u00e9ho umeleck\u00e9ho \u017eivota. Sk\u00fasenosti mali toti\u017e najm\u00e4 s ove\u013ea men\u0161\u00edmi projektmi a ke\u010f\u017ee dbaj\u00fa na svoju dobr\u00fa poves\u0165 a renom\u00e9, nechceli s\u013e\u00fabi\u0165 nie\u010do, \u010do by nesk\u00f4r nemohli splni\u0165. <em>\u201eNeboli sme si celkom ist\u00ed, \u010di v\u00f4bec sa m\u00e1me odv\u00e1\u017ei\u0165 na tak\u00fato ve\u013ek\u00fa spolupr\u00e1cu. Tak\u017ee okrem in\u00e9ho sme Nicolasa pozvali k n\u00e1m, aby n\u00e1s e\u0161te v pr\u00edpravnej f\u00e1ze nav\u0161t\u00edvil osobne. A vtedy sme dostali definit\u00edvnu ponuku \u2013 a radi sme na \u0148u zareagovali. Dnes mus\u00edm skon\u0161tatova\u0165, \u017ee sme ve\u013emi radi, \u017ee sme sa odv\u00e1\u017eili,\u201c<\/em> kon\u0161tatuje Patrik Krebs.\r\n\r\nAktu\u00e1lne inform\u00e1cie o v\u00fdzvach, kontakty a podujatia t\u00fdkaj\u00face sa programu <strong>Horizont Eur\u00f3pa<\/strong> n\u00e1jdete <a href=\"https:\/\/eraportal.sk\/horizont-europa\/\">na na\u0161ej webstr\u00e1nke. <\/a>\r\n\r\nText a video: L\u00fddia Kokavcov\u00e1\r\n\r\n<\/div>\r\n<\/div>\r\n<div class=\"elementor-element elementor-element-45e59ba elementor-widget elementor-widget-video\" data-id=\"45e59ba\" data-element_type=\"widget\" data-settings=\"{&quot;video_type&quot;:&quot;hosted&quot;,&quot;controls&quot;:&quot;yes&quot;}\" data-widget_type=\"video.default\">\r\n<div class=\"elementor-widget-container\">\r\n<div class=\"e-hosted-video elementor-wrapper elementor-open-inline\">\r\n\r\n[video width=\"1920\" height=\"1080\" mp4=\"https:\/\/eraportal.sk\/horizont-europa\/wp-content\/uploads\/sites\/4\/2025\/08\/Divadlo-bez-domova6.mp4\"][\/video]\r\n\r\n<\/div>\r\n<\/div>\r\n<\/div>","kratky_opis":"Sk\u00fasenosti \u00faspe\u0161n\u00e9ho projektu schv\u00e1len\u00e9ho v r\u00e1mci Klastra 2: Kult\u00fara, tvorivos\u0165 a inkl\u00fazia","oblast":["182"],"zobrazit_velke_v_newsletteri":false,"reminder":false,"newsletter_thumbnail":""},"_links":{"self":[{"href":"https:\/\/eraportal.sk\/horizont-europa\/wp-json\/wp\/v2\/aktuality\/28135","targetHints":{"allow":["GET"]}}],"collection":[{"href":"https:\/\/eraportal.sk\/horizont-europa\/wp-json\/wp\/v2\/aktuality"}],"about":[{"href":"https:\/\/eraportal.sk\/horizont-europa\/wp-json\/wp\/v2\/types\/aktualita"}],"acf:term":[{"embeddable":true,"taxonomy":"oblast-horizont","href":"https:\/\/eraportal.sk\/horizont-europa\/wp-json\/wp\/v2\/oblast-horizont\/182"}],"wp:attachment":[{"href":"https:\/\/eraportal.sk\/horizont-europa\/wp-json\/wp\/v2\/media?parent=28135"}],"wp:term":[{"taxonomy":"post_tag","embeddable":true,"href":"https:\/\/eraportal.sk\/horizont-europa\/wp-json\/wp\/v2\/tags?post=28135"},{"taxonomy":"oblast-horizont","embeddable":true,"href":"https:\/\/eraportal.sk\/horizont-europa\/wp-json\/wp\/v2\/oblast-horizont?post=28135"}],"curies":[{"name":"wp","href":"https:\/\/api.w.org\/{rel}","templated":true}]}}