    {"id":28126,"date":"2025-08-28T12:32:33","date_gmt":"2025-08-28T10:32:33","guid":{"rendered":"https:\/\/eraportal.sk\/horizont-europa\/?post_type=aktualita&#038;p=28126"},"modified":"2025-08-28T12:32:33","modified_gmt":"2025-08-28T10:32:33","slug":"eic-hlada-novych-programovych-manazerov","status":"publish","type":"aktualita","link":"https:\/\/eraportal.sk\/horizont-europa\/aktualita\/eic-hlada-novych-programovych-manazerov\/","featured_media":28127,"template":"","tags":[382],"oblast-horizont":[176],"class_list":["post-28126","aktualita","type-aktualita","status-publish","has-post-thumbnail","hentry","tag-vyzva","oblast-horizont-europska-rada-pre-inovacie-eic"],"yoast_head":"<!-- This site is optimized with the Yoast SEO plugin v24.4 - https:\/\/yoast.com\/wordpress\/plugins\/seo\/ -->\n<title>EIC h\u013ead\u00e1 nov\u00fdch programov\u00fdch mana\u017e\u00e9rov - Horizont Eur\u00f3pa<\/title>\n<meta name=\"robots\" content=\"index, follow, max-snippet:-1, max-image-preview:large, max-video-preview:-1\" \/>\n<link rel=\"canonical\" href=\"https:\/\/eraportal.sk\/horizont-europa\/aktualita\/eic-hlada-novych-programovych-manazerov\/\" \/>\n<meta property=\"og:locale\" content=\"sk_SK\" \/>\n<meta property=\"og:type\" content=\"article\" \/>\n<meta property=\"og:title\" content=\"EIC h\u013ead\u00e1 nov\u00fdch programov\u00fdch mana\u017e\u00e9rov - Horizont Eur\u00f3pa\" \/>\n<meta property=\"og:description\" content=\"Pridajte sa k EIC ako programov\u00fd mana\u017e\u00e9r v strategick\u00fdch technologick\u00fdch oblastiach.\" \/>\n<meta property=\"og:url\" content=\"https:\/\/eraportal.sk\/horizont-europa\/aktualita\/eic-hlada-novych-programovych-manazerov\/\" \/>\n<meta property=\"og:site_name\" content=\"Horizont Eur\u00f3pa\" \/>\n<meta property=\"og:image\" content=\"https:\/\/eraportal.sk\/horizont-europa\/wp-content\/uploads\/sites\/4\/2025\/08\/12.png\" \/>\n\t<meta property=\"og:image:width\" content=\"3200\" \/>\n\t<meta property=\"og:image:height\" content=\"1800\" \/>\n\t<meta property=\"og:image:type\" content=\"image\/png\" \/>\n<meta name=\"twitter:card\" content=\"summary_large_image\" \/>\n<meta name=\"twitter:label1\" content=\"Predpokladan\u00fd \u010das \u010d\u00edtania\" \/>\n\t<meta name=\"twitter:data1\" content=\"1 min\u00fata\" \/>\n<script type=\"application\/ld+json\" class=\"yoast-schema-graph\">{\"@context\":\"https:\/\/schema.org\",\"@graph\":[{\"@type\":\"WebPage\",\"@id\":\"https:\/\/eraportal.sk\/horizont-europa\/aktualita\/eic-hlada-novych-programovych-manazerov\/\",\"url\":\"https:\/\/eraportal.sk\/horizont-europa\/aktualita\/eic-hlada-novych-programovych-manazerov\/\",\"name\":\"EIC h\u013ead\u00e1 nov\u00fdch programov\u00fdch mana\u017e\u00e9rov - Horizont Eur\u00f3pa\",\"isPartOf\":{\"@id\":\"https:\/\/eraportal.sk\/horizont-europa\/#website\"},\"primaryImageOfPage\":{\"@id\":\"https:\/\/eraportal.sk\/horizont-europa\/aktualita\/eic-hlada-novych-programovych-manazerov\/#primaryimage\"},\"image\":{\"@id\":\"https:\/\/eraportal.sk\/horizont-europa\/aktualita\/eic-hlada-novych-programovych-manazerov\/#primaryimage\"},\"thumbnailUrl\":\"https:\/\/eraportal.sk\/horizont-europa\/wp-content\/uploads\/sites\/4\/2025\/08\/12.png\",\"datePublished\":\"2025-08-28T10:32:33+00:00\",\"breadcrumb\":{\"@id\":\"https:\/\/eraportal.sk\/horizont-europa\/aktualita\/eic-hlada-novych-programovych-manazerov\/#breadcrumb\"},\"inLanguage\":\"sk-SK\",\"potentialAction\":[{\"@type\":\"ReadAction\",\"target\":[\"https:\/\/eraportal.sk\/horizont-europa\/aktualita\/eic-hlada-novych-programovych-manazerov\/\"]}]},{\"@type\":\"ImageObject\",\"inLanguage\":\"sk-SK\",\"@id\":\"https:\/\/eraportal.sk\/horizont-europa\/aktualita\/eic-hlada-novych-programovych-manazerov\/#primaryimage\",\"url\":\"https:\/\/eraportal.sk\/horizont-europa\/wp-content\/uploads\/sites\/4\/2025\/08\/12.png\",\"contentUrl\":\"https:\/\/eraportal.sk\/horizont-europa\/wp-content\/uploads\/sites\/4\/2025\/08\/12.png\",\"width\":3200,\"height\":1800},{\"@type\":\"BreadcrumbList\",\"@id\":\"https:\/\/eraportal.sk\/horizont-europa\/aktualita\/eic-hlada-novych-programovych-manazerov\/#breadcrumb\",\"itemListElement\":[{\"@type\":\"ListItem\",\"position\":1,\"name\":\"Domovsk\u00e1 str\u00e1nka\",\"item\":\"https:\/\/eraportal.sk\/horizont-europa\/\"},{\"@type\":\"ListItem\",\"position\":2,\"name\":\"Aktuality\",\"item\":\"https:\/\/eraportal.sk\/horizont-europa\/aktuality-archiv\/\"},{\"@type\":\"ListItem\",\"position\":3,\"name\":\"EIC h\u013ead\u00e1 nov\u00fdch programov\u00fdch mana\u017e\u00e9rov\"}]},{\"@type\":\"WebSite\",\"@id\":\"https:\/\/eraportal.sk\/horizont-europa\/#website\",\"url\":\"https:\/\/eraportal.sk\/horizont-europa\/\",\"name\":\"Horizont Eur\u00f3pa\",\"description\":\"\",\"publisher\":{\"@id\":\"https:\/\/eraportal.sk\/horizont-europa\/#organization\"},\"potentialAction\":[{\"@type\":\"SearchAction\",\"target\":{\"@type\":\"EntryPoint\",\"urlTemplate\":\"https:\/\/eraportal.sk\/horizont-europa\/?s={search_term_string}\"},\"query-input\":{\"@type\":\"PropertyValueSpecification\",\"valueRequired\":true,\"valueName\":\"search_term_string\"}}],\"inLanguage\":\"sk-SK\"},{\"@type\":\"Organization\",\"@id\":\"https:\/\/eraportal.sk\/horizont-europa\/#organization\",\"name\":\"Horizont Eur\u00f3pa\",\"url\":\"https:\/\/eraportal.sk\/horizont-europa\/\",\"logo\":{\"@type\":\"ImageObject\",\"inLanguage\":\"sk-SK\",\"@id\":\"https:\/\/eraportal.sk\/horizont-europa\/#\/schema\/logo\/image\/\",\"url\":\"https:\/\/eraportal.sk\/horizont-europa\/wp-content\/uploads\/sites\/4\/2024\/02\/Favicon_HEU.png\",\"contentUrl\":\"https:\/\/eraportal.sk\/horizont-europa\/wp-content\/uploads\/sites\/4\/2024\/02\/Favicon_HEU.png\",\"width\":512,\"height\":512,\"caption\":\"Horizont Eur\u00f3pa\"},\"image\":{\"@id\":\"https:\/\/eraportal.sk\/horizont-europa\/#\/schema\/logo\/image\/\"}}]}<\/script>\n<!-- \/ Yoast SEO plugin. -->","yoast_head_json":{"title":"EIC h\u013ead\u00e1 nov\u00fdch programov\u00fdch mana\u017e\u00e9rov - Horizont Eur\u00f3pa","robots":{"index":"index","follow":"follow","max-snippet":"max-snippet:-1","max-image-preview":"max-image-preview:large","max-video-preview":"max-video-preview:-1"},"canonical":"https:\/\/eraportal.sk\/horizont-europa\/aktualita\/eic-hlada-novych-programovych-manazerov\/","og_locale":"sk_SK","og_type":"article","og_title":"EIC h\u013ead\u00e1 nov\u00fdch programov\u00fdch mana\u017e\u00e9rov - Horizont Eur\u00f3pa","og_description":"Pridajte sa k EIC ako programov\u00fd mana\u017e\u00e9r v strategick\u00fdch technologick\u00fdch oblastiach.","og_url":"https:\/\/eraportal.sk\/horizont-europa\/aktualita\/eic-hlada-novych-programovych-manazerov\/","og_site_name":"Horizont Eur\u00f3pa","og_image":[{"width":3200,"height":1800,"url":"https:\/\/eraportal.sk\/horizont-europa\/wp-content\/uploads\/sites\/4\/2025\/08\/12.png","type":"image\/png"}],"twitter_card":"summary_large_image","twitter_misc":{"Predpokladan\u00fd \u010das \u010d\u00edtania":"1 min\u00fata"},"schema":{"@context":"https:\/\/schema.org","@graph":[{"@type":"WebPage","@id":"https:\/\/eraportal.sk\/horizont-europa\/aktualita\/eic-hlada-novych-programovych-manazerov\/","url":"https:\/\/eraportal.sk\/horizont-europa\/aktualita\/eic-hlada-novych-programovych-manazerov\/","name":"EIC h\u013ead\u00e1 nov\u00fdch programov\u00fdch mana\u017e\u00e9rov - Horizont Eur\u00f3pa","isPartOf":{"@id":"https:\/\/eraportal.sk\/horizont-europa\/#website"},"primaryImageOfPage":{"@id":"https:\/\/eraportal.sk\/horizont-europa\/aktualita\/eic-hlada-novych-programovych-manazerov\/#primaryimage"},"image":{"@id":"https:\/\/eraportal.sk\/horizont-europa\/aktualita\/eic-hlada-novych-programovych-manazerov\/#primaryimage"},"thumbnailUrl":"https:\/\/eraportal.sk\/horizont-europa\/wp-content\/uploads\/sites\/4\/2025\/08\/12.png","datePublished":"2025-08-28T10:32:33+00:00","breadcrumb":{"@id":"https:\/\/eraportal.sk\/horizont-europa\/aktualita\/eic-hlada-novych-programovych-manazerov\/#breadcrumb"},"inLanguage":"sk-SK","potentialAction":[{"@type":"ReadAction","target":["https:\/\/eraportal.sk\/horizont-europa\/aktualita\/eic-hlada-novych-programovych-manazerov\/"]}]},{"@type":"ImageObject","inLanguage":"sk-SK","@id":"https:\/\/eraportal.sk\/horizont-europa\/aktualita\/eic-hlada-novych-programovych-manazerov\/#primaryimage","url":"https:\/\/eraportal.sk\/horizont-europa\/wp-content\/uploads\/sites\/4\/2025\/08\/12.png","contentUrl":"https:\/\/eraportal.sk\/horizont-europa\/wp-content\/uploads\/sites\/4\/2025\/08\/12.png","width":3200,"height":1800},{"@type":"BreadcrumbList","@id":"https:\/\/eraportal.sk\/horizont-europa\/aktualita\/eic-hlada-novych-programovych-manazerov\/#breadcrumb","itemListElement":[{"@type":"ListItem","position":1,"name":"Domovsk\u00e1 str\u00e1nka","item":"https:\/\/eraportal.sk\/horizont-europa\/"},{"@type":"ListItem","position":2,"name":"Aktuality","item":"https:\/\/eraportal.sk\/horizont-europa\/aktuality-archiv\/"},{"@type":"ListItem","position":3,"name":"EIC h\u013ead\u00e1 nov\u00fdch programov\u00fdch mana\u017e\u00e9rov"}]},{"@type":"WebSite","@id":"https:\/\/eraportal.sk\/horizont-europa\/#website","url":"https:\/\/eraportal.sk\/horizont-europa\/","name":"Horizont Eur\u00f3pa","description":"","publisher":{"@id":"https:\/\/eraportal.sk\/horizont-europa\/#organization"},"potentialAction":[{"@type":"SearchAction","target":{"@type":"EntryPoint","urlTemplate":"https:\/\/eraportal.sk\/horizont-europa\/?s={search_term_string}"},"query-input":{"@type":"PropertyValueSpecification","valueRequired":true,"valueName":"search_term_string"}}],"inLanguage":"sk-SK"},{"@type":"Organization","@id":"https:\/\/eraportal.sk\/horizont-europa\/#organization","name":"Horizont Eur\u00f3pa","url":"https:\/\/eraportal.sk\/horizont-europa\/","logo":{"@type":"ImageObject","inLanguage":"sk-SK","@id":"https:\/\/eraportal.sk\/horizont-europa\/#\/schema\/logo\/image\/","url":"https:\/\/eraportal.sk\/horizont-europa\/wp-content\/uploads\/sites\/4\/2024\/02\/Favicon_HEU.png","contentUrl":"https:\/\/eraportal.sk\/horizont-europa\/wp-content\/uploads\/sites\/4\/2024\/02\/Favicon_HEU.png","width":512,"height":512,"caption":"Horizont Eur\u00f3pa"},"image":{"@id":"https:\/\/eraportal.sk\/horizont-europa\/#\/schema\/logo\/image\/"}}]}},"acf":{"nadpis":"EIC h\u013ead\u00e1 nov\u00fdch programov\u00fdch mana\u017e\u00e9rov ","opis":"<img class=\"alignnone  wp-image-28127\" src=\"https:\/\/eraportal.sk\/horizont-europa\/wp-content\/uploads\/sites\/4\/2025\/08\/12-300x169.png\" alt=\"\" width=\"502\" height=\"283\" \/>\r\n\r\n&nbsp;\r\n\r\n<strong><a href=\"https:\/\/eraportal.sk\/horizont-europa\/inovativna-europa\/europska-rada-pre-inovacie\/\">Eur\u00f3pska rada pre inov\u00e1cie (EIC)<\/a> a V\u00fdkonn\u00e1 agent\u00fara pre MSP (EISMEA)<\/strong> zah\u00e1jila v\u00fdberov\u00e9 konanie na prijatie <strong>\u0161iestich nov\u00fdch programov\u00fdch mana\u017e\u00e9rov<\/strong> a z\u00e1rove\u0148 na vytvorenie rezervn\u00e9ho zoznamu pre bud\u00face pr\u00edle\u017eitosti.\r\n\r\n<strong>Kto s\u00fa programov\u00ed mana\u017e\u00e9ri EIC?<\/strong>\r\n\r\nProgramov\u00ed mana\u017e\u00e9ri s\u00fa popredn\u00ed odborn\u00edci so siln\u00fdm vedeck\u00fdm, technologick\u00fdm a inova\u010dn\u00fdm z\u00e1zem\u00edm, najm\u00e4 v oblasti deep tech. Zohr\u00e1vaj\u00fa k\u013e\u00fa\u010dov\u00fa \u00falohu pri formovan\u00ed a realiz\u00e1cii prelomov\u00fdch iniciat\u00edv v oblasti vysoko rizikov\u00fdch a vysoko dopadov\u00fdch inov\u00e1ci\u00ed.\r\n\r\n\u00daspe\u0161n\u00ed kandid\u00e1ti sa stan\u00fa s\u00fa\u010das\u0165ou dynamick\u00e9ho t\u00edmu, v ktorom ka\u017ed\u00fd programov\u00fd mana\u017e\u00e9r vedie portf\u00f3lio v strategicky v\u00fdznamnej oblasti. Ich \u00faloha spo\u010d\u00edva v:\r\n<ul>\r\n \t<li>stanovovan\u00ed ambici\u00f3znych technologick\u00fdch cie\u013eov,<\/li>\r\n \t<li>sledovan\u00ed a predv\u00eddan\u00ed nov\u00fdch trendov,<\/li>\r\n \t<li>podpore prechodu od \u0161pi\u010dkov\u00e9ho v\u00fdskumu k transforma\u010dn\u00fdm inov\u00e1ci\u00e1m.<\/li>\r\n<\/ul>\r\n&nbsp;\r\n\r\n<strong>Uz\u00e1vierka prihl\u00e1\u0161ok:\u00a026. september 2025 o 12:00 (bruselsk\u00e9ho \u010dasu).<\/strong>\r\n\r\n&nbsp;\r\n\r\nViac inform\u00e1ci\u00ed n\u00e1jdete <a href=\"https:\/\/eic.ec.europa.eu\/news\/shape-future-innovation-europe-become-eic-programme-manager-2025-07-31_en\">TU<\/a>.\r\n\r\n&nbsp;\r\n\r\nZdroj: EK; 28. august 2025; pes\r\n\r\n&nbsp;\r\n\r\n&nbsp;","kratky_opis":"Pridajte sa k EIC ako programov\u00fd mana\u017e\u00e9r v strategick\u00fdch technologick\u00fdch oblastiach. ","oblast":["176"],"zobrazit_velke_v_newsletteri":false,"reminder":false,"newsletter_thumbnail":""},"_links":{"self":[{"href":"https:\/\/eraportal.sk\/horizont-europa\/wp-json\/wp\/v2\/aktuality\/28126","targetHints":{"allow":["GET"]}}],"collection":[{"href":"https:\/\/eraportal.sk\/horizont-europa\/wp-json\/wp\/v2\/aktuality"}],"about":[{"href":"https:\/\/eraportal.sk\/horizont-europa\/wp-json\/wp\/v2\/types\/aktualita"}],"acf:term":[{"embeddable":true,"taxonomy":"oblast-horizont","href":"https:\/\/eraportal.sk\/horizont-europa\/wp-json\/wp\/v2\/oblast-horizont\/176"}],"wp:featuredmedia":[{"embeddable":true,"href":"https:\/\/eraportal.sk\/horizont-europa\/wp-json\/wp\/v2\/media\/28127"}],"wp:attachment":[{"href":"https:\/\/eraportal.sk\/horizont-europa\/wp-json\/wp\/v2\/media?parent=28126"}],"wp:term":[{"taxonomy":"post_tag","embeddable":true,"href":"https:\/\/eraportal.sk\/horizont-europa\/wp-json\/wp\/v2\/tags?post=28126"},{"taxonomy":"oblast-horizont","embeddable":true,"href":"https:\/\/eraportal.sk\/horizont-europa\/wp-json\/wp\/v2\/oblast-horizont?post=28126"}],"curies":[{"name":"wp","href":"https:\/\/api.w.org\/{rel}","templated":true}]}}