    {"id":27846,"date":"2025-10-06T09:31:31","date_gmt":"2025-10-06T07:31:31","guid":{"rendered":"https:\/\/eraportal.sk\/horizont-europa\/?post_type=aktualita&#038;p=27846"},"modified":"2025-11-03T09:13:52","modified_gmt":"2025-11-03T08:13:52","slug":"stante-sa-sucastou-buduceho-neb-festivalu","status":"publish","type":"aktualita","link":"https:\/\/eraportal.sk\/horizont-europa\/aktualita\/stante-sa-sucastou-buduceho-neb-festivalu\/","featured_media":23513,"template":"","tags":[427,382],"oblast-horizont":[182,683],"class_list":["post-27846","aktualita","type-aktualita","status-publish","has-post-thumbnail","hentry","tag-horizont-europa","tag-vyzva","oblast-horizont-klaster-2-kultura-tvorivost-a-inkluzivna-spolocnost","oblast-horizont-novy-europsky-bauhaus"],"yoast_head":"<!-- This site is optimized with the Yoast SEO plugin v24.4 - https:\/\/yoast.com\/wordpress\/plugins\/seo\/ -->\n<title>Sta\u0148te sa s\u00fa\u010das\u0165ou bud\u00faceho NEB Festivalu - Horizont Eur\u00f3pa<\/title>\n<meta name=\"description\" content=\"NEB Festival\" \/>\n<meta name=\"robots\" content=\"index, follow, max-snippet:-1, max-image-preview:large, max-video-preview:-1\" \/>\n<link rel=\"canonical\" href=\"https:\/\/eraportal.sk\/horizont-europa\/aktualita\/stante-sa-sucastou-buduceho-neb-festivalu\/\" \/>\n<meta property=\"og:locale\" content=\"sk_SK\" \/>\n<meta property=\"og:type\" content=\"article\" \/>\n<meta property=\"og:title\" content=\"Sta\u0148te sa s\u00fa\u010das\u0165ou bud\u00faceho NEB Festivalu - Horizont Eur\u00f3pa\" \/>\n<meta property=\"og:description\" content=\"NEB Festival\" \/>\n<meta property=\"og:url\" content=\"https:\/\/eraportal.sk\/horizont-europa\/aktualita\/stante-sa-sucastou-buduceho-neb-festivalu\/\" \/>\n<meta property=\"og:site_name\" content=\"Horizont Eur\u00f3pa\" \/>\n<meta property=\"article:modified_time\" content=\"2025-11-03T08:13:52+00:00\" \/>\n<meta property=\"og:image\" content=\"https:\/\/eraportal.sk\/horizont-europa\/wp-content\/uploads\/sites\/4\/2024\/05\/thumb-600-252-bauhaus_logo.png\" \/>\n\t<meta property=\"og:image:width\" content=\"600\" \/>\n\t<meta property=\"og:image:height\" content=\"252\" \/>\n\t<meta property=\"og:image:type\" content=\"image\/png\" \/>\n<meta name=\"twitter:card\" content=\"summary_large_image\" \/>\n<meta name=\"twitter:label1\" content=\"Predpokladan\u00fd \u010das \u010d\u00edtania\" \/>\n\t<meta name=\"twitter:data1\" content=\"1 min\u00fata\" \/>\n<script type=\"application\/ld+json\" class=\"yoast-schema-graph\">{\"@context\":\"https:\/\/schema.org\",\"@graph\":[{\"@type\":\"WebPage\",\"@id\":\"https:\/\/eraportal.sk\/horizont-europa\/aktualita\/stante-sa-sucastou-buduceho-neb-festivalu\/\",\"url\":\"https:\/\/eraportal.sk\/horizont-europa\/aktualita\/stante-sa-sucastou-buduceho-neb-festivalu\/\",\"name\":\"Sta\u0148te sa s\u00fa\u010das\u0165ou bud\u00faceho NEB Festivalu - Horizont Eur\u00f3pa\",\"isPartOf\":{\"@id\":\"https:\/\/eraportal.sk\/horizont-europa\/#website\"},\"primaryImageOfPage\":{\"@id\":\"https:\/\/eraportal.sk\/horizont-europa\/aktualita\/stante-sa-sucastou-buduceho-neb-festivalu\/#primaryimage\"},\"image\":{\"@id\":\"https:\/\/eraportal.sk\/horizont-europa\/aktualita\/stante-sa-sucastou-buduceho-neb-festivalu\/#primaryimage\"},\"thumbnailUrl\":\"https:\/\/eraportal.sk\/horizont-europa\/wp-content\/uploads\/sites\/4\/2024\/05\/thumb-600-252-bauhaus_logo.png\",\"datePublished\":\"2025-10-06T07:31:31+00:00\",\"dateModified\":\"2025-11-03T08:13:52+00:00\",\"description\":\"NEB Festival\",\"breadcrumb\":{\"@id\":\"https:\/\/eraportal.sk\/horizont-europa\/aktualita\/stante-sa-sucastou-buduceho-neb-festivalu\/#breadcrumb\"},\"inLanguage\":\"sk-SK\",\"potentialAction\":[{\"@type\":\"ReadAction\",\"target\":[\"https:\/\/eraportal.sk\/horizont-europa\/aktualita\/stante-sa-sucastou-buduceho-neb-festivalu\/\"]}]},{\"@type\":\"ImageObject\",\"inLanguage\":\"sk-SK\",\"@id\":\"https:\/\/eraportal.sk\/horizont-europa\/aktualita\/stante-sa-sucastou-buduceho-neb-festivalu\/#primaryimage\",\"url\":\"https:\/\/eraportal.sk\/horizont-europa\/wp-content\/uploads\/sites\/4\/2024\/05\/thumb-600-252-bauhaus_logo.png\",\"contentUrl\":\"https:\/\/eraportal.sk\/horizont-europa\/wp-content\/uploads\/sites\/4\/2024\/05\/thumb-600-252-bauhaus_logo.png\",\"width\":600,\"height\":252},{\"@type\":\"BreadcrumbList\",\"@id\":\"https:\/\/eraportal.sk\/horizont-europa\/aktualita\/stante-sa-sucastou-buduceho-neb-festivalu\/#breadcrumb\",\"itemListElement\":[{\"@type\":\"ListItem\",\"position\":1,\"name\":\"Domovsk\u00e1 str\u00e1nka\",\"item\":\"https:\/\/eraportal.sk\/horizont-europa\/\"},{\"@type\":\"ListItem\",\"position\":2,\"name\":\"Aktuality\",\"item\":\"https:\/\/eraportal.sk\/horizont-europa\/aktuality-archiv\/\"},{\"@type\":\"ListItem\",\"position\":3,\"name\":\"Sta\u0148te sa s\u00fa\u010das\u0165ou bud\u00faceho NEB Festivalu\"}]},{\"@type\":\"WebSite\",\"@id\":\"https:\/\/eraportal.sk\/horizont-europa\/#website\",\"url\":\"https:\/\/eraportal.sk\/horizont-europa\/\",\"name\":\"Horizont Eur\u00f3pa\",\"description\":\"\",\"publisher\":{\"@id\":\"https:\/\/eraportal.sk\/horizont-europa\/#organization\"},\"potentialAction\":[{\"@type\":\"SearchAction\",\"target\":{\"@type\":\"EntryPoint\",\"urlTemplate\":\"https:\/\/eraportal.sk\/horizont-europa\/?s={search_term_string}\"},\"query-input\":{\"@type\":\"PropertyValueSpecification\",\"valueRequired\":true,\"valueName\":\"search_term_string\"}}],\"inLanguage\":\"sk-SK\"},{\"@type\":\"Organization\",\"@id\":\"https:\/\/eraportal.sk\/horizont-europa\/#organization\",\"name\":\"Horizont Eur\u00f3pa\",\"url\":\"https:\/\/eraportal.sk\/horizont-europa\/\",\"logo\":{\"@type\":\"ImageObject\",\"inLanguage\":\"sk-SK\",\"@id\":\"https:\/\/eraportal.sk\/horizont-europa\/#\/schema\/logo\/image\/\",\"url\":\"https:\/\/eraportal.sk\/horizont-europa\/wp-content\/uploads\/sites\/4\/2024\/02\/Favicon_HEU.png\",\"contentUrl\":\"https:\/\/eraportal.sk\/horizont-europa\/wp-content\/uploads\/sites\/4\/2024\/02\/Favicon_HEU.png\",\"width\":512,\"height\":512,\"caption\":\"Horizont Eur\u00f3pa\"},\"image\":{\"@id\":\"https:\/\/eraportal.sk\/horizont-europa\/#\/schema\/logo\/image\/\"}}]}<\/script>\n<!-- \/ Yoast SEO plugin. -->","yoast_head_json":{"title":"Sta\u0148te sa s\u00fa\u010das\u0165ou bud\u00faceho NEB Festivalu - Horizont Eur\u00f3pa","description":"NEB Festival","robots":{"index":"index","follow":"follow","max-snippet":"max-snippet:-1","max-image-preview":"max-image-preview:large","max-video-preview":"max-video-preview:-1"},"canonical":"https:\/\/eraportal.sk\/horizont-europa\/aktualita\/stante-sa-sucastou-buduceho-neb-festivalu\/","og_locale":"sk_SK","og_type":"article","og_title":"Sta\u0148te sa s\u00fa\u010das\u0165ou bud\u00faceho NEB Festivalu - Horizont Eur\u00f3pa","og_description":"NEB Festival","og_url":"https:\/\/eraportal.sk\/horizont-europa\/aktualita\/stante-sa-sucastou-buduceho-neb-festivalu\/","og_site_name":"Horizont Eur\u00f3pa","article_modified_time":"2025-11-03T08:13:52+00:00","og_image":[{"width":600,"height":252,"url":"https:\/\/eraportal.sk\/horizont-europa\/wp-content\/uploads\/sites\/4\/2024\/05\/thumb-600-252-bauhaus_logo.png","type":"image\/png"}],"twitter_card":"summary_large_image","twitter_misc":{"Predpokladan\u00fd \u010das \u010d\u00edtania":"1 min\u00fata"},"schema":{"@context":"https:\/\/schema.org","@graph":[{"@type":"WebPage","@id":"https:\/\/eraportal.sk\/horizont-europa\/aktualita\/stante-sa-sucastou-buduceho-neb-festivalu\/","url":"https:\/\/eraportal.sk\/horizont-europa\/aktualita\/stante-sa-sucastou-buduceho-neb-festivalu\/","name":"Sta\u0148te sa s\u00fa\u010das\u0165ou bud\u00faceho NEB Festivalu - Horizont Eur\u00f3pa","isPartOf":{"@id":"https:\/\/eraportal.sk\/horizont-europa\/#website"},"primaryImageOfPage":{"@id":"https:\/\/eraportal.sk\/horizont-europa\/aktualita\/stante-sa-sucastou-buduceho-neb-festivalu\/#primaryimage"},"image":{"@id":"https:\/\/eraportal.sk\/horizont-europa\/aktualita\/stante-sa-sucastou-buduceho-neb-festivalu\/#primaryimage"},"thumbnailUrl":"https:\/\/eraportal.sk\/horizont-europa\/wp-content\/uploads\/sites\/4\/2024\/05\/thumb-600-252-bauhaus_logo.png","datePublished":"2025-10-06T07:31:31+00:00","dateModified":"2025-11-03T08:13:52+00:00","description":"NEB Festival","breadcrumb":{"@id":"https:\/\/eraportal.sk\/horizont-europa\/aktualita\/stante-sa-sucastou-buduceho-neb-festivalu\/#breadcrumb"},"inLanguage":"sk-SK","potentialAction":[{"@type":"ReadAction","target":["https:\/\/eraportal.sk\/horizont-europa\/aktualita\/stante-sa-sucastou-buduceho-neb-festivalu\/"]}]},{"@type":"ImageObject","inLanguage":"sk-SK","@id":"https:\/\/eraportal.sk\/horizont-europa\/aktualita\/stante-sa-sucastou-buduceho-neb-festivalu\/#primaryimage","url":"https:\/\/eraportal.sk\/horizont-europa\/wp-content\/uploads\/sites\/4\/2024\/05\/thumb-600-252-bauhaus_logo.png","contentUrl":"https:\/\/eraportal.sk\/horizont-europa\/wp-content\/uploads\/sites\/4\/2024\/05\/thumb-600-252-bauhaus_logo.png","width":600,"height":252},{"@type":"BreadcrumbList","@id":"https:\/\/eraportal.sk\/horizont-europa\/aktualita\/stante-sa-sucastou-buduceho-neb-festivalu\/#breadcrumb","itemListElement":[{"@type":"ListItem","position":1,"name":"Domovsk\u00e1 str\u00e1nka","item":"https:\/\/eraportal.sk\/horizont-europa\/"},{"@type":"ListItem","position":2,"name":"Aktuality","item":"https:\/\/eraportal.sk\/horizont-europa\/aktuality-archiv\/"},{"@type":"ListItem","position":3,"name":"Sta\u0148te sa s\u00fa\u010das\u0165ou bud\u00faceho NEB Festivalu"}]},{"@type":"WebSite","@id":"https:\/\/eraportal.sk\/horizont-europa\/#website","url":"https:\/\/eraportal.sk\/horizont-europa\/","name":"Horizont Eur\u00f3pa","description":"","publisher":{"@id":"https:\/\/eraportal.sk\/horizont-europa\/#organization"},"potentialAction":[{"@type":"SearchAction","target":{"@type":"EntryPoint","urlTemplate":"https:\/\/eraportal.sk\/horizont-europa\/?s={search_term_string}"},"query-input":{"@type":"PropertyValueSpecification","valueRequired":true,"valueName":"search_term_string"}}],"inLanguage":"sk-SK"},{"@type":"Organization","@id":"https:\/\/eraportal.sk\/horizont-europa\/#organization","name":"Horizont Eur\u00f3pa","url":"https:\/\/eraportal.sk\/horizont-europa\/","logo":{"@type":"ImageObject","inLanguage":"sk-SK","@id":"https:\/\/eraportal.sk\/horizont-europa\/#\/schema\/logo\/image\/","url":"https:\/\/eraportal.sk\/horizont-europa\/wp-content\/uploads\/sites\/4\/2024\/02\/Favicon_HEU.png","contentUrl":"https:\/\/eraportal.sk\/horizont-europa\/wp-content\/uploads\/sites\/4\/2024\/02\/Favicon_HEU.png","width":512,"height":512,"caption":"Horizont Eur\u00f3pa"},"image":{"@id":"https:\/\/eraportal.sk\/horizont-europa\/#\/schema\/logo\/image\/"}}]}},"acf":{"nadpis":"Sta\u0148te sa s\u00fa\u010das\u0165ou bud\u00faceho NEB Festivalu","opis":"Eur\u00f3pska komisia organizuje tret\u00ed ro\u010dn\u00edk<strong><a href=\"https:\/\/new-european-bauhaus.europa.eu\/events\/festival_en\" target=\"_blank\" rel=\"noopener\"> Festivalu Nov\u00e9ho eur\u00f3pskeho Bauhausu<\/a><\/strong>, ktor\u00fd sa uskuto\u010dn\u00ed <strong>v Bruseli v d\u0148och 9. \u2013 13. j\u00fana 2026<\/strong>, a vy m\u00f4\u017eete by\u0165 jeho s\u00fa\u010das\u0165ou! NEB Festival je interdisciplin\u00e1rnym podujat\u00edm organizovan\u00fdm Eur\u00f3pskou komisiou, ktor\u00e9 sp\u00e1ja umenie, kult\u00faru, vedu, dizajn a udr\u017eate\u013enos\u0165.\r\n\r\nFestival NEB 2026 sa bude \u2013 popri \u010fal\u0161\u00edch t\u00e9mach \u2013 venova\u0165<strong> transforma\u010dnej sile demokratickej anga\u017eovanosti pri formovan\u00ed inkluz\u00edvnej\u0161\u00edch a udr\u017eate\u013enej\u0161\u00edch komun\u00edt<\/strong>. Zd\u00f4razn\u00ed, <strong>ako m\u00f4\u017eu akt\u00edvni ob\u010dania a miestne samospr\u00e1vy zohr\u00e1va\u0165 k\u013e\u00fa\u010dov\u00fa \u00falohu pri spoluvytv\u00e1ran\u00ed svojho prostredia<\/strong>, pri\u010dom osobitn\u00fd d\u00f4raz bude kladen\u00fd na dostupn\u00e9 b\u00fdvanie ako z\u00e1kladn\u00fd pilier demokratickej particip\u00e1cie.\r\n\r\nV s\u00falade s v\u00edziou NEB bude festival priestorom na prehodnotenie n\u00e1\u0161ho zastavan\u00e9ho prostredia \u2013 kde sa na prv\u00e9 miesto kladie \u017eivot, potom verejn\u00e9 priestory a a\u017e n\u00e1sledne budovy.\r\n\r\nFestival sa prv\u00fd raz uskuto\u010dnil v j\u00fani 2022, druh\u00fd kr\u00e1t v apr\u00edli 2024 a tretia ed\u00edcia je napl\u00e1novan\u00e1 na 9. a\u017e 13. j\u00fana 2026.\r\n\r\nFestival je zlo\u017een\u00fd zo \u0161tyroch hlavn\u00fdch \u010dast\u00ed:\r\n<ul>\r\n \t<li><strong>Forum<\/strong> \u2013 diskusie, predn\u00e1\u0161ky a panelov\u00e9 diskusie o d\u00f4le\u017eit\u00fdch t\u00e9mach NEB, ako s\u00fa b\u00fdvanie, krajina, voda \u010di udr\u017eate\u013en\u00e1 m\u00f3da<\/li>\r\n \t<li><strong>Fair<\/strong> \u2013 laborat\u00f3rium a v\u00fdstava, kde bud\u00fa prezentovan\u00e9 eur\u00f3pske projekty, inov\u00e1cie a prototypy v duchu NEB hodn\u00f4t<\/li>\r\n \t<li><strong>Fest<\/strong> \u2013 kult\u00farna oslava zahr\u0148uj\u00faca koncerty, vyst\u00fapenia, filmov\u00e9 ve\u010dery, tane\u010dn\u00e9 predstavenia a interakt\u00edvne aktivity<\/li>\r\n \t<li><strong>Satellite events<\/strong> \u2013 region\u00e1lne a tematick\u00e9 podujatia organizovan\u00e9 nez\u00e1visle naprie\u010d Eur\u00f3pou<\/li>\r\n<\/ul>\r\n&nbsp;\r\n\r\nFestival Nov\u00e9ho eur\u00f3pskeho Bauhausu predstavuje jedine\u010dn\u00e9 miesto, kde sa stret\u00e1va kreat\u00edvna sila kult\u00fary, architekt\u00fary, vedy a spolo\u010dnosti s v\u00edziou udr\u017eate\u013enej bud\u00facnosti. Podujatie buduje most medzi politikami, komunitami a umelcami a pon\u00faka priestor na dial\u00f3g, v\u00fdmenu sk\u00fasenost\u00ed a vz\u00e1jomn\u00e9 in\u0161pir\u00e1cie. Vyu\u017eite \u0161ancu zapoji\u0165 sa \u2013 \u010di u\u017e ako vystavovate\u013e, umelec, organiz\u00e1tor alebo nad\u0161enec, ktor\u00e9mu z\u00e1le\u017e\u00ed na vytv\u00e1ran\u00ed udr\u017eate\u013enej\u0161ej, inkluz\u00edvnej\u0161ej a kraj\u0161ej bud\u00facnosti. Teraz sa m\u00f4\u017eete prihl\u00e1si\u0165 na \u00fa\u010das\u0165 v \u010fal\u0161om ro\u010dn\u00edku Festivalu Nov\u00e9ho eur\u00f3pskeho Bauhausu:\r\n<ul>\r\n \t<li><strong>Predstavte svoj projekt v s\u00falade s hodnotami NEB \u2013 <\/strong>prihl\u00e1ste sa do sekcie<strong> Fair (pred\u013a\u017eenie uz\u00e1vierky: 15. okt\u00f3ber 2025)<\/strong><\/li>\r\n \t<li><strong>Pode\u013ete sa o svoje umeleck\u00e9 vyst\u00fapenie alebo kult\u00farnu aktivitu \u2013 <\/strong>prihl\u00e1ste sa do sekcie<strong> Fest (pred\u013a\u017eenie uz\u00e1vierky: 15. okt\u00f3ber 2025)<\/strong><\/li>\r\n \t<li><strong>Zorganizujte satelitn\u00e9 podujatie kdeko\u013evek v Eur\u00f3pe a mimo nej \u2013 <\/strong>prihl\u00e1ste sa do <strong>Satellite Events (uz\u00e1vierka: 31. december 2025)<\/strong><\/li>\r\n<\/ul>\r\n&nbsp;\r\n\r\n<a href=\"https:\/\/new-european-bauhaus.europa.eu\/events\/festival_en\" target=\"_blank\" rel=\"noopener\">NEB<\/a>, 30.7.2025 \/ aktualiz\u00e1cia 6.10.2025, elz","kratky_opis":"Uz\u00e1vierky prihl\u00e1\u0161ok do sekcie Fair a Fest pred\u013a\u017een\u00e9 do 15. okt\u00f3bra","oblast":["182","683"],"zobrazit_velke_v_newsletteri":true,"reminder":false,"newsletter_thumbnail":23513},"_links":{"self":[{"href":"https:\/\/eraportal.sk\/horizont-europa\/wp-json\/wp\/v2\/aktuality\/27846","targetHints":{"allow":["GET"]}}],"collection":[{"href":"https:\/\/eraportal.sk\/horizont-europa\/wp-json\/wp\/v2\/aktuality"}],"about":[{"href":"https:\/\/eraportal.sk\/horizont-europa\/wp-json\/wp\/v2\/types\/aktualita"}],"acf:term":[{"embeddable":true,"taxonomy":"oblast-horizont","href":"https:\/\/eraportal.sk\/horizont-europa\/wp-json\/wp\/v2\/oblast-horizont\/683"},{"embeddable":true,"taxonomy":"oblast-horizont","href":"https:\/\/eraportal.sk\/horizont-europa\/wp-json\/wp\/v2\/oblast-horizont\/182"}],"wp:featuredmedia":[{"embeddable":true,"href":"https:\/\/eraportal.sk\/horizont-europa\/wp-json\/wp\/v2\/media\/23513"}],"wp:attachment":[{"href":"https:\/\/eraportal.sk\/horizont-europa\/wp-json\/wp\/v2\/media?parent=27846"}],"wp:term":[{"taxonomy":"post_tag","embeddable":true,"href":"https:\/\/eraportal.sk\/horizont-europa\/wp-json\/wp\/v2\/tags?post=27846"},{"taxonomy":"oblast-horizont","embeddable":true,"href":"https:\/\/eraportal.sk\/horizont-europa\/wp-json\/wp\/v2\/oblast-horizont?post=27846"}],"curies":[{"name":"wp","href":"https:\/\/api.w.org\/{rel}","templated":true}]}}