    {"id":27770,"date":"2025-07-24T10:00:02","date_gmt":"2025-07-24T08:00:02","guid":{"rendered":"https:\/\/eraportal.sk\/horizont-europa\/?post_type=aktualita&#038;p=27770"},"modified":"2025-09-23T09:35:21","modified_gmt":"2025-09-23T07:35:21","slug":"vyzvy-v-klastri-5-otvorene-636-milionov-eur-na-vyskum-v-temach-klimy-energetiky-a-mobility","status":"publish","type":"aktualita","link":"https:\/\/eraportal.sk\/horizont-europa\/aktualita\/vyzvy-v-klastri-5-otvorene-636-milionov-eur-na-vyskum-v-temach-klimy-energetiky-a-mobility\/","featured_media":27771,"template":"","tags":[382],"oblast-horizont":[185],"class_list":["post-27770","aktualita","type-aktualita","status-publish","has-post-thumbnail","hentry","tag-vyzva","oblast-horizont-klaster-5-klima-energetika-a-mobilita"],"yoast_head":"<!-- This site is optimized with the Yoast SEO plugin v24.4 - https:\/\/yoast.com\/wordpress\/plugins\/seo\/ -->\n<title>V\u00fdzvy v klastri 5 otvoren\u00e9 \u2013 636 mili\u00f3nov EUR na v\u00fdskum v t\u00e9mach kl\u00edmy, energetiky a mobility! - Horizont Eur\u00f3pa<\/title>\n<meta name=\"robots\" content=\"index, follow, max-snippet:-1, max-image-preview:large, max-video-preview:-1\" \/>\n<link rel=\"canonical\" href=\"https:\/\/eraportal.sk\/horizont-europa\/aktualita\/vyzvy-v-klastri-5-otvorene-636-milionov-eur-na-vyskum-v-temach-klimy-energetiky-a-mobility\/\" \/>\n<meta property=\"og:locale\" content=\"sk_SK\" \/>\n<meta property=\"og:type\" content=\"article\" \/>\n<meta property=\"og:title\" content=\"V\u00fdzvy v klastri 5 otvoren\u00e9 \u2013 636 mili\u00f3nov EUR na v\u00fdskum v t\u00e9mach kl\u00edmy, energetiky a mobility! - Horizont Eur\u00f3pa\" \/>\n<meta property=\"og:description\" content=\"Prv\u00e9 uz\u00e1vierky dvojkolov\u00fdch v\u00fdziev u\u017e 2. septembra 2025!\" \/>\n<meta property=\"og:url\" content=\"https:\/\/eraportal.sk\/horizont-europa\/aktualita\/vyzvy-v-klastri-5-otvorene-636-milionov-eur-na-vyskum-v-temach-klimy-energetiky-a-mobility\/\" \/>\n<meta property=\"og:site_name\" content=\"Horizont Eur\u00f3pa\" \/>\n<meta property=\"article:modified_time\" content=\"2025-09-23T07:35:21+00:00\" \/>\n<meta property=\"og:image\" content=\"https:\/\/eraportal.sk\/horizont-europa\/wp-content\/uploads\/sites\/4\/2025\/07\/2025Calls.png\" \/>\n\t<meta property=\"og:image:width\" content=\"2560\" \/>\n\t<meta property=\"og:image:height\" content=\"1440\" \/>\n\t<meta property=\"og:image:type\" content=\"image\/png\" \/>\n<meta name=\"twitter:card\" content=\"summary_large_image\" \/>\n<meta name=\"twitter:label1\" content=\"Predpokladan\u00fd \u010das \u010d\u00edtania\" \/>\n\t<meta name=\"twitter:data1\" content=\"1 min\u00fata\" \/>\n<script type=\"application\/ld+json\" class=\"yoast-schema-graph\">{\"@context\":\"https:\/\/schema.org\",\"@graph\":[{\"@type\":\"WebPage\",\"@id\":\"https:\/\/eraportal.sk\/horizont-europa\/aktualita\/vyzvy-v-klastri-5-otvorene-636-milionov-eur-na-vyskum-v-temach-klimy-energetiky-a-mobility\/\",\"url\":\"https:\/\/eraportal.sk\/horizont-europa\/aktualita\/vyzvy-v-klastri-5-otvorene-636-milionov-eur-na-vyskum-v-temach-klimy-energetiky-a-mobility\/\",\"name\":\"V\u00fdzvy v klastri 5 otvoren\u00e9 \u2013 636 mili\u00f3nov EUR na v\u00fdskum v t\u00e9mach kl\u00edmy, energetiky a mobility! - Horizont Eur\u00f3pa\",\"isPartOf\":{\"@id\":\"https:\/\/eraportal.sk\/horizont-europa\/#website\"},\"primaryImageOfPage\":{\"@id\":\"https:\/\/eraportal.sk\/horizont-europa\/aktualita\/vyzvy-v-klastri-5-otvorene-636-milionov-eur-na-vyskum-v-temach-klimy-energetiky-a-mobility\/#primaryimage\"},\"image\":{\"@id\":\"https:\/\/eraportal.sk\/horizont-europa\/aktualita\/vyzvy-v-klastri-5-otvorene-636-milionov-eur-na-vyskum-v-temach-klimy-energetiky-a-mobility\/#primaryimage\"},\"thumbnailUrl\":\"https:\/\/eraportal.sk\/horizont-europa\/wp-content\/uploads\/sites\/4\/2025\/07\/2025Calls.png\",\"datePublished\":\"2025-07-24T08:00:02+00:00\",\"dateModified\":\"2025-09-23T07:35:21+00:00\",\"breadcrumb\":{\"@id\":\"https:\/\/eraportal.sk\/horizont-europa\/aktualita\/vyzvy-v-klastri-5-otvorene-636-milionov-eur-na-vyskum-v-temach-klimy-energetiky-a-mobility\/#breadcrumb\"},\"inLanguage\":\"sk-SK\",\"potentialAction\":[{\"@type\":\"ReadAction\",\"target\":[\"https:\/\/eraportal.sk\/horizont-europa\/aktualita\/vyzvy-v-klastri-5-otvorene-636-milionov-eur-na-vyskum-v-temach-klimy-energetiky-a-mobility\/\"]}]},{\"@type\":\"ImageObject\",\"inLanguage\":\"sk-SK\",\"@id\":\"https:\/\/eraportal.sk\/horizont-europa\/aktualita\/vyzvy-v-klastri-5-otvorene-636-milionov-eur-na-vyskum-v-temach-klimy-energetiky-a-mobility\/#primaryimage\",\"url\":\"https:\/\/eraportal.sk\/horizont-europa\/wp-content\/uploads\/sites\/4\/2025\/07\/2025Calls.png\",\"contentUrl\":\"https:\/\/eraportal.sk\/horizont-europa\/wp-content\/uploads\/sites\/4\/2025\/07\/2025Calls.png\",\"width\":2560,\"height\":1440},{\"@type\":\"BreadcrumbList\",\"@id\":\"https:\/\/eraportal.sk\/horizont-europa\/aktualita\/vyzvy-v-klastri-5-otvorene-636-milionov-eur-na-vyskum-v-temach-klimy-energetiky-a-mobility\/#breadcrumb\",\"itemListElement\":[{\"@type\":\"ListItem\",\"position\":1,\"name\":\"Domovsk\u00e1 str\u00e1nka\",\"item\":\"https:\/\/eraportal.sk\/horizont-europa\/\"},{\"@type\":\"ListItem\",\"position\":2,\"name\":\"Aktuality\",\"item\":\"https:\/\/eraportal.sk\/horizont-europa\/aktuality-archiv\/\"},{\"@type\":\"ListItem\",\"position\":3,\"name\":\"V\u00fdzvy v klastri 5 otvoren\u00e9 \u2013 636 mili\u00f3nov EUR na v\u00fdskum v t\u00e9mach kl\u00edmy, energetiky a mobility!\"}]},{\"@type\":\"WebSite\",\"@id\":\"https:\/\/eraportal.sk\/horizont-europa\/#website\",\"url\":\"https:\/\/eraportal.sk\/horizont-europa\/\",\"name\":\"Horizont Eur\u00f3pa\",\"description\":\"\",\"publisher\":{\"@id\":\"https:\/\/eraportal.sk\/horizont-europa\/#organization\"},\"potentialAction\":[{\"@type\":\"SearchAction\",\"target\":{\"@type\":\"EntryPoint\",\"urlTemplate\":\"https:\/\/eraportal.sk\/horizont-europa\/?s={search_term_string}\"},\"query-input\":{\"@type\":\"PropertyValueSpecification\",\"valueRequired\":true,\"valueName\":\"search_term_string\"}}],\"inLanguage\":\"sk-SK\"},{\"@type\":\"Organization\",\"@id\":\"https:\/\/eraportal.sk\/horizont-europa\/#organization\",\"name\":\"Horizont Eur\u00f3pa\",\"url\":\"https:\/\/eraportal.sk\/horizont-europa\/\",\"logo\":{\"@type\":\"ImageObject\",\"inLanguage\":\"sk-SK\",\"@id\":\"https:\/\/eraportal.sk\/horizont-europa\/#\/schema\/logo\/image\/\",\"url\":\"https:\/\/eraportal.sk\/horizont-europa\/wp-content\/uploads\/sites\/4\/2024\/02\/Favicon_HEU.png\",\"contentUrl\":\"https:\/\/eraportal.sk\/horizont-europa\/wp-content\/uploads\/sites\/4\/2024\/02\/Favicon_HEU.png\",\"width\":512,\"height\":512,\"caption\":\"Horizont Eur\u00f3pa\"},\"image\":{\"@id\":\"https:\/\/eraportal.sk\/horizont-europa\/#\/schema\/logo\/image\/\"}}]}<\/script>\n<!-- \/ Yoast SEO plugin. -->","yoast_head_json":{"title":"V\u00fdzvy v klastri 5 otvoren\u00e9 \u2013 636 mili\u00f3nov EUR na v\u00fdskum v t\u00e9mach kl\u00edmy, energetiky a mobility! - Horizont Eur\u00f3pa","robots":{"index":"index","follow":"follow","max-snippet":"max-snippet:-1","max-image-preview":"max-image-preview:large","max-video-preview":"max-video-preview:-1"},"canonical":"https:\/\/eraportal.sk\/horizont-europa\/aktualita\/vyzvy-v-klastri-5-otvorene-636-milionov-eur-na-vyskum-v-temach-klimy-energetiky-a-mobility\/","og_locale":"sk_SK","og_type":"article","og_title":"V\u00fdzvy v klastri 5 otvoren\u00e9 \u2013 636 mili\u00f3nov EUR na v\u00fdskum v t\u00e9mach kl\u00edmy, energetiky a mobility! - Horizont Eur\u00f3pa","og_description":"Prv\u00e9 uz\u00e1vierky dvojkolov\u00fdch v\u00fdziev u\u017e 2. septembra 2025!","og_url":"https:\/\/eraportal.sk\/horizont-europa\/aktualita\/vyzvy-v-klastri-5-otvorene-636-milionov-eur-na-vyskum-v-temach-klimy-energetiky-a-mobility\/","og_site_name":"Horizont Eur\u00f3pa","article_modified_time":"2025-09-23T07:35:21+00:00","og_image":[{"width":2560,"height":1440,"url":"https:\/\/eraportal.sk\/horizont-europa\/wp-content\/uploads\/sites\/4\/2025\/07\/2025Calls.png","type":"image\/png"}],"twitter_card":"summary_large_image","twitter_misc":{"Predpokladan\u00fd \u010das \u010d\u00edtania":"1 min\u00fata"},"schema":{"@context":"https:\/\/schema.org","@graph":[{"@type":"WebPage","@id":"https:\/\/eraportal.sk\/horizont-europa\/aktualita\/vyzvy-v-klastri-5-otvorene-636-milionov-eur-na-vyskum-v-temach-klimy-energetiky-a-mobility\/","url":"https:\/\/eraportal.sk\/horizont-europa\/aktualita\/vyzvy-v-klastri-5-otvorene-636-milionov-eur-na-vyskum-v-temach-klimy-energetiky-a-mobility\/","name":"V\u00fdzvy v klastri 5 otvoren\u00e9 \u2013 636 mili\u00f3nov EUR na v\u00fdskum v t\u00e9mach kl\u00edmy, energetiky a mobility! - Horizont Eur\u00f3pa","isPartOf":{"@id":"https:\/\/eraportal.sk\/horizont-europa\/#website"},"primaryImageOfPage":{"@id":"https:\/\/eraportal.sk\/horizont-europa\/aktualita\/vyzvy-v-klastri-5-otvorene-636-milionov-eur-na-vyskum-v-temach-klimy-energetiky-a-mobility\/#primaryimage"},"image":{"@id":"https:\/\/eraportal.sk\/horizont-europa\/aktualita\/vyzvy-v-klastri-5-otvorene-636-milionov-eur-na-vyskum-v-temach-klimy-energetiky-a-mobility\/#primaryimage"},"thumbnailUrl":"https:\/\/eraportal.sk\/horizont-europa\/wp-content\/uploads\/sites\/4\/2025\/07\/2025Calls.png","datePublished":"2025-07-24T08:00:02+00:00","dateModified":"2025-09-23T07:35:21+00:00","breadcrumb":{"@id":"https:\/\/eraportal.sk\/horizont-europa\/aktualita\/vyzvy-v-klastri-5-otvorene-636-milionov-eur-na-vyskum-v-temach-klimy-energetiky-a-mobility\/#breadcrumb"},"inLanguage":"sk-SK","potentialAction":[{"@type":"ReadAction","target":["https:\/\/eraportal.sk\/horizont-europa\/aktualita\/vyzvy-v-klastri-5-otvorene-636-milionov-eur-na-vyskum-v-temach-klimy-energetiky-a-mobility\/"]}]},{"@type":"ImageObject","inLanguage":"sk-SK","@id":"https:\/\/eraportal.sk\/horizont-europa\/aktualita\/vyzvy-v-klastri-5-otvorene-636-milionov-eur-na-vyskum-v-temach-klimy-energetiky-a-mobility\/#primaryimage","url":"https:\/\/eraportal.sk\/horizont-europa\/wp-content\/uploads\/sites\/4\/2025\/07\/2025Calls.png","contentUrl":"https:\/\/eraportal.sk\/horizont-europa\/wp-content\/uploads\/sites\/4\/2025\/07\/2025Calls.png","width":2560,"height":1440},{"@type":"BreadcrumbList","@id":"https:\/\/eraportal.sk\/horizont-europa\/aktualita\/vyzvy-v-klastri-5-otvorene-636-milionov-eur-na-vyskum-v-temach-klimy-energetiky-a-mobility\/#breadcrumb","itemListElement":[{"@type":"ListItem","position":1,"name":"Domovsk\u00e1 str\u00e1nka","item":"https:\/\/eraportal.sk\/horizont-europa\/"},{"@type":"ListItem","position":2,"name":"Aktuality","item":"https:\/\/eraportal.sk\/horizont-europa\/aktuality-archiv\/"},{"@type":"ListItem","position":3,"name":"V\u00fdzvy v klastri 5 otvoren\u00e9 \u2013 636 mili\u00f3nov EUR na v\u00fdskum v t\u00e9mach kl\u00edmy, energetiky a mobility!"}]},{"@type":"WebSite","@id":"https:\/\/eraportal.sk\/horizont-europa\/#website","url":"https:\/\/eraportal.sk\/horizont-europa\/","name":"Horizont Eur\u00f3pa","description":"","publisher":{"@id":"https:\/\/eraportal.sk\/horizont-europa\/#organization"},"potentialAction":[{"@type":"SearchAction","target":{"@type":"EntryPoint","urlTemplate":"https:\/\/eraportal.sk\/horizont-europa\/?s={search_term_string}"},"query-input":{"@type":"PropertyValueSpecification","valueRequired":true,"valueName":"search_term_string"}}],"inLanguage":"sk-SK"},{"@type":"Organization","@id":"https:\/\/eraportal.sk\/horizont-europa\/#organization","name":"Horizont Eur\u00f3pa","url":"https:\/\/eraportal.sk\/horizont-europa\/","logo":{"@type":"ImageObject","inLanguage":"sk-SK","@id":"https:\/\/eraportal.sk\/horizont-europa\/#\/schema\/logo\/image\/","url":"https:\/\/eraportal.sk\/horizont-europa\/wp-content\/uploads\/sites\/4\/2024\/02\/Favicon_HEU.png","contentUrl":"https:\/\/eraportal.sk\/horizont-europa\/wp-content\/uploads\/sites\/4\/2024\/02\/Favicon_HEU.png","width":512,"height":512,"caption":"Horizont Eur\u00f3pa"},"image":{"@id":"https:\/\/eraportal.sk\/horizont-europa\/#\/schema\/logo\/image\/"}}]}},"acf":{"nadpis":"V\u00fdzvy v klastri 5 otvoren\u00e9 \u2013 636 mili\u00f3nov EUR na v\u00fdskum v t\u00e9mach kl\u00edmy, energetiky a mobility!","opis":"<p data-start=\"318\" data-end=\"582\"><strong data-start=\"318\" data-end=\"338\">Eur\u00f3pska komisia<\/strong> otvorila nov\u00e9 v\u00fdzvy na predkladanie projektov\u00fdch n\u00e1vrhov v r\u00e1mci <strong data-start=\"404\" data-end=\"498\">pracovn\u00e9ho programu Horizont Eur\u00f3pa na rok 2025 \u2013 Klaster 5 (Kl\u00edma, energetika a mobilita)<\/strong>. Celkovo je na tieto v\u00fdzvy vy\u010dlenen\u00fdch <strong data-start=\"538\" data-end=\"567\">viac ako 636 mili\u00f3nov EUR<\/strong> z rozpo\u010dtu E\u00da!<\/p>\r\n\r\n<h3 data-start=\"584\" data-end=\"615\">\ud83d\udca1 \u010co pokr\u00fdvaj\u00fa nov\u00e9 v\u00fdzvy?<\/h3>\r\n<p data-start=\"617\" data-end=\"719\">Financovanie podpor\u00ed v\u00fdskum a inova\u010dn\u00e9 projekty v r\u00e1mci t\u00fdchto <strong data-start=\"680\" data-end=\"719\">tematick\u00fdch oblast\u00ed (Destinations):<\/strong><\/p>\r\n\r\n<h4 data-start=\"721\" data-end=\"787\">1. \ud83d\udd04 <em data-start=\"732\" data-end=\"785\">Cross-sectoral solutions for the climate transition<\/em><\/h4>\r\n<p data-start=\"788\" data-end=\"960\">\u2013 V\u00fdzvy: <strong data-start=\"797\" data-end=\"820\">HORIZON-CL5-2025-02<\/strong>, <strong data-start=\"822\" data-end=\"845\">HORIZON-CL5-2025-06<\/strong>, <strong data-start=\"847\" data-end=\"880\">HORIZON-CL5-2025-01-Two-Stage<\/strong><br data-start=\"880\" data-end=\"883\" \/>\u27a1\ufe0f Rie\u0161enia prep\u00e1jaj\u00face sektory na podporu prechodu na klimatick\u00fa neutralitu.<\/p>\r\n\r\n<h4 data-start=\"962\" data-end=\"1058\">2. \ud83c\udf21\ufe0f <em data-start=\"974\" data-end=\"1056\">Climate sciences and responses for the transformation towards climate neutrality<\/em><\/h4>\r\n<p data-start=\"1059\" data-end=\"1190\">\u2013 V\u00fdzvy: <strong data-start=\"1068\" data-end=\"1091\">HORIZON-CL5-2025-06<\/strong>, <strong data-start=\"1093\" data-end=\"1126\">HORIZON-CL5-2025-05-Two-Stage<\/strong><br data-start=\"1126\" data-end=\"1129\" \/>\u27a1\ufe0f V\u00fdskum kl\u00edmy a inovat\u00edvne adapta\u010dn\u00e9 a mitiga\u010dn\u00e9 strat\u00e9gie.<\/p>\r\n\r\n<h4 data-start=\"1192\" data-end=\"1255\">3. \u26a1 <em data-start=\"1202\" data-end=\"1253\">Sustainable, secure and competitive energy supply<\/em><\/h4>\r\n<p data-start=\"1256\" data-end=\"1425\">\u2013 V\u00fdzvy: <strong data-start=\"1265\" data-end=\"1288\">HORIZON-CL5-2025-02<\/strong>, <strong data-start=\"1290\" data-end=\"1323\">HORIZON-CL5-2025-01-Two-Stage<\/strong><br data-start=\"1323\" data-end=\"1326\" \/>\u27a1\ufe0f Podpora OZE, integr\u00e1cie energetick\u00fdch syst\u00e9mov, bezpe\u010dnosti dod\u00e1vok a energetickej efekt\u00edvnosti.<\/p>\r\n\r\n<h4 data-start=\"1427\" data-end=\"1497\">4. \ud83d\ude84 <em data-start=\"1438\" data-end=\"1495\">Clean and competitive solutions for all transport modes<\/em><\/h4>\r\n<p data-start=\"1498\" data-end=\"1654\">\u2013 V\u00fdzvy: <strong data-start=\"1507\" data-end=\"1530\">HORIZON-CL5-2025-04<\/strong>, <strong data-start=\"1532\" data-end=\"1565\">HORIZON-CL5-2025-03-Two-Stage<\/strong><br data-start=\"1565\" data-end=\"1568\" \/>\u27a1\ufe0f Dekarboniz\u00e1cia dopravy \u2013 vr\u00e1tane cestnej, \u017eelezni\u010dnej, n\u00e1mornej a leteckej dopravy.<\/p>\r\n\r\n<h4 data-start=\"1656\" data-end=\"1724\">5. \ud83d\ude9a <em data-start=\"1667\" data-end=\"1722\">Safe, Resilient Transport and Smart Mobility services<\/em><\/h4>\r\n<p data-start=\"1725\" data-end=\"1821\">\u2013 V\u00fdzva: <strong data-start=\"1734\" data-end=\"1757\">HORIZON-CL5-2025-04<\/strong><br data-start=\"1757\" data-end=\"1760\" \/>\u27a1\ufe0f Inovat\u00edvne a bezpe\u010dn\u00e9 rie\u0161enia pre mobilitu os\u00f4b a tovaru.<\/p>\r\nPodrobnosti k v\u00fdzvam:\r\n<div class=\"ecl-table-responsive\">\r\n<table class=\"ecl-table\">\r\n<tbody class=\"ecl-table__body\">\r\n<tr class=\"ecl-table__row\">\r\n<td style=\"text-align: center\"><strong>v\u00fdzva<\/strong><\/td>\r\n<td style=\"text-align: center\"><strong>po\u010det t\u00e9m\u00a0<\/strong><\/td>\r\n<td style=\"text-align: center\"><strong>typy akci\u00ed<\/strong><\/td>\r\n<td>\r\n<p style=\"text-align: center\"><strong>uz\u00e1vierka 1. kola <\/strong><\/p>\r\n<p style=\"text-align: center\"><strong>pre two-stage v\u00fdzvy<\/strong><\/p>\r\n<\/td>\r\n<td><strong>uz\u00e1vierka 2.kola\u00a0<\/strong><\/td>\r\n<td style=\"text-align: center\"><strong>Rozpo\u010det na v\u00fdzvu<\/strong><\/td>\r\n<\/tr>\r\n<tr class=\"ecl-table__row\">\r\n<td><a href=\"https:\/\/ec.europa.eu\/info\/funding-tenders\/opportunities\/portal\/screen\/opportunities\/calls-for-proposals?callIdentifier=HORIZON-CL5-2025-02&amp;isExactMatch=true&amp;status=31094501,31094502,31094503&amp;order=DESC&amp;pageNumber=1&amp;pageSize=50&amp;sortBy=startDate\">HORIZON-CL5-2025-02<\/a><\/td>\r\n<td style=\"text-align: center\">18<\/td>\r\n<td style=\"text-align: center\">RIAs, CSAs, IAs, Programme Cofund Actions<\/td>\r\n<td style=\"text-align: center\">-<\/td>\r\n<td style=\"text-align: center\"><strong>02\/09\/2025<\/strong><\/td>\r\n<td style=\"text-align: center\">274 000 000<\/td>\r\n<\/tr>\r\n<tr class=\"ecl-table__row\">\r\n<td><a href=\"https:\/\/ec.europa.eu\/info\/funding-tenders\/opportunities\/portal\/screen\/opportunities\/calls-for-proposals?callIdentifier=HORIZON-CL5-2025-04&amp;isExactMatch=true&amp;status=31094501,31094502,31094503&amp;order=DESC&amp;pageNumber=1&amp;pageSize=50&amp;sortBy=startDate\">HORIZON-CL5-2025-04\u00a0<\/a><\/td>\r\n<td style=\"text-align: center\">21<\/td>\r\n<td style=\"text-align: center\">RIAs, CSAs, IAs<\/td>\r\n<td style=\"text-align: center\">-<\/td>\r\n<td style=\"text-align: center\"><strong>04\/09\/2025<\/strong><\/td>\r\n<td style=\"text-align: center\">174 100 000<\/td>\r\n<\/tr>\r\n<tr class=\"ecl-table__row\">\r\n<td><a href=\"https:\/\/ec.europa.eu\/info\/funding-tenders\/opportunities\/portal\/screen\/opportunities\/calls-for-proposals?callIdentifier=HORIZON-CL5-2025-06&amp;isExactMatch=true&amp;status=31094501,31094502,31094503&amp;order=DESC&amp;pageNumber=1&amp;pageSize=50&amp;sortBy=startDate\">HORIZON-CL5-2025-06<\/a><\/td>\r\n<td style=\"text-align: center\">7<\/td>\r\n<td style=\"text-align: center\">RIAs, CSAs, Programme Cofund Actions<\/td>\r\n<td style=\"text-align: center\">-<\/td>\r\n<td style=\"text-align: center\"><strong>23\/09\/2025<\/strong><\/td>\r\n<td style=\"text-align: center\">139 500 000<\/td>\r\n<\/tr>\r\n<tr class=\"ecl-table__row\">\r\n<td><a href=\"https:\/\/ec.europa.eu\/info\/funding-tenders\/opportunities\/portal\/screen\/opportunities\/calls-for-proposals?callIdentifier=HORIZON-CL5-2025-01-Two-Stage&amp;isExactMatch=true&amp;status=31094501,31094502,31094503&amp;order=DESC&amp;pageNumber=1&amp;pageSize=50&amp;sortBy=startDate\">HORIZON-CL5-2025-01-Two-Stage<\/a><\/td>\r\n<td style=\"text-align: center\">2<\/td>\r\n<td style=\"text-align: center\">RIAs<\/td>\r\n<td style=\"text-align: center\"><strong>02\/09\/2025<\/strong><\/td>\r\n<td style=\"text-align: center\">31\/03\/2026<\/td>\r\n<td style=\"text-align: center\">24 000 000<\/td>\r\n<\/tr>\r\n<tr class=\"ecl-table__row\">\r\n<td><a href=\"https:\/\/ec.europa.eu\/info\/funding-tenders\/opportunities\/portal\/screen\/opportunities\/calls-for-proposals?order=DESC&amp;pageNumber=1&amp;pageSize=50&amp;sortBy=startDate&amp;isExactMatch=true&amp;status=31094501,31094502,31094503&amp;frameworkProgramme=43108390&amp;callIdentifier=HORIZON-CL5-2025-05-Two-Stage\">HORIZON-CL5-2025-05-Two-Stage<\/a><\/td>\r\n<td style=\"text-align: center\">1<\/td>\r\n<td style=\"text-align: center\">RIA<\/td>\r\n<td style=\"text-align: center\"><strong>04\/09\/2025<\/strong><\/td>\r\n<td style=\"text-align: center\">31\/03\/2026<\/td>\r\n<td style=\"text-align: center\">18 000 000<\/td>\r\n<\/tr>\r\n<tr class=\"ecl-table__row\">\r\n<td><a href=\"https:\/\/ec.europa.eu\/info\/funding-tenders\/opportunities\/portal\/screen\/opportunities\/calls-for-proposals?order=DESC&amp;pageNumber=1&amp;pageSize=50&amp;sortBy=startDate&amp;isExactMatch=true&amp;status=31094501,31094502,31094503&amp;frameworkProgramme=43108390&amp;callIdentifier=HORIZON-CL5-2025-03-Two-Stage\">HORIZON-CL5-2025-03-Two-Stage<\/a><\/td>\r\n<td style=\"text-align: center\">1<\/td>\r\n<td style=\"text-align: center\">RIA<\/td>\r\n<td style=\"text-align: center\"><strong>04\/09\/2025<\/strong><\/td>\r\n<td style=\"text-align: center\">14\/04\/2026<\/td>\r\n<td style=\"text-align: center\">7 000 000<\/td>\r\n<\/tr>\r\n<\/tbody>\r\n<\/table>\r\n<\/div>\r\n<h2 data-start=\"1828\" data-end=\"1850\">\ud83e\udded Ako poda\u0165 n\u00e1vrh?<\/h2>\r\n<ul data-start=\"1852\" data-end=\"2356\">\r\n \t<li data-start=\"1852\" data-end=\"1994\">\r\n<p data-start=\"1854\" data-end=\"1994\">V\u0161etky aktu\u00e1lne v\u00fdzvy n\u00e1jdete na tomto webe a na <strong data-start=\"1887\" data-end=\"1993\"><a class=\"\" href=\"https:\/\/ec.europa.eu\/info\/funding-tenders\/opportunities\/portal\/screen\/home\" target=\"_new\" rel=\"noopener\" data-start=\"1889\" data-end=\"1991\">Funding &amp; Tenders Portal<\/a><\/strong>.<\/p>\r\n<\/li>\r\n \t<li data-start=\"1995\" data-end=\"2356\">\r\n<p data-start=\"1997\" data-end=\"2013\">D\u00f4le\u017eit\u00e9 dokumenty k v\u00fdzvam:<\/p>\r\n\r\n<ul data-start=\"2016\" data-end=\"2356\">\r\n \t<li data-start=\"2016\" data-end=\"2092\">\r\n<p data-start=\"2018\" data-end=\"2092\"><strong data-start=\"2018\" data-end=\"2035\"><a href=\"https:\/\/ec.europa.eu\/info\/funding-tenders\/opportunities\/docs\/2021-2027\/common\/guidance\/om_en.pdf\" target=\"_blank\" rel=\"noopener\">Online Manual<\/a><\/strong> \u2013 praktick\u00fd n\u00e1vod od podania n\u00e1vrhu a\u017e po spr\u00e1vu grantu.<\/p>\r\n<\/li>\r\n \t<li data-start=\"2095\" data-end=\"2184\">\r\n<p data-start=\"2097\" data-end=\"2184\"><a href=\"https:\/\/ec.europa.eu\/info\/funding-tenders\/opportunities\/docs\/2021-2027\/horizon\/guidance\/programme-guide_horizon_en.pdf\" target=\"_blank\" rel=\"noopener\"><strong data-start=\"2097\" data-end=\"2116\">Programme Guide<\/strong><\/a> \u2013 usmernenia k \u0161trukt\u00fare programu, rozpo\u010dtu a politick\u00fdm priorit\u00e1m.<\/p>\r\n<\/li>\r\n \t<li data-start=\"2187\" data-end=\"2272\">\r\n<p data-start=\"2189\" data-end=\"2272\"><a href=\"https:\/\/ec.europa.eu\/info\/funding-tenders\/opportunities\/portal\/screen\/support\/faq;type=undefined;categories=;programme=H2020;actions=;keyword=\"><strong data-start=\"2189\" data-end=\"2203\">FAQ sekcia<\/strong><\/a> \u2013 odpovede na naj\u010dastej\u0161ie ot\u00e1zky k hodnoteniu a grantov\u00fdm procesom.<\/p>\r\n<\/li>\r\n \t<li data-start=\"2275\" data-end=\"2356\">\r\n<p data-start=\"2277\" data-end=\"2356\"><a href=\"https:\/\/research-and-innovation.ec.europa.eu\/contact-us\/research-enquiry-service_en\"><strong data-start=\"2277\" data-end=\"2305\">Research Enquiry Service<\/strong><\/a> \u2013 pre \u0161pecifick\u00e9 ot\u00e1zky k v\u00fdzvam Horizontu Eur\u00f3pa.<\/p>\r\n<\/li>\r\n<\/ul>\r\n<\/li>\r\n<\/ul>\r\n\r\n<hr data-start=\"2358\" data-end=\"2361\" \/>\r\n\r\n<h2 data-start=\"2363\" data-end=\"2393\">\ud83d\udcdc Z\u00e1kladn\u00e9 podmienky v\u00fdziev<\/h2>\r\n<ul data-start=\"2395\" data-end=\"2758\">\r\n \t<li data-start=\"2395\" data-end=\"2493\">\r\n<p data-start=\"2397\" data-end=\"2493\">Projekty musia zap\u00e1ja\u0165 <strong data-start=\"2420\" data-end=\"2492\">minim\u00e1lne 3 subjekty z 3 r\u00f4znych kraj\u00edn E\u00da alebo asociovan\u00fdch kraj\u00edn<\/strong>.<\/p>\r\n<\/li>\r\n \t<li data-start=\"2494\" data-end=\"2561\">\r\n<p data-start=\"2496\" data-end=\"2561\">Podmienky v\u00fdzvy s\u00fa detailne op\u00edsan\u00e9 v opise ka\u017edej v\u00fdzvy.<\/p>\r\n<\/li>\r\n \t<li data-start=\"2562\" data-end=\"2604\">\r\n<p data-start=\"2564\" data-end=\"2604\">Projekty hodnotia <a href=\"https:\/\/ec.europa.eu\/info\/funding-tenders\/opportunities\/portal\/screen\/work-as-an-expert\"><strong data-start=\"2582\" data-end=\"2603\">nez\u00e1visl\u00ed experti<\/strong><\/a>.<\/p>\r\n<\/li>\r\n \t<li data-start=\"2605\" data-end=\"2679\">\r\n<p data-start=\"2607\" data-end=\"2679\">V\u00fdsledky hodnotenia bud\u00fa zn\u00e1me <strong data-start=\"2638\" data-end=\"2678\">najnesk\u00f4r do 5 mesiacov od uz\u00e1vierky<\/strong>.<\/p>\r\n<\/li>\r\n \t<li data-start=\"2680\" data-end=\"2758\">\r\n<p data-start=\"2682\" data-end=\"2758\"><strong data-start=\"2682\" data-end=\"2709\">Podpis grantovej zmluvy<\/strong> sa o\u010dak\u00e1va do <strong data-start=\"2724\" data-end=\"2757\">8 mesiacov po uz\u00e1vierke v\u00fdzvy<\/strong>.<\/p>\r\n<\/li>\r\n<\/ul>\r\n\r\n<hr data-start=\"2760\" data-end=\"2763\" \/>\r\n\r\n<h2 data-start=\"2765\" data-end=\"2782\">\ud83d\udcc5 Harmonogram<\/h2>\r\n<ul data-start=\"2784\" data-end=\"2911\">\r\n \t<li data-start=\"2784\" data-end=\"2821\">\r\n<p data-start=\"2786\" data-end=\"2821\">\ud83d\udccc <strong data-start=\"2789\" data-end=\"2810\">Otvorenie v\u00fdziev:<\/strong> 5\/6. m\u00e1j 2025<\/p>\r\n<\/li>\r\n \t<li data-start=\"2822\" data-end=\"2911\">\r\n<p data-start=\"2824\" data-end=\"2911\">\u23f3 <strong data-start=\"2826\" data-end=\"2847\">Uz\u00e1vierky v\u00fdziev:<\/strong> od <strong data-start=\"2851\" data-end=\"2867\">2. septembra 2025<\/strong> (pod\u013ea typu v\u00fdzvy: jedno- alebo dvojkolov\u00e1)<\/p>\r\n<\/li>\r\n<\/ul>\r\n\r\n<hr data-start=\"2913\" data-end=\"2916\" \/>\r\n\r\n<h2 data-start=\"2918\" data-end=\"2957\">\u2139\ufe0f N\u00e1rodn\u00fd kontaktn\u00fd bod \u2013 Slovensko<\/h2>\r\n<p data-start=\"2959\" data-end=\"3167\"><strong data-start=\"2959\" data-end=\"2981\">Miroslava Tu\u017einsk\u00e1<\/strong><br data-start=\"2981\" data-end=\"2984\" \/>\ud83d\udce7 <a class=\"cursor-pointer\" rel=\"noopener\" data-start=\"2987\" data-end=\"3015\">miroslava.tuzinska@cvtisr.sk<\/a><br data-start=\"3015\" data-end=\"3018\" \/>\ud83d\udcde +421 917 733 474<br data-start=\"3037\" data-end=\"3040\" \/>N\u00e1rodn\u00e9 kontaktn\u00e9 body (NCP) poskytuj\u00fa <strong data-start=\"3079\" data-end=\"3166\">bezplatn\u00e9 konzult\u00e1cie, sp\u00e4tn\u00fa v\u00e4zbu k n\u00e1vrhom, ako aj podporu pri h\u013eadan\u00ed partnerov<\/strong>.<\/p>\r\n\r\n\r\n<hr data-start=\"3169\" data-end=\"3172\" \/>\r\n<p data-start=\"3174\" data-end=\"3377\">\ud83d\udd17 Viac inform\u00e1ci\u00ed o Klastri 5 a v\u00fdzvach Horizont Eur\u00f3pa n\u00e1jdete aj na: \ud83d\udc49 <a class=\"cursor-pointer\" target=\"_new\" rel=\"noopener\" data-start=\"3251\" data-end=\"3377\">https:\/\/eraportal.sk\/oblasti\/klaster-5-klima-energia-mobilita<\/a><\/p>\r\nmit, aktualiz\u00e1cia 24.7.2025","kratky_opis":"Prv\u00e9 uz\u00e1vierky dvojkolov\u00fdch v\u00fdziev u\u017e 2. septembra 2025!","oblast":["185"],"zobrazit_velke_v_newsletteri":true,"reminder":true,"newsletter_thumbnail":""},"_links":{"self":[{"href":"https:\/\/eraportal.sk\/horizont-europa\/wp-json\/wp\/v2\/aktuality\/27770","targetHints":{"allow":["GET"]}}],"collection":[{"href":"https:\/\/eraportal.sk\/horizont-europa\/wp-json\/wp\/v2\/aktuality"}],"about":[{"href":"https:\/\/eraportal.sk\/horizont-europa\/wp-json\/wp\/v2\/types\/aktualita"}],"acf:term":[{"embeddable":true,"taxonomy":"oblast-horizont","href":"https:\/\/eraportal.sk\/horizont-europa\/wp-json\/wp\/v2\/oblast-horizont\/185"}],"wp:featuredmedia":[{"embeddable":true,"href":"https:\/\/eraportal.sk\/horizont-europa\/wp-json\/wp\/v2\/media\/27771"}],"wp:attachment":[{"href":"https:\/\/eraportal.sk\/horizont-europa\/wp-json\/wp\/v2\/media?parent=27770"}],"wp:term":[{"taxonomy":"post_tag","embeddable":true,"href":"https:\/\/eraportal.sk\/horizont-europa\/wp-json\/wp\/v2\/tags?post=27770"},{"taxonomy":"oblast-horizont","embeddable":true,"href":"https:\/\/eraportal.sk\/horizont-europa\/wp-json\/wp\/v2\/oblast-horizont?post=27770"}],"curies":[{"name":"wp","href":"https:\/\/api.w.org\/{rel}","templated":true}]}}