    {"id":27745,"date":"2025-07-08T14:12:19","date_gmt":"2025-07-08T12:12:19","guid":{"rendered":"https:\/\/eraportal.sk\/horizont-europa\/?post_type=aktualita&#038;p=27745"},"modified":"2025-07-10T15:00:16","modified_gmt":"2025-07-10T13:00:16","slug":"erc-work-programme-2026-schvaleny","status":"publish","type":"aktualita","link":"https:\/\/eraportal.sk\/horizont-europa\/aktualita\/erc-work-programme-2026-schvaleny\/","featured_media":0,"template":"","tags":[212],"oblast-horizont":[177],"class_list":["post-27745","aktualita","type-aktualita","status-publish","hentry","tag-dokument","oblast-horizont-europska-rada-pre-vyskum-erc"],"yoast_head":"<!-- This site is optimized with the Yoast SEO plugin v24.4 - https:\/\/yoast.com\/wordpress\/plugins\/seo\/ -->\n<title>***ERC Work Programme 2026 schv\u00e1len\u00fd*** - Horizont Eur\u00f3pa<\/title>\n<meta name=\"robots\" content=\"index, follow, max-snippet:-1, max-image-preview:large, max-video-preview:-1\" \/>\n<link rel=\"canonical\" href=\"https:\/\/eraportal.sk\/horizont-europa\/aktualita\/erc-work-programme-2026-schvaleny\/\" \/>\n<meta property=\"og:locale\" content=\"sk_SK\" \/>\n<meta property=\"og:type\" content=\"article\" \/>\n<meta property=\"og:title\" content=\"***ERC Work Programme 2026 schv\u00e1len\u00fd*** - Horizont Eur\u00f3pa\" \/>\n<meta property=\"og:description\" content=\"Pracovn\u00fd program Eur\u00f3pskej rady pre v\u00fdskum na rok 2026\" \/>\n<meta property=\"og:url\" content=\"https:\/\/eraportal.sk\/horizont-europa\/aktualita\/erc-work-programme-2026-schvaleny\/\" \/>\n<meta property=\"og:site_name\" content=\"Horizont Eur\u00f3pa\" \/>\n<meta property=\"article:modified_time\" content=\"2025-07-10T13:00:16+00:00\" \/>\n<meta name=\"twitter:card\" content=\"summary_large_image\" \/>\n<script type=\"application\/ld+json\" class=\"yoast-schema-graph\">{\"@context\":\"https:\/\/schema.org\",\"@graph\":[{\"@type\":\"WebPage\",\"@id\":\"https:\/\/eraportal.sk\/horizont-europa\/aktualita\/erc-work-programme-2026-schvaleny\/\",\"url\":\"https:\/\/eraportal.sk\/horizont-europa\/aktualita\/erc-work-programme-2026-schvaleny\/\",\"name\":\"***ERC Work Programme 2026 schv\u00e1len\u00fd*** - Horizont Eur\u00f3pa\",\"isPartOf\":{\"@id\":\"https:\/\/eraportal.sk\/horizont-europa\/#website\"},\"datePublished\":\"2025-07-08T12:12:19+00:00\",\"dateModified\":\"2025-07-10T13:00:16+00:00\",\"breadcrumb\":{\"@id\":\"https:\/\/eraportal.sk\/horizont-europa\/aktualita\/erc-work-programme-2026-schvaleny\/#breadcrumb\"},\"inLanguage\":\"sk-SK\",\"potentialAction\":[{\"@type\":\"ReadAction\",\"target\":[\"https:\/\/eraportal.sk\/horizont-europa\/aktualita\/erc-work-programme-2026-schvaleny\/\"]}]},{\"@type\":\"BreadcrumbList\",\"@id\":\"https:\/\/eraportal.sk\/horizont-europa\/aktualita\/erc-work-programme-2026-schvaleny\/#breadcrumb\",\"itemListElement\":[{\"@type\":\"ListItem\",\"position\":1,\"name\":\"Domovsk\u00e1 str\u00e1nka\",\"item\":\"https:\/\/eraportal.sk\/horizont-europa\/\"},{\"@type\":\"ListItem\",\"position\":2,\"name\":\"Aktuality\",\"item\":\"https:\/\/eraportal.sk\/horizont-europa\/aktuality-archiv\/\"},{\"@type\":\"ListItem\",\"position\":3,\"name\":\"***ERC Work Programme 2026 schv\u00e1len\u00fd***\"}]},{\"@type\":\"WebSite\",\"@id\":\"https:\/\/eraportal.sk\/horizont-europa\/#website\",\"url\":\"https:\/\/eraportal.sk\/horizont-europa\/\",\"name\":\"Horizont Eur\u00f3pa\",\"description\":\"\",\"publisher\":{\"@id\":\"https:\/\/eraportal.sk\/horizont-europa\/#organization\"},\"potentialAction\":[{\"@type\":\"SearchAction\",\"target\":{\"@type\":\"EntryPoint\",\"urlTemplate\":\"https:\/\/eraportal.sk\/horizont-europa\/?s={search_term_string}\"},\"query-input\":{\"@type\":\"PropertyValueSpecification\",\"valueRequired\":true,\"valueName\":\"search_term_string\"}}],\"inLanguage\":\"sk-SK\"},{\"@type\":\"Organization\",\"@id\":\"https:\/\/eraportal.sk\/horizont-europa\/#organization\",\"name\":\"Horizont Eur\u00f3pa\",\"url\":\"https:\/\/eraportal.sk\/horizont-europa\/\",\"logo\":{\"@type\":\"ImageObject\",\"inLanguage\":\"sk-SK\",\"@id\":\"https:\/\/eraportal.sk\/horizont-europa\/#\/schema\/logo\/image\/\",\"url\":\"https:\/\/eraportal.sk\/horizont-europa\/wp-content\/uploads\/sites\/4\/2024\/02\/Favicon_HEU.png\",\"contentUrl\":\"https:\/\/eraportal.sk\/horizont-europa\/wp-content\/uploads\/sites\/4\/2024\/02\/Favicon_HEU.png\",\"width\":512,\"height\":512,\"caption\":\"Horizont Eur\u00f3pa\"},\"image\":{\"@id\":\"https:\/\/eraportal.sk\/horizont-europa\/#\/schema\/logo\/image\/\"}}]}<\/script>\n<!-- \/ Yoast SEO plugin. -->","yoast_head_json":{"title":"***ERC Work Programme 2026 schv\u00e1len\u00fd*** - Horizont Eur\u00f3pa","robots":{"index":"index","follow":"follow","max-snippet":"max-snippet:-1","max-image-preview":"max-image-preview:large","max-video-preview":"max-video-preview:-1"},"canonical":"https:\/\/eraportal.sk\/horizont-europa\/aktualita\/erc-work-programme-2026-schvaleny\/","og_locale":"sk_SK","og_type":"article","og_title":"***ERC Work Programme 2026 schv\u00e1len\u00fd*** - Horizont Eur\u00f3pa","og_description":"Pracovn\u00fd program Eur\u00f3pskej rady pre v\u00fdskum na rok 2026","og_url":"https:\/\/eraportal.sk\/horizont-europa\/aktualita\/erc-work-programme-2026-schvaleny\/","og_site_name":"Horizont Eur\u00f3pa","article_modified_time":"2025-07-10T13:00:16+00:00","twitter_card":"summary_large_image","schema":{"@context":"https:\/\/schema.org","@graph":[{"@type":"WebPage","@id":"https:\/\/eraportal.sk\/horizont-europa\/aktualita\/erc-work-programme-2026-schvaleny\/","url":"https:\/\/eraportal.sk\/horizont-europa\/aktualita\/erc-work-programme-2026-schvaleny\/","name":"***ERC Work Programme 2026 schv\u00e1len\u00fd*** - Horizont Eur\u00f3pa","isPartOf":{"@id":"https:\/\/eraportal.sk\/horizont-europa\/#website"},"datePublished":"2025-07-08T12:12:19+00:00","dateModified":"2025-07-10T13:00:16+00:00","breadcrumb":{"@id":"https:\/\/eraportal.sk\/horizont-europa\/aktualita\/erc-work-programme-2026-schvaleny\/#breadcrumb"},"inLanguage":"sk-SK","potentialAction":[{"@type":"ReadAction","target":["https:\/\/eraportal.sk\/horizont-europa\/aktualita\/erc-work-programme-2026-schvaleny\/"]}]},{"@type":"BreadcrumbList","@id":"https:\/\/eraportal.sk\/horizont-europa\/aktualita\/erc-work-programme-2026-schvaleny\/#breadcrumb","itemListElement":[{"@type":"ListItem","position":1,"name":"Domovsk\u00e1 str\u00e1nka","item":"https:\/\/eraportal.sk\/horizont-europa\/"},{"@type":"ListItem","position":2,"name":"Aktuality","item":"https:\/\/eraportal.sk\/horizont-europa\/aktuality-archiv\/"},{"@type":"ListItem","position":3,"name":"***ERC Work Programme 2026 schv\u00e1len\u00fd***"}]},{"@type":"WebSite","@id":"https:\/\/eraportal.sk\/horizont-europa\/#website","url":"https:\/\/eraportal.sk\/horizont-europa\/","name":"Horizont Eur\u00f3pa","description":"","publisher":{"@id":"https:\/\/eraportal.sk\/horizont-europa\/#organization"},"potentialAction":[{"@type":"SearchAction","target":{"@type":"EntryPoint","urlTemplate":"https:\/\/eraportal.sk\/horizont-europa\/?s={search_term_string}"},"query-input":{"@type":"PropertyValueSpecification","valueRequired":true,"valueName":"search_term_string"}}],"inLanguage":"sk-SK"},{"@type":"Organization","@id":"https:\/\/eraportal.sk\/horizont-europa\/#organization","name":"Horizont Eur\u00f3pa","url":"https:\/\/eraportal.sk\/horizont-europa\/","logo":{"@type":"ImageObject","inLanguage":"sk-SK","@id":"https:\/\/eraportal.sk\/horizont-europa\/#\/schema\/logo\/image\/","url":"https:\/\/eraportal.sk\/horizont-europa\/wp-content\/uploads\/sites\/4\/2024\/02\/Favicon_HEU.png","contentUrl":"https:\/\/eraportal.sk\/horizont-europa\/wp-content\/uploads\/sites\/4\/2024\/02\/Favicon_HEU.png","width":512,"height":512,"caption":"Horizont Eur\u00f3pa"},"image":{"@id":"https:\/\/eraportal.sk\/horizont-europa\/#\/schema\/logo\/image\/"}}]}},"acf":{"nadpis":"***ERC Work Programme 2026 schv\u00e1len\u00fd***","opis":"<p style=\"text-align: center\"><span class=\"HwtZe\" lang=\"sk\"><strong><span class=\"jCAhz ChMk0b\"><span class=\"ryNqvb\">Pracovn\u00fd program Eur\u00f3pskej rady pre v\u00fdskum na rok 2026 bol prijat\u00fd.<\/span><\/span><\/strong> <\/span><\/p>\r\n<span class=\"HwtZe\" lang=\"sk\"><span class=\"jCAhz ChMk0b\"><span class=\"ryNqvb\">Program zah\u0155\u0148a mo\u017enosti financovania, rozpo\u010dty grantov, harmonogramy v\u00fdziev a pravidl\u00e1 opr\u00e1vnenosti na financovanie ERC v nasleduj\u00facom roku.<\/span><\/span> <span class=\"jCAhz ChMk0b\"><span class=\"ryNqvb\">Dokument vypracovala a <strong>schv\u00e1lila Vedeck\u00e1 rada ERC a prijala ho Eur\u00f3pska komisia<\/strong>.<\/span><\/span> <span class=\"jCAhz ChMk0b\"><span class=\"ryNqvb\">Ako u\u017e bolo ozn\u00e1men\u00e9, od pracovn\u00e9ho programu na rok 2026 sa na \u017eiadosti o granty ERC bude vz\u0165ahova\u0165 n<strong>ieko\u013eko aktualiz\u00e1ci\u00ed, pri\u010dom \u010fal\u0161ie \u00fapravy s\u00fa pl\u00e1novan\u00e9 na rok 2027<\/strong>.<\/span><\/span><\/span>\r\n\r\n<span class=\"HwtZe\" lang=\"sk\"><span class=\"jCAhz ChMk0b\"><span class=\"ryNqvb\"><strong>Od roku 2026<\/strong> sa bude od \u017eiadate\u013eov po\u017eadova\u0165, aby svoje <strong>n\u00e1vrhy \u0161trukt\u00farovali do dvoch \u010dast\u00ed:<\/strong> <strong>stru\u010dnej p\u00e4\u0165stranovej \u010dasti I<\/strong>, ktor\u00e1 na\u010drtne <strong>vedeck\u00fa my\u0161lienku a ciele<\/strong>, a <strong>podrobnej\u0161ej \u010dasti II<\/strong> zameranej na <strong>implement\u00e1ciu a metodiku<\/strong>.<\/span><\/span> <span class=\"jCAhz ChMk0b\"><span class=\"ryNqvb\"><strong>Realizovate\u013enos\u0165<\/strong> sa teraz bude posudzova\u0165 <strong>a\u017e v kroku 2 hodnotenia<\/strong>.<\/span><\/span> <\/span>\r\n\r\n<span class=\"HwtZe\" lang=\"sk\"><span class=\"jCAhz ChMk0b\"><span class=\"ryNqvb\">Ako bolo ned\u00e1vno uveden\u00e9, <strong>\u017eiadatelia so s\u00eddlom mimo Eur\u00f3py<\/strong> m\u00f4\u017eu po\u017eiada\u0165 o <strong>dodato\u010dn\u00e9 financovanie a\u017e do v\u00fd\u0161ky 2 mili\u00f3nov EUR<\/strong> na podporu svojho pres\u0165ahovania.<\/span><\/span> <span class=\"jCAhz ChMk0b\"><span class=\"ryNqvb\">Toto dodato\u010dn\u00e9 financovanie m\u00f4\u017ee teraz pokr\u00fdva\u0165 aj person\u00e1lne n\u00e1klady.<\/span><\/span> <\/span>\r\n\r\n<span class=\"HwtZe\" lang=\"sk\"><span class=\"jCAhz ChMk0b\"><span class=\"ryNqvb\">Zaviedli sa <strong>nov\u00e9 d\u00f4vody na pred\u013a\u017eenie opr\u00e1vnenosti na ERC Starting grants a ERC Consolidator grants<\/strong> vr\u00e1tane pr\u00edpadov rodovo podmienen\u00e9ho n\u00e1silia a \u0161ir\u0161ej defin\u00edcie rodi\u010dovskej dovolenky.<\/span><\/span> <\/span>\r\n\r\n<span class=\"HwtZe\" lang=\"sk\"><span class=\"jCAhz ChMk0b\"><span class=\"ryNqvb\">Pre \u017eiadate\u013eov o <strong>Erc Synergy grants,<\/strong>\u00a0ktor\u00ed z\u00edskali v kroku 1 v\u00fdzvy v roku 2025 hodnotenie \u201eB\u201c, sa bude vz\u0165ahova\u0165 obmedzenie op\u00e4tovn\u00e9ho predkladania.<\/span><\/span> <\/span>\r\n\r\n<span class=\"HwtZe\" lang=\"sk\"><span class=\"jCAhz ChMk0b\"><span class=\"ryNqvb\">V bud\u00facnosti ERC <strong>od roku 2027 roz\u0161\u00edri \u010dasov\u00e9 r\u00e1mce opr\u00e1vnenosti na ERC Starting grants a ERC Consolidator grants<\/strong>, aby lep\u0161ie zoh\u013eadnili r\u00f4zne akademick\u00e9 kari\u00e9ry.<\/span><\/span> <\/span>\r\n\r\n<span class=\"HwtZe\" lang=\"sk\"><span class=\"jCAhz ChMk0b\"><span class=\"ryNqvb\">Vedeck\u00e1 rada ERC tie\u017e vyv\u00edja nov\u00fd n\u00e1stroj financovania v r\u00e1mci iniciat\u00edvy <a href=\"https:\/\/erc.europa.eu\/news-events\/news\/choose-europe-science-erc-welcomes-new-budget-super-grants\"><strong>Choose Europe for Science<\/strong>,<\/a> pri\u010dom podrobnosti bud\u00fa zverejnen\u00e9 v\u010das.<\/span><\/span><\/span>\r\n\r\n<strong>Orienta\u010dn\u00fd s\u00fahrn v\u00fdziev z rozpo\u010dtu na rok 2026<\/strong>\r\n<table width=\"0\">\r\n<tbody>\r\n<tr>\r\n<td width=\"120\"><\/td>\r\n<td style=\"text-align: center\" width=\"122\"><strong><em>Starting Grant<\/em><\/strong><\/td>\r\n<td style=\"text-align: center\" width=\"138\"><strong><em>Consolidator Grant<\/em><\/strong><\/td>\r\n<td style=\"text-align: center\" width=\"134\"><strong><em>Advanced Grant <\/em><\/strong><\/td>\r\n<td style=\"text-align: center\" width=\"123\"><strong><em>Synergy Grant<\/em><\/strong><\/td>\r\n<\/tr>\r\n<tr>\r\n<td width=\"120\"><em>Identifik\u00e1tor v\u00fdzvy<\/em><\/td>\r\n<td style=\"text-align: center\" width=\"122\">ERC-2026-StG<\/td>\r\n<td style=\"text-align: center\" width=\"138\">ERC-2026-CoG<\/td>\r\n<td style=\"text-align: center\" width=\"134\">ERC-2026-AdG<\/td>\r\n<td style=\"text-align: center\" width=\"123\">ERC-2026-SyG<\/td>\r\n<\/tr>\r\n<tr>\r\n<td width=\"120\"><em>Term\u00edn otvorenia v\u00fdzvy<\/em><\/td>\r\n<td style=\"text-align: center\" width=\"122\">9.j\u00fal 2025<\/td>\r\n<td style=\"text-align: center\" width=\"138\">25.september 2025<\/td>\r\n<td style=\"text-align: center\" width=\"134\">28.m\u00e1j 2026<\/td>\r\n<td style=\"text-align: center\" width=\"123\">10.j\u00fal 2025<\/td>\r\n<\/tr>\r\n<tr>\r\n<td width=\"120\"><em>Term\u00edn uz\u00e1vierky v\u00fdzvy<\/em><\/td>\r\n<td style=\"text-align: center\" width=\"122\">14.okt\u00f3ber 2025<\/td>\r\n<td style=\"text-align: center\" width=\"138\">13.janu\u00e1r 2026<\/td>\r\n<td style=\"text-align: center\" width=\"134\">27.august 2026<\/td>\r\n<td style=\"text-align: center\" width=\"123\">5.november 2025<\/td>\r\n<\/tr>\r\n<tr>\r\n<td width=\"120\"><em>Rozpo\u010det (EUR, m)<\/em><\/td>\r\n<td style=\"text-align: center\" width=\"122\">705<\/td>\r\n<td style=\"text-align: center\" width=\"138\">673<\/td>\r\n<td style=\"text-align: center\" width=\"134\">747<\/td>\r\n<td style=\"text-align: center\" width=\"123\">500<\/td>\r\n<\/tr>\r\n<tr>\r\n<td width=\"120\"><em>Predpokladan\u00fd po\u010det grantov<\/em><\/td>\r\n<td style=\"text-align: center\" width=\"122\">450<\/td>\r\n<td style=\"text-align: center\" width=\"138\">328<\/td>\r\n<td style=\"text-align: center\" width=\"134\">294<\/td>\r\n<td style=\"text-align: center\" width=\"123\">49<\/td>\r\n<\/tr>\r\n<\/tbody>\r\n<\/table>\r\nPln\u00e9 znenie prijat\u00e9ho <a href=\"https:\/\/ec.europa.eu\/info\/funding-tenders\/opportunities\/docs\/2021-2027\/horizon\/wp-call\/2026\/wp_horizon-erc-2026_en.pdf\"><strong>Pracovn\u00e9ho programu Eur\u00f3pskej rady pre v\u00fdskum na rok 2026 (ERC WP 2026)<\/strong><\/a>\r\n\r\n&nbsp;\r\n\r\nZdroj: ERC, 8.7.2025, dau\r\n\r\n&nbsp;","kratky_opis":"Pracovn\u00fd program Eur\u00f3pskej rady pre v\u00fdskum na rok 2026","oblast":["177"],"zobrazit_velke_v_newsletteri":true,"reminder":true,"newsletter_thumbnail":""},"_links":{"self":[{"href":"https:\/\/eraportal.sk\/horizont-europa\/wp-json\/wp\/v2\/aktuality\/27745","targetHints":{"allow":["GET"]}}],"collection":[{"href":"https:\/\/eraportal.sk\/horizont-europa\/wp-json\/wp\/v2\/aktuality"}],"about":[{"href":"https:\/\/eraportal.sk\/horizont-europa\/wp-json\/wp\/v2\/types\/aktualita"}],"acf:term":[{"embeddable":true,"taxonomy":"oblast-horizont","href":"https:\/\/eraportal.sk\/horizont-europa\/wp-json\/wp\/v2\/oblast-horizont\/177"}],"wp:attachment":[{"href":"https:\/\/eraportal.sk\/horizont-europa\/wp-json\/wp\/v2\/media?parent=27745"}],"wp:term":[{"taxonomy":"post_tag","embeddable":true,"href":"https:\/\/eraportal.sk\/horizont-europa\/wp-json\/wp\/v2\/tags?post=27745"},{"taxonomy":"oblast-horizont","embeddable":true,"href":"https:\/\/eraportal.sk\/horizont-europa\/wp-json\/wp\/v2\/oblast-horizont?post=27745"}],"curies":[{"name":"wp","href":"https:\/\/api.w.org\/{rel}","templated":true}]}}