    {"id":27458,"date":"2025-07-24T09:33:52","date_gmt":"2025-07-24T07:33:52","guid":{"rendered":"https:\/\/eraportal.sk\/horizont-europa\/?post_type=aktualita&#038;p=27458"},"modified":"2025-07-24T11:08:11","modified_gmt":"2025-07-24T09:08:11","slug":"prihlaste-sa-do-druhej-kaskadovej-vyzvy-projektu-pathways2resilience-pre-europske-regiony-a-komunity","status":"publish","type":"aktualita","link":"https:\/\/eraportal.sk\/horizont-europa\/aktualita\/prihlaste-sa-do-druhej-kaskadovej-vyzvy-projektu-pathways2resilience-pre-europske-regiony-a-komunity\/","featured_media":0,"template":"","tags":[609],"oblast-horizont":[254],"class_list":["post-27458","aktualita","type-aktualita","status-publish","hentry","tag-misie","oblast-horizont-misia-eu-adaptacia-na-zmenu-klimy"],"yoast_head":"<!-- This site is optimized with the Yoast SEO plugin v24.4 - https:\/\/yoast.com\/wordpress\/plugins\/seo\/ -->\n<title>Prihl\u00e1ste sa do druhej kask\u00e1dovej v\u00fdzvy projektu Pathways2Resilience pre eur\u00f3pske regi\u00f3ny a komunity - Horizont Eur\u00f3pa<\/title>\n<meta name=\"robots\" content=\"index, follow, max-snippet:-1, max-image-preview:large, max-video-preview:-1\" \/>\n<link rel=\"canonical\" href=\"https:\/\/eraportal.sk\/horizont-europa\/aktualita\/prihlaste-sa-do-druhej-kaskadovej-vyzvy-projektu-pathways2resilience-pre-europske-regiony-a-komunity\/\" \/>\n<meta property=\"og:locale\" content=\"sk_SK\" \/>\n<meta property=\"og:type\" content=\"article\" \/>\n<meta property=\"og:title\" content=\"Prihl\u00e1ste sa do druhej kask\u00e1dovej v\u00fdzvy projektu Pathways2Resilience pre eur\u00f3pske regi\u00f3ny a komunity - Horizont Eur\u00f3pa\" \/>\n<meta property=\"og:description\" content=\"uz\u00e1vierka v\u00fdzvy je 20. augusta 2025 !\" \/>\n<meta property=\"og:url\" content=\"https:\/\/eraportal.sk\/horizont-europa\/aktualita\/prihlaste-sa-do-druhej-kaskadovej-vyzvy-projektu-pathways2resilience-pre-europske-regiony-a-komunity\/\" \/>\n<meta property=\"og:site_name\" content=\"Horizont Eur\u00f3pa\" \/>\n<meta property=\"article:modified_time\" content=\"2025-07-24T09:08:11+00:00\" \/>\n<meta name=\"twitter:card\" content=\"summary_large_image\" \/>\n<script type=\"application\/ld+json\" class=\"yoast-schema-graph\">{\"@context\":\"https:\/\/schema.org\",\"@graph\":[{\"@type\":\"WebPage\",\"@id\":\"https:\/\/eraportal.sk\/horizont-europa\/aktualita\/prihlaste-sa-do-druhej-kaskadovej-vyzvy-projektu-pathways2resilience-pre-europske-regiony-a-komunity\/\",\"url\":\"https:\/\/eraportal.sk\/horizont-europa\/aktualita\/prihlaste-sa-do-druhej-kaskadovej-vyzvy-projektu-pathways2resilience-pre-europske-regiony-a-komunity\/\",\"name\":\"Prihl\u00e1ste sa do druhej kask\u00e1dovej v\u00fdzvy projektu Pathways2Resilience pre eur\u00f3pske regi\u00f3ny a komunity - Horizont Eur\u00f3pa\",\"isPartOf\":{\"@id\":\"https:\/\/eraportal.sk\/horizont-europa\/#website\"},\"datePublished\":\"2025-07-24T07:33:52+00:00\",\"dateModified\":\"2025-07-24T09:08:11+00:00\",\"breadcrumb\":{\"@id\":\"https:\/\/eraportal.sk\/horizont-europa\/aktualita\/prihlaste-sa-do-druhej-kaskadovej-vyzvy-projektu-pathways2resilience-pre-europske-regiony-a-komunity\/#breadcrumb\"},\"inLanguage\":\"sk-SK\",\"potentialAction\":[{\"@type\":\"ReadAction\",\"target\":[\"https:\/\/eraportal.sk\/horizont-europa\/aktualita\/prihlaste-sa-do-druhej-kaskadovej-vyzvy-projektu-pathways2resilience-pre-europske-regiony-a-komunity\/\"]}]},{\"@type\":\"BreadcrumbList\",\"@id\":\"https:\/\/eraportal.sk\/horizont-europa\/aktualita\/prihlaste-sa-do-druhej-kaskadovej-vyzvy-projektu-pathways2resilience-pre-europske-regiony-a-komunity\/#breadcrumb\",\"itemListElement\":[{\"@type\":\"ListItem\",\"position\":1,\"name\":\"Domovsk\u00e1 str\u00e1nka\",\"item\":\"https:\/\/eraportal.sk\/horizont-europa\/\"},{\"@type\":\"ListItem\",\"position\":2,\"name\":\"Aktuality\",\"item\":\"https:\/\/eraportal.sk\/horizont-europa\/aktuality-archiv\/\"},{\"@type\":\"ListItem\",\"position\":3,\"name\":\"Prihl\u00e1ste sa do druhej kask\u00e1dovej v\u00fdzvy projektu Pathways2Resilience pre eur\u00f3pske regi\u00f3ny a komunity\"}]},{\"@type\":\"WebSite\",\"@id\":\"https:\/\/eraportal.sk\/horizont-europa\/#website\",\"url\":\"https:\/\/eraportal.sk\/horizont-europa\/\",\"name\":\"Horizont Eur\u00f3pa\",\"description\":\"\",\"publisher\":{\"@id\":\"https:\/\/eraportal.sk\/horizont-europa\/#organization\"},\"potentialAction\":[{\"@type\":\"SearchAction\",\"target\":{\"@type\":\"EntryPoint\",\"urlTemplate\":\"https:\/\/eraportal.sk\/horizont-europa\/?s={search_term_string}\"},\"query-input\":{\"@type\":\"PropertyValueSpecification\",\"valueRequired\":true,\"valueName\":\"search_term_string\"}}],\"inLanguage\":\"sk-SK\"},{\"@type\":\"Organization\",\"@id\":\"https:\/\/eraportal.sk\/horizont-europa\/#organization\",\"name\":\"Horizont Eur\u00f3pa\",\"url\":\"https:\/\/eraportal.sk\/horizont-europa\/\",\"logo\":{\"@type\":\"ImageObject\",\"inLanguage\":\"sk-SK\",\"@id\":\"https:\/\/eraportal.sk\/horizont-europa\/#\/schema\/logo\/image\/\",\"url\":\"https:\/\/eraportal.sk\/horizont-europa\/wp-content\/uploads\/sites\/4\/2024\/02\/Favicon_HEU.png\",\"contentUrl\":\"https:\/\/eraportal.sk\/horizont-europa\/wp-content\/uploads\/sites\/4\/2024\/02\/Favicon_HEU.png\",\"width\":512,\"height\":512,\"caption\":\"Horizont Eur\u00f3pa\"},\"image\":{\"@id\":\"https:\/\/eraportal.sk\/horizont-europa\/#\/schema\/logo\/image\/\"}}]}<\/script>\n<!-- \/ Yoast SEO plugin. -->","yoast_head_json":{"title":"Prihl\u00e1ste sa do druhej kask\u00e1dovej v\u00fdzvy projektu Pathways2Resilience pre eur\u00f3pske regi\u00f3ny a komunity - Horizont Eur\u00f3pa","robots":{"index":"index","follow":"follow","max-snippet":"max-snippet:-1","max-image-preview":"max-image-preview:large","max-video-preview":"max-video-preview:-1"},"canonical":"https:\/\/eraportal.sk\/horizont-europa\/aktualita\/prihlaste-sa-do-druhej-kaskadovej-vyzvy-projektu-pathways2resilience-pre-europske-regiony-a-komunity\/","og_locale":"sk_SK","og_type":"article","og_title":"Prihl\u00e1ste sa do druhej kask\u00e1dovej v\u00fdzvy projektu Pathways2Resilience pre eur\u00f3pske regi\u00f3ny a komunity - Horizont Eur\u00f3pa","og_description":"uz\u00e1vierka v\u00fdzvy je 20. augusta 2025 !","og_url":"https:\/\/eraportal.sk\/horizont-europa\/aktualita\/prihlaste-sa-do-druhej-kaskadovej-vyzvy-projektu-pathways2resilience-pre-europske-regiony-a-komunity\/","og_site_name":"Horizont Eur\u00f3pa","article_modified_time":"2025-07-24T09:08:11+00:00","twitter_card":"summary_large_image","schema":{"@context":"https:\/\/schema.org","@graph":[{"@type":"WebPage","@id":"https:\/\/eraportal.sk\/horizont-europa\/aktualita\/prihlaste-sa-do-druhej-kaskadovej-vyzvy-projektu-pathways2resilience-pre-europske-regiony-a-komunity\/","url":"https:\/\/eraportal.sk\/horizont-europa\/aktualita\/prihlaste-sa-do-druhej-kaskadovej-vyzvy-projektu-pathways2resilience-pre-europske-regiony-a-komunity\/","name":"Prihl\u00e1ste sa do druhej kask\u00e1dovej v\u00fdzvy projektu Pathways2Resilience pre eur\u00f3pske regi\u00f3ny a komunity - Horizont Eur\u00f3pa","isPartOf":{"@id":"https:\/\/eraportal.sk\/horizont-europa\/#website"},"datePublished":"2025-07-24T07:33:52+00:00","dateModified":"2025-07-24T09:08:11+00:00","breadcrumb":{"@id":"https:\/\/eraportal.sk\/horizont-europa\/aktualita\/prihlaste-sa-do-druhej-kaskadovej-vyzvy-projektu-pathways2resilience-pre-europske-regiony-a-komunity\/#breadcrumb"},"inLanguage":"sk-SK","potentialAction":[{"@type":"ReadAction","target":["https:\/\/eraportal.sk\/horizont-europa\/aktualita\/prihlaste-sa-do-druhej-kaskadovej-vyzvy-projektu-pathways2resilience-pre-europske-regiony-a-komunity\/"]}]},{"@type":"BreadcrumbList","@id":"https:\/\/eraportal.sk\/horizont-europa\/aktualita\/prihlaste-sa-do-druhej-kaskadovej-vyzvy-projektu-pathways2resilience-pre-europske-regiony-a-komunity\/#breadcrumb","itemListElement":[{"@type":"ListItem","position":1,"name":"Domovsk\u00e1 str\u00e1nka","item":"https:\/\/eraportal.sk\/horizont-europa\/"},{"@type":"ListItem","position":2,"name":"Aktuality","item":"https:\/\/eraportal.sk\/horizont-europa\/aktuality-archiv\/"},{"@type":"ListItem","position":3,"name":"Prihl\u00e1ste sa do druhej kask\u00e1dovej v\u00fdzvy projektu Pathways2Resilience pre eur\u00f3pske regi\u00f3ny a komunity"}]},{"@type":"WebSite","@id":"https:\/\/eraportal.sk\/horizont-europa\/#website","url":"https:\/\/eraportal.sk\/horizont-europa\/","name":"Horizont Eur\u00f3pa","description":"","publisher":{"@id":"https:\/\/eraportal.sk\/horizont-europa\/#organization"},"potentialAction":[{"@type":"SearchAction","target":{"@type":"EntryPoint","urlTemplate":"https:\/\/eraportal.sk\/horizont-europa\/?s={search_term_string}"},"query-input":{"@type":"PropertyValueSpecification","valueRequired":true,"valueName":"search_term_string"}}],"inLanguage":"sk-SK"},{"@type":"Organization","@id":"https:\/\/eraportal.sk\/horizont-europa\/#organization","name":"Horizont Eur\u00f3pa","url":"https:\/\/eraportal.sk\/horizont-europa\/","logo":{"@type":"ImageObject","inLanguage":"sk-SK","@id":"https:\/\/eraportal.sk\/horizont-europa\/#\/schema\/logo\/image\/","url":"https:\/\/eraportal.sk\/horizont-europa\/wp-content\/uploads\/sites\/4\/2024\/02\/Favicon_HEU.png","contentUrl":"https:\/\/eraportal.sk\/horizont-europa\/wp-content\/uploads\/sites\/4\/2024\/02\/Favicon_HEU.png","width":512,"height":512,"caption":"Horizont Eur\u00f3pa"},"image":{"@id":"https:\/\/eraportal.sk\/horizont-europa\/#\/schema\/logo\/image\/"}}]}},"acf":{"nadpis":"Prihl\u00e1ste sa do druhej kask\u00e1dovej v\u00fdzvy projektu Pathways2Resilience pre eur\u00f3pske regi\u00f3ny a komunity","opis":"<strong>Pathways2Resilience: Druh\u00e1 v\u00fdzva pre eur\u00f3pske regi\u00f3ny a komunity<\/strong>\r\n\r\nMisijn\u00fd projekt Pathways2Resilience (P2R), podporen\u00fd misiou Adapt\u00e1cia na zmenu kl\u00edmy, otvoril svoju <a href=\"https:\/\/www.climate-kic.org\/events\/pathways2resilience-info-sessions-second-open-call\/?utm_source=chatgpt.com\" target=\"_blank\" rel=\"noopener\">druh\u00fa kask\u00e1dov\u00fa v\u00fdzvu<\/a> na predkladanie \u017eiadost\u00ed. Cie\u013eom je vybra\u0165 <strong>61 nov\u00fdch regi\u00f3nov a komun\u00edt<\/strong>, ktor\u00e9 z\u00edskaj\u00fa finan\u010dn\u00fa podporu a\u017e do v\u00fd\u0161ky 210 000 \u20ac a 18-mesa\u010dn\u00fd program budovania kapac\u00edt zameran\u00fd na zv\u00fd\u0161enie klimatickej odolnosti.\r\n\r\n<hr \/>\r\n\r\n<h3>\ud83d\udcc5 K\u013e\u00fa\u010dov\u00e9 term\u00edny<\/h3>\r\n<ul>\r\n \t<li><strong>Otvorenie v\u00fdzvy: <\/strong>15. m\u00e1j 2025<\/li>\r\n \t<li><strong>Uz\u00e1vierka prihl\u00e1\u0161ok: <\/strong>20. august 2025<\/li>\r\n \t<li><strong>Ozn\u00e1menie o opr\u00e1vnenosti:<\/strong> september 2025<\/li>\r\n \t<li><strong>Ozn\u00e1menie o pridelen\u00ed grantu:<\/strong> november 2025<\/li>\r\n \t<li><strong>Podpis zml\u00fav o subgrantoch:<\/strong> december 2025<\/li>\r\n \t<li><strong>Za\u010diatok programu:<\/strong> janu\u00e1r 2026<\/li>\r\n \t<li><strong>Trvanie podpory:<\/strong> 18 mesiacov (do j\u00fana 2027)<\/li>\r\n<\/ul>\r\n\r\n<hr \/>\r\n\r\n<h3>\ud83c\udfaf Cie\u013e v\u00fdzvy<\/h3>\r\nKonzorcium projektu Pathways2Resilience si kladie za cie\u013e podpori\u0165 aspo\u0148 100 eur\u00f3pskych regi\u00f3nov a komun\u00edt pri navrhovan\u00ed a implement\u00e1cii transforma\u010dn\u00fdch adapta\u010dn\u00fdch strat\u00e9gi\u00ed na zv\u00fd\u0161enie ich odolnosti vo\u010di klimatick\u00fdm zmen\u00e1m. Druh\u00e1 v\u00fdzva je zameran\u00e1 na v\u00fdber 61 nov\u00fdch subpr\u00edjemcov, ktor\u00ed sa pripoja k prv\u00fdm 39 vybran\u00fdm regi\u00f3nom.\r\n\r\n<a href=\"https:\/\/eraportal.sk\/horizont-europa\/wp-content\/uploads\/sites\/4\/2025\/07\/Poster_2ndCall_Official.pdf\">Poster_2ndCall_Official<\/a>\r\n\r\n<hr \/>\r\n\r\n<h3>\ud83d\udcb6 Finan\u010dn\u00e1 podpora a v\u00fdhody<\/h3>\r\nKa\u017ed\u00fd vybran\u00fd regi\u00f3n alebo komunita z\u00edska:\r\n<ul>\r\n \t<li><strong>A\u017e 210 000 \u20ac<\/strong> <strong>na rozvoj<\/strong>:\r\n<ul>\r\n \t<li>z\u00e1kladn\u00e9ho hodnotenia klimatick\u00fdch riz\u00edk a adapta\u010dnej kapacity<\/li>\r\n \t<li>strat\u00e9gie klimatickej odolnosti<\/li>\r\n \t<li>ak\u010dn\u00e9ho pl\u00e1nu klimatickej odolnosti vr\u00e1tane r\u00e1mca monitorovania, hodnotenia a u\u010denia<\/li>\r\n \t<li>investi\u010dn\u00e9ho pl\u00e1nu klimatickej odolnosti<\/li>\r\n<\/ul>\r\n<\/li>\r\n \t<li><strong>18-mesa\u010dn\u00fd program budovania kapac\u00edt<\/strong>, ktor\u00fd zah\u0155\u0148a:\r\n<ul>\r\n \t<li>pr\u00edstup k r\u00e1mcom Regional Resilience Journey (RRJ) a Adaptation Investment Cycle (AIC)<\/li>\r\n \t<li>interakt\u00edvne \u0161kolenia a aktivity v\u00fdmeny sk\u00fasenost\u00ed<\/li>\r\n \t<li>odborn\u00e9 poradenstvo v oblasti inovat\u00edvnych finan\u010dn\u00fdch mechanizmov<\/li>\r\n \t<li>zapojenie do celoeur\u00f3pskej siete regi\u00f3nov a stakeholderov v oblasti adapt\u00e1cie<\/li>\r\n<\/ul>\r\n<\/li>\r\n<\/ul>\r\n\r\n<hr \/>\r\n\r\n<h3>\ud83e\uddfe Kto m\u00f4\u017ee o podporu po\u017eiada\u0165?<\/h3>\r\nV\u00fdzva je otvoren\u00e1 pre:\r\n<ul>\r\n \t<li>miestne a region\u00e1lne verejn\u00e9 org\u00e1ny v \u010dlensk\u00fdch \u0161t\u00e1toch E\u00da alebo v krajin\u00e1ch pridru\u017een\u00fdch k programu Horizont Eur\u00f3pa<\/li>\r\n \t<li>\u017eiadate\u013eov p\u00f4sobiacich samostatne alebo ako s\u00fa\u010das\u0165 konzorcia<\/li>\r\n \t<li>subjekty z verejn\u00e9ho sektora, s\u00fakromn\u00e9 neziskov\u00e9 organiz\u00e1cie a mal\u00e9 a stredn\u00e9 podniky (MSP) ako partneri v konzorciu<\/li>\r\n<\/ul>\r\n<a href=\"https:\/\/www.pathways2resilience.eu\/images\/first-open\/EligibleRegionsCall1dropdown_rev0525.xlsx\" target=\"_blank\" rel=\"noopener\">Zoznam<\/a> opr\u00e1vnen\u00fdch regi\u00f3nov (via the NUTS\/LAU).\r\n\r\n<hr \/>\r\n\r\n<h3>\u2705 Krit\u00e9ri\u00e1 v\u00fdberu<\/h3>\r\nPri v\u00fdbere bud\u00fa uprednostnen\u00e9:\r\n<ul>\r\n \t<li>regi\u00f3ny s vysokou zranite\u013enos\u0165ou vo\u010di klimatick\u00fdm zmen\u00e1m (riziko\/adapta\u010dn\u00e1 kapacita)<\/li>\r\n \t<li>strategick\u00e9 zos\u00faladenie so strat\u00e9giou a cie\u013emi misie a projektu P2R<\/li>\r\n \t<li>pripravenos\u0165, zapojenie zainteresovan\u00fdch str\u00e1n a pr\u00edstup zoh\u013ead\u0148uj\u00faci spravodlivos\u0165<\/li>\r\n \t<li>geografick\u00e1, biogeografick\u00e1 a tematick\u00e1 rozmanitos\u0165<\/li>\r\n<\/ul>\r\n\r\n<hr \/>\r\n\r\n<h3>\ud83d\udcdd Ako sa prihl\u00e1si\u0165?<\/h3>\r\n\u017diadosti je potrebn\u00e9 poda\u0165 online prostredn\u00edctvom \u0161pecializovan\u00e9ho syst\u00e9mu (application system) na ofici\u00e1lnej str\u00e1nke v\u00fdzvy:\r\n\r\n\ud83d\udc49 <a href=\"https:\/\/www.pathways2resilience.eu\/second-open-call\">https:\/\/www.pathways2resilience.eu\/second-open-call<\/a>\r\n\r\nV\u0161etky \u017eiadosti musia by\u0165 predlo\u017een\u00e9 v angli\u010dtine. Podrobn\u00e9 pokyny, \u010dasto kladen\u00e9 ot\u00e1zky a vzorov\u00e9 formul\u00e1re s\u00fa k dispoz\u00edcii na vy\u0161\u0161ie uvedenej str\u00e1nke.\r\n\r\nN\u00e1vod k registr\u00e1cii do syst\u00e9mu:\r\n<ul>\r\n \t<li><a href=\"https:\/\/climatekic.notion.site\/How-to-register-in-the-System-144548d271684469bcf19fcdecaac2e1\" target=\"_blank\" rel=\"noopener\">Registration in the System<\/a><\/li>\r\n \t<li><a href=\"https:\/\/climatekic.notion.site\/How-to-reset-a-Password-875654e4ae1a4c55a6244374c030f23e\" target=\"_blank\" rel=\"noopener\">How to reset a Password<\/a><\/li>\r\n \t<li><a href=\"https:\/\/climatekic.notion.site\/How-to-log-in-to-the-system-2410313af36443ea993f1e53a0c8028c\" target=\"_blank\" rel=\"noopener\">How to log-in to the system<\/a><\/li>\r\n<\/ul>\r\n\r\n<hr \/>\r\n\r\n<h3>\ud83d\udcac Informa\u010dn\u00e9 stretnutia<\/h3>\r\nPre z\u00e1ujemcov boli organizovan\u00e9 online informa\u010dn\u00e9 stretnutia k v\u00fdzve:\r\n<ul>\r\n \t<li><strong>8. j\u00fala 2025, 14:00 \u2013 15:00 CEST - <a href=\"https:\/\/climate-kic-org.zoom.us\/rec\/play\/FpLXqzos1AHTy62Vqit02UIuMM9jTwFvW77ofqMy1St8lvV-4XAJaOgEgcduEWFzXExgjqZlMFE6-RoZ.37POYmY0jLYd4Fln?eagerLoadZvaPages=&amp;accessLevel=meeting&amp;canPlayFromShare=true&amp;from=share_recording_detail&amp;continueMode=true&amp;componentName=rec-play&amp;originRequestUrl=https%3A%2F%2Fclimate-kic-org.zoom.us%2Frec%2Fshare%2Fc_ol0ciV6n7hn-FkYyCESV3rQ8BDj6uphQbPhqdBIYxg-J4z0FEooNeqda_GrtvQ.PlUcus3H19p8iBu4\">Nahr\u00e1vka<\/a><\/strong><\/li>\r\n \t<li><strong>23. j\u00fala 2025, 13:00 \u2013 14:00 CEST - <a href=\"https:\/\/climate-kic-org.zoom.us\/rec\/play\/FpLXqzos1AHTy62Vqit02UIuMM9jTwFvW77ofqMy1St8lvV-4XAJaOgEgcduEWFzXExgjqZlMFE6-RoZ.37POYmY0jLYd4Fln?eagerLoadZvaPages=&amp;accessLevel=meeting&amp;canPlayFromShare=true&amp;from=share_recording_detail&amp;continueMode=true&amp;componentName=rec-play&amp;originRequestUrl=https\">Nahr\u00e1vka<\/a><\/strong><\/li>\r\n<\/ul>\r\n\r\n<hr \/>\r\n\r\n<h3>\ud83d\udce9 Kontakt<\/h3>\r\nPre \u010fal\u0161ie inform\u00e1cie alebo ot\u00e1zky kontaktujte P2R Helpdesk:\r\n\r\n\u2709\ufe0f <a href=\"mailto:pathways2resilience@climate-kic.org\">pathways2resilience@climate-kic.org<\/a>\r\n\r\n<hr \/>\r\n\r\n2.6.2025, mit, aktualiz\u00e1cia 24.7.2025","kratky_opis":"uz\u00e1vierka v\u00fdzvy je 20. augusta 2025 !","oblast":["254"],"zobrazit_velke_v_newsletteri":true,"reminder":true,"newsletter_thumbnail":""},"_links":{"self":[{"href":"https:\/\/eraportal.sk\/horizont-europa\/wp-json\/wp\/v2\/aktuality\/27458","targetHints":{"allow":["GET"]}}],"collection":[{"href":"https:\/\/eraportal.sk\/horizont-europa\/wp-json\/wp\/v2\/aktuality"}],"about":[{"href":"https:\/\/eraportal.sk\/horizont-europa\/wp-json\/wp\/v2\/types\/aktualita"}],"acf:term":[{"embeddable":true,"taxonomy":"oblast-horizont","href":"https:\/\/eraportal.sk\/horizont-europa\/wp-json\/wp\/v2\/oblast-horizont\/254"}],"wp:attachment":[{"href":"https:\/\/eraportal.sk\/horizont-europa\/wp-json\/wp\/v2\/media?parent=27458"}],"wp:term":[{"taxonomy":"post_tag","embeddable":true,"href":"https:\/\/eraportal.sk\/horizont-europa\/wp-json\/wp\/v2\/tags?post=27458"},{"taxonomy":"oblast-horizont","embeddable":true,"href":"https:\/\/eraportal.sk\/horizont-europa\/wp-json\/wp\/v2\/oblast-horizont?post=27458"}],"curies":[{"name":"wp","href":"https:\/\/api.w.org\/{rel}","templated":true}]}}