    {"id":18970,"date":"2022-02-17T12:40:58","date_gmt":"2022-02-17T11:40:58","guid":{"rendered":"https:\/\/eraportal.ecomcapsule.com\/demohorizont\/aktualita\/klaster-2-nahovorene-vyzvy-v-slovenskom-jazyku-pre-rok-2022\/"},"modified":"2024-02-10T16:10:48","modified_gmt":"2024-02-10T15:10:48","slug":"klaster-2-nahovorene-vyzvy-v-slovenskom-jazyku-pre-rok-2022","status":"publish","type":"aktualita","link":"https:\/\/eraportal.sk\/horizont-europa\/aktualita\/klaster-2-nahovorene-vyzvy-v-slovenskom-jazyku-pre-rok-2022\/","featured_media":0,"template":"","tags":[379],"oblast-horizont":[182],"class_list":["post-18970","aktualita","type-aktualita","status-publish","hentry","tag-nas-tip","oblast-horizont-klaster-2-kultura-tvorivost-a-inkluzivna-spolocnost"],"yoast_head":"<!-- This site is optimized with the Yoast SEO plugin v24.4 - https:\/\/yoast.com\/wordpress\/plugins\/seo\/ -->\n<title>Klaster 2 - nahovoren\u00e9 v\u00fdzvy (v slovenskom jazyku) pre rok 2022 - Horizont Eur\u00f3pa<\/title>\n<meta name=\"robots\" content=\"index, follow, max-snippet:-1, max-image-preview:large, max-video-preview:-1\" \/>\n<link rel=\"canonical\" href=\"https:\/\/eraportal.sk\/horizont-europa\/aktualita\/klaster-2-nahovorene-vyzvy-v-slovenskom-jazyku-pre-rok-2022\/\" \/>\n<meta property=\"og:locale\" content=\"sk_SK\" \/>\n<meta property=\"og:type\" content=\"article\" \/>\n<meta property=\"og:title\" content=\"Klaster 2 - nahovoren\u00e9 v\u00fdzvy (v slovenskom jazyku) pre rok 2022 - Horizont Eur\u00f3pa\" \/>\n<meta property=\"og:description\" content=\"Uz\u00e1vierka - 20. 4. 2022\" \/>\n<meta property=\"og:url\" content=\"https:\/\/eraportal.sk\/horizont-europa\/aktualita\/klaster-2-nahovorene-vyzvy-v-slovenskom-jazyku-pre-rok-2022\/\" \/>\n<meta property=\"og:site_name\" content=\"Horizont Eur\u00f3pa\" \/>\n<meta property=\"article:modified_time\" content=\"2024-02-10T15:10:48+00:00\" \/>\n<meta name=\"twitter:card\" content=\"summary_large_image\" \/>\n<meta name=\"twitter:label1\" content=\"Predpokladan\u00fd \u010das \u010d\u00edtania\" \/>\n\t<meta name=\"twitter:data1\" content=\"1 min\u00fata\" \/>\n<script type=\"application\/ld+json\" class=\"yoast-schema-graph\">{\"@context\":\"https:\/\/schema.org\",\"@graph\":[{\"@type\":\"WebPage\",\"@id\":\"https:\/\/eraportal.sk\/horizont-europa\/aktualita\/klaster-2-nahovorene-vyzvy-v-slovenskom-jazyku-pre-rok-2022\/\",\"url\":\"https:\/\/eraportal.sk\/horizont-europa\/aktualita\/klaster-2-nahovorene-vyzvy-v-slovenskom-jazyku-pre-rok-2022\/\",\"name\":\"Klaster 2 - nahovoren\u00e9 v\u00fdzvy (v slovenskom jazyku) pre rok 2022 - Horizont Eur\u00f3pa\",\"isPartOf\":{\"@id\":\"https:\/\/eraportal.sk\/horizont-europa\/#website\"},\"datePublished\":\"2022-02-17T11:40:58+00:00\",\"dateModified\":\"2024-02-10T15:10:48+00:00\",\"breadcrumb\":{\"@id\":\"https:\/\/eraportal.sk\/horizont-europa\/aktualita\/klaster-2-nahovorene-vyzvy-v-slovenskom-jazyku-pre-rok-2022\/#breadcrumb\"},\"inLanguage\":\"sk-SK\",\"potentialAction\":[{\"@type\":\"ReadAction\",\"target\":[\"https:\/\/eraportal.sk\/horizont-europa\/aktualita\/klaster-2-nahovorene-vyzvy-v-slovenskom-jazyku-pre-rok-2022\/\"]}]},{\"@type\":\"BreadcrumbList\",\"@id\":\"https:\/\/eraportal.sk\/horizont-europa\/aktualita\/klaster-2-nahovorene-vyzvy-v-slovenskom-jazyku-pre-rok-2022\/#breadcrumb\",\"itemListElement\":[{\"@type\":\"ListItem\",\"position\":1,\"name\":\"Domovsk\u00e1 str\u00e1nka\",\"item\":\"https:\/\/eraportal.sk\/horizont-europa\/\"},{\"@type\":\"ListItem\",\"position\":2,\"name\":\"Aktuality\",\"item\":\"https:\/\/eraportal.sk\/horizont-europa\/aktuality-archiv\/\"},{\"@type\":\"ListItem\",\"position\":3,\"name\":\"Klaster 2 &#8211; nahovoren\u00e9 v\u00fdzvy (v slovenskom jazyku) pre rok 2022\"}]},{\"@type\":\"WebSite\",\"@id\":\"https:\/\/eraportal.sk\/horizont-europa\/#website\",\"url\":\"https:\/\/eraportal.sk\/horizont-europa\/\",\"name\":\"Horizont Eur\u00f3pa\",\"description\":\"\",\"publisher\":{\"@id\":\"https:\/\/eraportal.sk\/horizont-europa\/#organization\"},\"potentialAction\":[{\"@type\":\"SearchAction\",\"target\":{\"@type\":\"EntryPoint\",\"urlTemplate\":\"https:\/\/eraportal.sk\/horizont-europa\/?s={search_term_string}\"},\"query-input\":{\"@type\":\"PropertyValueSpecification\",\"valueRequired\":true,\"valueName\":\"search_term_string\"}}],\"inLanguage\":\"sk-SK\"},{\"@type\":\"Organization\",\"@id\":\"https:\/\/eraportal.sk\/horizont-europa\/#organization\",\"name\":\"Horizont Eur\u00f3pa\",\"url\":\"https:\/\/eraportal.sk\/horizont-europa\/\",\"logo\":{\"@type\":\"ImageObject\",\"inLanguage\":\"sk-SK\",\"@id\":\"https:\/\/eraportal.sk\/horizont-europa\/#\/schema\/logo\/image\/\",\"url\":\"https:\/\/eraportal.sk\/horizont-europa\/wp-content\/uploads\/sites\/4\/2024\/02\/Favicon_HEU.png\",\"contentUrl\":\"https:\/\/eraportal.sk\/horizont-europa\/wp-content\/uploads\/sites\/4\/2024\/02\/Favicon_HEU.png\",\"width\":512,\"height\":512,\"caption\":\"Horizont Eur\u00f3pa\"},\"image\":{\"@id\":\"https:\/\/eraportal.sk\/horizont-europa\/#\/schema\/logo\/image\/\"}}]}<\/script>\n<!-- \/ Yoast SEO plugin. -->","yoast_head_json":{"title":"Klaster 2 - nahovoren\u00e9 v\u00fdzvy (v slovenskom jazyku) pre rok 2022 - Horizont Eur\u00f3pa","robots":{"index":"index","follow":"follow","max-snippet":"max-snippet:-1","max-image-preview":"max-image-preview:large","max-video-preview":"max-video-preview:-1"},"canonical":"https:\/\/eraportal.sk\/horizont-europa\/aktualita\/klaster-2-nahovorene-vyzvy-v-slovenskom-jazyku-pre-rok-2022\/","og_locale":"sk_SK","og_type":"article","og_title":"Klaster 2 - nahovoren\u00e9 v\u00fdzvy (v slovenskom jazyku) pre rok 2022 - Horizont Eur\u00f3pa","og_description":"Uz\u00e1vierka - 20. 4. 2022","og_url":"https:\/\/eraportal.sk\/horizont-europa\/aktualita\/klaster-2-nahovorene-vyzvy-v-slovenskom-jazyku-pre-rok-2022\/","og_site_name":"Horizont Eur\u00f3pa","article_modified_time":"2024-02-10T15:10:48+00:00","twitter_card":"summary_large_image","twitter_misc":{"Predpokladan\u00fd \u010das \u010d\u00edtania":"1 min\u00fata"},"schema":{"@context":"https:\/\/schema.org","@graph":[{"@type":"WebPage","@id":"https:\/\/eraportal.sk\/horizont-europa\/aktualita\/klaster-2-nahovorene-vyzvy-v-slovenskom-jazyku-pre-rok-2022\/","url":"https:\/\/eraportal.sk\/horizont-europa\/aktualita\/klaster-2-nahovorene-vyzvy-v-slovenskom-jazyku-pre-rok-2022\/","name":"Klaster 2 - nahovoren\u00e9 v\u00fdzvy (v slovenskom jazyku) pre rok 2022 - Horizont Eur\u00f3pa","isPartOf":{"@id":"https:\/\/eraportal.sk\/horizont-europa\/#website"},"datePublished":"2022-02-17T11:40:58+00:00","dateModified":"2024-02-10T15:10:48+00:00","breadcrumb":{"@id":"https:\/\/eraportal.sk\/horizont-europa\/aktualita\/klaster-2-nahovorene-vyzvy-v-slovenskom-jazyku-pre-rok-2022\/#breadcrumb"},"inLanguage":"sk-SK","potentialAction":[{"@type":"ReadAction","target":["https:\/\/eraportal.sk\/horizont-europa\/aktualita\/klaster-2-nahovorene-vyzvy-v-slovenskom-jazyku-pre-rok-2022\/"]}]},{"@type":"BreadcrumbList","@id":"https:\/\/eraportal.sk\/horizont-europa\/aktualita\/klaster-2-nahovorene-vyzvy-v-slovenskom-jazyku-pre-rok-2022\/#breadcrumb","itemListElement":[{"@type":"ListItem","position":1,"name":"Domovsk\u00e1 str\u00e1nka","item":"https:\/\/eraportal.sk\/horizont-europa\/"},{"@type":"ListItem","position":2,"name":"Aktuality","item":"https:\/\/eraportal.sk\/horizont-europa\/aktuality-archiv\/"},{"@type":"ListItem","position":3,"name":"Klaster 2 &#8211; nahovoren\u00e9 v\u00fdzvy (v slovenskom jazyku) pre rok 2022"}]},{"@type":"WebSite","@id":"https:\/\/eraportal.sk\/horizont-europa\/#website","url":"https:\/\/eraportal.sk\/horizont-europa\/","name":"Horizont Eur\u00f3pa","description":"","publisher":{"@id":"https:\/\/eraportal.sk\/horizont-europa\/#organization"},"potentialAction":[{"@type":"SearchAction","target":{"@type":"EntryPoint","urlTemplate":"https:\/\/eraportal.sk\/horizont-europa\/?s={search_term_string}"},"query-input":{"@type":"PropertyValueSpecification","valueRequired":true,"valueName":"search_term_string"}}],"inLanguage":"sk-SK"},{"@type":"Organization","@id":"https:\/\/eraportal.sk\/horizont-europa\/#organization","name":"Horizont Eur\u00f3pa","url":"https:\/\/eraportal.sk\/horizont-europa\/","logo":{"@type":"ImageObject","inLanguage":"sk-SK","@id":"https:\/\/eraportal.sk\/horizont-europa\/#\/schema\/logo\/image\/","url":"https:\/\/eraportal.sk\/horizont-europa\/wp-content\/uploads\/sites\/4\/2024\/02\/Favicon_HEU.png","contentUrl":"https:\/\/eraportal.sk\/horizont-europa\/wp-content\/uploads\/sites\/4\/2024\/02\/Favicon_HEU.png","width":512,"height":512,"caption":"Horizont Eur\u00f3pa"},"image":{"@id":"https:\/\/eraportal.sk\/horizont-europa\/#\/schema\/logo\/image\/"}}]}},"acf":{"nadpis":"Klaster 2 - nahovoren\u00e9 v\u00fdzvy (v slovenskom jazyku) pre rok 2022","opis":"<!-- wp:paragraph -->\n<p>Pon\u00fakame v\u00e1m vypo\u010du\u0165 si nahovoren\u00e9 v\u00fdzvy, ktor\u00e9 boli otvoren\u00e9 pre rok 2022 v\u00a0r\u00e1mci programu Horizont Eur\u00f3pa, Klaster 2 \u2013 Kult\u00fara, tvorivos\u0165 a inkluz\u00edvna spolo\u010dnos\u0165. V\u00a0kr\u00e1tkom \u010dasovom \u00faseku si m\u00e1te mo\u017enos\u0165 vypo\u010du\u0165, na \u010do je ktor\u00e1 v\u00fdzva zameran\u00e1, a\u00a0na \u010do sa m\u00e1 orientova\u0165 v\u00fdskum v\u00a0pripravovan\u00fdch projektov\u00fdch n\u00e1vrhoch a\u00a0rozhodn\u00fa\u0165 sa, \u010di m\u00e1te z\u00e1ujem o\u00a0viac inform\u00e1ci\u00ed.<\/p>\n<!-- \/wp:paragraph -->\n\n<!-- wp:paragraph -->\n<p><strong><a href=\"https:\/\/video.nti.sk\/rec\/?846313BZF1XWG160\" target=\"_blank\" rel=\"noreferrer noopener\">P<\/a><a href=\"https:\/\/video.nti.sk\/rec\/?846313BZF1XWG160\">rezent\u00e1cia \u2013 V<\/a><a href=\"https:\/\/video.nti.sk\/rec\/?846313BZF1XWG160\" target=\"_blank\" rel=\"noreferrer noopener\">\u00fdzvy v r\u00e1mci Destin\u00e1cie 1<\/a><\/strong>&nbsp;(Inovat\u00edvny v\u00fdskum v oblasti&nbsp;<strong>demokracie a spr\u00e1vy vec\u00ed verejn\u00fdch<\/strong>)<\/p>\n<!-- \/wp:paragraph -->\n\n<!-- wp:paragraph -->\n<p><strong><a href=\"https:\/\/video.nti.sk\/rec\/?846657DZL3TI1B41\" target=\"_blank\" rel=\"noreferrer noopener\">Prezent\u00e1cia \u2013 V\u00fdzvy v r\u00e1mci Destin\u00e1cie 2<\/a><\/strong>&nbsp;(Inovat\u00edvny v\u00fdskum&nbsp;<strong>eur\u00f3pskeho kult\u00farneho dedi\u010dstva a kult\u00farneho a kreat\u00edvneho priemyslu<\/strong>)<\/p>\n<!-- \/wp:paragraph -->\n\n<!-- wp:paragraph -->\n<p><strong><a href=\"https:\/\/video.nti.sk\/rec\/?846917GQ126UJF16\" target=\"_blank\" rel=\"noreferrer noopener\">Prezent\u00e1cia \u2013 V\u00fdzvy v r\u00e1mci Destin\u00e1cie 3<\/a><\/strong>&nbsp;(Inovat\u00edvny v\u00fdskum&nbsp;<strong>soci\u00e1lnych a ekonomick\u00fdch transform\u00e1ci\u00ed<\/strong>)<\/p>\n<!-- \/wp:paragraph -->\n\n<!-- wp:paragraph -->\n<p><\/p>\n<!-- \/wp:paragraph -->\n\n<!-- wp:paragraph -->\n<p><strong>Uz\u00e1vierka pod\u00e1vania projektov na rok 2022: 20.4.2022<\/strong><\/p>\n<!-- \/wp:paragraph -->\n\n<!-- wp:paragraph -->\n<p><\/p>\n<!-- \/wp:paragraph -->\n\n<!-- wp:paragraph -->\n<p>V pr\u00edpade z\u00e1ujmu o&nbsp;viac inform\u00e1ci\u00ed kontaktujte priamo&nbsp;<a href=\"https:\/\/eraportal.sk\/horizont-europa\/heu-globalne-vyzvy\/heu-globalne-vyzvy-kultura-tvorivost-a-inkluzivna-spolocnost\/#tabs_desc_62555_2\" target=\"_blank\" rel=\"noreferrer noopener\">pr\u00edslu\u0161n\u00e9 NCP.<\/a><\/p>\n<!-- \/wp:paragraph -->\n\n<!-- wp:paragraph -->\n<p><\/p>\n<!-- \/wp:paragraph -->\n\n<!-- wp:paragraph -->\n<p>17.2.2022, elz<\/p>\n<!-- \/wp:paragraph -->","kratky_opis":"Uz\u00e1vierka - 20. 4. 2022","oblast":[182],"zobrazit_velke_v_newsletteri":false,"reminder":false,"newsletter_thumbnail":null},"_links":{"self":[{"href":"https:\/\/eraportal.sk\/horizont-europa\/wp-json\/wp\/v2\/aktuality\/18970","targetHints":{"allow":["GET"]}}],"collection":[{"href":"https:\/\/eraportal.sk\/horizont-europa\/wp-json\/wp\/v2\/aktuality"}],"about":[{"href":"https:\/\/eraportal.sk\/horizont-europa\/wp-json\/wp\/v2\/types\/aktualita"}],"acf:term":[{"embeddable":true,"taxonomy":"oblast-horizont","href":"https:\/\/eraportal.sk\/horizont-europa\/wp-json\/wp\/v2\/oblast-horizont\/182"}],"wp:attachment":[{"href":"https:\/\/eraportal.sk\/horizont-europa\/wp-json\/wp\/v2\/media?parent=18970"}],"wp:term":[{"taxonomy":"post_tag","embeddable":true,"href":"https:\/\/eraportal.sk\/horizont-europa\/wp-json\/wp\/v2\/tags?post=18970"},{"taxonomy":"oblast-horizont","embeddable":true,"href":"https:\/\/eraportal.sk\/horizont-europa\/wp-json\/wp\/v2\/oblast-horizont?post=18970"}],"curies":[{"name":"wp","href":"https:\/\/api.w.org\/{rel}","templated":true}]}}