    {"id":18964,"date":"2022-01-07T10:25:37","date_gmt":"2022-01-07T09:25:37","guid":{"rendered":"https:\/\/eraportal.ecomcapsule.com\/demohorizont\/aktualita\/europske-partnerstvo-innovative-health-initiative-hlada-novych-clenov-do-panelu-pre-vedu-a-inovacie\/"},"modified":"2024-02-10T16:10:47","modified_gmt":"2024-02-10T15:10:47","slug":"europske-partnerstvo-innovative-health-initiative-hlada-novych-clenov-do-panelu-pre-vedu-a-inovacie","status":"publish","type":"aktualita","link":"https:\/\/eraportal.sk\/horizont-europa\/aktualita\/europske-partnerstvo-innovative-health-initiative-hlada-novych-clenov-do-panelu-pre-vedu-a-inovacie\/","featured_media":2752,"template":"","tags":[382],"oblast-horizont":[181,275],"class_list":["post-18964","aktualita","type-aktualita","status-publish","has-post-thumbnail","hentry","tag-vyzva","oblast-horizont-klaster-1-zdravie","oblast-horizont-partnerstva-oblast-zdravie"],"yoast_head":"<!-- This site is optimized with the Yoast SEO plugin v24.4 - https:\/\/yoast.com\/wordpress\/plugins\/seo\/ -->\n<title>Eur\u00f3pske partnerstvo Innovative Health Initiative h\u013ead\u00e1 nov\u00fdch \u010dlenov do panelu pre vedu a inov\u00e1cie - Horizont Eur\u00f3pa<\/title>\n<meta name=\"robots\" content=\"index, follow, max-snippet:-1, max-image-preview:large, max-video-preview:-1\" \/>\n<link rel=\"canonical\" href=\"https:\/\/eraportal.sk\/horizont-europa\/aktualita\/europske-partnerstvo-innovative-health-initiative-hlada-novych-clenov-do-panelu-pre-vedu-a-inovacie\/\" \/>\n<meta property=\"og:locale\" content=\"sk_SK\" \/>\n<meta property=\"og:type\" content=\"article\" \/>\n<meta property=\"og:title\" content=\"Eur\u00f3pske partnerstvo Innovative Health Initiative h\u013ead\u00e1 nov\u00fdch \u010dlenov do panelu pre vedu a inov\u00e1cie - Horizont Eur\u00f3pa\" \/>\n<meta property=\"og:description\" content=\"Prihl\u00e1si\u0165 sa je mo\u017en\u00e9 do 21. febru\u00e1ra 2022.\" \/>\n<meta property=\"og:url\" content=\"https:\/\/eraportal.sk\/horizont-europa\/aktualita\/europske-partnerstvo-innovative-health-initiative-hlada-novych-clenov-do-panelu-pre-vedu-a-inovacie\/\" \/>\n<meta property=\"og:site_name\" content=\"Horizont Eur\u00f3pa\" \/>\n<meta property=\"article:modified_time\" content=\"2024-02-10T15:10:47+00:00\" \/>\n<meta property=\"og:image\" content=\"https:\/\/eraportal.sk\/horizont-europa\/wp-content\/uploads\/sites\/4\/2024\/01\/obrazok-15-3.png\" \/>\n\t<meta property=\"og:image:width\" content=\"445\" \/>\n\t<meta property=\"og:image:height\" content=\"253\" \/>\n\t<meta property=\"og:image:type\" content=\"image\/png\" \/>\n<meta name=\"twitter:card\" content=\"summary_large_image\" \/>\n<meta name=\"twitter:label1\" content=\"Predpokladan\u00fd \u010das \u010d\u00edtania\" \/>\n\t<meta name=\"twitter:data1\" content=\"2 min\u00faty\" \/>\n<script type=\"application\/ld+json\" class=\"yoast-schema-graph\">{\"@context\":\"https:\/\/schema.org\",\"@graph\":[{\"@type\":\"WebPage\",\"@id\":\"https:\/\/eraportal.sk\/horizont-europa\/aktualita\/europske-partnerstvo-innovative-health-initiative-hlada-novych-clenov-do-panelu-pre-vedu-a-inovacie\/\",\"url\":\"https:\/\/eraportal.sk\/horizont-europa\/aktualita\/europske-partnerstvo-innovative-health-initiative-hlada-novych-clenov-do-panelu-pre-vedu-a-inovacie\/\",\"name\":\"Eur\u00f3pske partnerstvo Innovative Health Initiative h\u013ead\u00e1 nov\u00fdch \u010dlenov do panelu pre vedu a inov\u00e1cie - Horizont Eur\u00f3pa\",\"isPartOf\":{\"@id\":\"https:\/\/eraportal.sk\/horizont-europa\/#website\"},\"primaryImageOfPage\":{\"@id\":\"https:\/\/eraportal.sk\/horizont-europa\/aktualita\/europske-partnerstvo-innovative-health-initiative-hlada-novych-clenov-do-panelu-pre-vedu-a-inovacie\/#primaryimage\"},\"image\":{\"@id\":\"https:\/\/eraportal.sk\/horizont-europa\/aktualita\/europske-partnerstvo-innovative-health-initiative-hlada-novych-clenov-do-panelu-pre-vedu-a-inovacie\/#primaryimage\"},\"thumbnailUrl\":\"https:\/\/eraportal.sk\/horizont-europa\/wp-content\/uploads\/sites\/4\/2024\/01\/obrazok-15-3.png\",\"datePublished\":\"2022-01-07T09:25:37+00:00\",\"dateModified\":\"2024-02-10T15:10:47+00:00\",\"breadcrumb\":{\"@id\":\"https:\/\/eraportal.sk\/horizont-europa\/aktualita\/europske-partnerstvo-innovative-health-initiative-hlada-novych-clenov-do-panelu-pre-vedu-a-inovacie\/#breadcrumb\"},\"inLanguage\":\"sk-SK\",\"potentialAction\":[{\"@type\":\"ReadAction\",\"target\":[\"https:\/\/eraportal.sk\/horizont-europa\/aktualita\/europske-partnerstvo-innovative-health-initiative-hlada-novych-clenov-do-panelu-pre-vedu-a-inovacie\/\"]}]},{\"@type\":\"ImageObject\",\"inLanguage\":\"sk-SK\",\"@id\":\"https:\/\/eraportal.sk\/horizont-europa\/aktualita\/europske-partnerstvo-innovative-health-initiative-hlada-novych-clenov-do-panelu-pre-vedu-a-inovacie\/#primaryimage\",\"url\":\"https:\/\/eraportal.sk\/horizont-europa\/wp-content\/uploads\/sites\/4\/2024\/01\/obrazok-15-3.png\",\"contentUrl\":\"https:\/\/eraportal.sk\/horizont-europa\/wp-content\/uploads\/sites\/4\/2024\/01\/obrazok-15-3.png\",\"width\":445,\"height\":253},{\"@type\":\"BreadcrumbList\",\"@id\":\"https:\/\/eraportal.sk\/horizont-europa\/aktualita\/europske-partnerstvo-innovative-health-initiative-hlada-novych-clenov-do-panelu-pre-vedu-a-inovacie\/#breadcrumb\",\"itemListElement\":[{\"@type\":\"ListItem\",\"position\":1,\"name\":\"Domovsk\u00e1 str\u00e1nka\",\"item\":\"https:\/\/eraportal.sk\/horizont-europa\/\"},{\"@type\":\"ListItem\",\"position\":2,\"name\":\"Aktuality\",\"item\":\"https:\/\/eraportal.sk\/horizont-europa\/aktuality-archiv\/\"},{\"@type\":\"ListItem\",\"position\":3,\"name\":\"Eur\u00f3pske partnerstvo Innovative Health Initiative h\u013ead\u00e1 nov\u00fdch \u010dlenov do panelu pre vedu a inov\u00e1cie\"}]},{\"@type\":\"WebSite\",\"@id\":\"https:\/\/eraportal.sk\/horizont-europa\/#website\",\"url\":\"https:\/\/eraportal.sk\/horizont-europa\/\",\"name\":\"Horizont Eur\u00f3pa\",\"description\":\"\",\"publisher\":{\"@id\":\"https:\/\/eraportal.sk\/horizont-europa\/#organization\"},\"potentialAction\":[{\"@type\":\"SearchAction\",\"target\":{\"@type\":\"EntryPoint\",\"urlTemplate\":\"https:\/\/eraportal.sk\/horizont-europa\/?s={search_term_string}\"},\"query-input\":{\"@type\":\"PropertyValueSpecification\",\"valueRequired\":true,\"valueName\":\"search_term_string\"}}],\"inLanguage\":\"sk-SK\"},{\"@type\":\"Organization\",\"@id\":\"https:\/\/eraportal.sk\/horizont-europa\/#organization\",\"name\":\"Horizont Eur\u00f3pa\",\"url\":\"https:\/\/eraportal.sk\/horizont-europa\/\",\"logo\":{\"@type\":\"ImageObject\",\"inLanguage\":\"sk-SK\",\"@id\":\"https:\/\/eraportal.sk\/horizont-europa\/#\/schema\/logo\/image\/\",\"url\":\"https:\/\/eraportal.sk\/horizont-europa\/wp-content\/uploads\/sites\/4\/2024\/02\/Favicon_HEU.png\",\"contentUrl\":\"https:\/\/eraportal.sk\/horizont-europa\/wp-content\/uploads\/sites\/4\/2024\/02\/Favicon_HEU.png\",\"width\":512,\"height\":512,\"caption\":\"Horizont Eur\u00f3pa\"},\"image\":{\"@id\":\"https:\/\/eraportal.sk\/horizont-europa\/#\/schema\/logo\/image\/\"}}]}<\/script>\n<!-- \/ Yoast SEO plugin. -->","yoast_head_json":{"title":"Eur\u00f3pske partnerstvo Innovative Health Initiative h\u013ead\u00e1 nov\u00fdch \u010dlenov do panelu pre vedu a inov\u00e1cie - Horizont Eur\u00f3pa","robots":{"index":"index","follow":"follow","max-snippet":"max-snippet:-1","max-image-preview":"max-image-preview:large","max-video-preview":"max-video-preview:-1"},"canonical":"https:\/\/eraportal.sk\/horizont-europa\/aktualita\/europske-partnerstvo-innovative-health-initiative-hlada-novych-clenov-do-panelu-pre-vedu-a-inovacie\/","og_locale":"sk_SK","og_type":"article","og_title":"Eur\u00f3pske partnerstvo Innovative Health Initiative h\u013ead\u00e1 nov\u00fdch \u010dlenov do panelu pre vedu a inov\u00e1cie - Horizont Eur\u00f3pa","og_description":"Prihl\u00e1si\u0165 sa je mo\u017en\u00e9 do 21. febru\u00e1ra 2022.","og_url":"https:\/\/eraportal.sk\/horizont-europa\/aktualita\/europske-partnerstvo-innovative-health-initiative-hlada-novych-clenov-do-panelu-pre-vedu-a-inovacie\/","og_site_name":"Horizont Eur\u00f3pa","article_modified_time":"2024-02-10T15:10:47+00:00","og_image":[{"width":445,"height":253,"url":"https:\/\/eraportal.sk\/horizont-europa\/wp-content\/uploads\/sites\/4\/2024\/01\/obrazok-15-3.png","type":"image\/png"}],"twitter_card":"summary_large_image","twitter_misc":{"Predpokladan\u00fd \u010das \u010d\u00edtania":"2 min\u00faty"},"schema":{"@context":"https:\/\/schema.org","@graph":[{"@type":"WebPage","@id":"https:\/\/eraportal.sk\/horizont-europa\/aktualita\/europske-partnerstvo-innovative-health-initiative-hlada-novych-clenov-do-panelu-pre-vedu-a-inovacie\/","url":"https:\/\/eraportal.sk\/horizont-europa\/aktualita\/europske-partnerstvo-innovative-health-initiative-hlada-novych-clenov-do-panelu-pre-vedu-a-inovacie\/","name":"Eur\u00f3pske partnerstvo Innovative Health Initiative h\u013ead\u00e1 nov\u00fdch \u010dlenov do panelu pre vedu a inov\u00e1cie - Horizont Eur\u00f3pa","isPartOf":{"@id":"https:\/\/eraportal.sk\/horizont-europa\/#website"},"primaryImageOfPage":{"@id":"https:\/\/eraportal.sk\/horizont-europa\/aktualita\/europske-partnerstvo-innovative-health-initiative-hlada-novych-clenov-do-panelu-pre-vedu-a-inovacie\/#primaryimage"},"image":{"@id":"https:\/\/eraportal.sk\/horizont-europa\/aktualita\/europske-partnerstvo-innovative-health-initiative-hlada-novych-clenov-do-panelu-pre-vedu-a-inovacie\/#primaryimage"},"thumbnailUrl":"https:\/\/eraportal.sk\/horizont-europa\/wp-content\/uploads\/sites\/4\/2024\/01\/obrazok-15-3.png","datePublished":"2022-01-07T09:25:37+00:00","dateModified":"2024-02-10T15:10:47+00:00","breadcrumb":{"@id":"https:\/\/eraportal.sk\/horizont-europa\/aktualita\/europske-partnerstvo-innovative-health-initiative-hlada-novych-clenov-do-panelu-pre-vedu-a-inovacie\/#breadcrumb"},"inLanguage":"sk-SK","potentialAction":[{"@type":"ReadAction","target":["https:\/\/eraportal.sk\/horizont-europa\/aktualita\/europske-partnerstvo-innovative-health-initiative-hlada-novych-clenov-do-panelu-pre-vedu-a-inovacie\/"]}]},{"@type":"ImageObject","inLanguage":"sk-SK","@id":"https:\/\/eraportal.sk\/horizont-europa\/aktualita\/europske-partnerstvo-innovative-health-initiative-hlada-novych-clenov-do-panelu-pre-vedu-a-inovacie\/#primaryimage","url":"https:\/\/eraportal.sk\/horizont-europa\/wp-content\/uploads\/sites\/4\/2024\/01\/obrazok-15-3.png","contentUrl":"https:\/\/eraportal.sk\/horizont-europa\/wp-content\/uploads\/sites\/4\/2024\/01\/obrazok-15-3.png","width":445,"height":253},{"@type":"BreadcrumbList","@id":"https:\/\/eraportal.sk\/horizont-europa\/aktualita\/europske-partnerstvo-innovative-health-initiative-hlada-novych-clenov-do-panelu-pre-vedu-a-inovacie\/#breadcrumb","itemListElement":[{"@type":"ListItem","position":1,"name":"Domovsk\u00e1 str\u00e1nka","item":"https:\/\/eraportal.sk\/horizont-europa\/"},{"@type":"ListItem","position":2,"name":"Aktuality","item":"https:\/\/eraportal.sk\/horizont-europa\/aktuality-archiv\/"},{"@type":"ListItem","position":3,"name":"Eur\u00f3pske partnerstvo Innovative Health Initiative h\u013ead\u00e1 nov\u00fdch \u010dlenov do panelu pre vedu a inov\u00e1cie"}]},{"@type":"WebSite","@id":"https:\/\/eraportal.sk\/horizont-europa\/#website","url":"https:\/\/eraportal.sk\/horizont-europa\/","name":"Horizont Eur\u00f3pa","description":"","publisher":{"@id":"https:\/\/eraportal.sk\/horizont-europa\/#organization"},"potentialAction":[{"@type":"SearchAction","target":{"@type":"EntryPoint","urlTemplate":"https:\/\/eraportal.sk\/horizont-europa\/?s={search_term_string}"},"query-input":{"@type":"PropertyValueSpecification","valueRequired":true,"valueName":"search_term_string"}}],"inLanguage":"sk-SK"},{"@type":"Organization","@id":"https:\/\/eraportal.sk\/horizont-europa\/#organization","name":"Horizont Eur\u00f3pa","url":"https:\/\/eraportal.sk\/horizont-europa\/","logo":{"@type":"ImageObject","inLanguage":"sk-SK","@id":"https:\/\/eraportal.sk\/horizont-europa\/#\/schema\/logo\/image\/","url":"https:\/\/eraportal.sk\/horizont-europa\/wp-content\/uploads\/sites\/4\/2024\/02\/Favicon_HEU.png","contentUrl":"https:\/\/eraportal.sk\/horizont-europa\/wp-content\/uploads\/sites\/4\/2024\/02\/Favicon_HEU.png","width":512,"height":512,"caption":"Horizont Eur\u00f3pa"},"image":{"@id":"https:\/\/eraportal.sk\/horizont-europa\/#\/schema\/logo\/image\/"}}]}},"acf":{"nadpis":"Eur\u00f3pske partnerstvo Innovative Health Initiative h\u013ead\u00e1 nov\u00fdch \u010dlenov do panelu pre vedu a inov\u00e1cie","opis":"<!-- wp:image {\"align\":\"center\",\"id\":100255,\"sizeSlug\":\"full\",\"linkDestination\":\"none\"} -->\n<div class=\"wp-block-image\"><figure class=\"aligncenter size-full\"><img src=\"https:\/\/eraportal.sk\/wp-content\/uploads\/2022\/02\/obrazok-15.png\" alt=\"\" class=\"wp-image-100255\"\/><\/figure><\/div>\n<!-- \/wp:image -->\n\n<!-- wp:paragraph -->\n<p>Eur\u00f3pske partnerstvo Innovative Health Initiative (Iniciat\u00edva pre inova\u010dn\u00e9 zdravie, IHI) m\u00e1 aktu\u00e1lne otvoren\u00fa <a href=\"https:\/\/www.ihi.europa.eu\/sites\/default\/files\/uploads\/Documents\/About\/SIP\/Call_SIP_EoI_Jan2022.pdf\"><strong>v\u00fdzvu<\/strong><\/a><strong> na vyjadrenie z\u00e1ujmu s cie\u013eom identifikova\u0165 kandid\u00e1tov na \u010dlenov svojho panelu pre vedu a inov\u00e1cie (SIP)<\/strong>.<\/p>\n<!-- \/wp:paragraph -->\n\n<!-- wp:paragraph -->\n<p><strong><u>Prihl\u00e1si\u0165 sa je mo\u017en\u00e9 e\u0161te do 21. febru\u00e1ra 2022<\/u><\/strong><\/p>\n<!-- \/wp:paragraph -->\n\n<!-- wp:paragraph -->\n<p>\u00dalohou tohto panelu resp. skupiny je poskytova\u0165 poradenstvo pri ur\u010dovan\u00ed smerovania bud\u00facich prior\u00edt IHI, zoh\u013ead\u0148ova\u0165 n\u00e1zory r\u00f4znych zainteresovan\u00fdch str\u00e1n, ako aj formova\u0165 \u010fal\u0161ie v\u00fdzvy na predkladanie n\u00e1vrhov. <strong>Na tomto procese sa bud\u00fa podie\u013ea\u0165 z\u00e1stupcovia vedeckej a v\u00fdskumnej komunity <\/strong>(4 osoby)<strong> a \u010fal\u0161ie zainteresovan\u00e9 strany v sektore zdravotn\u00edctva, ako s\u00fa pacienti, zdravotn\u00edcki pracovn\u00edci, poskytovatelia zdravotnej starostlivosti a regula\u010dn\u00e9 org\u00e1ny <\/strong>(a\u017e 6 os\u00f4b).<\/p>\n<!-- \/wp:paragraph -->\n\n<!-- wp:paragraph -->\n<p>\u010clenov skupiny vymen\u00fava spr\u00e1vna rada IHI na <strong>trojro\u010dn\u00e9 funk\u010dn\u00e9 obdobie<\/strong>. Pri v\u00fdbere \u010dlenov skupiny sa riadiaca rada zameria na <strong>odborn\u00e9 znalosti a sk\u00fasenosti uch\u00e1dza\u010dov<\/strong>, pri\u010dom zabezpe\u010d\u00ed vyv\u00e1\u017eenos\u0165 panelu z h\u013eadiska tematick\u00fdch oblast\u00ed a zainteresovan\u00fdch str\u00e1n, geografick\u00e9ho pokrytia a pohlavia.<\/p>\n<!-- \/wp:paragraph -->\n\n<!-- wp:paragraph -->\n<p><strong>Ako sa prihl\u00e1si\u0165?<\/strong><\/p>\n<!-- \/wp:paragraph -->\n\n<!-- wp:paragraph -->\n<p>Ak sa chcete prihl\u00e1si\u0165, po\u0161lite svoje vyjadrenie z\u00e1ujmu na adresu <a href=\"mailto:SIP@ihi.europa.eu\">SIP@ihi.europa.eu<\/a><\/p>\n<!-- \/wp:paragraph -->\n\n<!-- wp:paragraph -->\n<p>Aby sa va\u0161a dokument\u00e1cia pova\u017eovala za \u00fapln\u00fa, mus\u00ed obsahova\u0165 tieto dokumenty:<\/p>\n<!-- \/wp:paragraph -->\n\n<!-- wp:list -->\n<ul><li>formul\u00e1r \u017eiadosti (podp\u00edsan\u00fd a datovan\u00fd), na ktor\u00fd odkaz n\u00e1jdete <a href=\"https:\/\/www.ihi.europa.eu\/about-ihi\/who-we-are\/science-and-innovation-panel\">tu.<\/a><\/li><li>v\u00e1\u0161 \u017eivotopis<\/li><li>vyhl\u00e1senie o z\u00e1ujmoch (podp\u00edsan\u00e9 a datovan\u00e9), na ktor\u00e9 odkaz n\u00e1jdete <a href=\"https:\/\/www.ihi.europa.eu\/about-ihi\/who-we-are\/science-and-innovation-panel\">tu.<\/a><\/li><li>len pre uch\u00e1dza\u010dov zastupuj\u00facich zdravotn\u00edctvo: podporn\u00fd list (listy) od jednej alebo viacer\u00fdch pr\u00edslu\u0161n\u00fdch organiz\u00e1ci\u00ed, skup\u00edn alebo siet\u00ed.<\/li><\/ul>\n<!-- \/wp:list -->\n\n<!-- wp:paragraph -->\n<p>\u010eal\u0161ie podrobnosti t\u00fdkaj\u00face sa po\u017eiadaviek na tieto dokumenty s\u00fa uveden\u00e9 vo v\u00fdzve na vyjadrenie z\u00e1ujmu a uch\u00e1dza\u010di by si ich mali pozorne pre\u010d\u00edta\u0165.<\/p>\n<!-- \/wp:paragraph -->\n\n<!-- wp:paragraph -->\n<p>Zainteresovan\u00ed odborn\u00edci, ktor\u00ed sa chc\u00fa uch\u00e1dza\u0165 o jednu z funkci\u00ed v skupine, by mali predlo\u017ei\u0165 vyjadrenie z\u00e1ujmu <strong>do 21. febru\u00e1ra 2022<\/strong>.<\/p>\n<!-- \/wp:paragraph -->\n\n<!-- wp:paragraph -->\n<p>Viac inform\u00e1ci\u00ed:<\/p>\n<!-- \/wp:paragraph -->\n\n<!-- wp:list -->\n<ul><li><a href=\"https:\/\/www.ihi.europa.eu\/sites\/default\/files\/uploads\/Documents\/About\/SIP\/Call_SIP_EoI_Jan2022.pdf\">V\u00fdzva na vyjadrenie z\u00e1ujmu<\/a><\/li><li><a href=\"https:\/\/www.ihi.europa.eu\/about-ihi\/who-we-are\/science-and-innovation-panel\">IHI - novinky<\/a><\/li><\/ul>\n<!-- \/wp:list -->\n\n<!-- wp:paragraph -->\n<p>Zverejnen\u00e9 7.2.2022, slord<\/p>\n<!-- \/wp:paragraph -->","kratky_opis":"Prihl\u00e1si\u0165 sa je mo\u017en\u00e9 do 21. febru\u00e1ra 2022.","oblast":[181,275],"zobrazit_velke_v_newsletteri":false,"reminder":false,"newsletter_thumbnail":null},"_links":{"self":[{"href":"https:\/\/eraportal.sk\/horizont-europa\/wp-json\/wp\/v2\/aktuality\/18964","targetHints":{"allow":["GET"]}}],"collection":[{"href":"https:\/\/eraportal.sk\/horizont-europa\/wp-json\/wp\/v2\/aktuality"}],"about":[{"href":"https:\/\/eraportal.sk\/horizont-europa\/wp-json\/wp\/v2\/types\/aktualita"}],"acf:term":[{"embeddable":true,"taxonomy":"oblast-horizont","href":"https:\/\/eraportal.sk\/horizont-europa\/wp-json\/wp\/v2\/oblast-horizont\/275"},{"embeddable":true,"taxonomy":"oblast-horizont","href":"https:\/\/eraportal.sk\/horizont-europa\/wp-json\/wp\/v2\/oblast-horizont\/181"}],"wp:featuredmedia":[{"embeddable":true,"href":"https:\/\/eraportal.sk\/horizont-europa\/wp-json\/wp\/v2\/media\/2752"}],"wp:attachment":[{"href":"https:\/\/eraportal.sk\/horizont-europa\/wp-json\/wp\/v2\/media?parent=18964"}],"wp:term":[{"taxonomy":"post_tag","embeddable":true,"href":"https:\/\/eraportal.sk\/horizont-europa\/wp-json\/wp\/v2\/tags?post=18964"},{"taxonomy":"oblast-horizont","embeddable":true,"href":"https:\/\/eraportal.sk\/horizont-europa\/wp-json\/wp\/v2\/oblast-horizont?post=18964"}],"curies":[{"name":"wp","href":"https:\/\/api.w.org\/{rel}","templated":true}]}}