    {"id":18948,"date":"2022-01-19T09:07:23","date_gmt":"2022-01-19T08:07:23","guid":{"rendered":"https:\/\/eraportal.ecomcapsule.com\/demohorizont\/aktualita\/sutaz-noveho-europskeho-bauhausu-2022-otvorena\/"},"modified":"2024-02-10T16:10:41","modified_gmt":"2024-02-10T15:10:41","slug":"sutaz-noveho-europskeho-bauhausu-2022-otvorena","status":"publish","type":"aktualita","link":"https:\/\/eraportal.sk\/horizont-europa\/aktualita\/sutaz-noveho-europskeho-bauhausu-2022-otvorena\/","featured_media":2727,"template":"","tags":[382],"oblast-horizont":[182],"class_list":["post-18948","aktualita","type-aktualita","status-publish","has-post-thumbnail","hentry","tag-vyzva","oblast-horizont-klaster-2-kultura-tvorivost-a-inkluzivna-spolocnost"],"yoast_head":"<!-- This site is optimized with the Yoast SEO plugin v24.4 - https:\/\/yoast.com\/wordpress\/plugins\/seo\/ -->\n<title>S\u00fa\u0165a\u017e Nov\u00e9ho eur\u00f3pskeho Bauhausu 2022 otvoren\u00e1 - Horizont Eur\u00f3pa<\/title>\n<meta name=\"robots\" content=\"index, follow, max-snippet:-1, max-image-preview:large, max-video-preview:-1\" \/>\n<link rel=\"canonical\" href=\"https:\/\/eraportal.sk\/horizont-europa\/aktualita\/sutaz-noveho-europskeho-bauhausu-2022-otvorena\/\" \/>\n<meta property=\"og:locale\" content=\"sk_SK\" \/>\n<meta property=\"og:type\" content=\"article\" \/>\n<meta property=\"og:title\" content=\"S\u00fa\u0165a\u017e Nov\u00e9ho eur\u00f3pskeho Bauhausu 2022 otvoren\u00e1 - Horizont Eur\u00f3pa\" \/>\n<meta property=\"og:description\" content=\"Celkovo z\u00edska 18 v\u00ed\u0165azov pe\u0148a\u017en\u00fa odmenu do v\u00fd\u0161ky 30 000 EUR, ako aj komunika\u010dn\u00fd bal\u00ed\u010dek. Uz\u00e1vierka 28. febru\u00e1ra 2022.\" \/>\n<meta property=\"og:url\" content=\"https:\/\/eraportal.sk\/horizont-europa\/aktualita\/sutaz-noveho-europskeho-bauhausu-2022-otvorena\/\" \/>\n<meta property=\"og:site_name\" content=\"Horizont Eur\u00f3pa\" \/>\n<meta property=\"article:modified_time\" content=\"2024-02-10T15:10:41+00:00\" \/>\n<meta property=\"og:image\" content=\"https:\/\/eraportal.sk\/horizont-europa\/wp-content\/uploads\/sites\/4\/2024\/01\/obrazok-39.png\" \/>\n\t<meta property=\"og:image:width\" content=\"445\" \/>\n\t<meta property=\"og:image:height\" content=\"288\" \/>\n\t<meta property=\"og:image:type\" content=\"image\/png\" \/>\n<meta name=\"twitter:card\" content=\"summary_large_image\" \/>\n<meta name=\"twitter:label1\" content=\"Predpokladan\u00fd \u010das \u010d\u00edtania\" \/>\n\t<meta name=\"twitter:data1\" content=\"2 min\u00faty\" \/>\n<script type=\"application\/ld+json\" class=\"yoast-schema-graph\">{\"@context\":\"https:\/\/schema.org\",\"@graph\":[{\"@type\":\"WebPage\",\"@id\":\"https:\/\/eraportal.sk\/horizont-europa\/aktualita\/sutaz-noveho-europskeho-bauhausu-2022-otvorena\/\",\"url\":\"https:\/\/eraportal.sk\/horizont-europa\/aktualita\/sutaz-noveho-europskeho-bauhausu-2022-otvorena\/\",\"name\":\"S\u00fa\u0165a\u017e Nov\u00e9ho eur\u00f3pskeho Bauhausu 2022 otvoren\u00e1 - Horizont Eur\u00f3pa\",\"isPartOf\":{\"@id\":\"https:\/\/eraportal.sk\/horizont-europa\/#website\"},\"primaryImageOfPage\":{\"@id\":\"https:\/\/eraportal.sk\/horizont-europa\/aktualita\/sutaz-noveho-europskeho-bauhausu-2022-otvorena\/#primaryimage\"},\"image\":{\"@id\":\"https:\/\/eraportal.sk\/horizont-europa\/aktualita\/sutaz-noveho-europskeho-bauhausu-2022-otvorena\/#primaryimage\"},\"thumbnailUrl\":\"https:\/\/eraportal.sk\/horizont-europa\/wp-content\/uploads\/sites\/4\/2024\/01\/obrazok-39.png\",\"datePublished\":\"2022-01-19T08:07:23+00:00\",\"dateModified\":\"2024-02-10T15:10:41+00:00\",\"breadcrumb\":{\"@id\":\"https:\/\/eraportal.sk\/horizont-europa\/aktualita\/sutaz-noveho-europskeho-bauhausu-2022-otvorena\/#breadcrumb\"},\"inLanguage\":\"sk-SK\",\"potentialAction\":[{\"@type\":\"ReadAction\",\"target\":[\"https:\/\/eraportal.sk\/horizont-europa\/aktualita\/sutaz-noveho-europskeho-bauhausu-2022-otvorena\/\"]}]},{\"@type\":\"ImageObject\",\"inLanguage\":\"sk-SK\",\"@id\":\"https:\/\/eraportal.sk\/horizont-europa\/aktualita\/sutaz-noveho-europskeho-bauhausu-2022-otvorena\/#primaryimage\",\"url\":\"https:\/\/eraportal.sk\/horizont-europa\/wp-content\/uploads\/sites\/4\/2024\/01\/obrazok-39.png\",\"contentUrl\":\"https:\/\/eraportal.sk\/horizont-europa\/wp-content\/uploads\/sites\/4\/2024\/01\/obrazok-39.png\",\"width\":445,\"height\":288},{\"@type\":\"BreadcrumbList\",\"@id\":\"https:\/\/eraportal.sk\/horizont-europa\/aktualita\/sutaz-noveho-europskeho-bauhausu-2022-otvorena\/#breadcrumb\",\"itemListElement\":[{\"@type\":\"ListItem\",\"position\":1,\"name\":\"Domovsk\u00e1 str\u00e1nka\",\"item\":\"https:\/\/eraportal.sk\/horizont-europa\/\"},{\"@type\":\"ListItem\",\"position\":2,\"name\":\"Aktuality\",\"item\":\"https:\/\/eraportal.sk\/horizont-europa\/aktuality-archiv\/\"},{\"@type\":\"ListItem\",\"position\":3,\"name\":\"S\u00fa\u0165a\u017e Nov\u00e9ho eur\u00f3pskeho Bauhausu 2022 otvoren\u00e1\"}]},{\"@type\":\"WebSite\",\"@id\":\"https:\/\/eraportal.sk\/horizont-europa\/#website\",\"url\":\"https:\/\/eraportal.sk\/horizont-europa\/\",\"name\":\"Horizont Eur\u00f3pa\",\"description\":\"\",\"publisher\":{\"@id\":\"https:\/\/eraportal.sk\/horizont-europa\/#organization\"},\"potentialAction\":[{\"@type\":\"SearchAction\",\"target\":{\"@type\":\"EntryPoint\",\"urlTemplate\":\"https:\/\/eraportal.sk\/horizont-europa\/?s={search_term_string}\"},\"query-input\":{\"@type\":\"PropertyValueSpecification\",\"valueRequired\":true,\"valueName\":\"search_term_string\"}}],\"inLanguage\":\"sk-SK\"},{\"@type\":\"Organization\",\"@id\":\"https:\/\/eraportal.sk\/horizont-europa\/#organization\",\"name\":\"Horizont Eur\u00f3pa\",\"url\":\"https:\/\/eraportal.sk\/horizont-europa\/\",\"logo\":{\"@type\":\"ImageObject\",\"inLanguage\":\"sk-SK\",\"@id\":\"https:\/\/eraportal.sk\/horizont-europa\/#\/schema\/logo\/image\/\",\"url\":\"https:\/\/eraportal.sk\/horizont-europa\/wp-content\/uploads\/sites\/4\/2024\/02\/Favicon_HEU.png\",\"contentUrl\":\"https:\/\/eraportal.sk\/horizont-europa\/wp-content\/uploads\/sites\/4\/2024\/02\/Favicon_HEU.png\",\"width\":512,\"height\":512,\"caption\":\"Horizont Eur\u00f3pa\"},\"image\":{\"@id\":\"https:\/\/eraportal.sk\/horizont-europa\/#\/schema\/logo\/image\/\"}}]}<\/script>\n<!-- \/ Yoast SEO plugin. -->","yoast_head_json":{"title":"S\u00fa\u0165a\u017e Nov\u00e9ho eur\u00f3pskeho Bauhausu 2022 otvoren\u00e1 - Horizont Eur\u00f3pa","robots":{"index":"index","follow":"follow","max-snippet":"max-snippet:-1","max-image-preview":"max-image-preview:large","max-video-preview":"max-video-preview:-1"},"canonical":"https:\/\/eraportal.sk\/horizont-europa\/aktualita\/sutaz-noveho-europskeho-bauhausu-2022-otvorena\/","og_locale":"sk_SK","og_type":"article","og_title":"S\u00fa\u0165a\u017e Nov\u00e9ho eur\u00f3pskeho Bauhausu 2022 otvoren\u00e1 - Horizont Eur\u00f3pa","og_description":"Celkovo z\u00edska 18 v\u00ed\u0165azov pe\u0148a\u017en\u00fa odmenu do v\u00fd\u0161ky 30 000 EUR, ako aj komunika\u010dn\u00fd bal\u00ed\u010dek. Uz\u00e1vierka 28. febru\u00e1ra 2022.","og_url":"https:\/\/eraportal.sk\/horizont-europa\/aktualita\/sutaz-noveho-europskeho-bauhausu-2022-otvorena\/","og_site_name":"Horizont Eur\u00f3pa","article_modified_time":"2024-02-10T15:10:41+00:00","og_image":[{"width":445,"height":288,"url":"https:\/\/eraportal.sk\/horizont-europa\/wp-content\/uploads\/sites\/4\/2024\/01\/obrazok-39.png","type":"image\/png"}],"twitter_card":"summary_large_image","twitter_misc":{"Predpokladan\u00fd \u010das \u010d\u00edtania":"2 min\u00faty"},"schema":{"@context":"https:\/\/schema.org","@graph":[{"@type":"WebPage","@id":"https:\/\/eraportal.sk\/horizont-europa\/aktualita\/sutaz-noveho-europskeho-bauhausu-2022-otvorena\/","url":"https:\/\/eraportal.sk\/horizont-europa\/aktualita\/sutaz-noveho-europskeho-bauhausu-2022-otvorena\/","name":"S\u00fa\u0165a\u017e Nov\u00e9ho eur\u00f3pskeho Bauhausu 2022 otvoren\u00e1 - Horizont Eur\u00f3pa","isPartOf":{"@id":"https:\/\/eraportal.sk\/horizont-europa\/#website"},"primaryImageOfPage":{"@id":"https:\/\/eraportal.sk\/horizont-europa\/aktualita\/sutaz-noveho-europskeho-bauhausu-2022-otvorena\/#primaryimage"},"image":{"@id":"https:\/\/eraportal.sk\/horizont-europa\/aktualita\/sutaz-noveho-europskeho-bauhausu-2022-otvorena\/#primaryimage"},"thumbnailUrl":"https:\/\/eraportal.sk\/horizont-europa\/wp-content\/uploads\/sites\/4\/2024\/01\/obrazok-39.png","datePublished":"2022-01-19T08:07:23+00:00","dateModified":"2024-02-10T15:10:41+00:00","breadcrumb":{"@id":"https:\/\/eraportal.sk\/horizont-europa\/aktualita\/sutaz-noveho-europskeho-bauhausu-2022-otvorena\/#breadcrumb"},"inLanguage":"sk-SK","potentialAction":[{"@type":"ReadAction","target":["https:\/\/eraportal.sk\/horizont-europa\/aktualita\/sutaz-noveho-europskeho-bauhausu-2022-otvorena\/"]}]},{"@type":"ImageObject","inLanguage":"sk-SK","@id":"https:\/\/eraportal.sk\/horizont-europa\/aktualita\/sutaz-noveho-europskeho-bauhausu-2022-otvorena\/#primaryimage","url":"https:\/\/eraportal.sk\/horizont-europa\/wp-content\/uploads\/sites\/4\/2024\/01\/obrazok-39.png","contentUrl":"https:\/\/eraportal.sk\/horizont-europa\/wp-content\/uploads\/sites\/4\/2024\/01\/obrazok-39.png","width":445,"height":288},{"@type":"BreadcrumbList","@id":"https:\/\/eraportal.sk\/horizont-europa\/aktualita\/sutaz-noveho-europskeho-bauhausu-2022-otvorena\/#breadcrumb","itemListElement":[{"@type":"ListItem","position":1,"name":"Domovsk\u00e1 str\u00e1nka","item":"https:\/\/eraportal.sk\/horizont-europa\/"},{"@type":"ListItem","position":2,"name":"Aktuality","item":"https:\/\/eraportal.sk\/horizont-europa\/aktuality-archiv\/"},{"@type":"ListItem","position":3,"name":"S\u00fa\u0165a\u017e Nov\u00e9ho eur\u00f3pskeho Bauhausu 2022 otvoren\u00e1"}]},{"@type":"WebSite","@id":"https:\/\/eraportal.sk\/horizont-europa\/#website","url":"https:\/\/eraportal.sk\/horizont-europa\/","name":"Horizont Eur\u00f3pa","description":"","publisher":{"@id":"https:\/\/eraportal.sk\/horizont-europa\/#organization"},"potentialAction":[{"@type":"SearchAction","target":{"@type":"EntryPoint","urlTemplate":"https:\/\/eraportal.sk\/horizont-europa\/?s={search_term_string}"},"query-input":{"@type":"PropertyValueSpecification","valueRequired":true,"valueName":"search_term_string"}}],"inLanguage":"sk-SK"},{"@type":"Organization","@id":"https:\/\/eraportal.sk\/horizont-europa\/#organization","name":"Horizont Eur\u00f3pa","url":"https:\/\/eraportal.sk\/horizont-europa\/","logo":{"@type":"ImageObject","inLanguage":"sk-SK","@id":"https:\/\/eraportal.sk\/horizont-europa\/#\/schema\/logo\/image\/","url":"https:\/\/eraportal.sk\/horizont-europa\/wp-content\/uploads\/sites\/4\/2024\/02\/Favicon_HEU.png","contentUrl":"https:\/\/eraportal.sk\/horizont-europa\/wp-content\/uploads\/sites\/4\/2024\/02\/Favicon_HEU.png","width":512,"height":512,"caption":"Horizont Eur\u00f3pa"},"image":{"@id":"https:\/\/eraportal.sk\/horizont-europa\/#\/schema\/logo\/image\/"}}]}},"acf":{"nadpis":"S\u00fa\u0165a\u017e Nov\u00e9ho eur\u00f3pskeho Bauhausu 2022 otvoren\u00e1","opis":"<!-- wp:image {\"align\":\"center\",\"id\":98032,\"width\":381,\"height\":247,\"sizeSlug\":\"full\",\"linkDestination\":\"none\"} -->\n<div class=\"wp-block-image\"><figure class=\"aligncenter size-full is-resized\"><img src=\"https:\/\/eraportal.sk\/wp-content\/uploads\/2022\/01\/obrazok-39.png\" alt=\"new european bauhaus prizes 2022\" class=\"wp-image-98032\" width=\"381\" height=\"247\"\/><\/figure><\/div>\n<!-- \/wp:image -->\n\n<!-- wp:paragraph -->\n<p>Od 18. janu\u00e1ra je mo\u017en\u00e9 <strong>pod\u00e1va\u0165 prihl\u00e1\u0161ky v s\u00fa\u0165a\u017ei o ceny Nov\u00e9ho eur\u00f3pskeho Bauhausu za rok 2022<\/strong>.<\/p>\n<!-- \/wp:paragraph -->\n\n<!-- wp:paragraph -->\n<p>Ceny sa udelia projektom a n\u00e1padom, ktor\u00e9 prispievaj\u00fa ku kr\u00e1snym, udr\u017eate\u013en\u00fdm a inkluz\u00edvnym miestam, a to v<strong> \u0161tyroch kateg\u00f3ri\u00e1ch<\/strong>:<\/p>\n<!-- \/wp:paragraph -->\n\n<!-- wp:list {\"ordered\":true,\"type\":\"1\"} -->\n<ol type=\"1\"><li>obnovenie spojenia s pr\u00edrodou;<\/li><li>znovunadobudnutie pocitu spolupatri\u010dnosti;<\/li><li>uprednost\u0148ovanie miest a&nbsp;\u013eud\u00ed, ktor\u00ed to najviac potrebuj\u00fa;<\/li><li>posilnenie dlhodob\u00e9ho a integrovan\u00e9ho my\u0161lienkov\u00e9ho pr\u00edstupu v&nbsp;priemyselnom ekosyst\u00e9me zoh\u013ead\u0148uj\u00faceho \u017eivotn\u00fd cyklus.<\/li><\/ol>\n<!-- \/wp:list -->\n\n<!-- wp:paragraph -->\n<p>Pr\u00edspevky sa bud\u00fa posudzova\u0165 s oh\u013eadom na <strong>tri z\u00e1kladn\u00e9 hodnoty iniciat\u00edvy: udr\u017eate\u013enos\u0165, estetiku a inkl\u00faziu<\/strong>. V\u00edtan\u00e9 s\u00fa prihl\u00e1\u0161ky od \u00fa\u010dastn\u00edkov zo v\u0161etk\u00fdch \u010dlensk\u00fdch \u0161t\u00e1tov, ako aj z cel\u00e9ho sveta, pokia\u013e sa ich projekty\/n\u00e1pady nach\u00e1dzaj\u00fa v Eur\u00f3pskej \u00fanii.<\/p>\n<!-- \/wp:paragraph -->\n\n<!-- wp:paragraph -->\n<p>V ka\u017edej kateg\u00f3rii s\u00fa dva paraleln\u00e9 s\u00fa\u0165a\u017en\u00e9 okruhy:<\/p>\n<!-- \/wp:paragraph -->\n\n<!-- wp:list {\"ordered\":true,\"type\":\"1\"} -->\n<ol type=\"1\"><li>\u201e<strong>Ocenenia Nov\u00e9ho eur\u00f3pskeho Bauhausu<\/strong>\u201c za zrealizovan\u00e9 pr\u00edklady v posledn\u00fdch dvoch rokoch a<\/li><li>\u201e<strong>Vych\u00e1dzaj\u00face hviezdy Nov\u00e9ho eur\u00f3pskeho Bauhausu<\/strong>\u201c za koncepcie alebo n\u00e1pady mlad\u00fdch tvorcov do 30 rokov.<\/li><\/ol>\n<!-- \/wp:list -->\n\n<!-- wp:paragraph -->\n<p>Okrem 16 cien udelen\u00fdch porotou (jeden v\u00ed\u0165az a jeden uch\u00e1dza\u010d na druhom mieste pre ka\u017ed\u00fa kateg\u00f3riu v ka\u017edom okruhu) sa vyber\u00fa dve \u010fal\u0161ie ceny na z\u00e1klade verejn\u00e9ho hlasovania spomedzi najlep\u0161\u00edch pr\u00edspevkov. <strong>Celkovo z\u00edska 18 v\u00ed\u0165azov pe\u0148a\u017en\u00fa odmenu do v\u00fd\u0161ky 30 000 EUR, ako aj komunika\u010dn\u00fd bal\u00ed\u010dek, ktor\u00fd im pom\u00f4\u017ee \u010falej vyv\u00edja\u0165 a propagova\u0165 ich iniciat\u00edvy.<\/strong><\/p>\n<!-- \/wp:paragraph -->\n\n<!-- wp:paragraph -->\n<p>Prihl\u00e1\u0161ky sa m\u00f4\u017eu pod\u00e1va\u0165 do <strong>28. febru\u00e1ra 2022, 19:00 hod.<\/strong><\/p>\n<!-- \/wp:paragraph -->\n\n<!-- wp:paragraph -->\n<p><\/p>\n<!-- \/wp:paragraph -->\n\n<!-- wp:heading {\"level\":3} -->\n<h3><strong>S\u00favislosti<\/strong><\/h3>\n<!-- \/wp:heading -->\n\n<!-- wp:paragraph -->\n<p>Nov\u00fd eur\u00f3psky Bauhaus je environment\u00e1lny, hospod\u00e1rsky a kult\u00farny projekt s cie\u013eom kombinova\u0165 dizajn, udr\u017eate\u013enos\u0165, pr\u00edstupnos\u0165, finan\u010dn\u00fa dostupnos\u0165 a invest\u00edcie v snahe pom\u00f4c\u0165 realizova\u0165 Eur\u00f3psku zelen\u00fa dohodu.<\/p>\n<!-- \/wp:paragraph -->\n\n<!-- wp:paragraph -->\n<p>Nov\u00fd eur\u00f3psky Bauhaus, ktor\u00fd spustila predsedn\u00ed\u010dka von der Leyen vo svojom prejave o stave \u00danie v roku 2020, bol spolo\u010dne koncipovan\u00fd s tis\u00edckami \u013eud\u00ed a organiz\u00e1ci\u00ed v celej Eur\u00f3pe aj za jej hranicami.<\/p>\n<!-- \/wp:paragraph -->\n\n<!-- wp:paragraph -->\n<p>V septembri 2021 sa iniciat\u00edva posunula zo spolo\u010dn\u00e9ho koncipovania k realiz\u00e1cii na z\u00e1klade ozn\u00e1menia Komisie, v ktorom sa stanovuj\u00fa politick\u00e9 opatrenia a financovanie, aby sa iniciat\u00edva stala skuto\u010dnos\u0165ou.<\/p>\n<!-- \/wp:paragraph -->\n\n<!-- wp:paragraph -->\n<p><strong>Cel\u00fa tla\u010dov\u00fa spr\u00e1vu Eur\u00f3pskej komisie n\u00e1jdete <a href=\"https:\/\/ec.europa.eu\/commission\/presscorner\/detail\/sk\/IP_22_347\" target=\"_blank\" rel=\"noreferrer noopener\">tu<\/a>.<\/strong><\/p>\n<!-- \/wp:paragraph -->\n\n<!-- wp:paragraph -->\n<p>Viac inform\u00e1ci\u00ed:<\/p>\n<!-- \/wp:paragraph -->\n\n<!-- wp:list -->\n<ul><li><a href=\"https:\/\/ec.europa.eu\/commission\/presscorner\/detail\/en\/qanda_22_348\" target=\"_blank\" rel=\"noreferrer noopener\">Ot\u00e1zky a&nbsp;odpovede<\/a><\/li><li><a href=\"https:\/\/europa.eu\/new-european-bauhaus\/2022-prizes_en\" target=\"_blank\" rel=\"noreferrer noopener\">Webov\u00e9 s\u00eddlo s\u00fa\u0165a\u017ee<\/a><\/li><li><a href=\"https:\/\/ec.europa.eu\/commission\/presscorner\/detail\/sk\/ip_21_4626\" target=\"_blank\" rel=\"noreferrer noopener\">Ozn\u00e1menie Komisie o&nbsp;Novom eur\u00f3pskom Bauhause<\/a><\/li><li><a href=\"https:\/\/ec.europa.eu\/commission\/presscorner\/detail\/en\/IP_21_4669\" target=\"_blank\" rel=\"noreferrer noopener\">Eur\u00f3pska komisia ozn\u00e1mila v\u00ed\u0165azov ceny Nov\u00e9ho eur\u00f3pskeho Bauhausu (2021)<\/a><\/li><\/ul>\n<!-- \/wp:list -->\n\n<!-- wp:paragraph -->\n<p>Zverejnen\u00e9 19.1.2022, slord<\/p>\n<!-- \/wp:paragraph -->","kratky_opis":"Celkovo z\u00edska 18 v\u00ed\u0165azov pe\u0148a\u017en\u00fa odmenu do v\u00fd\u0161ky 30 000 EUR, ako aj komunika\u010dn\u00fd bal\u00ed\u010dek. Uz\u00e1vierka 28. febru\u00e1ra 2022.","oblast":[182],"zobrazit_velke_v_newsletteri":false,"reminder":false,"newsletter_thumbnail":null},"_links":{"self":[{"href":"https:\/\/eraportal.sk\/horizont-europa\/wp-json\/wp\/v2\/aktuality\/18948","targetHints":{"allow":["GET"]}}],"collection":[{"href":"https:\/\/eraportal.sk\/horizont-europa\/wp-json\/wp\/v2\/aktuality"}],"about":[{"href":"https:\/\/eraportal.sk\/horizont-europa\/wp-json\/wp\/v2\/types\/aktualita"}],"acf:term":[{"embeddable":true,"taxonomy":"oblast-horizont","href":"https:\/\/eraportal.sk\/horizont-europa\/wp-json\/wp\/v2\/oblast-horizont\/182"}],"wp:featuredmedia":[{"embeddable":true,"href":"https:\/\/eraportal.sk\/horizont-europa\/wp-json\/wp\/v2\/media\/2727"}],"wp:attachment":[{"href":"https:\/\/eraportal.sk\/horizont-europa\/wp-json\/wp\/v2\/media?parent=18948"}],"wp:term":[{"taxonomy":"post_tag","embeddable":true,"href":"https:\/\/eraportal.sk\/horizont-europa\/wp-json\/wp\/v2\/tags?post=18948"},{"taxonomy":"oblast-horizont","embeddable":true,"href":"https:\/\/eraportal.sk\/horizont-europa\/wp-json\/wp\/v2\/oblast-horizont?post=18948"}],"curies":[{"name":"wp","href":"https:\/\/api.w.org\/{rel}","templated":true}]}}