    {"id":18942,"date":"2022-01-12T08:32:36","date_gmt":"2022-01-12T07:32:36","guid":{"rendered":"https:\/\/eraportal.ecomcapsule.com\/demohorizont\/aktualita\/otvorili-sa-nove-vyzvy-v-klastri-zdravie\/"},"modified":"2024-02-10T16:10:40","modified_gmt":"2024-02-10T15:10:40","slug":"otvorili-sa-nove-vyzvy-v-klastri-zdravie","status":"publish","type":"aktualita","link":"https:\/\/eraportal.sk\/horizont-europa\/aktualita\/otvorili-sa-nove-vyzvy-v-klastri-zdravie\/","featured_media":2719,"template":"","tags":[382],"oblast-horizont":[181],"class_list":["post-18942","aktualita","type-aktualita","status-publish","has-post-thumbnail","hentry","tag-vyzva","oblast-horizont-klaster-1-zdravie"],"yoast_head":"<!-- This site is optimized with the Yoast SEO plugin v24.4 - https:\/\/yoast.com\/wordpress\/plugins\/seo\/ -->\n<title>Otvorili sa nov\u00e9 v\u00fdzvy v klastri Zdravie - Horizont Eur\u00f3pa<\/title>\n<meta name=\"robots\" content=\"index, follow, max-snippet:-1, max-image-preview:large, max-video-preview:-1\" \/>\n<link rel=\"canonical\" href=\"https:\/\/eraportal.sk\/horizont-europa\/aktualita\/otvorili-sa-nove-vyzvy-v-klastri-zdravie\/\" \/>\n<meta property=\"og:locale\" content=\"sk_SK\" \/>\n<meta property=\"og:type\" content=\"article\" \/>\n<meta property=\"og:title\" content=\"Otvorili sa nov\u00e9 v\u00fdzvy v klastri Zdravie - Horizont Eur\u00f3pa\" \/>\n<meta property=\"og:description\" content=\"Uz\u00e1vierka na predkladanie projektov\u00fdch n\u00e1vrhov: 21. 4. 2022\" \/>\n<meta property=\"og:url\" content=\"https:\/\/eraportal.sk\/horizont-europa\/aktualita\/otvorili-sa-nove-vyzvy-v-klastri-zdravie\/\" \/>\n<meta property=\"og:site_name\" content=\"Horizont Eur\u00f3pa\" \/>\n<meta property=\"article:modified_time\" content=\"2024-02-10T15:10:40+00:00\" \/>\n<meta property=\"og:image\" content=\"https:\/\/eraportal.sk\/horizont-europa\/wp-content\/uploads\/sites\/4\/2024\/01\/obrazok-18-3.png\" \/>\n\t<meta property=\"og:image:width\" content=\"578\" \/>\n\t<meta property=\"og:image:height\" content=\"289\" \/>\n\t<meta property=\"og:image:type\" content=\"image\/png\" \/>\n<meta name=\"twitter:card\" content=\"summary_large_image\" \/>\n<meta name=\"twitter:label1\" content=\"Predpokladan\u00fd \u010das \u010d\u00edtania\" \/>\n\t<meta name=\"twitter:data1\" content=\"2 min\u00faty\" \/>\n<script type=\"application\/ld+json\" class=\"yoast-schema-graph\">{\"@context\":\"https:\/\/schema.org\",\"@graph\":[{\"@type\":\"WebPage\",\"@id\":\"https:\/\/eraportal.sk\/horizont-europa\/aktualita\/otvorili-sa-nove-vyzvy-v-klastri-zdravie\/\",\"url\":\"https:\/\/eraportal.sk\/horizont-europa\/aktualita\/otvorili-sa-nove-vyzvy-v-klastri-zdravie\/\",\"name\":\"Otvorili sa nov\u00e9 v\u00fdzvy v klastri Zdravie - Horizont Eur\u00f3pa\",\"isPartOf\":{\"@id\":\"https:\/\/eraportal.sk\/horizont-europa\/#website\"},\"primaryImageOfPage\":{\"@id\":\"https:\/\/eraportal.sk\/horizont-europa\/aktualita\/otvorili-sa-nove-vyzvy-v-klastri-zdravie\/#primaryimage\"},\"image\":{\"@id\":\"https:\/\/eraportal.sk\/horizont-europa\/aktualita\/otvorili-sa-nove-vyzvy-v-klastri-zdravie\/#primaryimage\"},\"thumbnailUrl\":\"https:\/\/eraportal.sk\/horizont-europa\/wp-content\/uploads\/sites\/4\/2024\/01\/obrazok-18-3.png\",\"datePublished\":\"2022-01-12T07:32:36+00:00\",\"dateModified\":\"2024-02-10T15:10:40+00:00\",\"breadcrumb\":{\"@id\":\"https:\/\/eraportal.sk\/horizont-europa\/aktualita\/otvorili-sa-nove-vyzvy-v-klastri-zdravie\/#breadcrumb\"},\"inLanguage\":\"sk-SK\",\"potentialAction\":[{\"@type\":\"ReadAction\",\"target\":[\"https:\/\/eraportal.sk\/horizont-europa\/aktualita\/otvorili-sa-nove-vyzvy-v-klastri-zdravie\/\"]}]},{\"@type\":\"ImageObject\",\"inLanguage\":\"sk-SK\",\"@id\":\"https:\/\/eraportal.sk\/horizont-europa\/aktualita\/otvorili-sa-nove-vyzvy-v-klastri-zdravie\/#primaryimage\",\"url\":\"https:\/\/eraportal.sk\/horizont-europa\/wp-content\/uploads\/sites\/4\/2024\/01\/obrazok-18-3.png\",\"contentUrl\":\"https:\/\/eraportal.sk\/horizont-europa\/wp-content\/uploads\/sites\/4\/2024\/01\/obrazok-18-3.png\",\"width\":578,\"height\":289},{\"@type\":\"BreadcrumbList\",\"@id\":\"https:\/\/eraportal.sk\/horizont-europa\/aktualita\/otvorili-sa-nove-vyzvy-v-klastri-zdravie\/#breadcrumb\",\"itemListElement\":[{\"@type\":\"ListItem\",\"position\":1,\"name\":\"Domovsk\u00e1 str\u00e1nka\",\"item\":\"https:\/\/eraportal.sk\/horizont-europa\/\"},{\"@type\":\"ListItem\",\"position\":2,\"name\":\"Aktuality\",\"item\":\"https:\/\/eraportal.sk\/horizont-europa\/aktuality-archiv\/\"},{\"@type\":\"ListItem\",\"position\":3,\"name\":\"Otvorili sa nov\u00e9 v\u00fdzvy v klastri Zdravie\"}]},{\"@type\":\"WebSite\",\"@id\":\"https:\/\/eraportal.sk\/horizont-europa\/#website\",\"url\":\"https:\/\/eraportal.sk\/horizont-europa\/\",\"name\":\"Horizont Eur\u00f3pa\",\"description\":\"\",\"publisher\":{\"@id\":\"https:\/\/eraportal.sk\/horizont-europa\/#organization\"},\"potentialAction\":[{\"@type\":\"SearchAction\",\"target\":{\"@type\":\"EntryPoint\",\"urlTemplate\":\"https:\/\/eraportal.sk\/horizont-europa\/?s={search_term_string}\"},\"query-input\":{\"@type\":\"PropertyValueSpecification\",\"valueRequired\":true,\"valueName\":\"search_term_string\"}}],\"inLanguage\":\"sk-SK\"},{\"@type\":\"Organization\",\"@id\":\"https:\/\/eraportal.sk\/horizont-europa\/#organization\",\"name\":\"Horizont Eur\u00f3pa\",\"url\":\"https:\/\/eraportal.sk\/horizont-europa\/\",\"logo\":{\"@type\":\"ImageObject\",\"inLanguage\":\"sk-SK\",\"@id\":\"https:\/\/eraportal.sk\/horizont-europa\/#\/schema\/logo\/image\/\",\"url\":\"https:\/\/eraportal.sk\/horizont-europa\/wp-content\/uploads\/sites\/4\/2024\/02\/Favicon_HEU.png\",\"contentUrl\":\"https:\/\/eraportal.sk\/horizont-europa\/wp-content\/uploads\/sites\/4\/2024\/02\/Favicon_HEU.png\",\"width\":512,\"height\":512,\"caption\":\"Horizont Eur\u00f3pa\"},\"image\":{\"@id\":\"https:\/\/eraportal.sk\/horizont-europa\/#\/schema\/logo\/image\/\"}}]}<\/script>\n<!-- \/ Yoast SEO plugin. -->","yoast_head_json":{"title":"Otvorili sa nov\u00e9 v\u00fdzvy v klastri Zdravie - Horizont Eur\u00f3pa","robots":{"index":"index","follow":"follow","max-snippet":"max-snippet:-1","max-image-preview":"max-image-preview:large","max-video-preview":"max-video-preview:-1"},"canonical":"https:\/\/eraportal.sk\/horizont-europa\/aktualita\/otvorili-sa-nove-vyzvy-v-klastri-zdravie\/","og_locale":"sk_SK","og_type":"article","og_title":"Otvorili sa nov\u00e9 v\u00fdzvy v klastri Zdravie - Horizont Eur\u00f3pa","og_description":"Uz\u00e1vierka na predkladanie projektov\u00fdch n\u00e1vrhov: 21. 4. 2022","og_url":"https:\/\/eraportal.sk\/horizont-europa\/aktualita\/otvorili-sa-nove-vyzvy-v-klastri-zdravie\/","og_site_name":"Horizont Eur\u00f3pa","article_modified_time":"2024-02-10T15:10:40+00:00","og_image":[{"width":578,"height":289,"url":"https:\/\/eraportal.sk\/horizont-europa\/wp-content\/uploads\/sites\/4\/2024\/01\/obrazok-18-3.png","type":"image\/png"}],"twitter_card":"summary_large_image","twitter_misc":{"Predpokladan\u00fd \u010das \u010d\u00edtania":"2 min\u00faty"},"schema":{"@context":"https:\/\/schema.org","@graph":[{"@type":"WebPage","@id":"https:\/\/eraportal.sk\/horizont-europa\/aktualita\/otvorili-sa-nove-vyzvy-v-klastri-zdravie\/","url":"https:\/\/eraportal.sk\/horizont-europa\/aktualita\/otvorili-sa-nove-vyzvy-v-klastri-zdravie\/","name":"Otvorili sa nov\u00e9 v\u00fdzvy v klastri Zdravie - Horizont Eur\u00f3pa","isPartOf":{"@id":"https:\/\/eraportal.sk\/horizont-europa\/#website"},"primaryImageOfPage":{"@id":"https:\/\/eraportal.sk\/horizont-europa\/aktualita\/otvorili-sa-nove-vyzvy-v-klastri-zdravie\/#primaryimage"},"image":{"@id":"https:\/\/eraportal.sk\/horizont-europa\/aktualita\/otvorili-sa-nove-vyzvy-v-klastri-zdravie\/#primaryimage"},"thumbnailUrl":"https:\/\/eraportal.sk\/horizont-europa\/wp-content\/uploads\/sites\/4\/2024\/01\/obrazok-18-3.png","datePublished":"2022-01-12T07:32:36+00:00","dateModified":"2024-02-10T15:10:40+00:00","breadcrumb":{"@id":"https:\/\/eraportal.sk\/horizont-europa\/aktualita\/otvorili-sa-nove-vyzvy-v-klastri-zdravie\/#breadcrumb"},"inLanguage":"sk-SK","potentialAction":[{"@type":"ReadAction","target":["https:\/\/eraportal.sk\/horizont-europa\/aktualita\/otvorili-sa-nove-vyzvy-v-klastri-zdravie\/"]}]},{"@type":"ImageObject","inLanguage":"sk-SK","@id":"https:\/\/eraportal.sk\/horizont-europa\/aktualita\/otvorili-sa-nove-vyzvy-v-klastri-zdravie\/#primaryimage","url":"https:\/\/eraportal.sk\/horizont-europa\/wp-content\/uploads\/sites\/4\/2024\/01\/obrazok-18-3.png","contentUrl":"https:\/\/eraportal.sk\/horizont-europa\/wp-content\/uploads\/sites\/4\/2024\/01\/obrazok-18-3.png","width":578,"height":289},{"@type":"BreadcrumbList","@id":"https:\/\/eraportal.sk\/horizont-europa\/aktualita\/otvorili-sa-nove-vyzvy-v-klastri-zdravie\/#breadcrumb","itemListElement":[{"@type":"ListItem","position":1,"name":"Domovsk\u00e1 str\u00e1nka","item":"https:\/\/eraportal.sk\/horizont-europa\/"},{"@type":"ListItem","position":2,"name":"Aktuality","item":"https:\/\/eraportal.sk\/horizont-europa\/aktuality-archiv\/"},{"@type":"ListItem","position":3,"name":"Otvorili sa nov\u00e9 v\u00fdzvy v klastri Zdravie"}]},{"@type":"WebSite","@id":"https:\/\/eraportal.sk\/horizont-europa\/#website","url":"https:\/\/eraportal.sk\/horizont-europa\/","name":"Horizont Eur\u00f3pa","description":"","publisher":{"@id":"https:\/\/eraportal.sk\/horizont-europa\/#organization"},"potentialAction":[{"@type":"SearchAction","target":{"@type":"EntryPoint","urlTemplate":"https:\/\/eraportal.sk\/horizont-europa\/?s={search_term_string}"},"query-input":{"@type":"PropertyValueSpecification","valueRequired":true,"valueName":"search_term_string"}}],"inLanguage":"sk-SK"},{"@type":"Organization","@id":"https:\/\/eraportal.sk\/horizont-europa\/#organization","name":"Horizont Eur\u00f3pa","url":"https:\/\/eraportal.sk\/horizont-europa\/","logo":{"@type":"ImageObject","inLanguage":"sk-SK","@id":"https:\/\/eraportal.sk\/horizont-europa\/#\/schema\/logo\/image\/","url":"https:\/\/eraportal.sk\/horizont-europa\/wp-content\/uploads\/sites\/4\/2024\/02\/Favicon_HEU.png","contentUrl":"https:\/\/eraportal.sk\/horizont-europa\/wp-content\/uploads\/sites\/4\/2024\/02\/Favicon_HEU.png","width":512,"height":512,"caption":"Horizont Eur\u00f3pa"},"image":{"@id":"https:\/\/eraportal.sk\/horizont-europa\/#\/schema\/logo\/image\/"}}]}},"acf":{"nadpis":"Otvorili sa nov\u00e9 v\u00fdzvy v klastri Zdravie","opis":"<!-- wp:paragraph -->\n<p>V&nbsp;<a href=\"https:\/\/eraportal.sk\/horizont-europa\/heu-globalne-vyzvy\/heu-zdravie\/#tabs_desc_62554_1\" target=\"_blank\" rel=\"noreferrer noopener\">klastri Zdravie<\/a> boli v r\u00e1mci destin\u00e1cie 3 <em>Boj proti chorob\u00e1m a zni\u017eovanie za\u0165a\u017eenia chorobami<\/em> otvoren\u00e9 <strong>dve nov\u00e9 v\u00fdzvy<\/strong> na predkladanie projektov\u00fdch n\u00e1vrhov.<\/p>\n<!-- \/wp:paragraph -->\n\n<!-- wp:paragraph -->\n<p><\/p>\n<!-- \/wp:paragraph -->\n\n<!-- wp:image {\"align\":\"center\",\"id\":97083,\"sizeSlug\":\"full\",\"linkDestination\":\"none\"} -->\n<div class=\"wp-block-image\"><figure class=\"aligncenter size-full\"><img src=\"https:\/\/eraportal.sk\/wp-content\/uploads\/2022\/01\/obrazok-18.png\" alt=\"call for porposal HE\" class=\"wp-image-97083\"\/><\/figure><\/div>\n<!-- \/wp:image -->\n\n<!-- wp:paragraph {\"fontSize\":\"medium\"} -->\n<p class=\"has-medium-font-size\"><strong>Tackling diseases (Single Stage - 2022)<\/strong><\/p>\n<!-- \/wp:paragraph -->\n\n<!-- wp:paragraph -->\n<p><strong>T\u00e9my v\u00fdzvy:<\/strong><\/p>\n<!-- \/wp:paragraph -->\n\n<!-- wp:list -->\n<ul><li>HORIZON-HLTH-2022-DISEASE-07-03: <a href=\"https:\/\/ec.europa.eu\/info\/funding-tenders\/opportunities\/portal\/screen\/opportunities\/topic-details\/horizon-hlth-2022-disease-07-03;callCode=HORIZON-HLTH-2022-DISEASE-07;freeTextSearchKeyword=;matchWholeText=true;typeCodes=1;statusCodes=31094501,31094502,31094503;programmePeriod=null;programCcm2Id=43108390;programDivisionCode=null;focusAreaCode=null;destination=null;mission=null;geographicalZonesCode=null;programmeDivisionProspect=null;startDateLte=null;startDateGte=null;crossCuttingPriorityCode=null;cpvCode=null;performanceOfDelivery=null;sortQuery=sortStatus;orderBy=asc;onlyTenders=false;topicListKey=callTopicSearchTableState\" target=\"_blank\" rel=\"noreferrer noopener\">Non-communicable diseases risk reduction in adolescence and youth (Global Alliance for Chronic Diseases - GACD)<\/a> \u2013 RIA<\/li><\/ul>\n<!-- \/wp:list -->\n\n<!-- wp:paragraph -->\n<p>Predpokladan\u00e1 v\u00fd\u0161ka rozpo\u010dtu\/projekt: 4 \u2013 15 mil. EUR. Celkov\u00e1 alokovan\u00e1 v\u00fd\u0161ka na t\u00e9mu: 25 mil. EUR<\/p>\n<!-- \/wp:paragraph -->\n\n<!-- wp:paragraph -->\n<p><\/p>\n<!-- \/wp:paragraph -->\n\n<!-- wp:list -->\n<ul><li>HORIZON-HLTH-2022-DISEASE-07-02: <a href=\"https:\/\/ec.europa.eu\/info\/funding-tenders\/opportunities\/portal\/screen\/opportunities\/topic-details\/horizon-hlth-2022-disease-07-02;callCode=HORIZON-HLTH-2022-DISEASE-07;freeTextSearchKeyword=;matchWholeText=true;typeCodes=1;statusCodes=31094501,31094502,31094503;programmePeriod=null;programCcm2Id=43108390;programDivisionCode=null;focusAreaCode=null;destination=null;mission=null;geographicalZonesCode=null;programmeDivisionProspect=null;startDateLte=null;startDateGte=null;crossCuttingPriorityCode=null;cpvCode=null;performanceOfDelivery=null;sortQuery=sortStatus;orderBy=asc;onlyTenders=false;topicListKey=callTopicSearchTableState\" target=\"_blank\" rel=\"noreferrer noopener\">Pandemic preparedness <\/a>\u2013 RIA<\/li><\/ul>\n<!-- \/wp:list -->\n\n<!-- wp:paragraph -->\n<p>Predpokladan\u00e1 v\u00fd\u0161ka rozpo\u010dtu\/projekt: 3 mil. EUR. Celkov\u00e1 alokovan\u00e1 v\u00fd\u0161ka na t\u00e9mu: 10 mil. EUR<\/p>\n<!-- \/wp:paragraph -->\n\n<!-- wp:paragraph -->\n<p><\/p>\n<!-- \/wp:paragraph -->\n\n<!-- wp:list -->\n<ul><li>HORIZON-HLTH-2022-DISEASE-07-01: <a href=\"https:\/\/ec.europa.eu\/info\/funding-tenders\/opportunities\/portal\/screen\/opportunities\/topic-details\/horizon-hlth-2022-disease-07-01;callCode=HORIZON-HLTH-2022-DISEASE-07;freeTextSearchKeyword=;matchWholeText=true;typeCodes=1;statusCodes=31094501,31094502,31094503;programmePeriod=null;programCcm2Id=43108390;programDivisionCode=null;focusAreaCode=null;destination=null;mission=null;geographicalZonesCode=null;programmeDivisionProspect=null;startDateLte=null;startDateGte=null;crossCuttingPriorityCode=null;cpvCode=null;performanceOfDelivery=null;sortQuery=sortStatus;orderBy=asc;onlyTenders=false;topicListKey=callTopicSearchTableState\" target=\"_blank\" rel=\"noreferrer noopener\">Support for the functioning of the Global Research Collaboration for Infectious Disease Preparedness (GloPID-R) <\/a>\u2013 CSA<\/li><\/ul>\n<!-- \/wp:list -->\n\n<!-- wp:paragraph -->\n<p>Predpokladan\u00e1 v\u00fd\u0161ka rozpo\u010dtu\/projekt: 2 mil. EUR. Celkov\u00e1 alokovan\u00e1 v\u00fd\u0161ka na t\u00e9mu: 2 mil. EUR<\/p>\n<!-- \/wp:paragraph -->\n\n<!-- wp:paragraph -->\n<p><\/p>\n<!-- \/wp:paragraph -->\n\n<!-- wp:paragraph {\"fontSize\":\"medium\"} -->\n<p class=\"has-medium-font-size\"><strong>Partnerships in Health (2022)<\/strong><\/p>\n<!-- \/wp:paragraph -->\n\n<!-- wp:list -->\n<ul><li>HORIZON-HLTH-2022-DISEASE-03-01: <a href=\"https:\/\/ec.europa.eu\/info\/funding-tenders\/opportunities\/portal\/screen\/opportunities\/topic-details\/horizon-hlth-2022-disease-03-01;callCode=null;freeTextSearchKeyword=;matchWholeText=true;typeCodes=1;statusCodes=31094501;programmePeriod=null;programCcm2Id=43108390;programDivisionCode=43108557;focusAreaCode=null;destination=null;mission=null;geographicalZonesCode=null;programmeDivisionProspect=null;startDateLte=null;startDateGte=null;crossCuttingPriorityCode=null;cpvCode=null;performanceOfDelivery=null;sortQuery=sortStatus;orderBy=asc;onlyTenders=false;topicListKey=callTopicSearchTableState\" target=\"_blank\" rel=\"noreferrer noopener\">European partnership fostering a European Research Area (ERA) for health research <\/a>\u2013 COFUND<\/li><\/ul>\n<!-- \/wp:list -->\n\n<!-- wp:paragraph -->\n<p>Partnerstvo ERA for Health bude pozost\u00e1va\u0165 z dvoch f\u00e1z. 1. f\u00e1za bude trva\u0165 dva roky a&nbsp;bude integrova\u0165 najrelevantnej\u0161ie eur\u00f3pske iniciat\u00edvy a realizova\u0165 spolo\u010dn\u00e9 v\u00fdzvy predov\u0161etk\u00fdm v&nbsp;oblasti ochoren\u00ed s\u00favisiacich s v\u00fd\u017eivou a \u017eivotn\u00fdm \u0161t\u00fdlom, kardiovaskul\u00e1rnymi ochoreniami a&nbsp;nanomedic\u00ednou. Po\u010das 2. f\u00e1zy bud\u00fa spusten\u00e9 nadn\u00e1rodn\u00e9 v\u00fdzvy pre klinick\u00e9 \u0161t\u00fadie a tie\u017e v\u00fdzvy v \u010fal\u0161\u00edch prioritn\u00fdch oblastiach.<\/p>\n<!-- \/wp:paragraph -->\n\n<!-- wp:paragraph -->\n<p>Predpokladan\u00fd finan\u010dn\u00fd pr\u00edspevok E\u00da: 30 mil. EUR<\/p>\n<!-- \/wp:paragraph -->\n\n<!-- wp:paragraph -->\n<p><\/p>\n<!-- \/wp:paragraph -->\n\n<!-- wp:paragraph -->\n<p>Obe v\u00fdzvy maj\u00fa <strong>uz\u00e1vierku 21. apr\u00edla 2022<\/strong>, bli\u017e\u0161ie inform\u00e1cie n\u00e1jdete v&nbsp;<a href=\"https:\/\/ec.europa.eu\/info\/funding-tenders\/opportunities\/docs\/2021-2027\/horizon\/wp-call\/2021-2022\/wp-4-health_horizon-2021-2022_en.pdf\" target=\"_blank\" rel=\"noreferrer noopener\">pracovnom programe pre klaster Zdravie (2021 - 2022)<\/a> alebo na <a href=\"https:\/\/ec.europa.eu\/info\/funding-tenders\/opportunities\/portal\/screen\/opportunities\/topic-search;callCode=null;freeTextSearchKeyword=;matchWholeText=true;typeCodes=0,1,2;statusCodes=31094502;programmePeriod=null;programCcm2Id=43108390;programDivisionCode=43108557;focusAreaCode=null;destination=null;mission=null;geographicalZonesCode=null;programmeDivisionProspect=null;startDateLte=null;startDateGte=null;crossCuttingPriorityCode=null;cpvCode=null;performanceOfDelivery=null;sortQuery=sortStatus;orderBy=asc;onlyTenders=false;topicListKey=topicSearchTablePageState\" target=\"_blank\" rel=\"noreferrer noopener\">port\u00e1li FTO<\/a>.<\/p>\n<!-- \/wp:paragraph -->\n\n<!-- wp:paragraph -->\n<p><\/p>\n<!-- \/wp:paragraph -->\n\n<!-- wp:paragraph -->\n<p><a href=\"https:\/\/www.youtube.com\/watch?v=iKUDo8Ia5EI\" target=\"_blank\" rel=\"noreferrer noopener\">Z\u00e1znam z&nbsp;informa\u010dn\u00e9ho d\u0148a EK k&nbsp;v\u00fdzvam 2022 v&nbsp;klastri Zdravie \u2013 destin\u00e1cia 3<\/a><\/p>\n<!-- \/wp:paragraph -->\n\n<!-- wp:paragraph -->\n<p><a href=\"https:\/\/ec.europa.eu\/info\/funding-tenders\/opportunities\/portal\/screen\/opportunities\/topic-search;callCode=null;freeTextSearchKeyword=;matchWholeText=true;typeCodes=0,1,2;statusCodes=31094502;programmePeriod=null;programCcm2Id=43108390;programDivisionCode=43108557;focusAreaCode=null;destination=null;mission=null;geographicalZonesCode=null;programmeDivisionProspect=null;startDateLte=null;startDateGte=null;crossCuttingPriorityCode=null;cpvCode=null;performanceOfDelivery=null;sortQuery=sortStatus;orderBy=asc;onlyTenders=false;topicListKey=topicSearchTablePageState\" target=\"_blank\" rel=\"noreferrer noopener\">V\u0161etky aktu\u00e1lne otvoren\u00e9 v\u00fdzvy v&nbsp;klastri Zdravie<\/a><\/p>\n<!-- \/wp:paragraph -->\n\n<!-- wp:paragraph -->\n<p><a href=\"https:\/\/cluster-health-horizon-europe-brokerage.b2match.io\/\" target=\"_blank\" rel=\"noreferrer noopener\">Platforma na vyh\u013ead\u00e1vanie projektov\u00fdch partnerov v klastri Zdravie<\/a><\/p>\n<!-- \/wp:paragraph -->\n\n<!-- wp:paragraph -->\n<p><a href=\"https:\/\/eraportal.sk\/horizont-europa\/heu-globalne-vyzvy\/heu-zdravie\/#tabs_desc_62554_2\" target=\"_blank\" rel=\"noreferrer noopener\">Kontakt<\/a> na pr\u00edslu\u0161n\u00e9 NCP pre viac inform\u00e1ci\u00ed<\/p>\n<!-- \/wp:paragraph -->\n\n<!-- wp:paragraph -->\n<p><\/p>\n<!-- \/wp:paragraph -->\n\n<!-- wp:paragraph -->\n<p>Zdroj: EK, 12.01.2022, mob<\/p>\n<!-- \/wp:paragraph -->","kratky_opis":"Uz\u00e1vierka na predkladanie projektov\u00fdch n\u00e1vrhov: 21. 4. 2022","oblast":[181],"zobrazit_velke_v_newsletteri":false,"reminder":false,"newsletter_thumbnail":null},"_links":{"self":[{"href":"https:\/\/eraportal.sk\/horizont-europa\/wp-json\/wp\/v2\/aktuality\/18942","targetHints":{"allow":["GET"]}}],"collection":[{"href":"https:\/\/eraportal.sk\/horizont-europa\/wp-json\/wp\/v2\/aktuality"}],"about":[{"href":"https:\/\/eraportal.sk\/horizont-europa\/wp-json\/wp\/v2\/types\/aktualita"}],"acf:term":[{"embeddable":true,"taxonomy":"oblast-horizont","href":"https:\/\/eraportal.sk\/horizont-europa\/wp-json\/wp\/v2\/oblast-horizont\/181"}],"wp:featuredmedia":[{"embeddable":true,"href":"https:\/\/eraportal.sk\/horizont-europa\/wp-json\/wp\/v2\/media\/2719"}],"wp:attachment":[{"href":"https:\/\/eraportal.sk\/horizont-europa\/wp-json\/wp\/v2\/media?parent=18942"}],"wp:term":[{"taxonomy":"post_tag","embeddable":true,"href":"https:\/\/eraportal.sk\/horizont-europa\/wp-json\/wp\/v2\/tags?post=18942"},{"taxonomy":"oblast-horizont","embeddable":true,"href":"https:\/\/eraportal.sk\/horizont-europa\/wp-json\/wp\/v2\/oblast-horizont?post=18942"}],"curies":[{"name":"wp","href":"https:\/\/api.w.org\/{rel}","templated":true}]}}