    {"id":18894,"date":"2021-11-19T14:47:13","date_gmt":"2021-11-19T13:47:13","guid":{"rendered":"https:\/\/eraportal.ecomcapsule.com\/demohorizont\/aktualita\/biodiversa-zverejnila-strategicku-vyskumnu-a-inovacnu-agendu\/"},"modified":"2024-02-10T16:10:20","modified_gmt":"2024-02-10T15:10:20","slug":"biodiversa-zverejnila-strategicku-vyskumnu-a-inovacnu-agendu","status":"publish","type":"aktualita","link":"https:\/\/eraportal.sk\/horizont-europa\/aktualita\/biodiversa-zverejnila-strategicku-vyskumnu-a-inovacnu-agendu\/","featured_media":0,"template":"","tags":[212],"oblast-horizont":[186,273,278],"class_list":["post-18894","aktualita","type-aktualita","status-publish","hentry","tag-dokument","oblast-horizont-klaster-6-potraviny-biohospodarstvo-prirodne-zdroje-polnohospodarstvo-a-zivotne-prostredie","oblast-horizont-partnerstva-oblast-potraviny-biohospodarstvo-prirodne-zdroje-polnohospodarstvo-a-zivotne-prostredie","oblast-horizont-partnerstva-partnerstva-napriec-temami"],"yoast_head":"<!-- This site is optimized with the Yoast SEO plugin v24.4 - https:\/\/yoast.com\/wordpress\/plugins\/seo\/ -->\n<title>BIODIVERSA+ zverejnila Strategick\u00fa v\u00fdskumn\u00fa a inova\u010dn\u00fa agendu - Horizont Eur\u00f3pa<\/title>\n<meta name=\"robots\" content=\"index, follow, max-snippet:-1, max-image-preview:large, max-video-preview:-1\" \/>\n<link rel=\"canonical\" href=\"https:\/\/eraportal.sk\/horizont-europa\/aktualita\/biodiversa-zverejnila-strategicku-vyskumnu-a-inovacnu-agendu\/\" \/>\n<meta property=\"og:locale\" content=\"sk_SK\" \/>\n<meta property=\"og:type\" content=\"article\" \/>\n<meta property=\"og:title\" content=\"BIODIVERSA+ zverejnila Strategick\u00fa v\u00fdskumn\u00fa a inova\u010dn\u00fa agendu - Horizont Eur\u00f3pa\" \/>\n<meta property=\"og:description\" content=\"Eur\u00f3pske partnerstvo pre biodiverzitu zverejnilo svoju v\u00fdskumn\u00fa a inova\u010dn\u00fa agendu\" \/>\n<meta property=\"og:url\" content=\"https:\/\/eraportal.sk\/horizont-europa\/aktualita\/biodiversa-zverejnila-strategicku-vyskumnu-a-inovacnu-agendu\/\" \/>\n<meta property=\"og:site_name\" content=\"Horizont Eur\u00f3pa\" \/>\n<meta property=\"article:modified_time\" content=\"2024-02-10T15:10:20+00:00\" \/>\n<meta property=\"og:image\" content=\"https:\/\/eraportal.sk\/wp-content\/uploads\/2021\/11\/SRIA-BIODIVERSA-2.png\" \/>\n<meta name=\"twitter:card\" content=\"summary_large_image\" \/>\n<meta name=\"twitter:label1\" content=\"Predpokladan\u00fd \u010das \u010d\u00edtania\" \/>\n\t<meta name=\"twitter:data1\" content=\"4 min\u00faty\" \/>\n<script type=\"application\/ld+json\" class=\"yoast-schema-graph\">{\"@context\":\"https:\/\/schema.org\",\"@graph\":[{\"@type\":\"WebPage\",\"@id\":\"https:\/\/eraportal.sk\/horizont-europa\/aktualita\/biodiversa-zverejnila-strategicku-vyskumnu-a-inovacnu-agendu\/\",\"url\":\"https:\/\/eraportal.sk\/horizont-europa\/aktualita\/biodiversa-zverejnila-strategicku-vyskumnu-a-inovacnu-agendu\/\",\"name\":\"BIODIVERSA+ zverejnila Strategick\u00fa v\u00fdskumn\u00fa a inova\u010dn\u00fa agendu - Horizont Eur\u00f3pa\",\"isPartOf\":{\"@id\":\"https:\/\/eraportal.sk\/horizont-europa\/#website\"},\"primaryImageOfPage\":{\"@id\":\"https:\/\/eraportal.sk\/horizont-europa\/aktualita\/biodiversa-zverejnila-strategicku-vyskumnu-a-inovacnu-agendu\/#primaryimage\"},\"image\":{\"@id\":\"https:\/\/eraportal.sk\/horizont-europa\/aktualita\/biodiversa-zverejnila-strategicku-vyskumnu-a-inovacnu-agendu\/#primaryimage\"},\"thumbnailUrl\":\"https:\/\/eraportal.sk\/wp-content\/uploads\/2021\/11\/SRIA-BIODIVERSA-2.png\",\"datePublished\":\"2021-11-19T13:47:13+00:00\",\"dateModified\":\"2024-02-10T15:10:20+00:00\",\"breadcrumb\":{\"@id\":\"https:\/\/eraportal.sk\/horizont-europa\/aktualita\/biodiversa-zverejnila-strategicku-vyskumnu-a-inovacnu-agendu\/#breadcrumb\"},\"inLanguage\":\"sk-SK\",\"potentialAction\":[{\"@type\":\"ReadAction\",\"target\":[\"https:\/\/eraportal.sk\/horizont-europa\/aktualita\/biodiversa-zverejnila-strategicku-vyskumnu-a-inovacnu-agendu\/\"]}]},{\"@type\":\"ImageObject\",\"inLanguage\":\"sk-SK\",\"@id\":\"https:\/\/eraportal.sk\/horizont-europa\/aktualita\/biodiversa-zverejnila-strategicku-vyskumnu-a-inovacnu-agendu\/#primaryimage\",\"url\":\"https:\/\/eraportal.sk\/wp-content\/uploads\/2021\/11\/SRIA-BIODIVERSA-2.png\",\"contentUrl\":\"https:\/\/eraportal.sk\/wp-content\/uploads\/2021\/11\/SRIA-BIODIVERSA-2.png\"},{\"@type\":\"BreadcrumbList\",\"@id\":\"https:\/\/eraportal.sk\/horizont-europa\/aktualita\/biodiversa-zverejnila-strategicku-vyskumnu-a-inovacnu-agendu\/#breadcrumb\",\"itemListElement\":[{\"@type\":\"ListItem\",\"position\":1,\"name\":\"Domovsk\u00e1 str\u00e1nka\",\"item\":\"https:\/\/eraportal.sk\/horizont-europa\/\"},{\"@type\":\"ListItem\",\"position\":2,\"name\":\"Aktuality\",\"item\":\"https:\/\/eraportal.sk\/horizont-europa\/aktuality-archiv\/\"},{\"@type\":\"ListItem\",\"position\":3,\"name\":\"BIODIVERSA+ zverejnila Strategick\u00fa v\u00fdskumn\u00fa a inova\u010dn\u00fa agendu\"}]},{\"@type\":\"WebSite\",\"@id\":\"https:\/\/eraportal.sk\/horizont-europa\/#website\",\"url\":\"https:\/\/eraportal.sk\/horizont-europa\/\",\"name\":\"Horizont Eur\u00f3pa\",\"description\":\"\",\"publisher\":{\"@id\":\"https:\/\/eraportal.sk\/horizont-europa\/#organization\"},\"potentialAction\":[{\"@type\":\"SearchAction\",\"target\":{\"@type\":\"EntryPoint\",\"urlTemplate\":\"https:\/\/eraportal.sk\/horizont-europa\/?s={search_term_string}\"},\"query-input\":{\"@type\":\"PropertyValueSpecification\",\"valueRequired\":true,\"valueName\":\"search_term_string\"}}],\"inLanguage\":\"sk-SK\"},{\"@type\":\"Organization\",\"@id\":\"https:\/\/eraportal.sk\/horizont-europa\/#organization\",\"name\":\"Horizont Eur\u00f3pa\",\"url\":\"https:\/\/eraportal.sk\/horizont-europa\/\",\"logo\":{\"@type\":\"ImageObject\",\"inLanguage\":\"sk-SK\",\"@id\":\"https:\/\/eraportal.sk\/horizont-europa\/#\/schema\/logo\/image\/\",\"url\":\"https:\/\/eraportal.sk\/horizont-europa\/wp-content\/uploads\/sites\/4\/2024\/02\/Favicon_HEU.png\",\"contentUrl\":\"https:\/\/eraportal.sk\/horizont-europa\/wp-content\/uploads\/sites\/4\/2024\/02\/Favicon_HEU.png\",\"width\":512,\"height\":512,\"caption\":\"Horizont Eur\u00f3pa\"},\"image\":{\"@id\":\"https:\/\/eraportal.sk\/horizont-europa\/#\/schema\/logo\/image\/\"}}]}<\/script>\n<!-- \/ Yoast SEO plugin. -->","yoast_head_json":{"title":"BIODIVERSA+ zverejnila Strategick\u00fa v\u00fdskumn\u00fa a inova\u010dn\u00fa agendu - Horizont Eur\u00f3pa","robots":{"index":"index","follow":"follow","max-snippet":"max-snippet:-1","max-image-preview":"max-image-preview:large","max-video-preview":"max-video-preview:-1"},"canonical":"https:\/\/eraportal.sk\/horizont-europa\/aktualita\/biodiversa-zverejnila-strategicku-vyskumnu-a-inovacnu-agendu\/","og_locale":"sk_SK","og_type":"article","og_title":"BIODIVERSA+ zverejnila Strategick\u00fa v\u00fdskumn\u00fa a inova\u010dn\u00fa agendu - Horizont Eur\u00f3pa","og_description":"Eur\u00f3pske partnerstvo pre biodiverzitu zverejnilo svoju v\u00fdskumn\u00fa a inova\u010dn\u00fa agendu","og_url":"https:\/\/eraportal.sk\/horizont-europa\/aktualita\/biodiversa-zverejnila-strategicku-vyskumnu-a-inovacnu-agendu\/","og_site_name":"Horizont Eur\u00f3pa","article_modified_time":"2024-02-10T15:10:20+00:00","og_image":[{"url":"https:\/\/eraportal.sk\/wp-content\/uploads\/2021\/11\/SRIA-BIODIVERSA-2.png","type":"","width":"","height":""}],"twitter_card":"summary_large_image","twitter_misc":{"Predpokladan\u00fd \u010das \u010d\u00edtania":"4 min\u00faty"},"schema":{"@context":"https:\/\/schema.org","@graph":[{"@type":"WebPage","@id":"https:\/\/eraportal.sk\/horizont-europa\/aktualita\/biodiversa-zverejnila-strategicku-vyskumnu-a-inovacnu-agendu\/","url":"https:\/\/eraportal.sk\/horizont-europa\/aktualita\/biodiversa-zverejnila-strategicku-vyskumnu-a-inovacnu-agendu\/","name":"BIODIVERSA+ zverejnila Strategick\u00fa v\u00fdskumn\u00fa a inova\u010dn\u00fa agendu - Horizont Eur\u00f3pa","isPartOf":{"@id":"https:\/\/eraportal.sk\/horizont-europa\/#website"},"primaryImageOfPage":{"@id":"https:\/\/eraportal.sk\/horizont-europa\/aktualita\/biodiversa-zverejnila-strategicku-vyskumnu-a-inovacnu-agendu\/#primaryimage"},"image":{"@id":"https:\/\/eraportal.sk\/horizont-europa\/aktualita\/biodiversa-zverejnila-strategicku-vyskumnu-a-inovacnu-agendu\/#primaryimage"},"thumbnailUrl":"https:\/\/eraportal.sk\/wp-content\/uploads\/2021\/11\/SRIA-BIODIVERSA-2.png","datePublished":"2021-11-19T13:47:13+00:00","dateModified":"2024-02-10T15:10:20+00:00","breadcrumb":{"@id":"https:\/\/eraportal.sk\/horizont-europa\/aktualita\/biodiversa-zverejnila-strategicku-vyskumnu-a-inovacnu-agendu\/#breadcrumb"},"inLanguage":"sk-SK","potentialAction":[{"@type":"ReadAction","target":["https:\/\/eraportal.sk\/horizont-europa\/aktualita\/biodiversa-zverejnila-strategicku-vyskumnu-a-inovacnu-agendu\/"]}]},{"@type":"ImageObject","inLanguage":"sk-SK","@id":"https:\/\/eraportal.sk\/horizont-europa\/aktualita\/biodiversa-zverejnila-strategicku-vyskumnu-a-inovacnu-agendu\/#primaryimage","url":"https:\/\/eraportal.sk\/wp-content\/uploads\/2021\/11\/SRIA-BIODIVERSA-2.png","contentUrl":"https:\/\/eraportal.sk\/wp-content\/uploads\/2021\/11\/SRIA-BIODIVERSA-2.png"},{"@type":"BreadcrumbList","@id":"https:\/\/eraportal.sk\/horizont-europa\/aktualita\/biodiversa-zverejnila-strategicku-vyskumnu-a-inovacnu-agendu\/#breadcrumb","itemListElement":[{"@type":"ListItem","position":1,"name":"Domovsk\u00e1 str\u00e1nka","item":"https:\/\/eraportal.sk\/horizont-europa\/"},{"@type":"ListItem","position":2,"name":"Aktuality","item":"https:\/\/eraportal.sk\/horizont-europa\/aktuality-archiv\/"},{"@type":"ListItem","position":3,"name":"BIODIVERSA+ zverejnila Strategick\u00fa v\u00fdskumn\u00fa a inova\u010dn\u00fa agendu"}]},{"@type":"WebSite","@id":"https:\/\/eraportal.sk\/horizont-europa\/#website","url":"https:\/\/eraportal.sk\/horizont-europa\/","name":"Horizont Eur\u00f3pa","description":"","publisher":{"@id":"https:\/\/eraportal.sk\/horizont-europa\/#organization"},"potentialAction":[{"@type":"SearchAction","target":{"@type":"EntryPoint","urlTemplate":"https:\/\/eraportal.sk\/horizont-europa\/?s={search_term_string}"},"query-input":{"@type":"PropertyValueSpecification","valueRequired":true,"valueName":"search_term_string"}}],"inLanguage":"sk-SK"},{"@type":"Organization","@id":"https:\/\/eraportal.sk\/horizont-europa\/#organization","name":"Horizont Eur\u00f3pa","url":"https:\/\/eraportal.sk\/horizont-europa\/","logo":{"@type":"ImageObject","inLanguage":"sk-SK","@id":"https:\/\/eraportal.sk\/horizont-europa\/#\/schema\/logo\/image\/","url":"https:\/\/eraportal.sk\/horizont-europa\/wp-content\/uploads\/sites\/4\/2024\/02\/Favicon_HEU.png","contentUrl":"https:\/\/eraportal.sk\/horizont-europa\/wp-content\/uploads\/sites\/4\/2024\/02\/Favicon_HEU.png","width":512,"height":512,"caption":"Horizont Eur\u00f3pa"},"image":{"@id":"https:\/\/eraportal.sk\/horizont-europa\/#\/schema\/logo\/image\/"}}]}},"acf":{"nadpis":"BIODIVERSA+ zverejnila Strategick\u00fa v\u00fdskumn\u00fa a inova\u010dn\u00fa agendu","opis":"<!-- wp:paragraph -->\n<p><strong>Strategick\u00e1 v\u00fdskumn\u00e1 a inova\u010dn\u00e1 agenda<\/strong> (SRIA) predstavuje dlhodob\u00fa strategick\u00fa v\u00edziu <strong>Eur\u00f3pskeho partnerstva pre biodiverzitu<\/strong> Biodiversa+ vr\u00e1tane \u0161irok\u00fdch v\u00fdskumn\u00fdch t\u00e9m, ktor\u00e9 bud\u00fa v nasleduj\u00facich rokoch usmer\u0148ova\u0165 \u0161irok\u00fa \u0161k\u00e1lu \u010dinnost\u00ed.<\/p>\n<!-- \/wp:paragraph -->\n\n<!-- wp:paragraph -->\n<p>SRIA identifikuje tri aktu\u00e1lne t\u00e9my a s\u00favisiace potreby vedomost\u00ed a dve prierezov\u00e9 t\u00e9my, ktor\u00e9 sa zaoberaj\u00fa v\u0161eobecn\u00fdmi ot\u00e1zkami, ktor\u00e9 s\u00fa relevantn\u00e9 pre v\u0161etky aktu\u00e1lne t\u00e9my. <\/p>\n<!-- \/wp:paragraph -->\n\n<!-- wp:paragraph -->\n<p><\/p>\n<!-- \/wp:paragraph -->\n\n<!-- wp:paragraph -->\n<p>Aktu\u00e1lne t\u00e9my:<\/p>\n<!-- \/wp:paragraph -->\n\n<!-- wp:list -->\n<ul><li>Ochrana a obnova biodiverzity<\/li><li>Transforma\u010dn\u00e1 zmena<\/li><li>Glob\u00e1lne aktivity E\u00da<\/li><\/ul>\n<!-- \/wp:list -->\n\n<!-- wp:paragraph -->\n<p>Prierezov\u00e9 t\u00e9my:<\/p>\n<!-- \/wp:paragraph -->\n\n<!-- wp:list -->\n<ul><li>Lep\u0161ie poznatky o biodiverzite a jej dynamike<\/li><li>lep\u0161ie poznatky pre rie\u0161enia zalo\u017een\u00e9 na pr\u00edrode v kontexte glob\u00e1lnych zmien<\/li><\/ul>\n<!-- \/wp:list -->\n\n<!-- wp:paragraph -->\n<p>Uveden\u00e9 t\u00e9my  t\u00e9my sa nemusia nevyhnutne premietnu\u0165 do konkr\u00e9tnych hlavn\u00fdch programov a\/alebo v\u00fdziev na predkladanie projektov.<\/p>\n<!-- \/wp:paragraph -->\n\n<!-- wp:paragraph -->\n<p>Tematick\u00e9 okruhy \u00fazko s\u00favisia s hlavn\u00fdmi t\u00e9mami E\u00da, Strat\u00e9giou E\u00da v oblasti biodiverzity do roku 2030 a&nbsp;te\u00f3riou glob\u00e1lnej strat\u00e9gie v oblasti biodiverzity po roku 2020. S\u00fa orientovan\u00e9 na opatrenia s ve\u013ek\u00fdm spolo\u010densk\u00fdm dosahom, s\u00fa prelomov\u00e9 pre vedu, s\u00fa naliehav\u00e9 pre politiku a&nbsp;riadenie. S\u00fa komplexn\u00e9 pre budovanie celkovej SRIA a komplement\u00e1rne pre podporu synergi\u00ed medzi sektormi, akt\u00e9rmi a&nbsp;politikami. S\u00fa komplement\u00e1rne a synergick\u00e9 s prioritami pracovn\u00e9ho programu Horizont Eur\u00f3pa, vr\u00e1tane pr\u00edslu\u0161n\u00fdch eur\u00f3pskych partnerstiev a&nbsp;misi\u00ed a podporuj\u00fa dlhodob\u00e9 strategick\u00e9 ciele E\u00da v\u00fdskumn\u00fd program pre biodiverzitu.<\/p>\n<!-- \/wp:paragraph -->\n\n<!-- wp:paragraph -->\n<p>V\u0161etky t\u00e9my s\u00fa podporovan\u00e9 pr\u00edstupmi p\u00e1kov\u00e9ho efektu, vr\u00e1tane zapojenia zainteresovan\u00fdch str\u00e1n, a komunik\u00e1ciu, osvetu a otvoren\u00fa vedu, aby maximalizovali vplyv na spolo\u010dnos\u0165 a politiku.<\/p>\n<!-- \/wp:paragraph -->\n\n<!-- wp:paragraph -->\n<p>Agendu pripravil koordina\u010dn\u00fd t\u00edm a partneri programu Biodiversa+.<\/p>\n<!-- \/wp:paragraph -->\n\n<!-- wp:paragraph -->\n<p><\/p>\n<!-- \/wp:paragraph -->\n\n<!-- wp:image {\"align\":\"center\",\"id\":91463,\"width\":229,\"height\":327,\"sizeSlug\":\"full\",\"linkDestination\":\"none\"} -->\n<div class=\"wp-block-image\"><figure class=\"aligncenter size-full is-resized\"><img src=\"https:\/\/eraportal.sk\/wp-content\/uploads\/2021\/11\/SRIA-BIODIVERSA-2.png\" alt=\"biodiversa\" class=\"wp-image-91463\" width=\"229\" height=\"327\"\/><\/figure><\/div>\n<!-- \/wp:image -->\n\n<!-- wp:paragraph -->\n<p>S partnerstvom s\u00favisia mnoh\u00e9 aktivity obsiahnut\u00e9 v pracovnom programe klastra 6 programu Horizont Eur\u00f3pa <strong>Potraviny, biohospod\u00e1rstvo, pr\u00edrodn\u00e9 zdroje, po\u013enohospod\u00e1rstvo a \u017eivotn\u00e9 prostredie<\/strong>. Destin\u00e1cie klastra 6 obsahuj\u00fa viac \u010di menej jasn\u00e9 prvky t\u00fdkaj\u00face sa biodiverzity, najm\u00e4 biodiverzity ako neoddelite\u013enej s\u00fa\u010dasti prim\u00e1rnej produkcie a ako s\u00fa\u010dasti rie\u0161en\u00ed zalo\u017een\u00fdch na pr\u00edrode na podporu produkcie potrav\u00edn, zdravia p\u00f4dy a zadr\u017eiavania \u017eiv\u00edn, ale aj t\u00e9my t\u00fdkaj\u00face sa ch\u00e1pania poklesu biodiverzity, trendov a stavu; ochrany a obnovy biodiverzity; oce\u0148ovanie ekosyst\u00e9mov\u00fdch slu\u017eieb a pr\u00edrodnej kapit\u00e1lu; s\u00favislosti so zoon\u00f3zami a in\u00fdmi chorobami; vyu\u017e\u00edvan\u00edm p\u00f4dy, soci\u00e1lnymi praktikami, zmenou kl\u00edmy a biodiverzitou.<\/p>\n<!-- \/wp:paragraph -->\n\n<!-- wp:paragraph -->\n<p>Viac inform\u00e1ci\u00ed v&nbsp;<a href=\"https:\/\/eraportal.sk\/wp-content\/uploads\/2021\/11\/1118_SRIA_Biodiversa.pdf\">samotnom dokumente<\/a> <a href=\"https:\/\/www.biodiversa.org\/1960\">SRIA<\/a> a&nbsp;na str\u00e1nke <a href=\"https:\/\/www.biodiversa.org\/1759\">Biodiversa+<\/a> <\/p>\n<!-- \/wp:paragraph -->\n\n<!-- wp:paragraph -->\n<p>Pracovn\u00e9 programy klastra 6 programu Horizont Eur\u00f3pa \"Potraviny, biohospod\u00e1rstvo, pr\u00edrodn\u00e9 zdroje, po\u013enohospod\u00e1rstvo a \u017eivotn\u00e9 prostredie\" obsahuj\u00fa nieko\u013eko doplnkov\u00fdch iniciat\u00edv s\u00favisiacich s partnerstvom. Dokument je zoskupen\u00fd do 7 cie\u013eov, z ktor\u00fdch 5 m\u00e1 viac \u010di menej jasn\u00e9 prvky t\u00fdkaj\u00face sa biodiverzity, najm\u00e4 biodiverzity ako neoddelite\u013enej s\u00fa\u010dasti prim\u00e1rnej produkcie a ako s\u00fa\u010dasti rie\u0161en\u00ed zalo\u017een\u00fdch na pr\u00edrode na podporu produkcie potrav\u00edn, zdravia p\u00f4dy a zadr\u017eiavania \u017eiv\u00edn, ale aj t\u00e9my t\u00fdkaj\u00face sa pochopenia poklesu biodiverzity, trendov a stavu; ochrany a obnovy biodiverzity; oce\u0148ovanie ekosyst\u00e9mov\u00fdch slu\u017eieb a pr\u00edrodnej kapit\u00e1lu; s\u00favislosti so zoon\u00f3zami a in\u00fdmi chorobami;<\/p>\n<!-- \/wp:paragraph -->\n\n<!-- wp:paragraph -->\n<p>Predov\u0161etk\u00fdm destin\u00e1cia Biodiverzita a ekosyst\u00e9mov\u00e9 slu\u017eby pracovn\u00e9ho programu na roky 2021 - 2022 sa priamo t\u00fdka Eur\u00f3pskeho partnerstva pre biodiverzitu. Zah\u0155\u0148a nieko\u013eko v\u00fdziev na v\u00fdskumn\u00e9 a inova\u010dn\u00e9 akcie, s ktor\u00fdmi by partnerstvo mohlo predpoklada\u0165 spolo\u010dn\u00e9\/skupinov\u00e9 \u010dinnosti, ako je vytv\u00e1ranie siet\u00ed vedeck\u00fdch pracovn\u00edkov v r\u00e1mci projektov, politick\u00e9 produkty (vr\u00e1tane politick\u00fdch dokumentov) a \u010dinnosti zameran\u00e9 na budovanie kapac\u00edt (napr. v kontexte MEA, IPBES\/IPCC). Existuje nieko\u013eko relevantn\u00fdch podporn\u00fdch koordina\u010dn\u00fdch akci\u00ed, vr\u00e1tane vedeckej slu\u017eby a n\u00e1stupcu NetworkNature, s ktor\u00fdmi pl\u00e1nuje partnerstvo budova\u0165 siln\u00e9 prepojenie na zabezpe\u010denie v\u010dasn\u00fdch vstupov do znalostn\u00e9ho centra pre biodiverzitu, ako aj prepojenie s inova\u010dn\u00fdmi akciami<\/p>\n<!-- \/wp:paragraph -->\n\n<!-- wp:paragraph -->\n<p>Okrem toho je z h\u013eadiska biodiverzity relevantn\u00fdch nieko\u013eko misi\u00ed vytvoren\u00fdch v r\u00e1mci programu Horizont Eur\u00f3pa, najm\u00e4 Zdravie p\u00f4dy a&nbsp;potraviny (Dohoda o&nbsp;p\u00f4de pre Eur\u00f3pu), Prisp\u00f4sobenie sa zmene kl\u00edmy vr\u00e1tane transform\u00e1cie spolo\u010dnosti, Zdrav\u00e9 oce\u00e1ny, moria, pobre\u017en\u00e9 a vn\u00fatrozemsk\u00e9 vody &nbsp;a Klimaticky neutr\u00e1lne a inteligentn\u00e9 mest\u00e1.<\/p>\n<!-- \/wp:paragraph -->\n\n<!-- wp:paragraph -->\n<p>Vo v\u0161etk\u00fdch \u0161tyroch misi\u00e1ch sa v r\u00f4znych \u010dastiach spom\u00ednaj\u00fa aspekty biodiverzity.<\/p>\n<!-- \/wp:paragraph -->\n\n<!-- wp:paragraph -->\n<p>Partnerstvo pre biodiverzitu bude pravidelne identifikova\u0165 \u010dinnosti partnerstva, ako aj financovan\u00e9 projekty a ich v\u00fdsledky, ktor\u00e9 by boli relevantn\u00e9 pre misie programu Horizont Eur\u00f3pa, a poskytne misi\u00e1m tak\u00e9to materi\u00e1ly.<\/p>\n<!-- \/wp:paragraph -->\n\n<!-- wp:paragraph -->\n<p>Partnerstvo pre biodiverzitu bude ma\u0165 k\u013e\u00fa\u010dov\u00fa \u00falohu pri rozvoji a E\u00da v oblasti dlhodob\u00e9ho strategick\u00e9ho v\u00fdskumn\u00e9ho programu v oblasti biodiverzity.<\/p>\n<!-- \/wp:paragraph -->\n\n<!-- wp:paragraph -->\n<p><\/p>\n<!-- \/wp:paragraph -->\n\n<!-- wp:paragraph -->\n<p><a href=\"https:\/\/eraportal.sk\/horizont-europa\/heu-globalne-vyzvy\/heu-potraviny-biohospodarstvo-prirodne-zdroje-polnohospodarstvo-a-zivotne-prostredie\/#tabs_desc_62563_2\" target=\"_blank\" rel=\"noreferrer noopener\">Kontakt: Nata\u0161a Hurtov\u00e1, NCP<\/a><\/p>\n<!-- \/wp:paragraph -->\n\n<!-- wp:paragraph -->\n<p><\/p>\n<!-- \/wp:paragraph -->\n\n<!-- wp:paragraph -->\n<p>Zdroj: Biodiversa, 18.11.2021, nakh<\/p>\n<!-- \/wp:paragraph -->","kratky_opis":"Eur\u00f3pske partnerstvo pre biodiverzitu zverejnilo svoju v\u00fdskumn\u00fa a inova\u010dn\u00fa agendu","oblast":[278,186,273],"zobrazit_velke_v_newsletteri":false,"reminder":false,"newsletter_thumbnail":null},"_links":{"self":[{"href":"https:\/\/eraportal.sk\/horizont-europa\/wp-json\/wp\/v2\/aktuality\/18894","targetHints":{"allow":["GET"]}}],"collection":[{"href":"https:\/\/eraportal.sk\/horizont-europa\/wp-json\/wp\/v2\/aktuality"}],"about":[{"href":"https:\/\/eraportal.sk\/horizont-europa\/wp-json\/wp\/v2\/types\/aktualita"}],"acf:term":[{"embeddable":true,"taxonomy":"oblast-horizont","href":"https:\/\/eraportal.sk\/horizont-europa\/wp-json\/wp\/v2\/oblast-horizont\/273"},{"embeddable":true,"taxonomy":"oblast-horizont","href":"https:\/\/eraportal.sk\/horizont-europa\/wp-json\/wp\/v2\/oblast-horizont\/186"},{"embeddable":true,"taxonomy":"oblast-horizont","href":"https:\/\/eraportal.sk\/horizont-europa\/wp-json\/wp\/v2\/oblast-horizont\/278"}],"wp:attachment":[{"href":"https:\/\/eraportal.sk\/horizont-europa\/wp-json\/wp\/v2\/media?parent=18894"}],"wp:term":[{"taxonomy":"post_tag","embeddable":true,"href":"https:\/\/eraportal.sk\/horizont-europa\/wp-json\/wp\/v2\/tags?post=18894"},{"taxonomy":"oblast-horizont","embeddable":true,"href":"https:\/\/eraportal.sk\/horizont-europa\/wp-json\/wp\/v2\/oblast-horizont?post=18894"}],"curies":[{"name":"wp","href":"https:\/\/api.w.org\/{rel}","templated":true}]}}