    {"id":18800,"date":"2021-07-13T10:16:43","date_gmt":"2021-07-13T08:16:43","guid":{"rendered":"https:\/\/eraportal.ecomcapsule.com\/demohorizont\/aktualita\/posilnenie-a-prepojenie-vedy-s-politickymi-ekosystemami-v-celej-eu\/"},"modified":"2024-02-10T16:09:45","modified_gmt":"2024-02-10T15:09:45","slug":"posilnenie-a-prepojenie-vedy-s-politickymi-ekosystemami-v-celej-eu","status":"publish","type":"aktualita","link":"https:\/\/eraportal.sk\/horizont-europa\/aktualita\/posilnenie-a-prepojenie-vedy-s-politickymi-ekosystemami-v-celej-eu\/","featured_media":2513,"template":"","tags":[379],"oblast-horizont":[250],"class_list":["post-18800","aktualita","type-aktualita","status-publish","has-post-thumbnail","hentry","tag-nas-tip","oblast-horizont-spolocne-vyskumne-centrum-jrc"],"yoast_head":"<!-- This site is optimized with the Yoast SEO plugin v24.4 - https:\/\/yoast.com\/wordpress\/plugins\/seo\/ -->\n<title>Posilnenie a prepojenie vedy s politick\u00fdmi ekosyst\u00e9mami v celej E\u00da - Horizont Eur\u00f3pa<\/title>\n<meta name=\"robots\" content=\"index, follow, max-snippet:-1, max-image-preview:large, max-video-preview:-1\" \/>\n<link rel=\"canonical\" href=\"https:\/\/eraportal.sk\/horizont-europa\/aktualita\/posilnenie-a-prepojenie-vedy-s-politickymi-ekosystemami-v-celej-eu\/\" \/>\n<meta property=\"og:locale\" content=\"sk_SK\" \/>\n<meta property=\"og:type\" content=\"article\" \/>\n<meta property=\"og:title\" content=\"Posilnenie a prepojenie vedy s politick\u00fdmi ekosyst\u00e9mami v celej E\u00da - Horizont Eur\u00f3pa\" \/>\n<meta property=\"og:description\" content=\"Workshopy - prihlasovanie - otvoren\u00e9\" \/>\n<meta property=\"og:url\" content=\"https:\/\/eraportal.sk\/horizont-europa\/aktualita\/posilnenie-a-prepojenie-vedy-s-politickymi-ekosystemami-v-celej-eu\/\" \/>\n<meta property=\"og:site_name\" content=\"Horizont Eur\u00f3pa\" \/>\n<meta property=\"article:modified_time\" content=\"2024-02-10T15:09:45+00:00\" \/>\n<meta property=\"og:image\" content=\"https:\/\/eraportal.sk\/horizont-europa\/wp-content\/uploads\/sites\/4\/2024\/01\/2020-07-22-workshop_ecosystems_series.jpg\" \/>\n\t<meta property=\"og:image:width\" content=\"1501\" \/>\n\t<meta property=\"og:image:height\" content=\"861\" \/>\n\t<meta property=\"og:image:type\" content=\"image\/jpeg\" \/>\n<meta name=\"twitter:card\" content=\"summary_large_image\" \/>\n<script type=\"application\/ld+json\" class=\"yoast-schema-graph\">{\"@context\":\"https:\/\/schema.org\",\"@graph\":[{\"@type\":\"WebPage\",\"@id\":\"https:\/\/eraportal.sk\/horizont-europa\/aktualita\/posilnenie-a-prepojenie-vedy-s-politickymi-ekosystemami-v-celej-eu\/\",\"url\":\"https:\/\/eraportal.sk\/horizont-europa\/aktualita\/posilnenie-a-prepojenie-vedy-s-politickymi-ekosystemami-v-celej-eu\/\",\"name\":\"Posilnenie a prepojenie vedy s politick\u00fdmi ekosyst\u00e9mami v celej E\u00da - Horizont Eur\u00f3pa\",\"isPartOf\":{\"@id\":\"https:\/\/eraportal.sk\/horizont-europa\/#website\"},\"primaryImageOfPage\":{\"@id\":\"https:\/\/eraportal.sk\/horizont-europa\/aktualita\/posilnenie-a-prepojenie-vedy-s-politickymi-ekosystemami-v-celej-eu\/#primaryimage\"},\"image\":{\"@id\":\"https:\/\/eraportal.sk\/horizont-europa\/aktualita\/posilnenie-a-prepojenie-vedy-s-politickymi-ekosystemami-v-celej-eu\/#primaryimage\"},\"thumbnailUrl\":\"https:\/\/eraportal.sk\/horizont-europa\/wp-content\/uploads\/sites\/4\/2024\/01\/2020-07-22-workshop_ecosystems_series.jpg\",\"datePublished\":\"2021-07-13T08:16:43+00:00\",\"dateModified\":\"2024-02-10T15:09:45+00:00\",\"breadcrumb\":{\"@id\":\"https:\/\/eraportal.sk\/horizont-europa\/aktualita\/posilnenie-a-prepojenie-vedy-s-politickymi-ekosystemami-v-celej-eu\/#breadcrumb\"},\"inLanguage\":\"sk-SK\",\"potentialAction\":[{\"@type\":\"ReadAction\",\"target\":[\"https:\/\/eraportal.sk\/horizont-europa\/aktualita\/posilnenie-a-prepojenie-vedy-s-politickymi-ekosystemami-v-celej-eu\/\"]}]},{\"@type\":\"ImageObject\",\"inLanguage\":\"sk-SK\",\"@id\":\"https:\/\/eraportal.sk\/horizont-europa\/aktualita\/posilnenie-a-prepojenie-vedy-s-politickymi-ekosystemami-v-celej-eu\/#primaryimage\",\"url\":\"https:\/\/eraportal.sk\/horizont-europa\/wp-content\/uploads\/sites\/4\/2024\/01\/2020-07-22-workshop_ecosystems_series.jpg\",\"contentUrl\":\"https:\/\/eraportal.sk\/horizont-europa\/wp-content\/uploads\/sites\/4\/2024\/01\/2020-07-22-workshop_ecosystems_series.jpg\",\"width\":1501,\"height\":861},{\"@type\":\"BreadcrumbList\",\"@id\":\"https:\/\/eraportal.sk\/horizont-europa\/aktualita\/posilnenie-a-prepojenie-vedy-s-politickymi-ekosystemami-v-celej-eu\/#breadcrumb\",\"itemListElement\":[{\"@type\":\"ListItem\",\"position\":1,\"name\":\"Domovsk\u00e1 str\u00e1nka\",\"item\":\"https:\/\/eraportal.sk\/horizont-europa\/\"},{\"@type\":\"ListItem\",\"position\":2,\"name\":\"Aktuality\",\"item\":\"https:\/\/eraportal.sk\/horizont-europa\/aktuality-archiv\/\"},{\"@type\":\"ListItem\",\"position\":3,\"name\":\"Posilnenie a prepojenie vedy s politick\u00fdmi ekosyst\u00e9mami v celej E\u00da\"}]},{\"@type\":\"WebSite\",\"@id\":\"https:\/\/eraportal.sk\/horizont-europa\/#website\",\"url\":\"https:\/\/eraportal.sk\/horizont-europa\/\",\"name\":\"Horizont Eur\u00f3pa\",\"description\":\"\",\"publisher\":{\"@id\":\"https:\/\/eraportal.sk\/horizont-europa\/#organization\"},\"potentialAction\":[{\"@type\":\"SearchAction\",\"target\":{\"@type\":\"EntryPoint\",\"urlTemplate\":\"https:\/\/eraportal.sk\/horizont-europa\/?s={search_term_string}\"},\"query-input\":{\"@type\":\"PropertyValueSpecification\",\"valueRequired\":true,\"valueName\":\"search_term_string\"}}],\"inLanguage\":\"sk-SK\"},{\"@type\":\"Organization\",\"@id\":\"https:\/\/eraportal.sk\/horizont-europa\/#organization\",\"name\":\"Horizont Eur\u00f3pa\",\"url\":\"https:\/\/eraportal.sk\/horizont-europa\/\",\"logo\":{\"@type\":\"ImageObject\",\"inLanguage\":\"sk-SK\",\"@id\":\"https:\/\/eraportal.sk\/horizont-europa\/#\/schema\/logo\/image\/\",\"url\":\"https:\/\/eraportal.sk\/horizont-europa\/wp-content\/uploads\/sites\/4\/2024\/02\/Favicon_HEU.png\",\"contentUrl\":\"https:\/\/eraportal.sk\/horizont-europa\/wp-content\/uploads\/sites\/4\/2024\/02\/Favicon_HEU.png\",\"width\":512,\"height\":512,\"caption\":\"Horizont Eur\u00f3pa\"},\"image\":{\"@id\":\"https:\/\/eraportal.sk\/horizont-europa\/#\/schema\/logo\/image\/\"}}]}<\/script>\n<!-- \/ Yoast SEO plugin. -->","yoast_head_json":{"title":"Posilnenie a prepojenie vedy s politick\u00fdmi ekosyst\u00e9mami v celej E\u00da - Horizont Eur\u00f3pa","robots":{"index":"index","follow":"follow","max-snippet":"max-snippet:-1","max-image-preview":"max-image-preview:large","max-video-preview":"max-video-preview:-1"},"canonical":"https:\/\/eraportal.sk\/horizont-europa\/aktualita\/posilnenie-a-prepojenie-vedy-s-politickymi-ekosystemami-v-celej-eu\/","og_locale":"sk_SK","og_type":"article","og_title":"Posilnenie a prepojenie vedy s politick\u00fdmi ekosyst\u00e9mami v celej E\u00da - Horizont Eur\u00f3pa","og_description":"Workshopy - prihlasovanie - otvoren\u00e9","og_url":"https:\/\/eraportal.sk\/horizont-europa\/aktualita\/posilnenie-a-prepojenie-vedy-s-politickymi-ekosystemami-v-celej-eu\/","og_site_name":"Horizont Eur\u00f3pa","article_modified_time":"2024-02-10T15:09:45+00:00","og_image":[{"width":1501,"height":861,"url":"https:\/\/eraportal.sk\/horizont-europa\/wp-content\/uploads\/sites\/4\/2024\/01\/2020-07-22-workshop_ecosystems_series.jpg","type":"image\/jpeg"}],"twitter_card":"summary_large_image","schema":{"@context":"https:\/\/schema.org","@graph":[{"@type":"WebPage","@id":"https:\/\/eraportal.sk\/horizont-europa\/aktualita\/posilnenie-a-prepojenie-vedy-s-politickymi-ekosystemami-v-celej-eu\/","url":"https:\/\/eraportal.sk\/horizont-europa\/aktualita\/posilnenie-a-prepojenie-vedy-s-politickymi-ekosystemami-v-celej-eu\/","name":"Posilnenie a prepojenie vedy s politick\u00fdmi ekosyst\u00e9mami v celej E\u00da - Horizont Eur\u00f3pa","isPartOf":{"@id":"https:\/\/eraportal.sk\/horizont-europa\/#website"},"primaryImageOfPage":{"@id":"https:\/\/eraportal.sk\/horizont-europa\/aktualita\/posilnenie-a-prepojenie-vedy-s-politickymi-ekosystemami-v-celej-eu\/#primaryimage"},"image":{"@id":"https:\/\/eraportal.sk\/horizont-europa\/aktualita\/posilnenie-a-prepojenie-vedy-s-politickymi-ekosystemami-v-celej-eu\/#primaryimage"},"thumbnailUrl":"https:\/\/eraportal.sk\/horizont-europa\/wp-content\/uploads\/sites\/4\/2024\/01\/2020-07-22-workshop_ecosystems_series.jpg","datePublished":"2021-07-13T08:16:43+00:00","dateModified":"2024-02-10T15:09:45+00:00","breadcrumb":{"@id":"https:\/\/eraportal.sk\/horizont-europa\/aktualita\/posilnenie-a-prepojenie-vedy-s-politickymi-ekosystemami-v-celej-eu\/#breadcrumb"},"inLanguage":"sk-SK","potentialAction":[{"@type":"ReadAction","target":["https:\/\/eraportal.sk\/horizont-europa\/aktualita\/posilnenie-a-prepojenie-vedy-s-politickymi-ekosystemami-v-celej-eu\/"]}]},{"@type":"ImageObject","inLanguage":"sk-SK","@id":"https:\/\/eraportal.sk\/horizont-europa\/aktualita\/posilnenie-a-prepojenie-vedy-s-politickymi-ekosystemami-v-celej-eu\/#primaryimage","url":"https:\/\/eraportal.sk\/horizont-europa\/wp-content\/uploads\/sites\/4\/2024\/01\/2020-07-22-workshop_ecosystems_series.jpg","contentUrl":"https:\/\/eraportal.sk\/horizont-europa\/wp-content\/uploads\/sites\/4\/2024\/01\/2020-07-22-workshop_ecosystems_series.jpg","width":1501,"height":861},{"@type":"BreadcrumbList","@id":"https:\/\/eraportal.sk\/horizont-europa\/aktualita\/posilnenie-a-prepojenie-vedy-s-politickymi-ekosystemami-v-celej-eu\/#breadcrumb","itemListElement":[{"@type":"ListItem","position":1,"name":"Domovsk\u00e1 str\u00e1nka","item":"https:\/\/eraportal.sk\/horizont-europa\/"},{"@type":"ListItem","position":2,"name":"Aktuality","item":"https:\/\/eraportal.sk\/horizont-europa\/aktuality-archiv\/"},{"@type":"ListItem","position":3,"name":"Posilnenie a prepojenie vedy s politick\u00fdmi ekosyst\u00e9mami v celej E\u00da"}]},{"@type":"WebSite","@id":"https:\/\/eraportal.sk\/horizont-europa\/#website","url":"https:\/\/eraportal.sk\/horizont-europa\/","name":"Horizont Eur\u00f3pa","description":"","publisher":{"@id":"https:\/\/eraportal.sk\/horizont-europa\/#organization"},"potentialAction":[{"@type":"SearchAction","target":{"@type":"EntryPoint","urlTemplate":"https:\/\/eraportal.sk\/horizont-europa\/?s={search_term_string}"},"query-input":{"@type":"PropertyValueSpecification","valueRequired":true,"valueName":"search_term_string"}}],"inLanguage":"sk-SK"},{"@type":"Organization","@id":"https:\/\/eraportal.sk\/horizont-europa\/#organization","name":"Horizont Eur\u00f3pa","url":"https:\/\/eraportal.sk\/horizont-europa\/","logo":{"@type":"ImageObject","inLanguage":"sk-SK","@id":"https:\/\/eraportal.sk\/horizont-europa\/#\/schema\/logo\/image\/","url":"https:\/\/eraportal.sk\/horizont-europa\/wp-content\/uploads\/sites\/4\/2024\/02\/Favicon_HEU.png","contentUrl":"https:\/\/eraportal.sk\/horizont-europa\/wp-content\/uploads\/sites\/4\/2024\/02\/Favicon_HEU.png","width":512,"height":512,"caption":"Horizont Eur\u00f3pa"},"image":{"@id":"https:\/\/eraportal.sk\/horizont-europa\/#\/schema\/logo\/image\/"}}]}},"acf":{"nadpis":"Posilnenie a prepojenie vedy s politick\u00fdmi ekosyst\u00e9mami v celej E\u00da","opis":"<!-- wp:paragraph -->\n<p>Od septembra 2020 do septembra 2022 sa uskuto\u010dn\u00ed s\u00e9ria kr\u00e1tkych virtu\u00e1lnych workshopov o vede pre politick\u00e9 ekosyst\u00e9my. Jednotn\u00e9 v\u00fdskumn\u00e9 infra\u0161trukt\u00fary (JRC) pripravuj\u00fa s\u00e9riu workshopov <a href=\"https:\/\/knowledge4policy.ec.europa.eu\/projects-activities\/strengthening-connecting-science-policy-ecosystems-across-eu_en\">\u201ePosilnenie a\u00a0prepojenie ekosyst\u00e9mov vedy pre politiky naprie\u010d Eur\u00f3pou\u201c<\/a>. <\/p>\n<!-- \/wp:paragraph -->\n\n<!-- wp:paragraph -->\n<p><a href=\"https:\/\/ec.europa.eu\/eusurvey\/runner\/NewRegistrationForm\" target=\"_blank\" rel=\"noreferrer noopener\">Registr\u00e1cia<\/a> je u\u017e otvoren\u00e1.<\/p>\n<!-- \/wp:paragraph -->\n\n<!-- wp:paragraph -->\n<p><\/p>\n<!-- \/wp:paragraph -->\n\n<!-- wp:image {\"align\":\"center\",\"id\":79210,\"width\":667,\"height\":382,\"sizeSlug\":\"large\",\"linkDestination\":\"none\"} -->\n<div class=\"wp-block-image\"><figure class=\"aligncenter size-large is-resized\"><img src=\"https:\/\/eraportal.sk\/wp-content\/uploads\/2021\/07\/2020-07-22-workshop_ecosystems_series-1024x587.jpg\" alt=\"Science for policy \" class=\"wp-image-79210\" width=\"667\" height=\"382\"\/><\/figure><\/div>\n<!-- \/wp:image -->\n\n<!-- wp:paragraph -->\n<p><\/p>\n<!-- \/wp:paragraph -->\n\n<!-- wp:paragraph -->\n<p><\/p>\n<!-- \/wp:paragraph -->","kratky_opis":"Workshopy - prihlasovanie - otvoren\u00e9","oblast":[250],"zobrazit_velke_v_newsletteri":false,"reminder":false,"newsletter_thumbnail":null},"_links":{"self":[{"href":"https:\/\/eraportal.sk\/horizont-europa\/wp-json\/wp\/v2\/aktuality\/18800","targetHints":{"allow":["GET"]}}],"collection":[{"href":"https:\/\/eraportal.sk\/horizont-europa\/wp-json\/wp\/v2\/aktuality"}],"about":[{"href":"https:\/\/eraportal.sk\/horizont-europa\/wp-json\/wp\/v2\/types\/aktualita"}],"acf:term":[{"embeddable":true,"taxonomy":"oblast-horizont","href":"https:\/\/eraportal.sk\/horizont-europa\/wp-json\/wp\/v2\/oblast-horizont\/250"}],"wp:featuredmedia":[{"embeddable":true,"href":"https:\/\/eraportal.sk\/horizont-europa\/wp-json\/wp\/v2\/media\/2513"}],"wp:attachment":[{"href":"https:\/\/eraportal.sk\/horizont-europa\/wp-json\/wp\/v2\/media?parent=18800"}],"wp:term":[{"taxonomy":"post_tag","embeddable":true,"href":"https:\/\/eraportal.sk\/horizont-europa\/wp-json\/wp\/v2\/tags?post=18800"},{"taxonomy":"oblast-horizont","embeddable":true,"href":"https:\/\/eraportal.sk\/horizont-europa\/wp-json\/wp\/v2\/oblast-horizont?post=18800"}],"curies":[{"name":"wp","href":"https:\/\/api.w.org\/{rel}","templated":true}]}}