    {"id":18787,"date":"2021-06-22T06:21:00","date_gmt":"2021-06-22T04:21:00","guid":{"rendered":"https:\/\/eraportal.ecomcapsule.com\/demohorizont\/aktualita\/eit-oznamuje-vyzvu-na-rok-2021-pre-oblast-kultury-a-kreativity\/"},"modified":"2024-02-10T16:09:40","modified_gmt":"2024-02-10T15:09:40","slug":"eit-oznamuje-vyzvu-na-rok-2021-pre-oblast-kultury-a-kreativity","status":"publish","type":"aktualita","link":"https:\/\/eraportal.sk\/horizont-europa\/aktualita\/eit-oznamuje-vyzvu-na-rok-2021-pre-oblast-kultury-a-kreativity\/","featured_media":2494,"template":"","tags":[382],"oblast-horizont":[179],"class_list":["post-18787","aktualita","type-aktualita","status-publish","has-post-thumbnail","hentry","tag-vyzva","oblast-horizont-europsky-inovacny-a-technologicky-institut-eit"],"yoast_head":"<!-- This site is optimized with the Yoast SEO plugin v24.4 - https:\/\/yoast.com\/wordpress\/plugins\/seo\/ -->\n<title>EIT oznamuje v\u00fdzvu na rok 2021 pre oblas\u0165 kult\u00fary a kreativity - Horizont Eur\u00f3pa<\/title>\n<meta name=\"robots\" content=\"index, follow, max-snippet:-1, max-image-preview:large, max-video-preview:-1\" \/>\n<link rel=\"canonical\" href=\"https:\/\/eraportal.sk\/horizont-europa\/aktualita\/eit-oznamuje-vyzvu-na-rok-2021-pre-oblast-kultury-a-kreativity\/\" \/>\n<meta property=\"og:locale\" content=\"sk_SK\" \/>\n<meta property=\"og:type\" content=\"article\" \/>\n<meta property=\"og:title\" content=\"EIT oznamuje v\u00fdzvu na rok 2021 pre oblas\u0165 kult\u00fary a kreativity - Horizont Eur\u00f3pa\" \/>\n<meta property=\"og:description\" content=\"V\u00fdsledkom vyhodnotenia v\u00fdzvy bude zalo\u017eenie nov\u00e9ho znalostn\u00e9ho a inova\u010dn\u00e9ho spolo\u010denstva so zameran\u00edm na kult\u00farne a kreat\u00edvne sektory &amp; priemysel.\" \/>\n<meta property=\"og:url\" content=\"https:\/\/eraportal.sk\/horizont-europa\/aktualita\/eit-oznamuje-vyzvu-na-rok-2021-pre-oblast-kultury-a-kreativity\/\" \/>\n<meta property=\"og:site_name\" content=\"Horizont Eur\u00f3pa\" \/>\n<meta property=\"article:modified_time\" content=\"2024-02-10T15:09:40+00:00\" \/>\n<meta property=\"og:image\" content=\"https:\/\/eraportal.sk\/horizont-europa\/wp-content\/uploads\/sites\/4\/2024\/01\/obrazok-59.png\" \/>\n\t<meta property=\"og:image:width\" content=\"419\" \/>\n\t<meta property=\"og:image:height\" content=\"234\" \/>\n\t<meta property=\"og:image:type\" content=\"image\/png\" \/>\n<meta name=\"twitter:card\" content=\"summary_large_image\" \/>\n<meta name=\"twitter:label1\" content=\"Predpokladan\u00fd \u010das \u010d\u00edtania\" \/>\n\t<meta name=\"twitter:data1\" content=\"1 min\u00fata\" \/>\n<script type=\"application\/ld+json\" class=\"yoast-schema-graph\">{\"@context\":\"https:\/\/schema.org\",\"@graph\":[{\"@type\":\"WebPage\",\"@id\":\"https:\/\/eraportal.sk\/horizont-europa\/aktualita\/eit-oznamuje-vyzvu-na-rok-2021-pre-oblast-kultury-a-kreativity\/\",\"url\":\"https:\/\/eraportal.sk\/horizont-europa\/aktualita\/eit-oznamuje-vyzvu-na-rok-2021-pre-oblast-kultury-a-kreativity\/\",\"name\":\"EIT oznamuje v\u00fdzvu na rok 2021 pre oblas\u0165 kult\u00fary a kreativity - Horizont Eur\u00f3pa\",\"isPartOf\":{\"@id\":\"https:\/\/eraportal.sk\/horizont-europa\/#website\"},\"primaryImageOfPage\":{\"@id\":\"https:\/\/eraportal.sk\/horizont-europa\/aktualita\/eit-oznamuje-vyzvu-na-rok-2021-pre-oblast-kultury-a-kreativity\/#primaryimage\"},\"image\":{\"@id\":\"https:\/\/eraportal.sk\/horizont-europa\/aktualita\/eit-oznamuje-vyzvu-na-rok-2021-pre-oblast-kultury-a-kreativity\/#primaryimage\"},\"thumbnailUrl\":\"https:\/\/eraportal.sk\/horizont-europa\/wp-content\/uploads\/sites\/4\/2024\/01\/obrazok-59.png\",\"datePublished\":\"2021-06-22T04:21:00+00:00\",\"dateModified\":\"2024-02-10T15:09:40+00:00\",\"breadcrumb\":{\"@id\":\"https:\/\/eraportal.sk\/horizont-europa\/aktualita\/eit-oznamuje-vyzvu-na-rok-2021-pre-oblast-kultury-a-kreativity\/#breadcrumb\"},\"inLanguage\":\"sk-SK\",\"potentialAction\":[{\"@type\":\"ReadAction\",\"target\":[\"https:\/\/eraportal.sk\/horizont-europa\/aktualita\/eit-oznamuje-vyzvu-na-rok-2021-pre-oblast-kultury-a-kreativity\/\"]}]},{\"@type\":\"ImageObject\",\"inLanguage\":\"sk-SK\",\"@id\":\"https:\/\/eraportal.sk\/horizont-europa\/aktualita\/eit-oznamuje-vyzvu-na-rok-2021-pre-oblast-kultury-a-kreativity\/#primaryimage\",\"url\":\"https:\/\/eraportal.sk\/horizont-europa\/wp-content\/uploads\/sites\/4\/2024\/01\/obrazok-59.png\",\"contentUrl\":\"https:\/\/eraportal.sk\/horizont-europa\/wp-content\/uploads\/sites\/4\/2024\/01\/obrazok-59.png\",\"width\":419,\"height\":234},{\"@type\":\"BreadcrumbList\",\"@id\":\"https:\/\/eraportal.sk\/horizont-europa\/aktualita\/eit-oznamuje-vyzvu-na-rok-2021-pre-oblast-kultury-a-kreativity\/#breadcrumb\",\"itemListElement\":[{\"@type\":\"ListItem\",\"position\":1,\"name\":\"Domovsk\u00e1 str\u00e1nka\",\"item\":\"https:\/\/eraportal.sk\/horizont-europa\/\"},{\"@type\":\"ListItem\",\"position\":2,\"name\":\"Aktuality\",\"item\":\"https:\/\/eraportal.sk\/horizont-europa\/aktuality-archiv\/\"},{\"@type\":\"ListItem\",\"position\":3,\"name\":\"EIT oznamuje v\u00fdzvu na rok 2021 pre oblas\u0165 kult\u00fary a kreativity\"}]},{\"@type\":\"WebSite\",\"@id\":\"https:\/\/eraportal.sk\/horizont-europa\/#website\",\"url\":\"https:\/\/eraportal.sk\/horizont-europa\/\",\"name\":\"Horizont Eur\u00f3pa\",\"description\":\"\",\"publisher\":{\"@id\":\"https:\/\/eraportal.sk\/horizont-europa\/#organization\"},\"potentialAction\":[{\"@type\":\"SearchAction\",\"target\":{\"@type\":\"EntryPoint\",\"urlTemplate\":\"https:\/\/eraportal.sk\/horizont-europa\/?s={search_term_string}\"},\"query-input\":{\"@type\":\"PropertyValueSpecification\",\"valueRequired\":true,\"valueName\":\"search_term_string\"}}],\"inLanguage\":\"sk-SK\"},{\"@type\":\"Organization\",\"@id\":\"https:\/\/eraportal.sk\/horizont-europa\/#organization\",\"name\":\"Horizont Eur\u00f3pa\",\"url\":\"https:\/\/eraportal.sk\/horizont-europa\/\",\"logo\":{\"@type\":\"ImageObject\",\"inLanguage\":\"sk-SK\",\"@id\":\"https:\/\/eraportal.sk\/horizont-europa\/#\/schema\/logo\/image\/\",\"url\":\"https:\/\/eraportal.sk\/horizont-europa\/wp-content\/uploads\/sites\/4\/2024\/02\/Favicon_HEU.png\",\"contentUrl\":\"https:\/\/eraportal.sk\/horizont-europa\/wp-content\/uploads\/sites\/4\/2024\/02\/Favicon_HEU.png\",\"width\":512,\"height\":512,\"caption\":\"Horizont Eur\u00f3pa\"},\"image\":{\"@id\":\"https:\/\/eraportal.sk\/horizont-europa\/#\/schema\/logo\/image\/\"}}]}<\/script>\n<!-- \/ Yoast SEO plugin. -->","yoast_head_json":{"title":"EIT oznamuje v\u00fdzvu na rok 2021 pre oblas\u0165 kult\u00fary a kreativity - Horizont Eur\u00f3pa","robots":{"index":"index","follow":"follow","max-snippet":"max-snippet:-1","max-image-preview":"max-image-preview:large","max-video-preview":"max-video-preview:-1"},"canonical":"https:\/\/eraportal.sk\/horizont-europa\/aktualita\/eit-oznamuje-vyzvu-na-rok-2021-pre-oblast-kultury-a-kreativity\/","og_locale":"sk_SK","og_type":"article","og_title":"EIT oznamuje v\u00fdzvu na rok 2021 pre oblas\u0165 kult\u00fary a kreativity - Horizont Eur\u00f3pa","og_description":"V\u00fdsledkom vyhodnotenia v\u00fdzvy bude zalo\u017eenie nov\u00e9ho znalostn\u00e9ho a inova\u010dn\u00e9ho spolo\u010denstva so zameran\u00edm na kult\u00farne a kreat\u00edvne sektory & priemysel.","og_url":"https:\/\/eraportal.sk\/horizont-europa\/aktualita\/eit-oznamuje-vyzvu-na-rok-2021-pre-oblast-kultury-a-kreativity\/","og_site_name":"Horizont Eur\u00f3pa","article_modified_time":"2024-02-10T15:09:40+00:00","og_image":[{"width":419,"height":234,"url":"https:\/\/eraportal.sk\/horizont-europa\/wp-content\/uploads\/sites\/4\/2024\/01\/obrazok-59.png","type":"image\/png"}],"twitter_card":"summary_large_image","twitter_misc":{"Predpokladan\u00fd \u010das \u010d\u00edtania":"1 min\u00fata"},"schema":{"@context":"https:\/\/schema.org","@graph":[{"@type":"WebPage","@id":"https:\/\/eraportal.sk\/horizont-europa\/aktualita\/eit-oznamuje-vyzvu-na-rok-2021-pre-oblast-kultury-a-kreativity\/","url":"https:\/\/eraportal.sk\/horizont-europa\/aktualita\/eit-oznamuje-vyzvu-na-rok-2021-pre-oblast-kultury-a-kreativity\/","name":"EIT oznamuje v\u00fdzvu na rok 2021 pre oblas\u0165 kult\u00fary a kreativity - Horizont Eur\u00f3pa","isPartOf":{"@id":"https:\/\/eraportal.sk\/horizont-europa\/#website"},"primaryImageOfPage":{"@id":"https:\/\/eraportal.sk\/horizont-europa\/aktualita\/eit-oznamuje-vyzvu-na-rok-2021-pre-oblast-kultury-a-kreativity\/#primaryimage"},"image":{"@id":"https:\/\/eraportal.sk\/horizont-europa\/aktualita\/eit-oznamuje-vyzvu-na-rok-2021-pre-oblast-kultury-a-kreativity\/#primaryimage"},"thumbnailUrl":"https:\/\/eraportal.sk\/horizont-europa\/wp-content\/uploads\/sites\/4\/2024\/01\/obrazok-59.png","datePublished":"2021-06-22T04:21:00+00:00","dateModified":"2024-02-10T15:09:40+00:00","breadcrumb":{"@id":"https:\/\/eraportal.sk\/horizont-europa\/aktualita\/eit-oznamuje-vyzvu-na-rok-2021-pre-oblast-kultury-a-kreativity\/#breadcrumb"},"inLanguage":"sk-SK","potentialAction":[{"@type":"ReadAction","target":["https:\/\/eraportal.sk\/horizont-europa\/aktualita\/eit-oznamuje-vyzvu-na-rok-2021-pre-oblast-kultury-a-kreativity\/"]}]},{"@type":"ImageObject","inLanguage":"sk-SK","@id":"https:\/\/eraportal.sk\/horizont-europa\/aktualita\/eit-oznamuje-vyzvu-na-rok-2021-pre-oblast-kultury-a-kreativity\/#primaryimage","url":"https:\/\/eraportal.sk\/horizont-europa\/wp-content\/uploads\/sites\/4\/2024\/01\/obrazok-59.png","contentUrl":"https:\/\/eraportal.sk\/horizont-europa\/wp-content\/uploads\/sites\/4\/2024\/01\/obrazok-59.png","width":419,"height":234},{"@type":"BreadcrumbList","@id":"https:\/\/eraportal.sk\/horizont-europa\/aktualita\/eit-oznamuje-vyzvu-na-rok-2021-pre-oblast-kultury-a-kreativity\/#breadcrumb","itemListElement":[{"@type":"ListItem","position":1,"name":"Domovsk\u00e1 str\u00e1nka","item":"https:\/\/eraportal.sk\/horizont-europa\/"},{"@type":"ListItem","position":2,"name":"Aktuality","item":"https:\/\/eraportal.sk\/horizont-europa\/aktuality-archiv\/"},{"@type":"ListItem","position":3,"name":"EIT oznamuje v\u00fdzvu na rok 2021 pre oblas\u0165 kult\u00fary a kreativity"}]},{"@type":"WebSite","@id":"https:\/\/eraportal.sk\/horizont-europa\/#website","url":"https:\/\/eraportal.sk\/horizont-europa\/","name":"Horizont Eur\u00f3pa","description":"","publisher":{"@id":"https:\/\/eraportal.sk\/horizont-europa\/#organization"},"potentialAction":[{"@type":"SearchAction","target":{"@type":"EntryPoint","urlTemplate":"https:\/\/eraportal.sk\/horizont-europa\/?s={search_term_string}"},"query-input":{"@type":"PropertyValueSpecification","valueRequired":true,"valueName":"search_term_string"}}],"inLanguage":"sk-SK"},{"@type":"Organization","@id":"https:\/\/eraportal.sk\/horizont-europa\/#organization","name":"Horizont Eur\u00f3pa","url":"https:\/\/eraportal.sk\/horizont-europa\/","logo":{"@type":"ImageObject","inLanguage":"sk-SK","@id":"https:\/\/eraportal.sk\/horizont-europa\/#\/schema\/logo\/image\/","url":"https:\/\/eraportal.sk\/horizont-europa\/wp-content\/uploads\/sites\/4\/2024\/02\/Favicon_HEU.png","contentUrl":"https:\/\/eraportal.sk\/horizont-europa\/wp-content\/uploads\/sites\/4\/2024\/02\/Favicon_HEU.png","width":512,"height":512,"caption":"Horizont Eur\u00f3pa"},"image":{"@id":"https:\/\/eraportal.sk\/horizont-europa\/#\/schema\/logo\/image\/"}}]}},"acf":{"nadpis":"EIT oznamuje v\u00fdzvu na rok 2021 pre oblas\u0165 kult\u00fary a kreativity","opis":"<!-- wp:image {\"align\":\"center\",\"id\":76940,\"sizeSlug\":\"large\",\"linkDestination\":\"none\"} -->\n<div class=\"wp-block-image\"><figure class=\"aligncenter size-large\"><img src=\"https:\/\/eraportal.sk\/wp-content\/uploads\/2021\/06\/obrazok-59.png\" alt=\"\" class=\"wp-image-76940\"\/><\/figure><\/div>\n<!-- \/wp:image -->\n\n<!-- wp:paragraph -->\n<p>Eur\u00f3psky inova\u010dn\u00fd a technologick\u00fd in\u0161tit\u00fat (EIT) v&nbsp;r\u00e1mci svojej strat\u00e9gie na roky 2021 \u2013 2027 spust\u00ed <strong>nov\u00e9 znalostn\u00e9 a inova\u010dn\u00e9 spolo\u010denstvo zameran\u00e9 na kult\u00farne a kreat\u00edvne odvetvia a priemysel<\/strong> (CCSI).<\/p>\n<!-- \/wp:paragraph -->\n\n<!-- wp:paragraph -->\n<p>Cie\u013eom tohto spolo\u010denstva je prostredn\u00edctvom spojenia kult\u00farnych a kreat\u00edvnych organiz\u00e1ci\u00ed z podnikate\u013eskej sf\u00e9ry, organiz\u00e1ci\u00ed vysoko\u0161kolsk\u00e9ho vzdel\u00e1vania a v\u00fdskumu v r\u00e1mci celoeur\u00f3pskeho inova\u010dn\u00e9ho ekosyst\u00e9mu prin\u00e1\u0161a\u0165 <strong>inovat\u00edvne rie\u0161enia, ktor\u00e9 pom\u00f4\u017eu t\u00fdmto odvetviam a&nbsp;priemyslu sta\u0165 sa silnej\u0161\u00edmi a odolnej\u0161\u00edmi<\/strong>.<\/p>\n<!-- \/wp:paragraph -->\n\n<!-- wp:paragraph -->\n<p>Medzi \u010fal\u0161ie \u00falohy nov\u00e9ho spolo\u010denstva bude patri\u0165:<\/p>\n<!-- \/wp:paragraph -->\n\n<!-- wp:list -->\n<ul><li><strong>odborn\u00e1 pr\u00edprava bud\u00facich podnikate\u013eov<\/strong> v tomto sektore,<\/li><li>podpora \u0161pi\u010dkov\u00fdch podnikov,<\/li><li>poskytovanie inovat\u00edvnych rie\u0161en\u00ed pre v\u00fdzvy, ktor\u00fdm tieto sektory \u010delia,<\/li><li>spolo\u010denstvo by tie\u017e malo <strong>preklen\u00fa\u0165 region\u00e1lne inova\u010dn\u00e9 medzery a vyu\u017ei\u0165 silu t\u00fdchto sektorov na podporu ved\u00faceho postavenia Eur\u00f3py v oblasti kult\u00fary<\/strong>.<\/li><\/ul>\n<!-- \/wp:list -->\n\n<!-- wp:paragraph -->\n<p>V\u00fdzva EIT na predkladanie n\u00e1vrhov bude <strong>vyhl\u00e1sen\u00e1 vo 4. \u0161tvr\u0165roku 2021 s term\u00ednom na predkladanie n\u00e1vrhov do 1. \u0161tvr\u0165roku 2022.<\/strong> Orienta\u010dn\u00fd pl\u00e1n je k dispoz\u00edcii na <a href=\"https:\/\/eit.europa.eu\/our-activities\/call-for-eit-communities\/2021\" target=\"_blank\" rel=\"noreferrer noopener\">tomto odkaze<\/a>. V\u0161etky inform\u00e1cie a ak\u00e9ko\u013evek aktualiz\u00e1cie t\u00fdkaj\u00face sa nadch\u00e1dzaj\u00facej v\u00fdzvy EIT na predkladanie n\u00e1vrhov bud\u00fa zverejnen\u00e9 na str\u00e1nke EIT o&nbsp;danej v\u00fdzve.<\/p>\n<!-- \/wp:paragraph -->\n\n<!-- wp:paragraph -->\n<p>Viac inform\u00e1ci\u00ed:<\/p>\n<!-- \/wp:paragraph -->\n\n<!-- wp:list -->\n<ul><li><a href=\"https:\/\/eit.europa.eu\/our-activities\/call-for-eit-communities\/2021\" target=\"_blank\" rel=\"noreferrer noopener\">Webstr\u00e1nka v\u00fdzvy EIT na rok 2021<\/a><\/li><\/ul>\n<!-- \/wp:list -->\n\n<!-- wp:paragraph -->\n<p>Zverejnen\u00e9 22.6.2021, slord<\/p>\n<!-- \/wp:paragraph -->","kratky_opis":"V\u00fdsledkom vyhodnotenia v\u00fdzvy bude zalo\u017eenie nov\u00e9ho znalostn\u00e9ho a inova\u010dn\u00e9ho spolo\u010denstva so zameran\u00edm na kult\u00farne a kreat\u00edvne sektory & priemysel.","oblast":[179],"zobrazit_velke_v_newsletteri":false,"reminder":false,"newsletter_thumbnail":null},"_links":{"self":[{"href":"https:\/\/eraportal.sk\/horizont-europa\/wp-json\/wp\/v2\/aktuality\/18787","targetHints":{"allow":["GET"]}}],"collection":[{"href":"https:\/\/eraportal.sk\/horizont-europa\/wp-json\/wp\/v2\/aktuality"}],"about":[{"href":"https:\/\/eraportal.sk\/horizont-europa\/wp-json\/wp\/v2\/types\/aktualita"}],"acf:term":[{"embeddable":true,"taxonomy":"oblast-horizont","href":"https:\/\/eraportal.sk\/horizont-europa\/wp-json\/wp\/v2\/oblast-horizont\/179"}],"wp:featuredmedia":[{"embeddable":true,"href":"https:\/\/eraportal.sk\/horizont-europa\/wp-json\/wp\/v2\/media\/2494"}],"wp:attachment":[{"href":"https:\/\/eraportal.sk\/horizont-europa\/wp-json\/wp\/v2\/media?parent=18787"}],"wp:term":[{"taxonomy":"post_tag","embeddable":true,"href":"https:\/\/eraportal.sk\/horizont-europa\/wp-json\/wp\/v2\/tags?post=18787"},{"taxonomy":"oblast-horizont","embeddable":true,"href":"https:\/\/eraportal.sk\/horizont-europa\/wp-json\/wp\/v2\/oblast-horizont?post=18787"}],"curies":[{"name":"wp","href":"https:\/\/api.w.org\/{rel}","templated":true}]}}