    {"id":18737,"date":"2021-03-30T08:20:00","date_gmt":"2021-03-30T06:20:00","guid":{"rendered":"https:\/\/eraportal.ecomcapsule.com\/demohorizont\/aktualita\/mimoriadna-grantova-vyzva-horizon-europe-zamerana-na-vyskum-v-pripade-mimoriadnych-udalosti-v-oblasti-verejneho-zdravia\/"},"modified":"2024-02-10T16:09:23","modified_gmt":"2024-02-10T15:09:23","slug":"mimoriadna-grantova-vyzva-horizon-europe-zamerana-na-vyskum-v-pripade-mimoriadnych-udalosti-v-oblasti-verejneho-zdravia","status":"publish","type":"aktualita","link":"https:\/\/eraportal.sk\/horizont-europa\/aktualita\/mimoriadna-grantova-vyzva-horizon-europe-zamerana-na-vyskum-v-pripade-mimoriadnych-udalosti-v-oblasti-verejneho-zdravia\/","featured_media":0,"template":"","tags":[382],"oblast-horizont":[181],"class_list":["post-18737","aktualita","type-aktualita","status-publish","hentry","tag-vyzva","oblast-horizont-klaster-1-zdravie"],"yoast_head":"<!-- This site is optimized with the Yoast SEO plugin v24.4 - https:\/\/yoast.com\/wordpress\/plugins\/seo\/ -->\n<title>Mimoriadna grantov\u00e1 v\u00fdzva Horizon Europe zameran\u00e1 na v\u00fdskum v pr\u00edpade mimoriadnych udalost\u00ed v oblasti verejn\u00e9ho zdravia - Horizont Eur\u00f3pa<\/title>\n<meta name=\"robots\" content=\"index, follow, max-snippet:-1, max-image-preview:large, max-video-preview:-1\" \/>\n<link rel=\"canonical\" href=\"https:\/\/eraportal.sk\/horizont-europa\/aktualita\/mimoriadna-grantova-vyzva-horizon-europe-zamerana-na-vyskum-v-pripade-mimoriadnych-udalosti-v-oblasti-verejneho-zdravia\/\" \/>\n<meta property=\"og:locale\" content=\"sk_SK\" \/>\n<meta property=\"og:type\" content=\"article\" \/>\n<meta property=\"og:title\" content=\"Mimoriadna grantov\u00e1 v\u00fdzva Horizon Europe zameran\u00e1 na v\u00fdskum v pr\u00edpade mimoriadnych udalost\u00ed v oblasti verejn\u00e9ho zdravia - Horizont Eur\u00f3pa\" \/>\n<meta property=\"og:description\" content=\"Mimoriadna v\u00fdzva v r\u00e1mci klastra Zdravie v Horizon Europe. V\u00fdsledky by mali pom\u00f4c\u0165 E\u00da efekt\u00edvne a v kr\u00e1tkom \u010dase reagova\u0165 na mimoriadne situ\u00e1cie v oblasti verejn\u00e9ho zdravia.\" \/>\n<meta property=\"og:url\" content=\"https:\/\/eraportal.sk\/horizont-europa\/aktualita\/mimoriadna-grantova-vyzva-horizon-europe-zamerana-na-vyskum-v-pripade-mimoriadnych-udalosti-v-oblasti-verejneho-zdravia\/\" \/>\n<meta property=\"og:site_name\" content=\"Horizont Eur\u00f3pa\" \/>\n<meta property=\"article:modified_time\" content=\"2024-02-10T15:09:23+00:00\" \/>\n<meta name=\"twitter:card\" content=\"summary_large_image\" \/>\n<meta name=\"twitter:label1\" content=\"Predpokladan\u00fd \u010das \u010d\u00edtania\" \/>\n\t<meta name=\"twitter:data1\" content=\"4 min\u00faty\" \/>\n<script type=\"application\/ld+json\" class=\"yoast-schema-graph\">{\"@context\":\"https:\/\/schema.org\",\"@graph\":[{\"@type\":\"WebPage\",\"@id\":\"https:\/\/eraportal.sk\/horizont-europa\/aktualita\/mimoriadna-grantova-vyzva-horizon-europe-zamerana-na-vyskum-v-pripade-mimoriadnych-udalosti-v-oblasti-verejneho-zdravia\/\",\"url\":\"https:\/\/eraportal.sk\/horizont-europa\/aktualita\/mimoriadna-grantova-vyzva-horizon-europe-zamerana-na-vyskum-v-pripade-mimoriadnych-udalosti-v-oblasti-verejneho-zdravia\/\",\"name\":\"Mimoriadna grantov\u00e1 v\u00fdzva Horizon Europe zameran\u00e1 na v\u00fdskum v pr\u00edpade mimoriadnych udalost\u00ed v oblasti verejn\u00e9ho zdravia - Horizont Eur\u00f3pa\",\"isPartOf\":{\"@id\":\"https:\/\/eraportal.sk\/horizont-europa\/#website\"},\"datePublished\":\"2021-03-30T06:20:00+00:00\",\"dateModified\":\"2024-02-10T15:09:23+00:00\",\"breadcrumb\":{\"@id\":\"https:\/\/eraportal.sk\/horizont-europa\/aktualita\/mimoriadna-grantova-vyzva-horizon-europe-zamerana-na-vyskum-v-pripade-mimoriadnych-udalosti-v-oblasti-verejneho-zdravia\/#breadcrumb\"},\"inLanguage\":\"sk-SK\",\"potentialAction\":[{\"@type\":\"ReadAction\",\"target\":[\"https:\/\/eraportal.sk\/horizont-europa\/aktualita\/mimoriadna-grantova-vyzva-horizon-europe-zamerana-na-vyskum-v-pripade-mimoriadnych-udalosti-v-oblasti-verejneho-zdravia\/\"]}]},{\"@type\":\"BreadcrumbList\",\"@id\":\"https:\/\/eraportal.sk\/horizont-europa\/aktualita\/mimoriadna-grantova-vyzva-horizon-europe-zamerana-na-vyskum-v-pripade-mimoriadnych-udalosti-v-oblasti-verejneho-zdravia\/#breadcrumb\",\"itemListElement\":[{\"@type\":\"ListItem\",\"position\":1,\"name\":\"Domovsk\u00e1 str\u00e1nka\",\"item\":\"https:\/\/eraportal.sk\/horizont-europa\/\"},{\"@type\":\"ListItem\",\"position\":2,\"name\":\"Aktuality\",\"item\":\"https:\/\/eraportal.sk\/horizont-europa\/aktuality-archiv\/\"},{\"@type\":\"ListItem\",\"position\":3,\"name\":\"Mimoriadna grantov\u00e1 v\u00fdzva Horizon Europe zameran\u00e1 na v\u00fdskum v pr\u00edpade mimoriadnych udalost\u00ed v oblasti verejn\u00e9ho zdravia\"}]},{\"@type\":\"WebSite\",\"@id\":\"https:\/\/eraportal.sk\/horizont-europa\/#website\",\"url\":\"https:\/\/eraportal.sk\/horizont-europa\/\",\"name\":\"Horizont Eur\u00f3pa\",\"description\":\"\",\"publisher\":{\"@id\":\"https:\/\/eraportal.sk\/horizont-europa\/#organization\"},\"potentialAction\":[{\"@type\":\"SearchAction\",\"target\":{\"@type\":\"EntryPoint\",\"urlTemplate\":\"https:\/\/eraportal.sk\/horizont-europa\/?s={search_term_string}\"},\"query-input\":{\"@type\":\"PropertyValueSpecification\",\"valueRequired\":true,\"valueName\":\"search_term_string\"}}],\"inLanguage\":\"sk-SK\"},{\"@type\":\"Organization\",\"@id\":\"https:\/\/eraportal.sk\/horizont-europa\/#organization\",\"name\":\"Horizont Eur\u00f3pa\",\"url\":\"https:\/\/eraportal.sk\/horizont-europa\/\",\"logo\":{\"@type\":\"ImageObject\",\"inLanguage\":\"sk-SK\",\"@id\":\"https:\/\/eraportal.sk\/horizont-europa\/#\/schema\/logo\/image\/\",\"url\":\"https:\/\/eraportal.sk\/horizont-europa\/wp-content\/uploads\/sites\/4\/2024\/02\/Favicon_HEU.png\",\"contentUrl\":\"https:\/\/eraportal.sk\/horizont-europa\/wp-content\/uploads\/sites\/4\/2024\/02\/Favicon_HEU.png\",\"width\":512,\"height\":512,\"caption\":\"Horizont Eur\u00f3pa\"},\"image\":{\"@id\":\"https:\/\/eraportal.sk\/horizont-europa\/#\/schema\/logo\/image\/\"}}]}<\/script>\n<!-- \/ Yoast SEO plugin. -->","yoast_head_json":{"title":"Mimoriadna grantov\u00e1 v\u00fdzva Horizon Europe zameran\u00e1 na v\u00fdskum v pr\u00edpade mimoriadnych udalost\u00ed v oblasti verejn\u00e9ho zdravia - Horizont Eur\u00f3pa","robots":{"index":"index","follow":"follow","max-snippet":"max-snippet:-1","max-image-preview":"max-image-preview:large","max-video-preview":"max-video-preview:-1"},"canonical":"https:\/\/eraportal.sk\/horizont-europa\/aktualita\/mimoriadna-grantova-vyzva-horizon-europe-zamerana-na-vyskum-v-pripade-mimoriadnych-udalosti-v-oblasti-verejneho-zdravia\/","og_locale":"sk_SK","og_type":"article","og_title":"Mimoriadna grantov\u00e1 v\u00fdzva Horizon Europe zameran\u00e1 na v\u00fdskum v pr\u00edpade mimoriadnych udalost\u00ed v oblasti verejn\u00e9ho zdravia - Horizont Eur\u00f3pa","og_description":"Mimoriadna v\u00fdzva v r\u00e1mci klastra Zdravie v Horizon Europe. V\u00fdsledky by mali pom\u00f4c\u0165 E\u00da efekt\u00edvne a v kr\u00e1tkom \u010dase reagova\u0165 na mimoriadne situ\u00e1cie v oblasti verejn\u00e9ho zdravia.","og_url":"https:\/\/eraportal.sk\/horizont-europa\/aktualita\/mimoriadna-grantova-vyzva-horizon-europe-zamerana-na-vyskum-v-pripade-mimoriadnych-udalosti-v-oblasti-verejneho-zdravia\/","og_site_name":"Horizont Eur\u00f3pa","article_modified_time":"2024-02-10T15:09:23+00:00","twitter_card":"summary_large_image","twitter_misc":{"Predpokladan\u00fd \u010das \u010d\u00edtania":"4 min\u00faty"},"schema":{"@context":"https:\/\/schema.org","@graph":[{"@type":"WebPage","@id":"https:\/\/eraportal.sk\/horizont-europa\/aktualita\/mimoriadna-grantova-vyzva-horizon-europe-zamerana-na-vyskum-v-pripade-mimoriadnych-udalosti-v-oblasti-verejneho-zdravia\/","url":"https:\/\/eraportal.sk\/horizont-europa\/aktualita\/mimoriadna-grantova-vyzva-horizon-europe-zamerana-na-vyskum-v-pripade-mimoriadnych-udalosti-v-oblasti-verejneho-zdravia\/","name":"Mimoriadna grantov\u00e1 v\u00fdzva Horizon Europe zameran\u00e1 na v\u00fdskum v pr\u00edpade mimoriadnych udalost\u00ed v oblasti verejn\u00e9ho zdravia - Horizont Eur\u00f3pa","isPartOf":{"@id":"https:\/\/eraportal.sk\/horizont-europa\/#website"},"datePublished":"2021-03-30T06:20:00+00:00","dateModified":"2024-02-10T15:09:23+00:00","breadcrumb":{"@id":"https:\/\/eraportal.sk\/horizont-europa\/aktualita\/mimoriadna-grantova-vyzva-horizon-europe-zamerana-na-vyskum-v-pripade-mimoriadnych-udalosti-v-oblasti-verejneho-zdravia\/#breadcrumb"},"inLanguage":"sk-SK","potentialAction":[{"@type":"ReadAction","target":["https:\/\/eraportal.sk\/horizont-europa\/aktualita\/mimoriadna-grantova-vyzva-horizon-europe-zamerana-na-vyskum-v-pripade-mimoriadnych-udalosti-v-oblasti-verejneho-zdravia\/"]}]},{"@type":"BreadcrumbList","@id":"https:\/\/eraportal.sk\/horizont-europa\/aktualita\/mimoriadna-grantova-vyzva-horizon-europe-zamerana-na-vyskum-v-pripade-mimoriadnych-udalosti-v-oblasti-verejneho-zdravia\/#breadcrumb","itemListElement":[{"@type":"ListItem","position":1,"name":"Domovsk\u00e1 str\u00e1nka","item":"https:\/\/eraportal.sk\/horizont-europa\/"},{"@type":"ListItem","position":2,"name":"Aktuality","item":"https:\/\/eraportal.sk\/horizont-europa\/aktuality-archiv\/"},{"@type":"ListItem","position":3,"name":"Mimoriadna grantov\u00e1 v\u00fdzva Horizon Europe zameran\u00e1 na v\u00fdskum v pr\u00edpade mimoriadnych udalost\u00ed v oblasti verejn\u00e9ho zdravia"}]},{"@type":"WebSite","@id":"https:\/\/eraportal.sk\/horizont-europa\/#website","url":"https:\/\/eraportal.sk\/horizont-europa\/","name":"Horizont Eur\u00f3pa","description":"","publisher":{"@id":"https:\/\/eraportal.sk\/horizont-europa\/#organization"},"potentialAction":[{"@type":"SearchAction","target":{"@type":"EntryPoint","urlTemplate":"https:\/\/eraportal.sk\/horizont-europa\/?s={search_term_string}"},"query-input":{"@type":"PropertyValueSpecification","valueRequired":true,"valueName":"search_term_string"}}],"inLanguage":"sk-SK"},{"@type":"Organization","@id":"https:\/\/eraportal.sk\/horizont-europa\/#organization","name":"Horizont Eur\u00f3pa","url":"https:\/\/eraportal.sk\/horizont-europa\/","logo":{"@type":"ImageObject","inLanguage":"sk-SK","@id":"https:\/\/eraportal.sk\/horizont-europa\/#\/schema\/logo\/image\/","url":"https:\/\/eraportal.sk\/horizont-europa\/wp-content\/uploads\/sites\/4\/2024\/02\/Favicon_HEU.png","contentUrl":"https:\/\/eraportal.sk\/horizont-europa\/wp-content\/uploads\/sites\/4\/2024\/02\/Favicon_HEU.png","width":512,"height":512,"caption":"Horizont Eur\u00f3pa"},"image":{"@id":"https:\/\/eraportal.sk\/horizont-europa\/#\/schema\/logo\/image\/"}}]}},"acf":{"nadpis":"Mimoriadna grantov\u00e1 v\u00fdzva Horizon Europe zameran\u00e1 na v\u00fdskum v pr\u00edpade mimoriadnych udalost\u00ed v oblasti verejn\u00e9ho zdravia","opis":"<!-- wp:paragraph -->\n<p><\/p>\n<!-- \/wp:paragraph -->\n\n<!-- wp:paragraph -->\n<p><strong>D\u0148a 31. marca zverejnila Eur\u00f3pska komisia <a href=\"http:\/\/1.\tN\u00e1vrh v\u00fdzvy v r\u00e1mci klastra Zdravie: Rozsiahle COVID-19 kohorty a siete presahuj\u00face hranice Eur\u00f3py (Large scale, COVID19 cohorts and networks beyond Europe\u2019s borders)  O\u010dak\u00e1van\u00e9 dopady v\u00fdzvy: Vplyv variantov\/sledovanie vzniku nov\u00fdch variantov v\u00edrusu a vplyvov\/ medzin\u00e1rodne prepojen\u00e9 kohorty, ktor\u00e9 je mo\u017en\u00e9 r\u00fdchlo uplatni\u0165 na v\u00fdskum objavuj\u00facich sa infek\u010dn\u00fdch chor\u00f4b  Rozsah v\u00fdzvy:  -\tpodiel s\u00fa\u010dasn\u00fdch variantov SARS-CoV-2, identifik\u00e1cia vznikaj\u00facich prenosnos\u0165, -\tvirulencia a imunogenicita variantov v r\u00f4znych kohort\u00e1ch, vr\u00e1tane rizikov\u00fdch skup\u00edn -\trizikov\u00e9 a ochrann\u00e9 faktory proti infekcii, klinick\u00e9 prejavy  -\tobjasnenie vplyvu variantov na vakc\u00ednu a mo\u017enosti lie\u010dby  -\tpokrytie \u0161irokej geografickej oblasti v r\u00f4znych \u010dastiach sveta s cie\u013eom zachyti\u0165 r\u00f4zne varianty a strat\u00e9gie vakc\u00edn Synergie s:  ORCHESTRA a d\u00e1tov\u00fdm port\u00e1lom EU COVID-19, RECOVER a VACCELERATE 2.\tN\u00e1vrh v\u00fdzvy v r\u00e1mci klastra Zdravie: Vaccine &amp; therapeutic trials  O\u010dak\u00e1van\u00e9 dopady v\u00fdzvy: Klinick\u00e9 testovanie n\u00e1dejn\u00fdch a inovat\u00edvnych kandid\u00e1tov\/nov\u00e9\/ upraven\u00e9 existuj\u00face vakc\u00edny pre varianty SARS-CoV-2 a nov\u00e9 \u00fa\u010dinn\u00e9 terapie lie\u010dby \u013eahk\u00fdch pr\u00edpadov  Rozsah v\u00fdzvy: -\tpredklinick\u00fd v\u00fdvoj dokon\u010den\u00fd - pripraven\u00fd na \u0161t\u00fadie f\u00e1zy I alebo II  -\tr\u00f4zne vekov\u00e9 skupiny vr\u00e1tane det\u00ed a tehotn\u00fdch \u017eien,  -\t\u0161pecifick\u00e9 z\u00e1ujmov\u00e9 skupiny: imunokompromitovan\u00ed, komorb\u00eddni pacienti ...; pacienti s dlhodob\u00fdmi pr\u00edznakmi COVID -\tNa terapie: lie\u010dba \u013eahk\u00fdch a\u017e stredne z\u00e1va\u017en\u00fdch ochoren\u00ed  -\tPredch\u00e1dzaj\u00faca spolupr\u00e1ca s EMA  Synergie s: VACCELERATE, RECOVER alebo E\u00da-RESPONSE a prepojenie eur\u00f3pskych infra\u0161trukt\u00far - D\u00e1tov\u00e1 platforma COVID-19 Prijatie mimoriadneho pracovn\u00e9ho programu je napl\u00e1novan\u00e9 31.3.2021 a otvorenie v\u00fdzvy pre vyjadrenie z\u00e1ujmu spolo\u010dne s informa\u010dn\u00fdm webin\u00e1rom prebehne 8. apr\u00edla 2021. Deadline na pod\u00e1vanie projektov\u00fdch n\u00e1vrhov bude u\u017e 6. m\u00e1ja 2021.\">mimoriadnu v\u00fdzvu<\/a> v r\u00e1mci klastra Zdravie v programe Horizon Europe, ktor\u00e1 je zameran\u00e1 na v\u00fdskum v pr\u00edpade mimoriadnych udalost\u00ed v oblasti verejn\u00e9ho zdravia. Ke\u010f\u017ee sa jedn\u00e1 o osobitn\u00fa v\u00fdzvu s cie\u013eom rie\u0161i\u0165 v\u00fdnimo\u010dn\u00fa n\u00fadzu, \u010das na pr\u00edpravu projektov\u00e9ho n\u00e1vrhu je skr\u00e1ten\u00fd. <\/strong><\/p>\n<!-- \/wp:paragraph -->\n\n<!-- wp:paragraph -->\n<p>V\u00fdzva je zverejnen\u00e1 na port\u00e1li <a href=\"https:\/\/ec.europa.eu\/info\/funding-tenders\/opportunities\/portal\/screen\/opportunities\/topic-search;callCode=null;programCode=HORIZON;programmePeriod=2021%20-%202027;typeCodes=1;freeTextSearchKeyword=\" target=\"_blank\" rel=\"noreferrer noopener\">Funding &amp; Tenders Portal<\/a>. <strong><span style=\"text-decoration: underline\">Ofici\u00e1lne otvorenie v\u00fdzvy je napl\u00e1novan\u00e9 na 13. apr\u00edla 2021<\/span>. <\/strong> <\/p>\n<!-- \/wp:paragraph -->\n\n<!-- wp:paragraph -->\n<p><strong>V\u00fdzva pre projektov\u00e9 n\u00e1vrhy je otvoren\u00e1 pre v\u0161etky opr\u00e1vnen\u00e9 subjekty, no zoh\u013ead\u0148uje sa v nej potreba r\u00fdchleho a efekt\u00edvneho dosiahnutia z\u00e1kladn\u00fdch cie\u013eov s prihliadnut\u00edm na v\u00fdnimo\u010dn\u00e9 okolnosti (mimoriadna naliehavos\u0165 spojen\u00e1 s COVID-19 pand\u00e9miou).<\/strong> <\/p>\n<!-- \/wp:paragraph -->\n\n<!-- wp:paragraph -->\n<p>N\u00e1vrhy by mali stanovi\u0165 d\u00f4veryhodn\u00fd sp\u00f4sob, ako prispie\u0165 k jedn\u00e9mu alebo nieko\u013ek\u00fdm nasleduj\u00facim <strong>o\u010dak\u00e1van\u00fdm vplyvom: <\/strong><br>Poskytovatelia zdravotnej starostlivosti bud\u00fa schopn\u00ed lep\u0161ie bojova\u0165 proti chorob\u00e1m (infek\u010dn\u00e9 choroby vr\u00e1tane chor\u00f4b s\u00favisiacich s chudobou a zanedb\u00e1van\u00fdmi chorobami, neprenosn\u00e9 a zriedkav\u00e9 choroby) a efekt\u00edvne zni\u017eova\u0165 chorobnos\u0165 pacientov v\u010faka lep\u0161iemu porozumeniu a lie\u010dbe chor\u00f4b, \u00fa\u010dinnej\u0161\u00edm a inovat\u00edvnej\u0161\u00edm zdravotn\u00fdm technol\u00f3gi\u00e1m, lep\u0161\u00edm schopnostiam a pripravenosti na zvl\u00e1danie epid\u00e9mi\u00ed a zlep\u0161eniu bezpe\u010dnosti pacientov. <\/p>\n<!-- \/wp:paragraph -->\n\n<!-- wp:paragraph -->\n<p><strong>Projektov\u00e9 v\u00fdsledky by mali pom\u00f4c\u0165 E\u00da efekt\u00edvne a v kr\u00e1tkom \u010dase reagova\u0165 na mimoriadne situ\u00e1cie v oblasti verejn\u00e9ho zdravia.<\/strong><\/p>\n<!-- \/wp:paragraph -->\n\n<!-- wp:paragraph -->\n<p>V\u00fdzva s celkov\u00fdm rozpo\u010dtom vo v\u00fd\u0161ke 90 mil. EUR je rozdelen\u00e1 do dvoch tematick\u00fdch oblast\u00ed: <\/p>\n<!-- \/wp:paragraph -->\n\n<!-- wp:list {\"ordered\":true,\"type\":\"1\",\"style\":{\"color\":{\"background\":\"#dbf1fa\"}}} -->\n<ol type=\"1\" class=\"has-background\" style=\"background-color:#dbf1fa\"><li><strong><a href=\"https:\/\/ec.europa.eu\/info\/funding-tenders\/opportunities\/portal\/screen\/opportunities\/topic-details\/horizon-hlth-2021-corona-01-02;callCode=null;freeTextSearchKeyword=;matchWholeText=true;typeCodes=1;statusCodes=31094501,31094502,31094503;programmePeriod=2021%20-%202027;programCcm2Id=43108390;programDivisionCode=null;focusAreaCode=null;destination=null;mission=null;geographicalZonesCode=null;programmeDivisionProspect=null;startDateLte=null;startDateGte=null;crossCuttingPriorityCode=null;cpvCode=null;performanceOfDelivery=null;sortQuery=sortStatus;orderBy=asc;onlyTenders=false;topicListKey=topicSearchTablePageState\" target=\"_blank\" rel=\"noreferrer noopener\">Rozsiahle COVID-19 kohorty a siete presahuj\u00face hranice Eur\u00f3py<\/a> (Large scale, COVID19 cohorts and networks beyond Europe\u2019s borders)<\/strong><\/li><\/ol>\n<!-- \/wp:list -->\n\n<!-- wp:paragraph -->\n<p><strong>O\u010dak\u00e1van\u00e9 dopady v\u00fdzvy:<\/strong> Vplyv variantov (sledovanie vzniku nov\u00fdch variantov v\u00edrusu a vplyvov) a medzin\u00e1rodne prepojen\u00e9 kohorty, ktor\u00e9 je mo\u017en\u00e9 r\u00fdchlo uplatni\u0165 na v\u00fdskum objavuj\u00facich sa infek\u010dn\u00fdch chor\u00f4b<\/p>\n<!-- \/wp:paragraph -->\n\n<!-- wp:paragraph -->\n<p><strong>Dodato\u010dn\u00e9 inform\u00e1cie k&nbsp;v\u00fdzve a tipy pre \u017eiadate\u013eov:<\/strong><\/p>\n<!-- \/wp:paragraph -->\n\n<!-- wp:list -->\n<ul><li>Od projektov\u00fdch n\u00e1vrhov sa o\u010dak\u00e1va vytvorenie synergi\u00ed a&nbsp;spolupr\u00e1ca s&nbsp;projektom ORCHESTRA, ako aj s&nbsp;COVID-19 d\u00e1tovou platformou. &nbsp;<\/li><li>O\u010dak\u00e1van\u00fd rozpo\u010det pre projekt&nbsp;sa pohybuje v&nbsp;rozmedz\u00ed 7-8 mil. EUR<\/li><li>Rozsah projektov\u00e9ho n\u00e1vrhu je limitovan\u00fd na 45 str\u00e1n<\/li><li>Prv\u00fd pl\u00e1n spravovania \u00fadajov (Data management plan) mus\u00ed by\u0165 hotov\u00fd u\u017e pred podp\u00edsan\u00edm grantovej dohody (\u00fapravy v\u0161ak bude mo\u017en\u00e9 robi\u0165 aj po\u010das trvania projektu) &nbsp;<\/li><li>Gender Equality Plan plat\u00ed a\u017e pre v\u00fdzvy spusten\u00e9 v&nbsp;roku 2022, preto sa toto krit\u00e9rium na t\u00fato v\u00fdzvu nevz\u0165ahuje<\/li><\/ul>\n<!-- \/wp:list -->\n\n<!-- wp:paragraph {\"style\":{\"color\":{\"background\":\"#cfebf4\"}}} -->\n<p class=\"has-background\" style=\"background-color:#cfebf4\">2. <strong><a href=\"https:\/\/ec.europa.eu\/info\/funding-tenders\/opportunities\/portal\/screen\/opportunities\/topic-details\/horizon-hlth-2021-corona-01-01;callCode=null;freeTextSearchKeyword=;matchWholeText=true;typeCodes=1;statusCodes=31094501,31094502,31094503;programmePeriod=2021%20-%202027;programCcm2Id=43108390;programDivisionCode=null;focusAreaCode=null;destination=null;mission=null;geographicalZonesCode=null;programmeDivisionProspect=null;startDateLte=null;startDateGte=null;crossCuttingPriorityCode=null;cpvCode=null;performanceOfDelivery=null;sortQuery=sortStatus;orderBy=asc;onlyTenders=false;topicListKey=topicSearchTablePageState\" target=\"_blank\" rel=\"noreferrer noopener\">Vakcina\u010dn\u00e9 a terapeutick\u00e9 sk\u00fa\u0161ky <\/a><\/strong>(<strong>Vaccine &amp; therapeutic trials<\/strong>)<\/p>\n<!-- \/wp:paragraph -->\n\n<!-- wp:paragraph -->\n<p><strong>O\u010dak\u00e1van\u00e9 dopady v\u00fdzvy<\/strong>: Klinick\u00e9 testovanie n\u00e1dejn\u00fdch a inovat\u00edvnych kandid\u00e1tov; nov\u00e9, upraven\u00e9 existuj\u00face vakc\u00edny pre varianty SARS-CoV-2; a nov\u00e9 \u00fa\u010dinn\u00e9 terapie lie\u010dby \u013eahk\u00fdch pr\u00edpadov.<\/p>\n<!-- \/wp:paragraph -->\n\n<!-- wp:paragraph -->\n<p>Vybran\u00e9 projekty bud\u00fa dop\u013a\u0148a\u0165 projekty a aktivity v r\u00e1mci <a href=\"https:\/\/ec.europa.eu\/commission\/presscorner\/detail\/en\/fs_21_650\" target=\"_blank\" rel=\"noreferrer noopener\">HERA Inkub\u00e1tora<\/a>, a to konkr\u00e9tne eur\u00f3psku sie\u0165 <a href=\"https:\/\/www.vaccelerate.eu\/\" target=\"_blank\" rel=\"noreferrer noopener\"><strong>VACCELERATE<\/strong> <\/a>a <strong><a href=\"https:\/\/www.covid19dataportal.org\/the-european-covid-19-data-platform\" target=\"_blank\" rel=\"noreferrer noopener\">COVID-19 d\u00e1tov\u00fa platformu<\/a><\/strong>. Od projektov sa tie\u017e o\u010dak\u00e1va synergia s u\u017e be\u017eiacimi relevantn\u00fdmi projektami na boj s COVID-19. <\/p>\n<!-- \/wp:paragraph -->\n\n<!-- wp:paragraph -->\n<p><strong>Dodato\u010dn\u00e9 inform\u00e1cie k&nbsp;v\u00fdzve a tipy pre \u017eiadate\u013eov:<\/strong><\/p>\n<!-- \/wp:paragraph -->\n\n<!-- wp:list -->\n<ul><li>V\u00fdzva ur\u010den\u00e1 pre lie\u010dbu je zameran\u00e1 len na v\u00fdskum terapi\u00ed slab\u00e9ho alebo mierneho priebehu ochorenia, tak ako to je definovan\u00e9 v\u00a0r\u00e1mci <a href=\"https:\/\/www.who.int\/docs\/default-source\/documents\/emergencies\/minimalcoreoutcomemeasure.pdf\">WHO stupnice<\/a>.<\/li><li>\u017diadatelia o\u00a0grant by mali bra\u0165 do \u00favahy zapojenie v\u0161etk\u00fdch skup\u00edn do klinick\u00fdch \u0161t\u00fadi\u00ed (tehotn\u00e9 \u017eeny, deti...) \u00a0<\/li><li>Vytv\u00e1ranie synergi\u00ed so sie\u0165ou VACCELERATE a\u00a0COVID-19 d\u00e1tovou platformou \u010di aktivitami Eur\u00f3pskej liekovej agent\u00fary (EMA) bude po\u010das trvania projektu nevyhnutnos\u0165ou. \u017diadatelia by teda mali v\u00a0projekte nazna\u010di\u0165, ako si predstavuj\u00fa spolupr\u00e1cu. Eur\u00f3pska komisia \u00faspe\u0161n\u00fdm t\u00edmom poskytne potrebn\u00fa podporu na spolupr\u00e1cu po\u010das trvania projektu, av\u0161ak \u017eiadatelia by mali v\u00a0projektovom n\u00e1vrhu nazna\u010di\u0165, ako si spolupr\u00e1cu predstavuj\u00fa a\u00a0kde je potenci\u00e1l pre vytv\u00e1ranie synergi\u00ed (napr\u00edklad pou\u017e\u00edvanie podobn\u00fdch protokolov, prepojenie medzi v\u00fdskumom konzorcia s\u00a0v\u00fdskumom v\u00a0r\u00e1mci danej platformy...)<\/li><li>O\u010dak\u00e1van\u00fd rozpo\u010det pre projekt sa pohybuje vo v\u00fd\u0161ke 3-10 mil. EUR<\/li><li>Rozsah projektov\u00e9ho n\u00e1vrhu je limitovan\u00fd na 45 str\u00e1n <\/li><li>Prv\u00fd pl\u00e1n spravovania \u00fadajov (Data management plan) mus\u00ed by\u0165 hotov\u00fd u\u017e pred podp\u00edsan\u00edm grantovej dohody (\u00fapravy v\u0161ak bude mo\u017en\u00e9 robi\u0165 aj po\u010das trvania projektu) \u00a0<\/li><li>Gender Equality Plan plat\u00ed a\u017e pre v\u00fdzvy spusten\u00e9 v\u00a0roku 2022, preto sa toto krit\u00e9rium na t\u00fato v\u00fdzvu nevz\u0165ahuje<\/li><\/ul>\n<!-- \/wp:list -->\n\n<!-- wp:paragraph -->\n<p><strong>Viac inform\u00e1ci\u00ed k v\u00fdzvam bolo poskytnut\u00fdch v r\u00e1mci informa\u010dn\u00e9ho webin\u00e1ru, ktor\u00fd organizovala Eur\u00f3pska komisia. Z\u00e1znam z podujatia n\u00e1jdete <a href=\"https:\/\/webcast.ec.europa.eu\/horizon-europe-focused-actions-in-research-infrastructures-and-health-to-target-covid-19-variants\">tu<\/a>. <\/strong><\/p>\n<!-- \/wp:paragraph -->\n\n<!-- wp:paragraph {\"style\":{\"color\":{\"background\":\"#ebb3b4\"}}} -->\n<p class=\"has-background\" style=\"background-color:#ebb3b4\"><strong>V\u00fdzva sa ofici\u00e1lne otvor\u00ed 13. apr\u00edla 2021. Deadline na pod\u00e1vanie projektov\u00fdch n\u00e1vrhov je stanoven\u00fd na 6. m\u00e1ja 2021.<\/strong><\/p>\n<!-- \/wp:paragraph -->\n\n<!-- wp:paragraph -->\n<p>Zverejnen\u00e9 31.3.2021, aktualizovan\u00e9 9.4.2021, slord<\/p>\n<!-- \/wp:paragraph -->","kratky_opis":"Mimoriadna v\u00fdzva v r\u00e1mci klastra Zdravie v Horizon Europe. V\u00fdsledky by mali pom\u00f4c\u0165 E\u00da efekt\u00edvne a v kr\u00e1tkom \u010dase reagova\u0165 na mimoriadne situ\u00e1cie v oblasti verejn\u00e9ho zdravia.","oblast":[181],"zobrazit_velke_v_newsletteri":false,"reminder":false,"newsletter_thumbnail":null},"_links":{"self":[{"href":"https:\/\/eraportal.sk\/horizont-europa\/wp-json\/wp\/v2\/aktuality\/18737","targetHints":{"allow":["GET"]}}],"collection":[{"href":"https:\/\/eraportal.sk\/horizont-europa\/wp-json\/wp\/v2\/aktuality"}],"about":[{"href":"https:\/\/eraportal.sk\/horizont-europa\/wp-json\/wp\/v2\/types\/aktualita"}],"acf:term":[{"embeddable":true,"taxonomy":"oblast-horizont","href":"https:\/\/eraportal.sk\/horizont-europa\/wp-json\/wp\/v2\/oblast-horizont\/181"}],"wp:attachment":[{"href":"https:\/\/eraportal.sk\/horizont-europa\/wp-json\/wp\/v2\/media?parent=18737"}],"wp:term":[{"taxonomy":"post_tag","embeddable":true,"href":"https:\/\/eraportal.sk\/horizont-europa\/wp-json\/wp\/v2\/tags?post=18737"},{"taxonomy":"oblast-horizont","embeddable":true,"href":"https:\/\/eraportal.sk\/horizont-europa\/wp-json\/wp\/v2\/oblast-horizont?post=18737"}],"curies":[{"name":"wp","href":"https:\/\/api.w.org\/{rel}","templated":true}]}}